{"id":2424,"date":"2023-06-27T16:37:32","date_gmt":"2023-06-27T08:37:32","guid":{"rendered":"https:\/\/www.idaseco.com\/?page_id=2424"},"modified":"2025-07-10T17:44:56","modified_gmt":"2025-07-10T09:44:56","slug":"eco-friendly-specialty-bags","status":"publish","type":"page","link":"https:\/\/www.idaseco.com\/fr\/sacs-specialises-ecologiques\/","title":{"rendered":"Sacs sp\u00e9cialis\u00e9s \u00e9cologiques"},"content":{"rendered":"<div data-elementor-type=\"wp-page\" data-elementor-id=\"2424\" class=\"elementor elementor-2424\" data-elementor-post-type=\"page\">\n\t\t\t\t\t\t\t\t\t<section class=\"elementor-section elementor-top-section elementor-element elementor-element-7beeb86d elementor-section-content-middle elementor-section-boxed elementor-section-height-default elementor-section-height-default\" data-id=\"7beeb86d\" data-element_type=\"section\" id=\"hero\" data-settings=\"{&quot;mdp_selection_sticky_effect_enable&quot;:false}\">\n\t\t\t\t\t\t<div class=\"elementor-container elementor-column-gap-default\">\n\t\t\t\t\t<div class=\"elementor-column elementor-col-50 elementor-top-column elementor-element elementor-element-5dcbd588\" data-id=\"5dcbd588\" data-element_type=\"column\" data-settings=\"{&quot;mdp_selection_sticky_column_effect_enable&quot;:false}\">\n\t\t\t<div class=\"elementor-widget-wrap elementor-element-populated\">\n\t\t\t\t\t\t\t\t<div class=\"elementor-element elementor-element-68606c3 elementor-widget elementor-widget-image\" data-id=\"68606c3\" data-element_type=\"widget\" data-widget_type=\"image.default\">\n\t\t\t\t<div class=\"elementor-widget-container\">\n\t\t\t<style>\/*! elementor - v3.18.0 - 08-12-2023 *\/\n.elementor-widget-image{text-align:center}.elementor-widget-image a{display:inline-block}.elementor-widget-image a img[src$=\".svg\"]{width:48px}.elementor-widget-image img{vertical-align:middle;display:inline-block}<\/style>\t\t\t\t\t\t\t\t\t\t\t\t<img loading=\"lazy\" decoding=\"async\" width=\"1024\" height=\"1024\" src=\"https:\/\/www.idaseco.com\/wp-content\/uploads\/2025\/07\/garden-waste-bag.png\" class=\"attachment-full size-full wp-image-7903\" alt=\"We support customization paper compostable garden waste sacks.\" srcset=\"https:\/\/www.idaseco.com\/wp-content\/uploads\/2025\/07\/garden-waste-bag.png 1024w, https:\/\/www.idaseco.com\/wp-content\/uploads\/2025\/07\/garden-waste-bag-300x300.png 300w, https:\/\/www.idaseco.com\/wp-content\/uploads\/2025\/07\/garden-waste-bag-150x150.png 150w, https:\/\/www.idaseco.com\/wp-content\/uploads\/2025\/07\/garden-waste-bag-768x768.png 768w, https:\/\/www.idaseco.com\/wp-content\/uploads\/2025\/07\/garden-waste-bag-12x12.png 12w, https:\/\/www.idaseco.com\/wp-content\/uploads\/2025\/07\/garden-waste-bag-600x600.png 600w, https:\/\/www.idaseco.com\/wp-content\/uploads\/2025\/07\/garden-waste-bag-100x100.png 100w, https:\/\/www.idaseco.com\/wp-content\/uploads\/2025\/07\/garden-waste-bag-50x50.png 50w\" sizes=\"(max-width: 1024px) 100vw, 1024px\" \/>\t\t\t\t\t\t\t\t\t\t\t\t\t\t\t<\/div>\n\t\t\t\t<\/div>\n\t\t\t\t\t<\/div>\n\t\t<\/div>\n\t\t\t\t<div class=\"elementor-column elementor-col-50 elementor-top-column elementor-element elementor-element-79831085\" data-id=\"79831085\" data-element_type=\"column\" data-settings=\"{&quot;mdp_selection_sticky_column_effect_enable&quot;:false}\">\n\t\t\t<div class=\"elementor-widget-wrap elementor-element-populated\">\n\t\t\t\t\t\t\t\t<div class=\"elementor-element elementor-element-2e90544c uael-dual-heading-align-center elementor-widget elementor-widget-uael-dual-color-heading\" data-id=\"2e90544c\" data-element_type=\"widget\" data-widget_type=\"uael-dual-color-heading.default\">\n\t\t\t\t<div class=\"elementor-widget-container\">\n\t\t\t\t\t\t\t<div class=\"uael-module-content uael-dual-color-heading uael-heading-stack-none\">\n\t\t\t<h1>\n\t\t\t\t\t\t\t\t\t\t\t\t\t\t\t\t<span class=\"uael-before-heading\"><span class=\"elementor-inline-editing uael-dual-heading-text uael-first-text\" data-elementor-setting-key=\"before_heading_text\" data-elementor-inline-editing-toolbar=\"basic\">Obtenir <\/span><\/span><span class=\"uael-adv-heading-stack\"><span class=\"elementor-inline-editing uael-dual-heading-text uael-highlight-text\" data-elementor-setting-key=\"second_heading_text\" data-elementor-inline-editing-toolbar=\"basic\">Sacs \u00e9cologiques en gros<\/span><\/span><span class=\"uael-after-heading\"><span class=\"elementor-inline-editing uael-dual-heading-text uael-third-text\" data-elementor-setting-key=\"after_heading_text\" data-elementor-inline-editing-toolbar=\"basic\"> Options<\/span><\/span>\t\t\t\t\t\t\t\t\t\t\t\t\t<\/h1>\n\t\t<\/div>\n\t\t\t\t<\/div>\n\t\t\t\t<\/div>\n\t\t\t\t<div class=\"elementor-element elementor-element-53ce4707 uael-button-halign-center uael-button-stack-none elementor-widget elementor-widget-uael-buttons\" data-id=\"53ce4707\" data-element_type=\"widget\" data-widget_type=\"uael-buttons.default\">\n\t\t\t\t<div class=\"elementor-widget-container\">\n\t\t\t\t\t<div class=\"uael-dual-button-outer-wrap\">\n\t\t\t<div class=\"uael-dual-button-wrap\">\n\t\t\t\t\t\t\t\t<div class=\"uael-button-wrapper elementor-button-wrapper uael-dual-button elementor-repeater-item-0258dc6 uael-dual-button-0\">\n\t\t\t\t\t<a class=\"elementor-button-link elementor-button elementor-size-sm elementor-button-link\" href=\"#elementor-action:action=popup:open&settings=eyJpZCI6IjY4MjMiLCJ0b2dnbGUiOmZhbHNlfQ==\">\n\t\t\t\t\t\t\t\t<span class=\"elementor-button-content-wrapper uael-buttons-icon-\">\n\t\t\t\t\t\t\t\t\t\t\t\t<span class=\"elementor-align-icon- elementor-button-icon\">\n\t\t\t\t\t\t\t\t\t\t\t<\/span>\n\t\t\t\t\t\t\t\t\t\t<span class=\"elementor-button-text elementor-inline-editing\" data-elementor-setting-key=\"buttons.0.text\" data-elementor-inline-editing-toolbar=\"none\">Demandes de renseignements sur le commerce de gros<\/span>\n\t\t<\/span>\n\t\t\t\t\t\t\t<\/a>\n\t\t\t\t<\/div>\n\t\t\t\t\t\t\t<\/div>\n\t\t<\/div>\n\t\t\t\t<\/div>\n\t\t\t\t<\/div>\n\t\t\t\t\t<\/div>\n\t\t<\/div>\n\t\t\t\t\t\t\t<\/div>\n\t\t<\/section>\n\t\t\t\t<section class=\"elementor-section elementor-top-section elementor-element elementor-element-68428f44 elementor-section-boxed elementor-section-height-default elementor-section-height-default\" data-id=\"68428f44\" data-element_type=\"section\" id=\"toc\" data-settings=\"{&quot;background_background&quot;:&quot;classic&quot;,&quot;mdp_selection_sticky_effect_enable&quot;:false}\">\n\t\t\t\t\t\t<div class=\"elementor-container elementor-column-gap-default\">\n\t\t\t\t\t<div class=\"elementor-column elementor-col-100 elementor-top-column elementor-element elementor-element-2ca8cf14\" data-id=\"2ca8cf14\" data-element_type=\"column\" data-settings=\"{&quot;mdp_selection_sticky_column_effect_enable&quot;:false}\">\n\t\t\t<div class=\"elementor-widget-wrap elementor-element-populated\">\n\t\t\t\t\t\t\t\t<div class=\"elementor-element elementor-element-1e0729b elementor-widget elementor-widget-heading\" data-id=\"1e0729b\" data-element_type=\"widget\" data-widget_type=\"heading.default\">\n\t\t\t\t<div class=\"elementor-widget-container\">\n\t\t\t<style>\/*! elementor - v3.18.0 - 08-12-2023 *\/\n.elementor-heading-title{padding:0;margin:0;line-height:1}.elementor-widget-heading .elementor-heading-title[class*=elementor-size-]>a{color:inherit;font-size:inherit;line-height:inherit}.elementor-widget-heading .elementor-heading-title.elementor-size-small{font-size:15px}.elementor-widget-heading .elementor-heading-title.elementor-size-medium{font-size:19px}.elementor-widget-heading .elementor-heading-title.elementor-size-large{font-size:29px}.elementor-widget-heading .elementor-heading-title.elementor-size-xl{font-size:39px}.elementor-widget-heading .elementor-heading-title.elementor-size-xxl{font-size:59px}<\/style><h2 class=\"elementor-heading-title elementor-size-default\">D\u00e9couvrez nos sacs \u00e9cologiques - Table des mati\u00e8res<\/h2>\t\t<\/div>\n\t\t\t\t<\/div>\n\t\t\t\t<div class=\"elementor-element elementor-element-271afa9 elementor-widget elementor-widget-text-editor\" data-id=\"271afa9\" data-element_type=\"widget\" data-widget_type=\"text-editor.default\">\n\t\t\t\t<div class=\"elementor-widget-container\">\n\t\t\t<style>\/*! elementor - v3.18.0 - 08-12-2023 *\/\n.elementor-widget-text-editor.elementor-drop-cap-view-stacked .elementor-drop-cap{background-color:#69727d;color:#fff}.elementor-widget-text-editor.elementor-drop-cap-view-framed .elementor-drop-cap{color:#69727d;border:3px solid;background-color:transparent}.elementor-widget-text-editor:not(.elementor-drop-cap-view-default) .elementor-drop-cap{margin-top:8px}.elementor-widget-text-editor:not(.elementor-drop-cap-view-default) .elementor-drop-cap-letter{width:1em;height:1em}.elementor-widget-text-editor .elementor-drop-cap{float:left;text-align:center;line-height:1;font-size:50px}.elementor-widget-text-editor .elementor-drop-cap-letter{display:inline-block}<\/style>\t\t\t\t<p>Parcourez notre collection de sacs \u00e9cologiques et d\u00e9couvrez un monde de produits durables. <em class=\"Highlight htedd1e23e-48ea-4ff6-9fde-2842194cc6a5\">solutions<\/em>. Des produits phares aux options de personnalisation, nous avons tout ce qu'il faut. D\u00e9couvrez ce qui nous distingue !<\/p>\t\t\t\t\t\t<\/div>\n\t\t\t\t<\/div>\n\t\t\t\t<section class=\"elementor-section elementor-inner-section elementor-element elementor-element-2ce5cb24 elementor-section-boxed elementor-section-height-default elementor-section-height-default\" data-id=\"2ce5cb24\" data-element_type=\"section\" data-settings=\"{&quot;mdp_selection_sticky_effect_enable&quot;:false}\">\n\t\t\t\t\t\t<div class=\"elementor-container elementor-column-gap-default\">\n\t\t\t\t\t<div class=\"elementor-column elementor-col-25 elementor-inner-column elementor-element elementor-element-6e10502f\" data-id=\"6e10502f\" data-element_type=\"column\" data-settings=\"{&quot;mdp_selection_sticky_column_effect_enable&quot;:false}\">\n\t\t\t<div class=\"elementor-widget-wrap elementor-element-populated\">\n\t\t\t\t\t\t\t\t<div class=\"elementor-element elementor-element-415ddf80 elementor-cta--skin-classic elementor-animated-content elementor-bg-transform elementor-bg-transform-zoom-in elementor-widget elementor-widget-call-to-action\" data-id=\"415ddf80\" data-element_type=\"widget\" data-widget_type=\"call-to-action.default\">\n\t\t\t\t<div class=\"elementor-widget-container\">\n\t\t\t<link rel=\"stylesheet\" href=\"https:\/\/www.idaseco.com\/wp-content\/plugins\/elementor-pro\/assets\/css\/widget-call-to-action.min.css\">\t\t<a class=\"elementor-cta\" href=\"#Hot_Products\">\n\t\t\t\t\t<div class=\"elementor-cta__bg-wrapper\">\n\t\t\t\t<div class=\"elementor-cta__bg elementor-bg\" style=\"background-image: url(https:\/\/www.idaseco.com\/wp-content\/uploads\/2023\/10\/netting-bags-1024x1024.jpg);\" role=\"img\" aria-label=\"sacs en filet\"><\/div>\n\t\t\t\t<div class=\"elementor-cta__bg-overlay\"><\/div>\n\t\t\t<\/div>\n\t\t\t\t\t\t\t<div class=\"elementor-cta__content\">\n\t\t\t\t\n\t\t\t\t\t\t\t\t\t<h5 class=\"elementor-cta__title elementor-cta__content-item elementor-content-item\">\n\t\t\t\t\t\tProduits chauds\t\t\t\t\t<\/h5>\n\t\t\t\t\n\t\t\t\t\n\t\t\t\t\t\t\t<\/div>\n\t\t\t\t\t\t<\/a>\n\t\t\t\t<\/div>\n\t\t\t\t<\/div>\n\t\t\t\t\t<\/div>\n\t\t<\/div>\n\t\t\t\t<div class=\"elementor-column elementor-col-25 elementor-inner-column elementor-element elementor-element-7c812d78\" data-id=\"7c812d78\" data-element_type=\"column\" data-settings=\"{&quot;mdp_selection_sticky_column_effect_enable&quot;:false}\">\n\t\t\t<div class=\"elementor-widget-wrap elementor-element-populated\">\n\t\t\t\t\t\t\t\t<div class=\"elementor-element elementor-element-4d2d5f16 elementor-cta--skin-classic elementor-animated-content elementor-bg-transform elementor-bg-transform-zoom-in elementor-widget elementor-widget-call-to-action\" data-id=\"4d2d5f16\" data-element_type=\"widget\" data-widget_type=\"call-to-action.default\">\n\t\t\t\t<div class=\"elementor-widget-container\">\n\t\t\t\t\t<a class=\"elementor-cta\" href=\"#Certificates\">\n\t\t\t\t\t<div class=\"elementor-cta__bg-wrapper\">\n\t\t\t\t<div class=\"elementor-cta__bg elementor-bg\" style=\"background-image: url(https:\/\/www.idaseco.com\/wp-content\/uploads\/2023\/10\/certificates-1-1024x574.jpg);\" role=\"img\" aria-label=\"certificats\"><\/div>\n\t\t\t\t<div class=\"elementor-cta__bg-overlay\"><\/div>\n\t\t\t<\/div>\n\t\t\t\t\t\t\t<div class=\"elementor-cta__content\">\n\t\t\t\t\n\t\t\t\t\t\t\t\t\t<h5 class=\"elementor-cta__title elementor-cta__content-item elementor-content-item\">\n\t\t\t\t\t\tCertificats\t\t\t\t\t<\/h5>\n\t\t\t\t\n\t\t\t\t\n\t\t\t\t\t\t\t<\/div>\n\t\t\t\t\t\t<\/a>\n\t\t\t\t<\/div>\n\t\t\t\t<\/div>\n\t\t\t\t\t<\/div>\n\t\t<\/div>\n\t\t\t\t<div class=\"elementor-column elementor-col-25 elementor-inner-column elementor-element elementor-element-4681e015\" data-id=\"4681e015\" data-element_type=\"column\" data-settings=\"{&quot;mdp_selection_sticky_column_effect_enable&quot;:false}\">\n\t\t\t<div class=\"elementor-widget-wrap elementor-element-populated\">\n\t\t\t\t\t\t\t\t<div class=\"elementor-element elementor-element-7d2394c9 elementor-cta--skin-classic elementor-animated-content elementor-bg-transform elementor-bg-transform-zoom-in elementor-widget elementor-widget-call-to-action\" data-id=\"7d2394c9\" data-element_type=\"widget\" data-widget_type=\"call-to-action.default\">\n\t\t\t\t<div class=\"elementor-widget-container\">\n\t\t\t\t\t<a class=\"elementor-cta\" href=\"#Customization_Options\">\n\t\t\t\t\t<div class=\"elementor-cta__bg-wrapper\">\n\t\t\t\t<div class=\"elementor-cta__bg elementor-bg\" style=\"background-image: url(https:\/\/www.idaseco.com\/wp-content\/uploads\/2023\/10\/customize-printings.png);\" role=\"img\" aria-label=\"sacs \u00e0 provisions T-shirt \u00e9cologiques avec impressions personnalis\u00e9es\"><\/div>\n\t\t\t\t<div class=\"elementor-cta__bg-overlay\"><\/div>\n\t\t\t<\/div>\n\t\t\t\t\t\t\t<div class=\"elementor-cta__content\">\n\t\t\t\t\n\t\t\t\t\t\t\t\t\t<h5 class=\"elementor-cta__title elementor-cta__content-item elementor-content-item\">\n\t\t\t\t\t\tOptions de personnalisation\t\t\t\t\t<\/h5>\n\t\t\t\t\n\t\t\t\t\n\t\t\t\t\t\t\t<\/div>\n\t\t\t\t\t\t<\/a>\n\t\t\t\t<\/div>\n\t\t\t\t<\/div>\n\t\t\t\t\t<\/div>\n\t\t<\/div>\n\t\t\t\t<div class=\"elementor-column elementor-col-25 elementor-inner-column elementor-element elementor-element-55403b63\" data-id=\"55403b63\" data-element_type=\"column\" data-settings=\"{&quot;mdp_selection_sticky_column_effect_enable&quot;:false}\">\n\t\t\t<div class=\"elementor-widget-wrap elementor-element-populated\">\n\t\t\t\t\t\t\t\t<div class=\"elementor-element elementor-element-4782998d elementor-cta--skin-classic elementor-animated-content elementor-bg-transform elementor-bg-transform-zoom-in elementor-widget elementor-widget-call-to-action\" data-id=\"4782998d\" data-element_type=\"widget\" data-widget_type=\"call-to-action.default\">\n\t\t\t\t<div class=\"elementor-widget-container\">\n\t\t\t\t\t<a class=\"elementor-cta\" href=\"#Sustainability\">\n\t\t\t\t\t<div class=\"elementor-cta__bg-wrapper\">\n\t\t\t\t<div class=\"elementor-cta__bg elementor-bg\" style=\"background-image: url(https:\/\/www.idaseco.com\/wp-content\/uploads\/2023\/04\/enviromentally-friendly-768x1024.jpg);\" role=\"img\" aria-label=\"Notre engagement en faveur du d\u00e9veloppement durable et de la r\u00e9duction de notre empreinte carbone\"><\/div>\n\t\t\t\t<div class=\"elementor-cta__bg-overlay\"><\/div>\n\t\t\t<\/div>\n\t\t\t\t\t\t\t<div class=\"elementor-cta__content\">\n\t\t\t\t\n\t\t\t\t\t\t\t\t\t<h5 class=\"elementor-cta__title elementor-cta__content-item elementor-content-item\">\n\t\t\t\t\t\tDurabilit\u00e9\t\t\t\t\t<\/h5>\n\t\t\t\t\n\t\t\t\t\n\t\t\t\t\t\t\t<\/div>\n\t\t\t\t\t\t<\/a>\n\t\t\t\t<\/div>\n\t\t\t\t<\/div>\n\t\t\t\t\t<\/div>\n\t\t<\/div>\n\t\t\t\t\t\t\t<\/div>\n\t\t<\/section>\n\t\t\t\t<section class=\"elementor-section elementor-inner-section elementor-element elementor-element-33af9c3a elementor-section-boxed elementor-section-height-default elementor-section-height-default\" data-id=\"33af9c3a\" data-element_type=\"section\" data-settings=\"{&quot;mdp_selection_sticky_effect_enable&quot;:false}\">\n\t\t\t\t\t\t<div class=\"elementor-container elementor-column-gap-default\">\n\t\t\t\t\t<div class=\"elementor-column elementor-col-25 elementor-inner-column elementor-element elementor-element-62da6bdd\" data-id=\"62da6bdd\" data-element_type=\"column\" data-settings=\"{&quot;mdp_selection_sticky_column_effect_enable&quot;:false}\">\n\t\t\t<div class=\"elementor-widget-wrap elementor-element-populated\">\n\t\t\t\t\t\t\t\t<div class=\"elementor-element elementor-element-29c66481 elementor-cta--skin-classic elementor-animated-content elementor-bg-transform elementor-bg-transform-zoom-in elementor-widget elementor-widget-call-to-action\" data-id=\"29c66481\" data-element_type=\"widget\" data-widget_type=\"call-to-action.default\">\n\t\t\t\t<div class=\"elementor-widget-container\">\n\t\t\t\t\t<a class=\"elementor-cta\" href=\"#knowledge\">\n\t\t\t\t\t<div class=\"elementor-cta__bg-wrapper\">\n\t\t\t\t<div class=\"elementor-cta__bg elementor-bg\" style=\"background-image: url(https:\/\/www.idaseco.com\/wp-content\/uploads\/2023\/10\/blogs-1-1024x1024.jpg);\" role=\"img\" aria-label=\"blogs sur les baguettes\"><\/div>\n\t\t\t\t<div class=\"elementor-cta__bg-overlay\"><\/div>\n\t\t\t<\/div>\n\t\t\t\t\t\t\t<div class=\"elementor-cta__content\">\n\t\t\t\t\n\t\t\t\t\t\t\t\t\t<h5 class=\"elementor-cta__title elementor-cta__content-item elementor-content-item\">\n\t\t\t\t\t\tBlogs\t\t\t\t\t<\/h5>\n\t\t\t\t\n\t\t\t\t\n\t\t\t\t\t\t\t<\/div>\n\t\t\t\t\t\t<\/a>\n\t\t\t\t<\/div>\n\t\t\t\t<\/div>\n\t\t\t\t\t<\/div>\n\t\t<\/div>\n\t\t\t\t<div class=\"elementor-column elementor-col-25 elementor-inner-column elementor-element elementor-element-53459fe9\" data-id=\"53459fe9\" data-element_type=\"column\" data-settings=\"{&quot;mdp_selection_sticky_column_effect_enable&quot;:false}\">\n\t\t\t<div class=\"elementor-widget-wrap elementor-element-populated\">\n\t\t\t\t\t\t\t\t<div class=\"elementor-element elementor-element-6291e68f elementor-cta--skin-classic elementor-animated-content elementor-bg-transform elementor-bg-transform-zoom-in elementor-widget elementor-widget-call-to-action\" data-id=\"6291e68f\" data-element_type=\"widget\" data-widget_type=\"call-to-action.default\">\n\t\t\t\t<div class=\"elementor-widget-container\">\n\t\t\t\t\t<a class=\"elementor-cta\" href=\"#pitfalls\">\n\t\t\t\t\t<div class=\"elementor-cta__bg-wrapper\">\n\t\t\t\t<div class=\"elementor-cta__bg elementor-bg\" style=\"background-image: url(https:\/\/www.idaseco.com\/wp-content\/uploads\/2023\/10\/cost-effectiveness-1-1024x1024.jpg);\" role=\"img\" aria-label=\"une image qui illustre une comparaison entre les sacs sp\u00e9cialis\u00e9s \u00e9cologiques et les solutions traditionnelles, en mettant l&#039;accent sur les \u00e9conomies et les avantages li\u00e9s au choix d&#039;options durables.\"><\/div>\n\t\t\t\t<div class=\"elementor-cta__bg-overlay\"><\/div>\n\t\t\t<\/div>\n\t\t\t\t\t\t\t<div class=\"elementor-cta__content\">\n\t\t\t\t\n\t\t\t\t\t\t\t\t\t<h5 class=\"elementor-cta__title elementor-cta__content-item elementor-content-item\">\n\t\t\t\t\t\tRapport co\u00fbt-efficacit\u00e9\t\t\t\t\t<\/h5>\n\t\t\t\t\n\t\t\t\t\n\t\t\t\t\t\t\t<\/div>\n\t\t\t\t\t\t<\/a>\n\t\t\t\t<\/div>\n\t\t\t\t<\/div>\n\t\t\t\t\t<\/div>\n\t\t<\/div>\n\t\t\t\t<div class=\"elementor-column elementor-col-25 elementor-inner-column elementor-element elementor-element-3ac884b9\" data-id=\"3ac884b9\" data-element_type=\"column\" data-settings=\"{&quot;mdp_selection_sticky_column_effect_enable&quot;:false}\">\n\t\t\t<div class=\"elementor-widget-wrap elementor-element-populated\">\n\t\t\t\t\t\t\t\t<div class=\"elementor-element elementor-element-4f0a69ac elementor-cta--skin-classic elementor-animated-content elementor-bg-transform elementor-bg-transform-zoom-in elementor-widget elementor-widget-call-to-action\" data-id=\"4f0a69ac\" data-element_type=\"widget\" data-widget_type=\"call-to-action.default\">\n\t\t\t\t<div class=\"elementor-widget-container\">\n\t\t\t\t\t<a class=\"elementor-cta\" href=\"#self-nomination\">\n\t\t\t\t\t<div class=\"elementor-cta__bg-wrapper\">\n\t\t\t\t<div class=\"elementor-cta__bg elementor-bg\" style=\"background-image: url(https:\/\/www.idaseco.com\/wp-content\/uploads\/2023\/04\/512X512.png);\" role=\"img\" aria-label=\"IDA&#039;S ECO est une marque visionnaire qui se consacre \u00e0 fournir des solutions durables et \u00e9cologiques pour un monde plus vert. Nous nous engageons \u00e0 avoir un impact positif sur l&#039;environnement en offrant une large gamme de produits innovants et de haute qualit\u00e9 qui donnent la priorit\u00e9 \u00e0 la durabilit\u00e9 sans compromettre la performance ou le style. Avec IDA&#039;S ECO, vous pouvez adopter un mode de vie plus conscient et contribuer \u00e0 une plan\u00e8te plus saine. Notre marque incarne un sens profond de la responsabilit\u00e9 envers la nature, en veillant \u00e0 ce que chaque produit que nous proposons refl\u00e8te notre engagement \u00e0 pr\u00e9server les ressources de la Terre et \u00e0 r\u00e9duire les d\u00e9chets. Rejoignez-nous dans le voyage vers un avenir plus durable avec IDA&#039;S ECO.\"><\/div>\n\t\t\t\t<div class=\"elementor-cta__bg-overlay\"><\/div>\n\t\t\t<\/div>\n\t\t\t\t\t\t\t<div class=\"elementor-cta__content\">\n\t\t\t\t\n\t\t\t\t\t\t\t\t\t<h5 class=\"elementor-cta__title elementor-cta__content-item elementor-content-item\">\n\t\t\t\t\t\tPourquoi choisir IDA'S ECO ?\t\t\t\t\t<\/h5>\n\t\t\t\t\n\t\t\t\t\n\t\t\t\t\t\t\t<\/div>\n\t\t\t\t\t\t<\/a>\n\t\t\t\t<\/div>\n\t\t\t\t<\/div>\n\t\t\t\t\t<\/div>\n\t\t<\/div>\n\t\t\t\t<div class=\"elementor-column elementor-col-25 elementor-inner-column elementor-element elementor-element-328837ce\" data-id=\"328837ce\" data-element_type=\"column\" data-settings=\"{&quot;mdp_selection_sticky_column_effect_enable&quot;:false}\">\n\t\t\t<div class=\"elementor-widget-wrap elementor-element-populated\">\n\t\t\t\t\t\t\t\t<div class=\"elementor-element elementor-element-391204e9 elementor-cta--skin-classic elementor-animated-content elementor-bg-transform elementor-bg-transform-zoom-in elementor-widget elementor-widget-call-to-action\" data-id=\"391204e9\" data-element_type=\"widget\" data-widget_type=\"call-to-action.default\">\n\t\t\t\t<div class=\"elementor-widget-container\">\n\t\t\t\t\t<a class=\"elementor-cta\" href=\"#faq\">\n\t\t\t\t\t<div class=\"elementor-cta__bg-wrapper\">\n\t\t\t\t<div class=\"elementor-cta__bg elementor-bg\" style=\"background-image: url(https:\/\/www.idaseco.com\/wp-content\/uploads\/2023\/10\/FAQs-1-1024x683.jpg);\" role=\"img\" aria-label=\"L&#039;image concerne la partie FAQ.\"><\/div>\n\t\t\t\t<div class=\"elementor-cta__bg-overlay\"><\/div>\n\t\t\t<\/div>\n\t\t\t\t\t\t\t<div class=\"elementor-cta__content\">\n\t\t\t\t\n\t\t\t\t\t\t\t\t\t<h5 class=\"elementor-cta__title elementor-cta__content-item elementor-content-item\">\n\t\t\t\t\t\tFAQ\t\t\t\t\t<\/h5>\n\t\t\t\t\n\t\t\t\t\n\t\t\t\t\t\t\t<\/div>\n\t\t\t\t\t\t<\/a>\n\t\t\t\t<\/div>\n\t\t\t\t<\/div>\n\t\t\t\t\t<\/div>\n\t\t<\/div>\n\t\t\t\t\t\t\t<\/div>\n\t\t<\/section>\n\t\t\t\t\t<\/div>\n\t\t<\/div>\n\t\t\t\t\t\t\t<\/div>\n\t\t<\/section>\n\t\t\t\t<section class=\"elementor-section elementor-top-section elementor-element elementor-element-4ebad73d elementor-section-boxed elementor-section-height-default elementor-section-height-default\" data-id=\"4ebad73d\" data-element_type=\"section\" id=\"products\" data-settings=\"{&quot;mdp_selection_sticky_effect_enable&quot;:false}\">\n\t\t\t\t\t\t<div class=\"elementor-container elementor-column-gap-default\">\n\t\t\t\t\t<div class=\"elementor-column elementor-col-100 elementor-top-column elementor-element elementor-element-5f016125\" data-id=\"5f016125\" data-element_type=\"column\" data-settings=\"{&quot;mdp_selection_sticky_column_effect_enable&quot;:false}\">\n\t\t\t<div class=\"elementor-widget-wrap elementor-element-populated\">\n\t\t\t\t\t\t\t\t<div class=\"elementor-element elementor-element-b570d1b elementor-widget elementor-widget-menu-anchor\" data-id=\"b570d1b\" data-element_type=\"widget\" data-widget_type=\"menu-anchor.default\">\n\t\t\t\t<div class=\"elementor-widget-container\">\n\t\t\t<style>\/*! elementor - v3.18.0 - 08-12-2023 *\/\nbody.elementor-page .elementor-widget-menu-anchor{margin-bottom:0}<\/style>\t\t<div id=\"Hot_Products\" class=\"elementor-menu-anchor\"><\/div>\n\t\t\t\t<\/div>\n\t\t\t\t<\/div>\n\t\t\t\t<div class=\"elementor-element elementor-element-104ff9ab uael-dual-heading-align-center elementor-widget elementor-widget-uael-dual-color-heading\" data-id=\"104ff9ab\" data-element_type=\"widget\" data-widget_type=\"uael-dual-color-heading.default\">\n\t\t\t\t<div class=\"elementor-widget-container\">\n\t\t\t\t\t\t\t<div class=\"uael-module-content uael-dual-color-heading uael-heading-stack-none\">\n\t\t\t<h2>\n\t\t\t\t\t\t\t\t\t\t\t\t\t\t\t\t<span class=\"uael-before-heading\"><span class=\"elementor-inline-editing uael-dual-heading-text uael-first-text\" data-elementor-setting-key=\"before_heading_text\" data-elementor-inline-editing-toolbar=\"basic\">Convoit\u00e9<\/span><\/span><span class=\"uael-adv-heading-stack\"><span class=\"elementor-inline-editing uael-dual-heading-text uael-highlight-text\" data-elementor-setting-key=\"second_heading_text\" data-elementor-inline-editing-toolbar=\"basic\">  Sac \u00e9cologique <\/span><\/span><span class=\"uael-after-heading\"><span class=\"elementor-inline-editing uael-dual-heading-text uael-third-text\" data-elementor-setting-key=\"after_heading_text\" data-elementor-inline-editing-toolbar=\"basic\"> La s\u00e9lection<\/span><\/span>\t\t\t\t\t\t\t\t\t\t\t\t\t<\/h2>\n\t\t<\/div>\n\t\t\t\t<\/div>\n\t\t\t\t<\/div>\n\t\t\t\t<div class=\"elementor-element elementor-element-2d1983d4 elementor-widget elementor-widget-text-editor\" data-id=\"2d1983d4\" data-element_type=\"widget\" data-widget_type=\"text-editor.default\">\n\t\t\t\t<div class=\"elementor-widget-container\">\n\t\t\t\t\t\t\t<p>D\u00e9couvrez notre \"S\u00e9lection de sacs \u00e9cologiques convoit\u00e9s\", qui pr\u00e9sente une gamme de produits tr\u00e8s pris\u00e9s, notamment des sacs \u00e0 filtre \u00e9cologiques, des sacs \u00e0 provisions r\u00e9utilisables, des sacs \u00e0 dos et des sacs de voyage.<em class=\"Highlight htedd1e23e-48ea-4ff6-9fde-2842194cc6a5\"> produire <\/em>sacs en papier biod\u00e9gradables, sacs poubelles en papier compostables, sacs en papier pour les d\u00e9chets de jardin et sacs \u00e0 provisions en T-shirt biod\u00e9gradables. Rejoignez le mouvement durable et faites la diff\u00e9rence avec ces choix populaires et respectueux de la plan\u00e8te.<\/p>\t\t\t\t\t\t<\/div>\n\t\t\t\t<\/div>\n\t\t\t\t<section class=\"elementor-section elementor-inner-section elementor-element elementor-element-487a795f elementor-section-boxed elementor-section-height-default elementor-section-height-default\" data-id=\"487a795f\" data-element_type=\"section\" data-settings=\"{&quot;background_background&quot;:&quot;classic&quot;,&quot;mdp_selection_sticky_effect_enable&quot;:false}\">\n\t\t\t\t\t\t<div class=\"elementor-container elementor-column-gap-default\">\n\t\t\t\t\t<div class=\"elementor-column elementor-col-50 elementor-inner-column elementor-element elementor-element-64c23a6f\" data-id=\"64c23a6f\" data-element_type=\"column\" data-settings=\"{&quot;mdp_selection_sticky_column_effect_enable&quot;:false}\">\n\t\t\t<div class=\"elementor-widget-wrap elementor-element-populated\">\n\t\t\t\t\t\t\t\t<div class=\"elementor-element elementor-element-4eaf1ce5 elementor-widget elementor-widget-image\" data-id=\"4eaf1ce5\" data-element_type=\"widget\" data-widget_type=\"image.default\">\n\t\t\t\t<div class=\"elementor-widget-container\">\n\t\t\t\t\t\t\t\t\t\t\t\t\t\t\t<img loading=\"lazy\" decoding=\"async\" width=\"1000\" height=\"1000\" src=\"https:\/\/www.idaseco.com\/wp-content\/uploads\/2023\/10\/nut-milk-bag-near-me.jpg\" class=\"attachment-full size-full wp-image-4330\" alt=\"Sac \u00e9cologique en coton pour le lait de noix, en forme de U, pr\u00e8s de chez moi. R\u00e9utilisable et respectueux de la plan\u00e8te.\" srcset=\"https:\/\/www.idaseco.com\/wp-content\/uploads\/2023\/10\/nut-milk-bag-near-me.jpg 1000w, https:\/\/www.idaseco.com\/wp-content\/uploads\/2023\/10\/nut-milk-bag-near-me-300x300.jpg 300w, https:\/\/www.idaseco.com\/wp-content\/uploads\/2023\/10\/nut-milk-bag-near-me-150x150.jpg 150w, https:\/\/www.idaseco.com\/wp-content\/uploads\/2023\/10\/nut-milk-bag-near-me-768x768.jpg 768w, https:\/\/www.idaseco.com\/wp-content\/uploads\/2023\/10\/nut-milk-bag-near-me-600x600.jpg 600w, https:\/\/www.idaseco.com\/wp-content\/uploads\/2023\/10\/nut-milk-bag-near-me-100x100.jpg 100w, https:\/\/www.idaseco.com\/wp-content\/uploads\/2023\/10\/nut-milk-bag-near-me-50x50.jpg 50w\" sizes=\"(max-width: 1000px) 100vw, 1000px\" \/>\t\t\t\t\t\t\t\t\t\t\t\t\t\t\t<\/div>\n\t\t\t\t<\/div>\n\t\t\t\t<div class=\"elementor-element elementor-element-63860dc elementor-widget elementor-widget-heading\" data-id=\"63860dc\" data-element_type=\"widget\" data-widget_type=\"heading.default\">\n\t\t\t\t<div class=\"elementor-widget-container\">\n\t\t\t<h6 class=\"elementor-heading-title elementor-size-default\">Pur coton, forme en U, 13''*13''<\/h6>\t\t<\/div>\n\t\t\t\t<\/div>\n\t\t\t\t<div class=\"elementor-element elementor-element-2f97cbb elementor-widget elementor-widget-image\" data-id=\"2f97cbb\" data-element_type=\"widget\" data-widget_type=\"image.default\">\n\t\t\t\t<div class=\"elementor-widget-container\">\n\t\t\t\t\t\t\t\t\t\t\t\t\t\t\t<img loading=\"lazy\" decoding=\"async\" width=\"800\" height=\"800\" src=\"https:\/\/www.idaseco.com\/wp-content\/uploads\/2023\/10\/nut-bags-for-making-milk.jpg\" class=\"attachment-large size-large wp-image-4328\" alt=\"Coton biologique, design incurv\u00e9, sain, \u00e9cologique et pratique pour la pr\u00e9paration du lait.\" srcset=\"https:\/\/www.idaseco.com\/wp-content\/uploads\/2023\/10\/nut-bags-for-making-milk.jpg 1000w, https:\/\/www.idaseco.com\/wp-content\/uploads\/2023\/10\/nut-bags-for-making-milk-300x300.jpg 300w, https:\/\/www.idaseco.com\/wp-content\/uploads\/2023\/10\/nut-bags-for-making-milk-150x150.jpg 150w, https:\/\/www.idaseco.com\/wp-content\/uploads\/2023\/10\/nut-bags-for-making-milk-768x768.jpg 768w, https:\/\/www.idaseco.com\/wp-content\/uploads\/2023\/10\/nut-bags-for-making-milk-600x600.jpg 600w, https:\/\/www.idaseco.com\/wp-content\/uploads\/2023\/10\/nut-bags-for-making-milk-100x100.jpg 100w, https:\/\/www.idaseco.com\/wp-content\/uploads\/2023\/10\/nut-bags-for-making-milk-50x50.jpg 50w\" sizes=\"(max-width: 800px) 100vw, 800px\" \/>\t\t\t\t\t\t\t\t\t\t\t\t\t\t\t<\/div>\n\t\t\t\t<\/div>\n\t\t\t\t<div class=\"elementor-element elementor-element-361a79c elementor-widget elementor-widget-heading\" data-id=\"361a79c\" data-element_type=\"widget\" data-widget_type=\"heading.default\">\n\t\t\t\t<div class=\"elementor-widget-container\">\n\t\t\t<h6 class=\"elementor-heading-title elementor-size-default\">Coton biologique, design incurv\u00e9, 12''*12''<\/h6>\t\t<\/div>\n\t\t\t\t<\/div>\n\t\t\t\t<div class=\"elementor-element elementor-element-67e3914 elementor-widget elementor-widget-image\" data-id=\"67e3914\" data-element_type=\"widget\" data-widget_type=\"image.default\">\n\t\t\t\t<div class=\"elementor-widget-container\">\n\t\t\t\t\t\t\t\t\t\t\t\t\t\t\t<img loading=\"lazy\" decoding=\"async\" width=\"800\" height=\"800\" src=\"https:\/\/www.idaseco.com\/wp-content\/uploads\/2023\/10\/nut-bags.jpg\" class=\"attachment-large size-large wp-image-4329\" alt=\"Mati\u00e8re nylon, conception en forme de U, sacs \u00e0 noix sains, \u00e9cologiques, pratiques et faciles \u00e0 nettoyer.\" srcset=\"https:\/\/www.idaseco.com\/wp-content\/uploads\/2023\/10\/nut-bags.jpg 1000w, https:\/\/www.idaseco.com\/wp-content\/uploads\/2023\/10\/nut-bags-300x300.jpg 300w, https:\/\/www.idaseco.com\/wp-content\/uploads\/2023\/10\/nut-bags-150x150.jpg 150w, https:\/\/www.idaseco.com\/wp-content\/uploads\/2023\/10\/nut-bags-768x768.jpg 768w, https:\/\/www.idaseco.com\/wp-content\/uploads\/2023\/10\/nut-bags-600x600.jpg 600w, https:\/\/www.idaseco.com\/wp-content\/uploads\/2023\/10\/nut-bags-100x100.jpg 100w, https:\/\/www.idaseco.com\/wp-content\/uploads\/2023\/10\/nut-bags-50x50.jpg 50w\" sizes=\"(max-width: 800px) 100vw, 800px\" \/>\t\t\t\t\t\t\t\t\t\t\t\t\t\t\t<\/div>\n\t\t\t\t<\/div>\n\t\t\t\t<div class=\"elementor-element elementor-element-053af00 elementor-widget elementor-widget-heading\" data-id=\"053af00\" data-element_type=\"widget\" data-widget_type=\"heading.default\">\n\t\t\t\t<div class=\"elementor-widget-container\">\n\t\t\t<h6 class=\"elementor-heading-title elementor-size-default\">Nylon, forme en U, 8''*12''<\/h6>\t\t<\/div>\n\t\t\t\t<\/div>\n\t\t\t\t<div class=\"elementor-element elementor-element-eafa42d elementor-widget elementor-widget-image\" data-id=\"eafa42d\" data-element_type=\"widget\" data-widget_type=\"image.default\">\n\t\t\t\t<div class=\"elementor-widget-container\">\n\t\t\t\t\t\t\t\t\t\t\t\t\t\t\t<img loading=\"lazy\" decoding=\"async\" width=\"800\" height=\"800\" src=\"https:\/\/www.idaseco.com\/wp-content\/uploads\/2023\/10\/nut-milk-bag.jpg\" class=\"attachment-large size-large wp-image-4331\" alt=\"100% : mat\u00e9riau en chanvre, forme triangulaire, sac \u00e0 lait de noix sain, \u00e9cologique, durable et facile \u00e0 nettoyer.\" srcset=\"https:\/\/www.idaseco.com\/wp-content\/uploads\/2023\/10\/nut-milk-bag.jpg 1000w, https:\/\/www.idaseco.com\/wp-content\/uploads\/2023\/10\/nut-milk-bag-300x300.jpg 300w, https:\/\/www.idaseco.com\/wp-content\/uploads\/2023\/10\/nut-milk-bag-150x150.jpg 150w, https:\/\/www.idaseco.com\/wp-content\/uploads\/2023\/10\/nut-milk-bag-768x768.jpg 768w, https:\/\/www.idaseco.com\/wp-content\/uploads\/2023\/10\/nut-milk-bag-600x600.jpg 600w, https:\/\/www.idaseco.com\/wp-content\/uploads\/2023\/10\/nut-milk-bag-100x100.jpg 100w, https:\/\/www.idaseco.com\/wp-content\/uploads\/2023\/10\/nut-milk-bag-50x50.jpg 50w\" sizes=\"(max-width: 800px) 100vw, 800px\" \/>\t\t\t\t\t\t\t\t\t\t\t\t\t\t\t<\/div>\n\t\t\t\t<\/div>\n\t\t\t\t<div class=\"elementor-element elementor-element-208d9d7 elementor-widget elementor-widget-heading\" data-id=\"208d9d7\" data-element_type=\"widget\" data-widget_type=\"heading.default\">\n\t\t\t\t<div class=\"elementor-widget-container\">\n\t\t\t<h6 class=\"elementor-heading-title elementor-size-default\">100% mat\u00e9riel de chanvre, forme triangulaire, 10''*12''<\/h6>\t\t<\/div>\n\t\t\t\t<\/div>\n\t\t\t\t\t<\/div>\n\t\t<\/div>\n\t\t\t\t<div class=\"elementor-column elementor-col-50 elementor-inner-column elementor-element elementor-element-5d0a8a13\" data-id=\"5d0a8a13\" data-element_type=\"column\" data-settings=\"{&quot;mdp_selection_sticky_column_effect_enable&quot;:false}\">\n\t\t\t<div class=\"elementor-widget-wrap elementor-element-populated\">\n\t\t\t\t\t\t\t\t<div class=\"elementor-element elementor-element-e66cd73 elementor-widget elementor-widget-heading\" data-id=\"e66cd73\" data-element_type=\"widget\" data-widget_type=\"heading.default\">\n\t\t\t\t<div class=\"elementor-widget-container\">\n\t\t\t<h3 class=\"elementor-heading-title elementor-size-default\">Sac de lait de noix<\/h3>\t\t<\/div>\n\t\t\t\t<\/div>\n\t\t\t\t<div class=\"elementor-element elementor-element-42a696ca elementor-icon-list--layout-traditional elementor-list-item-link-full_width elementor-widget elementor-widget-icon-list\" data-id=\"42a696ca\" data-element_type=\"widget\" data-widget_type=\"icon-list.default\">\n\t\t\t\t<div class=\"elementor-widget-container\">\n\t\t\t<link rel=\"stylesheet\" href=\"https:\/\/www.idaseco.com\/wp-content\/plugins\/elementor\/assets\/css\/widget-icon-list.min.css\">\t\t<ul class=\"elementor-icon-list-items\">\n\t\t\t\t\t\t\t<li class=\"elementor-icon-list-item\">\n\t\t\t\t\t\t\t\t\t\t\t<span class=\"elementor-icon-list-icon\">\n\t\t\t\t\t\t\t<i aria-hidden=\"true\" class=\"fas fa-check\"><\/i>\t\t\t\t\t\t<\/span>\n\t\t\t\t\t\t\t\t\t\t<span class=\"elementor-icon-list-text\">Mati\u00e8re : Coton\/chanvre\/nylon <\/span>\n\t\t\t\t\t\t\t\t\t<\/li>\n\t\t\t\t\t\t\t\t<li class=\"elementor-icon-list-item\">\n\t\t\t\t\t\t\t\t\t\t\t<span class=\"elementor-icon-list-icon\">\n\t\t\t\t\t\t\t<i aria-hidden=\"true\" class=\"fas fa-check\"><\/i>\t\t\t\t\t\t<\/span>\n\t\t\t\t\t\t\t\t\t\t<span class=\"elementor-icon-list-text\"> Ouverture de la maille : 80\/100\/200 microns, possibilit\u00e9 de personnalisation<\/span>\n\t\t\t\t\t\t\t\t\t<\/li>\n\t\t\t\t\t\t\t\t<li class=\"elementor-icon-list-item\">\n\t\t\t\t\t\t\t\t\t\t\t<span class=\"elementor-icon-list-icon\">\n\t\t\t\t\t\t\t<i aria-hidden=\"true\" class=\"fas fa-check\"><\/i>\t\t\t\t\t\t<\/span>\n\t\t\t\t\t\t\t\t\t\t<span class=\"elementor-icon-list-text\">Couleur : naturel  <\/span>\n\t\t\t\t\t\t\t\t\t<\/li>\n\t\t\t\t\t\t\t\t<li class=\"elementor-icon-list-item\">\n\t\t\t\t\t\t\t\t\t\t\t<span class=\"elementor-icon-list-icon\">\n\t\t\t\t\t\t\t<i aria-hidden=\"true\" class=\"fas fa-check\"><\/i>\t\t\t\t\t\t<\/span>\n\t\t\t\t\t\t\t\t\t\t<span class=\"elementor-icon-list-text\">Taille : 8''*12'' ; 10''*12'' ; 12''*12'' ; 13''*13'', personnalisation possible.<\/span>\n\t\t\t\t\t\t\t\t\t<\/li>\n\t\t\t\t\t\t\t\t<li class=\"elementor-icon-list-item\">\n\t\t\t\t\t\t\t\t\t\t\t<span class=\"elementor-icon-list-icon\">\n\t\t\t\t\t\t\t<i aria-hidden=\"true\" class=\"fas fa-check\"><\/i>\t\t\t\t\t\t<\/span>\n\t\t\t\t\t\t\t\t\t\t<span class=\"elementor-icon-list-text\">Forme : Forme en U, triangle<\/span>\n\t\t\t\t\t\t\t\t\t<\/li>\n\t\t\t\t\t\t\t\t<li class=\"elementor-icon-list-item\">\n\t\t\t\t\t\t\t\t\t\t\t<span class=\"elementor-icon-list-icon\">\n\t\t\t\t\t\t\t<i aria-hidden=\"true\" class=\"fas fa-check\"><\/i>\t\t\t\t\t\t<\/span>\n\t\t\t\t\t\t\t\t\t\t<span class=\"elementor-icon-list-text\"> Dessus du sac : cordon de serrage, personnalisation possible <\/span>\n\t\t\t\t\t\t\t\t\t<\/li>\n\t\t\t\t\t\t\t\t<li class=\"elementor-icon-list-item\">\n\t\t\t\t\t\t\t\t\t\t\t<span class=\"elementor-icon-list-icon\">\n\t\t\t\t\t\t\t<i aria-hidden=\"true\" class=\"fas fa-check\"><\/i>\t\t\t\t\t\t<\/span>\n\t\t\t\t\t\t\t\t\t\t<span class=\"elementor-icon-list-text\"> Utilisation : Filtre \u00e0 caf\u00e9, filtre \u00e0 lait de noix, filtre \u00e0 jus de fruits<\/span>\n\t\t\t\t\t\t\t\t\t<\/li>\n\t\t\t\t\t\t\t\t<li class=\"elementor-icon-list-item\">\n\t\t\t\t\t\t\t\t\t\t\t<span class=\"elementor-icon-list-icon\">\n\t\t\t\t\t\t\t<i aria-hidden=\"true\" class=\"fas fa-check\"><\/i>\t\t\t\t\t\t<\/span>\n\t\t\t\t\t\t\t\t\t\t<span class=\"elementor-icon-list-text\">MOQ : aucune exigence<\/span>\n\t\t\t\t\t\t\t\t\t<\/li>\n\t\t\t\t\t\t\t\t<li class=\"elementor-icon-list-item\">\n\t\t\t\t\t\t\t\t\t\t\t<span class=\"elementor-icon-list-icon\">\n\t\t\t\t\t\t\t<i aria-hidden=\"true\" class=\"fas fa-check\"><\/i>\t\t\t\t\t\t<\/span>\n\t\t\t\t\t\t\t\t\t\t<span class=\"elementor-icon-list-text\">Logo : logo tiss\u00e9 ou logo imprim\u00e9<\/span>\n\t\t\t\t\t\t\t\t\t<\/li>\n\t\t\t\t\t\t\t\t<li class=\"elementor-icon-list-item\">\n\t\t\t\t\t\t\t\t\t\t\t<span class=\"elementor-icon-list-icon\">\n\t\t\t\t\t\t\t<i aria-hidden=\"true\" class=\"fas fa-check\"><\/i>\t\t\t\t\t\t<\/span>\n\t\t\t\t\t\t\t\t\t\t<span class=\"elementor-icon-list-text\">Logo, \u00e9tiquette ou autocollants personnalis\u00e9s : accept\u00e9s<\/span>\n\t\t\t\t\t\t\t\t\t<\/li>\n\t\t\t\t\t\t\t\t<li class=\"elementor-icon-list-item\">\n\t\t\t\t\t\t\t\t\t\t\t<span class=\"elementor-icon-list-icon\">\n\t\t\t\t\t\t\t<i aria-hidden=\"true\" class=\"fas fa-check\"><\/i>\t\t\t\t\t\t<\/span>\n\t\t\t\t\t\t\t\t\t\t<span class=\"elementor-icon-list-text\">Personnalisation MOQ : 500 pi\u00e8ces<\/span>\n\t\t\t\t\t\t\t\t\t<\/li>\n\t\t\t\t\t\t\t\t<li class=\"elementor-icon-list-item\">\n\t\t\t\t\t\t\t\t\t\t\t<span class=\"elementor-icon-list-icon\">\n\t\t\t\t\t\t\t<i aria-hidden=\"true\" class=\"fas fa-check\"><\/i>\t\t\t\t\t\t<\/span>\n\t\t\t\t\t\t\t\t\t\t<span class=\"elementor-icon-list-text\">D\u00e9lai de livraison : en fonction de la quantit\u00e9 command\u00e9e<\/span>\n\t\t\t\t\t\t\t\t\t<\/li>\n\t\t\t\t\t\t<\/ul>\n\t\t\t\t<\/div>\n\t\t\t\t<\/div>\n\t\t\t\t<div class=\"elementor-element elementor-element-27f0ae0f elementor-widget elementor-widget-text-editor\" data-id=\"27f0ae0f\" data-element_type=\"widget\" data-widget_type=\"text-editor.default\">\n\t\t\t\t<div class=\"elementor-widget-container\">\n\t\t\t\t\t\t\t<p>Pr\u00e9sentation de notre sac \u00e0 lait de noix : Le nec plus ultra de la filtration \u00e9cologique <em class=\"Highlight\">Solution<\/em>!<\/p><p>Fabriqu\u00e9 avec soin en utilisant<strong> coton biologique, chanvre pur et nylon de qualit\u00e9 alimentaire<\/strong>Notre sac \u00e0 lait de noix est l'exemple m\u00eame de la durabilit\u00e9. Avec ses cinq coutures s\u00e9curis\u00e9es et son cordon de serrage solide, il permet de verser sans probl\u00e8me du lait de noix biologique et divers autres m\u00e9langes nutritifs. Facile \u00e0 nettoyer et rapide \u00e0 s\u00e9cher, il est <strong>Sans BPA<\/strong>La s\u00e9curit\u00e9 est donc assur\u00e9e pour vous et les personnes qui vous sont ch\u00e8res.<\/p><p>Disponible dans une vari\u00e9t\u00e9 de tailles et de formes, y compris en forme de U et triangulaire, notre sac \u00e0 lait de noix peut \u00eatre personnalis\u00e9 pour r\u00e9pondre \u00e0 vos besoins uniques. Il sert \u00e0 de multiples usages, tels que la filtration du caf\u00e9, du lait de noix, du vin rouge, de l'eau, du jus et d'autres liquides. Id\u00e9al pour les h\u00f4tels, les usines de produits alimentaires et de boissons, les fermes, les restaurants et toute une s\u00e9rie d'industries, il est propos\u00e9 dans des options d'emballage pratiques, y compris des paquets individuels, des paquets de deux pi\u00e8ces ou des paquets de trois pi\u00e8ces.<em class=\"Highlight\"> personnalis\u00e9 <\/em>paquets.<\/p><p>D\u00e9couvrez les capacit\u00e9s de filtration sup\u00e9rieures de notre sac \u00e0 lait de noix, con\u00e7u pour <strong>la durabilit\u00e9, la recyclabilit\u00e9 et la p\u00e9rennit\u00e9<\/strong>Il s'agit d'un produit artisanal, propre et sain.<em class=\"Highlight\"> solution <\/em>qui peut \u00eatre facilement nettoy\u00e9e et r\u00e9utilis\u00e9e. Fabriqu\u00e9 avec soin \u00e0 l'aide de fils tr\u00e8s r\u00e9sistants et dot\u00e9 d'un cordon de serrage facile \u00e0 utiliser, il offre une qualit\u00e9 et une fiabilit\u00e9 exceptionnelles. Choisissez la cordelette en coton classique ou optez pour<em class=\"Highlight\"> sur mesure <\/em>mat\u00e9riaux du cordon de serrage.<\/p><p>En tant que produit le plus vendu sur des plateformes de commerce \u00e9lectronique renomm\u00e9es, notre sac de lait de noix a re\u00e7u des critiques \u00e9logieuses. Il peut <strong>r\u00e9sister \u00e0 des temp\u00e9ratures \u00e9lev\u00e9es<\/strong>La temp\u00e9rature de cuisson est comprise entre 135 et 150 degr\u00e9s Celsius, ce qui lui permet de r\u00e9pondre \u00e0 de nombreux besoins culinaires. Rassurez-vous, il a \u00e9t\u00e9 soumis \u00e0<strong> Test LFGB et certification GOTS<\/strong>La Commission europ\u00e9enne a mis en place un syst\u00e8me d'\u00e9valuation de la qualit\u00e9 de l'eau, garantissant sa conformit\u00e9 avec les normes internationales.<\/p><p>Nous comprenons les besoins et les demandes des acheteurs internationaux, et notre sac \u00e0 lait de noix est con\u00e7u pour r\u00e9pondre \u00e0 leurs exigences. Ne passez pas \u00e0 c\u00f4t\u00e9 de ce produit de filtration incontournable.<em class=\"Highlight\"> solution <\/em>qui fait des vagues dans le monde entier. Am\u00e9liorez vos boissons et vos exp\u00e9riences culinaires avec notre sac de lait de noix de premi\u00e8re qualit\u00e9.<\/p>\t\t\t\t\t\t<\/div>\n\t\t\t\t<\/div>\n\t\t\t\t<div class=\"elementor-element elementor-element-53416e5 uael-button-halign-center uael-button-stack-none elementor-widget elementor-widget-uael-buttons\" data-id=\"53416e5\" data-element_type=\"widget\" data-widget_type=\"uael-buttons.default\">\n\t\t\t\t<div class=\"elementor-widget-container\">\n\t\t\t\t\t<div class=\"uael-dual-button-outer-wrap\">\n\t\t\t<div class=\"uael-dual-button-wrap\">\n\t\t\t\t\t\t\t\t<div class=\"uael-button-wrapper elementor-button-wrapper uael-dual-button elementor-repeater-item-0258dc6 uael-dual-button-0\">\n\t\t\t\t\t<a class=\"elementor-button-link elementor-button elementor-size-sm elementor-button-link\" href=\"#elementor-action:action=popup:open&settings=eyJpZCI6IjY4MjMiLCJ0b2dnbGUiOmZhbHNlfQ==\">\n\t\t\t\t\t\t\t\t<span class=\"elementor-button-content-wrapper uael-buttons-icon-\">\n\t\t\t\t\t\t\t\t\t\t\t\t<span class=\"elementor-align-icon- elementor-button-icon\">\n\t\t\t\t\t\t\t\t\t\t\t<\/span>\n\t\t\t\t\t\t\t\t\t\t<span class=\"elementor-button-text elementor-inline-editing\" data-elementor-setting-key=\"buttons.0.text\" data-elementor-inline-editing-toolbar=\"none\">Obtenir un devis<\/span>\n\t\t<\/span>\n\t\t\t\t\t\t\t<\/a>\n\t\t\t\t<\/div>\n\t\t\t\t\t\t\t<\/div>\n\t\t<\/div>\n\t\t\t\t<\/div>\n\t\t\t\t<\/div>\n\t\t\t\t\t<\/div>\n\t\t<\/div>\n\t\t\t\t\t\t\t<\/div>\n\t\t<\/section>\n\t\t\t\t<section class=\"elementor-section elementor-inner-section elementor-element elementor-element-a415726 custom-ele-section-css elementor-section-boxed elementor-section-height-default elementor-section-height-default\" data-id=\"a415726\" data-element_type=\"section\" data-settings=\"{&quot;background_background&quot;:&quot;classic&quot;,&quot;mdp_selection_sticky_effect_enable&quot;:false}\">\n\t\t\t\t\t\t<div class=\"elementor-container elementor-column-gap-default\">\n\t\t\t\t\t<div class=\"elementor-column elementor-col-50 elementor-inner-column elementor-element elementor-element-259f5d1\" data-id=\"259f5d1\" data-element_type=\"column\" data-settings=\"{&quot;mdp_selection_sticky_column_effect_enable&quot;:false}\">\n\t\t\t<div class=\"elementor-widget-wrap elementor-element-populated\">\n\t\t\t\t\t\t\t\t<div class=\"elementor-element elementor-element-e9dc3cd elementor-widget elementor-widget-image\" data-id=\"e9dc3cd\" data-element_type=\"widget\" data-widget_type=\"image.default\">\n\t\t\t\t<div class=\"elementor-widget-container\">\n\t\t\t\t\t\t\t\t\t\t\t\t\t\t\t<img loading=\"lazy\" decoding=\"async\" width=\"1000\" height=\"1000\" src=\"https:\/\/www.idaseco.com\/wp-content\/uploads\/2023\/10\/brewing-bags.jpg\" class=\"attachment-full size-full wp-image-4338\" alt=\"Sacs de brassage en polyester, respectueux de l&#039;environnement, r\u00e9utilisables et sains.\" srcset=\"https:\/\/www.idaseco.com\/wp-content\/uploads\/2023\/10\/brewing-bags.jpg 1000w, https:\/\/www.idaseco.com\/wp-content\/uploads\/2023\/10\/brewing-bags-300x300.jpg 300w, https:\/\/www.idaseco.com\/wp-content\/uploads\/2023\/10\/brewing-bags-150x150.jpg 150w, https:\/\/www.idaseco.com\/wp-content\/uploads\/2023\/10\/brewing-bags-768x768.jpg 768w, https:\/\/www.idaseco.com\/wp-content\/uploads\/2023\/10\/brewing-bags-600x600.jpg 600w, https:\/\/www.idaseco.com\/wp-content\/uploads\/2023\/10\/brewing-bags-100x100.jpg 100w, https:\/\/www.idaseco.com\/wp-content\/uploads\/2023\/10\/brewing-bags-50x50.jpg 50w\" sizes=\"(max-width: 1000px) 100vw, 1000px\" \/>\t\t\t\t\t\t\t\t\t\t\t\t\t\t\t<\/div>\n\t\t\t\t<\/div>\n\t\t\t\t\t<\/div>\n\t\t<\/div>\n\t\t\t\t<div class=\"elementor-column elementor-col-50 elementor-inner-column elementor-element elementor-element-594bd50\" data-id=\"594bd50\" data-element_type=\"column\" data-settings=\"{&quot;mdp_selection_sticky_column_effect_enable&quot;:false}\">\n\t\t\t<div class=\"elementor-widget-wrap elementor-element-populated\">\n\t\t\t\t\t\t\t\t<div class=\"elementor-element elementor-element-b0cd786 elementor-widget elementor-widget-heading\" data-id=\"b0cd786\" data-element_type=\"widget\" data-widget_type=\"heading.default\">\n\t\t\t\t<div class=\"elementor-widget-container\">\n\t\t\t<h3 class=\"elementor-heading-title elementor-size-default\">Sacs de brassage<\/h3>\t\t<\/div>\n\t\t\t\t<\/div>\n\t\t\t\t<div class=\"elementor-element elementor-element-cb25644 elementor-icon-list--layout-traditional elementor-list-item-link-full_width elementor-widget elementor-widget-icon-list\" data-id=\"cb25644\" data-element_type=\"widget\" data-widget_type=\"icon-list.default\">\n\t\t\t\t<div class=\"elementor-widget-container\">\n\t\t\t\t\t<ul class=\"elementor-icon-list-items\">\n\t\t\t\t\t\t\t<li class=\"elementor-icon-list-item\">\n\t\t\t\t\t\t\t\t\t\t\t<span class=\"elementor-icon-list-icon\">\n\t\t\t\t\t\t\t<i aria-hidden=\"true\" class=\"fas fa-check\"><\/i>\t\t\t\t\t\t<\/span>\n\t\t\t\t\t\t\t\t\t\t<span class=\"elementor-icon-list-text\">Mati\u00e8re : Polyester<\/span>\n\t\t\t\t\t\t\t\t\t<\/li>\n\t\t\t\t\t\t\t\t<li class=\"elementor-icon-list-item\">\n\t\t\t\t\t\t\t\t\t\t\t<span class=\"elementor-icon-list-icon\">\n\t\t\t\t\t\t\t<i aria-hidden=\"true\" class=\"fas fa-check\"><\/i>\t\t\t\t\t\t<\/span>\n\t\t\t\t\t\t\t\t\t\t<span class=\"elementor-icon-list-text\">Taille : 22''*26'' (56cm*66cm), personnalisation possible.<\/span>\n\t\t\t\t\t\t\t\t\t<\/li>\n\t\t\t\t\t\t\t\t<li class=\"elementor-icon-list-item\">\n\t\t\t\t\t\t\t\t\t\t\t<span class=\"elementor-icon-list-icon\">\n\t\t\t\t\t\t\t<i aria-hidden=\"true\" class=\"fas fa-check\"><\/i>\t\t\t\t\t\t<\/span>\n\t\t\t\t\t\t\t\t\t\t<span class=\"elementor-icon-list-text\">Type de fermeture : cordon de serrage, personnalisation possible <\/span>\n\t\t\t\t\t\t\t\t\t<\/li>\n\t\t\t\t\t\t\t\t<li class=\"elementor-icon-list-item\">\n\t\t\t\t\t\t\t\t\t\t\t<span class=\"elementor-icon-list-icon\">\n\t\t\t\t\t\t\t<i aria-hidden=\"true\" class=\"fas fa-check\"><\/i>\t\t\t\t\t\t<\/span>\n\t\t\t\t\t\t\t\t\t\t<span class=\"elementor-icon-list-text\">Tissage : uni<\/span>\n\t\t\t\t\t\t\t\t\t<\/li>\n\t\t\t\t\t\t\t\t<li class=\"elementor-icon-list-item\">\n\t\t\t\t\t\t\t\t\t\t\t<span class=\"elementor-icon-list-icon\">\n\t\t\t\t\t\t\t<i aria-hidden=\"true\" class=\"fas fa-check\"><\/i>\t\t\t\t\t\t<\/span>\n\t\t\t\t\t\t\t\t\t\t<span class=\"elementor-icon-list-text\">MOQ : aucune exigence<\/span>\n\t\t\t\t\t\t\t\t\t<\/li>\n\t\t\t\t\t\t\t\t<li class=\"elementor-icon-list-item\">\n\t\t\t\t\t\t\t\t\t\t\t<span class=\"elementor-icon-list-icon\">\n\t\t\t\t\t\t\t<i aria-hidden=\"true\" class=\"fas fa-check\"><\/i>\t\t\t\t\t\t<\/span>\n\t\t\t\t\t\t\t\t\t\t<span class=\"elementor-icon-list-text\">Logo : logo tiss\u00e9 ou logo imprim\u00e9<\/span>\n\t\t\t\t\t\t\t\t\t<\/li>\n\t\t\t\t\t\t\t\t<li class=\"elementor-icon-list-item\">\n\t\t\t\t\t\t\t\t\t\t\t<span class=\"elementor-icon-list-icon\">\n\t\t\t\t\t\t\t<i aria-hidden=\"true\" class=\"fas fa-check\"><\/i>\t\t\t\t\t\t<\/span>\n\t\t\t\t\t\t\t\t\t\t<span class=\"elementor-icon-list-text\">Logo, \u00e9tiquette ou autocollants personnalis\u00e9s : accept\u00e9s<\/span>\n\t\t\t\t\t\t\t\t\t<\/li>\n\t\t\t\t\t\t\t\t<li class=\"elementor-icon-list-item\">\n\t\t\t\t\t\t\t\t\t\t\t<span class=\"elementor-icon-list-icon\">\n\t\t\t\t\t\t\t<i aria-hidden=\"true\" class=\"fas fa-check\"><\/i>\t\t\t\t\t\t<\/span>\n\t\t\t\t\t\t\t\t\t\t<span class=\"elementor-icon-list-text\">OEM\/ODM : accept\u00e9<\/span>\n\t\t\t\t\t\t\t\t\t<\/li>\n\t\t\t\t\t\t\t\t<li class=\"elementor-icon-list-item\">\n\t\t\t\t\t\t\t\t\t\t\t<span class=\"elementor-icon-list-icon\">\n\t\t\t\t\t\t\t<i aria-hidden=\"true\" class=\"fas fa-check\"><\/i>\t\t\t\t\t\t<\/span>\n\t\t\t\t\t\t\t\t\t\t<span class=\"elementor-icon-list-text\">Personnalisation MOQ : 500 pi\u00e8ces<\/span>\n\t\t\t\t\t\t\t\t\t<\/li>\n\t\t\t\t\t\t\t\t<li class=\"elementor-icon-list-item\">\n\t\t\t\t\t\t\t\t\t\t\t<span class=\"elementor-icon-list-icon\">\n\t\t\t\t\t\t\t<i aria-hidden=\"true\" class=\"fas fa-check\"><\/i>\t\t\t\t\t\t<\/span>\n\t\t\t\t\t\t\t\t\t\t<span class=\"elementor-icon-list-text\">D\u00e9lai de livraison : en fonction de la quantit\u00e9 command\u00e9e<\/span>\n\t\t\t\t\t\t\t\t\t<\/li>\n\t\t\t\t\t\t<\/ul>\n\t\t\t\t<\/div>\n\t\t\t\t<\/div>\n\t\t\t\t<div class=\"elementor-element elementor-element-e615bf3 elementor-widget elementor-widget-text-editor\" data-id=\"e615bf3\" data-element_type=\"widget\" data-widget_type=\"text-editor.default\">\n\t\t\t\t<div class=\"elementor-widget-container\">\n\t\t\t\t\t\t\t<p>Voici nos sacs de brassage : Lib\u00e9rer le potentiel du brassage domestique et plus encore<\/p><p>Fabriqu\u00e9 \u00e0 partir de<strong> 80 grammes de tissu en maille de polyester de qualit\u00e9 alimentaire<\/strong>Nos sacs de brassage sont <strong>Certifi\u00e9 FDA, sans BPA<\/strong>et totalement non toxique. Il n'est donc pas \u00e9tonnant qu'ils soient un best-seller sur les plateformes de commerce \u00e9lectronique les plus populaires. Ces sacs polyvalents sont couramment utilis\u00e9s pour <strong>brassage domestique<\/strong>Ils peuvent \u00eatre utilis\u00e9s pour la production de bi\u00e8re et de vin de fruits, la fabrication de confitures, la culture de germes de haricots, l'extraction de jus de fruits et la filtration de caf\u00e9 \u00e0 froid. Ils sont \u00e9galement id\u00e9aux pour <strong>la transformation des boissons et des aliments <em class=\"Highlight\">usines<\/em>les exploitations agricoles, les m\u00e9nages et les restaurants.<\/strong><\/p><p>Vous cherchez \u00e0 \u00e9largir votre gamme de produits et \u00e0 renforcer l'impact de votre marque ? Nos sacs de brassage \u00e9cologiques constituent un excellent choix et ouvrent la voie \u00e0 de nouvelles opportunit\u00e9s commerciales. De grande taille, ces sacs sont fabriqu\u00e9s avec une attention m\u00e9ticuleuse aux d\u00e9tails. <strong>fil de polyester \u00e0 haute r\u00e9sistance<\/strong> et un <strong>espacement des aiguilles de 2 mm<\/strong> pour une meilleure durabilit\u00e9. Les <strong>couture \u00e0 cinq points<\/strong> La technique permet de garantir qu'ils peuvent <strong>supportent 1,5 fois le poids des sacs ordinaires<\/strong>. La fermeture \u00e0 cordon avec un fermoir s\u00fbr permet aux sacs de s'adapter parfaitement aux conteneurs, \u00e9vitant tout contact avec les fonds chauds des bouilloires et \u00e9liminant les incidents de sacs br\u00fbl\u00e9s.<\/p><p>Construits pour durer et faciles \u00e0 nettoyer, nos sacs de brassage sont con\u00e7us pour <strong>utilisation r\u00e9p\u00e9t\u00e9e<\/strong>. Le mat\u00e9riau en polyester de qualit\u00e9 alimentaire offre <strong>une r\u00e9sistance et une capacit\u00e9 de charge exceptionnelles<\/strong>Ils sont \u00e9galement recyclables et contribuent aux efforts de d\u00e9veloppement durable. Ils sont \u00e9galement recyclables et contribuent aux efforts de d\u00e9veloppement durable. Rassurez-vous, nos sacs de brassage ont obtenu la certification de qualit\u00e9 alimentaire, et ils sont <strong>sans fluorescents<\/strong>Le syst\u00e8me de brassage de l'eau de mer est un syst\u00e8me s\u00fbr et fiable. <em class=\"Highlight\">solution<\/em>.<\/p><p><strong>Les formes et les emballages peuvent \u00eatre<em class=\"Highlight\"> personnalis\u00e9 <\/em><\/strong>pour s'aligner sur la vision de votre marque. Vous avez la possibilit\u00e9 de <strong>personnaliser la serrure et le cordon de serrage<\/strong>Les sacs de brasserie r\u00e9utilisables sont disponibles en plusieurs mat\u00e9riaux et \u00e9paisseurs. En incorporant nos sacs de brassage r\u00e9utilisables dans votre processus de brassage, vous ne profiterez pas seulement de la commodit\u00e9 et du gain de temps, mais vous \u00e9conomiserez \u00e9galement de l'argent \u00e0 long terme.<\/p><p>D\u00e9couvrez la commodit\u00e9, la fiabilit\u00e9 et le caract\u00e8re \u00e9cologique de nos sacs de brassage. Exploitez le potentiel du brassage domestique et au-del\u00e0, tout en ayant un impact positif sur l'environnement.<\/p>\t\t\t\t\t\t<\/div>\n\t\t\t\t<\/div>\n\t\t\t\t<div class=\"elementor-element elementor-element-50756ef uael-button-halign-center uael-button-stack-none elementor-widget elementor-widget-uael-buttons\" data-id=\"50756ef\" data-element_type=\"widget\" data-widget_type=\"uael-buttons.default\">\n\t\t\t\t<div class=\"elementor-widget-container\">\n\t\t\t\t\t<div class=\"uael-dual-button-outer-wrap\">\n\t\t\t<div class=\"uael-dual-button-wrap\">\n\t\t\t\t\t\t\t\t<div class=\"uael-button-wrapper elementor-button-wrapper uael-dual-button elementor-repeater-item-0258dc6 uael-dual-button-0\">\n\t\t\t\t\t<a class=\"elementor-button-link elementor-button elementor-size-sm elementor-button-link\" href=\"#elementor-action:action=popup:open&settings=eyJpZCI6IjY4MjMiLCJ0b2dnbGUiOmZhbHNlfQ==\">\n\t\t\t\t\t\t\t\t<span class=\"elementor-button-content-wrapper uael-buttons-icon-\">\n\t\t\t\t\t\t\t\t\t\t\t\t<span class=\"elementor-align-icon- elementor-button-icon\">\n\t\t\t\t\t\t\t\t\t\t\t<\/span>\n\t\t\t\t\t\t\t\t\t\t<span class=\"elementor-button-text elementor-inline-editing\" data-elementor-setting-key=\"buttons.0.text\" data-elementor-inline-editing-toolbar=\"none\">Obtenir un devis<\/span>\n\t\t<\/span>\n\t\t\t\t\t\t\t<\/a>\n\t\t\t\t<\/div>\n\t\t\t\t\t\t\t<\/div>\n\t\t<\/div>\n\t\t\t\t<\/div>\n\t\t\t\t<\/div>\n\t\t\t\t\t<\/div>\n\t\t<\/div>\n\t\t\t\t\t\t\t<\/div>\n\t\t<\/section>\n\t\t\t\t<section class=\"elementor-section elementor-inner-section elementor-element elementor-element-c568b5a custom-ele-section-css elementor-section-boxed elementor-section-height-default elementor-section-height-default\" data-id=\"c568b5a\" data-element_type=\"section\" data-settings=\"{&quot;background_background&quot;:&quot;classic&quot;,&quot;mdp_selection_sticky_effect_enable&quot;:false}\">\n\t\t\t\t\t\t<div class=\"elementor-container elementor-column-gap-default\">\n\t\t\t\t\t<div class=\"elementor-column elementor-col-50 elementor-inner-column elementor-element elementor-element-5e0d2fb\" data-id=\"5e0d2fb\" data-element_type=\"column\" data-settings=\"{&quot;mdp_selection_sticky_column_effect_enable&quot;:false}\">\n\t\t\t<div class=\"elementor-widget-wrap elementor-element-populated\">\n\t\t\t\t\t\t\t\t<div class=\"elementor-element elementor-element-2ed51d6 elementor-widget elementor-widget-image\" data-id=\"2ed51d6\" data-element_type=\"widget\" data-widget_type=\"image.default\">\n\t\t\t\t<div class=\"elementor-widget-container\">\n\t\t\t\t\t\t\t\t\t\t\t\t\t\t\t<img loading=\"lazy\" decoding=\"async\" width=\"1000\" height=\"1000\" src=\"https:\/\/www.idaseco.com\/wp-content\/uploads\/2023\/10\/rosin-bags.jpg\" class=\"attachment-full size-full wp-image-4343\" alt=\"Sacs de colophane pour l&#039;extraction, con\u00e7us pour presser la colophane \u00e0 partir de divers mat\u00e9riaux.\" srcset=\"https:\/\/www.idaseco.com\/wp-content\/uploads\/2023\/10\/rosin-bags.jpg 1000w, https:\/\/www.idaseco.com\/wp-content\/uploads\/2023\/10\/rosin-bags-300x300.jpg 300w, https:\/\/www.idaseco.com\/wp-content\/uploads\/2023\/10\/rosin-bags-150x150.jpg 150w, https:\/\/www.idaseco.com\/wp-content\/uploads\/2023\/10\/rosin-bags-768x768.jpg 768w, https:\/\/www.idaseco.com\/wp-content\/uploads\/2023\/10\/rosin-bags-600x600.jpg 600w, https:\/\/www.idaseco.com\/wp-content\/uploads\/2023\/10\/rosin-bags-100x100.jpg 100w, https:\/\/www.idaseco.com\/wp-content\/uploads\/2023\/10\/rosin-bags-50x50.jpg 50w\" sizes=\"(max-width: 1000px) 100vw, 1000px\" \/>\t\t\t\t\t\t\t\t\t\t\t\t\t\t\t<\/div>\n\t\t\t\t<\/div>\n\t\t\t\t\t<\/div>\n\t\t<\/div>\n\t\t\t\t<div class=\"elementor-column elementor-col-50 elementor-inner-column elementor-element elementor-element-603dffa\" data-id=\"603dffa\" data-element_type=\"column\" data-settings=\"{&quot;mdp_selection_sticky_column_effect_enable&quot;:false}\">\n\t\t\t<div class=\"elementor-widget-wrap elementor-element-populated\">\n\t\t\t\t\t\t\t\t<div class=\"elementor-element elementor-element-a577fa7 elementor-widget elementor-widget-heading\" data-id=\"a577fa7\" data-element_type=\"widget\" data-widget_type=\"heading.default\">\n\t\t\t\t<div class=\"elementor-widget-container\">\n\t\t\t<h3 class=\"elementor-heading-title elementor-size-default\">Sacs de colophane<\/h3>\t\t<\/div>\n\t\t\t\t<\/div>\n\t\t\t\t<div class=\"elementor-element elementor-element-055fad8 elementor-icon-list--layout-traditional elementor-list-item-link-full_width elementor-widget elementor-widget-icon-list\" data-id=\"055fad8\" data-element_type=\"widget\" data-widget_type=\"icon-list.default\">\n\t\t\t\t<div class=\"elementor-widget-container\">\n\t\t\t\t\t<ul class=\"elementor-icon-list-items\">\n\t\t\t\t\t\t\t<li class=\"elementor-icon-list-item\">\n\t\t\t\t\t\t\t\t\t\t\t<span class=\"elementor-icon-list-icon\">\n\t\t\t\t\t\t\t<i aria-hidden=\"true\" class=\"fas fa-check\"><\/i>\t\t\t\t\t\t<\/span>\n\t\t\t\t\t\t\t\t\t\t<span class=\"elementor-icon-list-text\">Mati\u00e8re : Maille nylon\/maille polyester<\/span>\n\t\t\t\t\t\t\t\t\t<\/li>\n\t\t\t\t\t\t\t\t<li class=\"elementor-icon-list-item\">\n\t\t\t\t\t\t\t\t\t\t\t<span class=\"elementor-icon-list-icon\">\n\t\t\t\t\t\t\t<i aria-hidden=\"true\" class=\"fas fa-check\"><\/i>\t\t\t\t\t\t<\/span>\n\t\t\t\t\t\t\t\t\t\t<span class=\"elementor-icon-list-text\">Mod\u00e8le : Couture ou soudure sans couture<\/span>\n\t\t\t\t\t\t\t\t\t<\/li>\n\t\t\t\t\t\t\t\t<li class=\"elementor-icon-list-item\">\n\t\t\t\t\t\t\t\t\t\t\t<span class=\"elementor-icon-list-icon\">\n\t\t\t\t\t\t\t<i aria-hidden=\"true\" class=\"fas fa-check\"><\/i>\t\t\t\t\t\t<\/span>\n\t\t\t\t\t\t\t\t\t\t<span class=\"elementor-icon-list-text\">Tissage : uni<\/span>\n\t\t\t\t\t\t\t\t\t<\/li>\n\t\t\t\t\t\t\t\t<li class=\"elementor-icon-list-item\">\n\t\t\t\t\t\t\t\t\t\t\t<span class=\"elementor-icon-list-icon\">\n\t\t\t\t\t\t\t<i aria-hidden=\"true\" class=\"fas fa-check\"><\/i>\t\t\t\t\t\t<\/span>\n\t\t\t\t\t\t\t\t\t\t<span class=\"elementor-icon-list-text\">Forme : Forme en L, forme carr\u00e9e, d'autres formes peuvent \u00eatre personnalis\u00e9es.<\/span>\n\t\t\t\t\t\t\t\t\t<\/li>\n\t\t\t\t\t\t\t\t<li class=\"elementor-icon-list-item\">\n\t\t\t\t\t\t\t\t\t\t\t<span class=\"elementor-icon-list-icon\">\n\t\t\t\t\t\t\t<i aria-hidden=\"true\" class=\"fas fa-check\"><\/i>\t\t\t\t\t\t<\/span>\n\t\t\t\t\t\t\t\t\t\t<span class=\"elementor-icon-list-text\">Maille : 20-800<\/span>\n\t\t\t\t\t\t\t\t\t<\/li>\n\t\t\t\t\t\t\t\t<li class=\"elementor-icon-list-item\">\n\t\t\t\t\t\t\t\t\t\t\t<span class=\"elementor-icon-list-icon\">\n\t\t\t\t\t\t\t<i aria-hidden=\"true\" class=\"fas fa-check\"><\/i>\t\t\t\t\t\t<\/span>\n\t\t\t\t\t\t\t\t\t\t<span class=\"elementor-icon-list-text\">Ouverture de maille : 25um, 37um, 45um, 73um, 90um, 120um, 160um, 190um, 220um<\/span>\n\t\t\t\t\t\t\t\t\t<\/li>\n\t\t\t\t\t\t\t\t<li class=\"elementor-icon-list-item\">\n\t\t\t\t\t\t\t\t\t\t\t<span class=\"elementor-icon-list-icon\">\n\t\t\t\t\t\t\t<i aria-hidden=\"true\" class=\"fas fa-check\"><\/i>\t\t\t\t\t\t<\/span>\n\t\t\t\t\t\t\t\t\t\t<span class=\"elementor-icon-list-text\">Taille : 1.25''*3.25'' ; 1.75''*5'' ; 1.75''*8'' ; 2''*3.5'' ; 2''*4'' ; 2''*4.5'' ; 2.5''*4.5'' ; 2.5''*4.5'' ; 2''*9'' ; 3''*4.5'' ; 3''*6'', personnalisation possible.<\/span>\n\t\t\t\t\t\t\t\t\t<\/li>\n\t\t\t\t\t\t\t\t<li class=\"elementor-icon-list-item\">\n\t\t\t\t\t\t\t\t\t\t\t<span class=\"elementor-icon-list-icon\">\n\t\t\t\t\t\t\t<i aria-hidden=\"true\" class=\"fas fa-check\"><\/i>\t\t\t\t\t\t<\/span>\n\t\t\t\t\t\t\t\t\t\t<span class=\"elementor-icon-list-text\">Type de fermeture : Couture (sac retourn\u00e9) ou soudure par ultrasons (sans couture)<\/span>\n\t\t\t\t\t\t\t\t\t<\/li>\n\t\t\t\t\t\t\t\t<li class=\"elementor-icon-list-item\">\n\t\t\t\t\t\t\t\t\t\t\t<span class=\"elementor-icon-list-icon\">\n\t\t\t\t\t\t\t<i aria-hidden=\"true\" class=\"fas fa-check\"><\/i>\t\t\t\t\t\t<\/span>\n\t\t\t\t\t\t\t\t\t\t<span class=\"elementor-icon-list-text\">MOQ : aucune exigence<\/span>\n\t\t\t\t\t\t\t\t\t<\/li>\n\t\t\t\t\t\t\t\t<li class=\"elementor-icon-list-item\">\n\t\t\t\t\t\t\t\t\t\t\t<span class=\"elementor-icon-list-icon\">\n\t\t\t\t\t\t\t<i aria-hidden=\"true\" class=\"fas fa-check\"><\/i>\t\t\t\t\t\t<\/span>\n\t\t\t\t\t\t\t\t\t\t<span class=\"elementor-icon-list-text\">Logo : logo tiss\u00e9 ou logo imprim\u00e9<\/span>\n\t\t\t\t\t\t\t\t\t<\/li>\n\t\t\t\t\t\t\t\t<li class=\"elementor-icon-list-item\">\n\t\t\t\t\t\t\t\t\t\t\t<span class=\"elementor-icon-list-icon\">\n\t\t\t\t\t\t\t<i aria-hidden=\"true\" class=\"fas fa-check\"><\/i>\t\t\t\t\t\t<\/span>\n\t\t\t\t\t\t\t\t\t\t<span class=\"elementor-icon-list-text\">Logo, \u00e9tiquette ou autocollants personnalis\u00e9s : accept\u00e9s<\/span>\n\t\t\t\t\t\t\t\t\t<\/li>\n\t\t\t\t\t\t\t\t<li class=\"elementor-icon-list-item\">\n\t\t\t\t\t\t\t\t\t\t\t<span class=\"elementor-icon-list-icon\">\n\t\t\t\t\t\t\t<i aria-hidden=\"true\" class=\"fas fa-check\"><\/i>\t\t\t\t\t\t<\/span>\n\t\t\t\t\t\t\t\t\t\t<span class=\"elementor-icon-list-text\">Personnalisation MOQ : 500 pi\u00e8ces<\/span>\n\t\t\t\t\t\t\t\t\t<\/li>\n\t\t\t\t\t\t\t\t<li class=\"elementor-icon-list-item\">\n\t\t\t\t\t\t\t\t\t\t\t<span class=\"elementor-icon-list-icon\">\n\t\t\t\t\t\t\t<i aria-hidden=\"true\" class=\"fas fa-check\"><\/i>\t\t\t\t\t\t<\/span>\n\t\t\t\t\t\t\t\t\t\t<span class=\"elementor-icon-list-text\">D\u00e9lai de livraison : en fonction de la quantit\u00e9 command\u00e9e<\/span>\n\t\t\t\t\t\t\t\t\t<\/li>\n\t\t\t\t\t\t<\/ul>\n\t\t\t\t<\/div>\n\t\t\t\t<\/div>\n\t\t\t\t<div class=\"elementor-element elementor-element-6e33379 elementor-widget elementor-widget-text-editor\" data-id=\"6e33379\" data-element_type=\"widget\" data-widget_type=\"text-editor.default\">\n\t\t\t\t<div class=\"elementor-widget-container\">\n\t\t\t\t\t\t\t<div class=\"group w-full text-gray-800 dark:text-gray-100 border-b border-black\/10 dark:border-gray-900\/50 bg-gray-50 dark:bg-[#444654] sm:AIPRM__conversation__response\"><div class=\"flex p-4 gap-4 text-base md:gap-6 md:max-w-2xl lg:max-w-[38rem] xl:max-w-3xl md:py-6 lg:px-0 m-auto\"><div class=\"relative flex w-[calc(100%-50px)] flex-col gap-1 md:gap-3 lg:w-[calc(100%-115px)]\"><div class=\"flex flex-grow flex-col gap-3\"><div class=\"min-h-[20px] flex items-start overflow-x-auto whitespace-pre-wrap break-words flex-col gap-4\"><div class=\"markdown prose w-full break-words dark:prose-invert light AIPRM__conversation__response\"><p>Pr\u00e9sentation de nos sacs de colophane : Votre Premium<em class=\"Highlight\"> Solution <\/em>pour le filtrage de la colophane et de la cire<\/p><p>D\u00e9couvrez le summum de la filtration avec nos sacs de colophane, le choix id\u00e9al pour <strong>l'extraction de la colophane et de la cire<\/strong>. Fabriqu\u00e9 en <strong>mat\u00e9riau filtrant de qualit\u00e9 alimentaire<\/strong>Ces sacs offrent une solution s\u00fbre et non toxique. <em class=\"Highlight\">solution<\/em>. Ils sont non seulement parfaits pour filtrer la colophane, mais servent \u00e9galement de sacs filtrants pour la presse \u00e0 chaud, garantissant des performances exceptionnelles dans diverses applications.<\/p><p>Nos sacs de colophane sont disponibles en deux m\u00e9thodes de construction diff\u00e9rentes : <strong>avec des coutures cousues ou scell\u00e9es par soudure ultrasonique<\/strong>. Le tissu \u00e0 mailles pr\u00e9sente des perforations uniformes, ce qui garantit une efficacit\u00e9 de filtration optimale. Avec des pr\u00e9cisions de filtration standard allant de <strong>25 \u00e0 220 microns<\/strong>Vous avez donc la possibilit\u00e9 de choisir le sac id\u00e9al pour r\u00e9pondre \u00e0 vos besoins sp\u00e9cifiques.<\/p><p>Avec des bords lisses, des mat\u00e9riaux de haute qualit\u00e9 et des coutures durables, nos sacs sont <strong>r\u00e9sistant aux solvants et \u00e0 la chaleur<\/strong>. Ils peuvent r\u00e9sister \u00e0 une temp\u00e9rature maximale de <strong>150\u00b0C (302\u00b0F) en continu, avec une r\u00e9sistance \u00e0 la chaleur de 120\u00b0C (248\u00b0F)<\/strong>. De plus, ces sacs sont <strong>100% organique, biod\u00e9gradable et r\u00e9utilisable<\/strong>, ce qui fait d'eux un <strong>un choix respectueux de l'environnement<\/strong>.<\/p><p>Soyez assur\u00e9s que nos sacs de colophane ont \u00e9t\u00e9 soumis \u00e0 des tests rigoureux et qu'ils ont obtenu l'agr\u00e9ment de la Commission europ\u00e9enne. <strong>Rapport d'essai LFGB<\/strong>ce qui garantit leur conformit\u00e9 aux normes de qualit\u00e9 alimentaire. Ils sont faciles \u00e0 nettoyer et pr\u00e9sentent une durabilit\u00e9 exceptionnelle, ce qui en fait un outil fiable pour diverses industries, notamment <strong>h\u00f4tels,<em class=\"Highlight\"> fabrication <\/em>les plantes, les aliments et les boissons <em class=\"Highlight\">usines<\/em><\/strong>.<\/p><p>Non limit\u00e9s \u00e0 l'extraction de la colophane, nos sacs de colophane ont des applications polyvalentes. Ils peuvent \u00eatre utilis\u00e9s comme <strong>sachets-filtres thermiques en maille, sachets de th\u00e9, filtres alimentaires, sachets-filtres \u00e0 caf\u00e9<\/strong>et bien d'autres choses encore. Fabriqu\u00e9s en nylon de qualit\u00e9 alimentaire, ces sacs offrent une excellente qualit\u00e9 et un grand professionnalisme tout en \u00e9tant respectueux de l'environnement.<\/p><p>Con\u00e7us sp\u00e9cifiquement pour la fabrication d'huile sans solvant \u00e0 l'aide de machines \u00e0 filtre \u00e0 presse thermique, nos sacs de colophane pr\u00e9sentent des caract\u00e9ristiques sup\u00e9rieures. <strong>Mod\u00e8le 1<\/strong> se caract\u00e9rise par un soudage sans couture, \u00e9liminant les coutures et scellant les sacs \u00e0 l'aide d'une technologie de soudage par ultrasons, ce qui emp\u00eache efficacement les fuites de poudre au niveau des coutures. <strong>Mod\u00e8le 2<\/strong> comporte des coutures \u00e0 l'int\u00e9rieur, ce qui garantit une perte minimale d'huile par les coutures lorsque les sacs sont retourn\u00e9s. <strong>Mod\u00e8le 3<\/strong> offre des points de couture \u00e0 l'ext\u00e9rieur, avec des options de couture simple ou triple.<\/p><p>D\u00e9couvrez les meilleurs sacs de filtre \u00e0 presse avec nos sacs de colophane. Leur fonctionnalit\u00e9 sans faille, leur facilit\u00e9 de chargement et leur composition respectueuse de l'environnement en font le premier choix de l'industrie. D\u00e9couvrez leur large gamme d'applications, du filtrage du th\u00e9 et du caf\u00e9 \u00e0 d'autres besoins de filtration. Faites le choix de l'excellence, de la qualit\u00e9 et du respect de l'environnement avec nos sachets en r\u00e9sine de premi\u00e8re qualit\u00e9.<\/p><\/div><\/div><\/div><\/div><\/div><\/div>\t\t\t\t\t\t<\/div>\n\t\t\t\t<\/div>\n\t\t\t\t<div class=\"elementor-element elementor-element-a21adf9 uael-button-halign-center uael-button-stack-none elementor-widget elementor-widget-uael-buttons\" data-id=\"a21adf9\" data-element_type=\"widget\" data-widget_type=\"uael-buttons.default\">\n\t\t\t\t<div class=\"elementor-widget-container\">\n\t\t\t\t\t<div class=\"uael-dual-button-outer-wrap\">\n\t\t\t<div class=\"uael-dual-button-wrap\">\n\t\t\t\t\t\t\t\t<div class=\"uael-button-wrapper elementor-button-wrapper uael-dual-button elementor-repeater-item-0258dc6 uael-dual-button-0\">\n\t\t\t\t\t<a class=\"elementor-button-link elementor-button elementor-size-sm elementor-button-link\" href=\"#elementor-action:action=popup:open&settings=eyJpZCI6IjY4MjMiLCJ0b2dnbGUiOmZhbHNlfQ==\">\n\t\t\t\t\t\t\t\t<span class=\"elementor-button-content-wrapper uael-buttons-icon-\">\n\t\t\t\t\t\t\t\t\t\t\t\t<span class=\"elementor-align-icon- elementor-button-icon\">\n\t\t\t\t\t\t\t\t\t\t\t<\/span>\n\t\t\t\t\t\t\t\t\t\t<span class=\"elementor-button-text elementor-inline-editing\" data-elementor-setting-key=\"buttons.0.text\" data-elementor-inline-editing-toolbar=\"none\">Obtenir un devis<\/span>\n\t\t<\/span>\n\t\t\t\t\t\t\t<\/a>\n\t\t\t\t<\/div>\n\t\t\t\t\t\t\t<\/div>\n\t\t<\/div>\n\t\t\t\t<\/div>\n\t\t\t\t<\/div>\n\t\t\t\t\t<\/div>\n\t\t<\/div>\n\t\t\t\t\t\t\t<\/div>\n\t\t<\/section>\n\t\t\t\t<section class=\"elementor-section elementor-inner-section elementor-element elementor-element-e4a57e7 custom-ele-section-css elementor-section-boxed elementor-section-height-default elementor-section-height-default\" data-id=\"e4a57e7\" data-element_type=\"section\" data-settings=\"{&quot;background_background&quot;:&quot;classic&quot;,&quot;mdp_selection_sticky_effect_enable&quot;:false}\">\n\t\t\t\t\t\t<div class=\"elementor-container elementor-column-gap-default\">\n\t\t\t\t\t<div class=\"elementor-column elementor-col-50 elementor-inner-column elementor-element elementor-element-f46c37e\" data-id=\"f46c37e\" data-element_type=\"column\" data-settings=\"{&quot;mdp_selection_sticky_column_effect_enable&quot;:false}\">\n\t\t\t<div class=\"elementor-widget-wrap elementor-element-populated\">\n\t\t\t\t\t\t\t\t<div class=\"elementor-element elementor-element-2c3c2c7 elementor-widget elementor-widget-image\" data-id=\"2c3c2c7\" data-element_type=\"widget\" data-widget_type=\"image.default\">\n\t\t\t\t<div class=\"elementor-widget-container\">\n\t\t\t\t\t\t\t\t\t\t\t\t\t\t\t<img loading=\"lazy\" decoding=\"async\" width=\"1000\" height=\"1000\" src=\"https:\/\/www.idaseco.com\/wp-content\/uploads\/2023\/10\/mesh-bags.jpg\" class=\"attachment-full size-full wp-image-4350\" alt=\"Sacs en maille de coton pour contenir des l\u00e9gumes et des fruits - sacs en maille \u00e9cologiques, sains, durables, pratiques et r\u00e9utilisables.\" srcset=\"https:\/\/www.idaseco.com\/wp-content\/uploads\/2023\/10\/mesh-bags.jpg 1000w, https:\/\/www.idaseco.com\/wp-content\/uploads\/2023\/10\/mesh-bags-300x300.jpg 300w, https:\/\/www.idaseco.com\/wp-content\/uploads\/2023\/10\/mesh-bags-150x150.jpg 150w, https:\/\/www.idaseco.com\/wp-content\/uploads\/2023\/10\/mesh-bags-768x768.jpg 768w, https:\/\/www.idaseco.com\/wp-content\/uploads\/2023\/10\/mesh-bags-600x600.jpg 600w, https:\/\/www.idaseco.com\/wp-content\/uploads\/2023\/10\/mesh-bags-100x100.jpg 100w, https:\/\/www.idaseco.com\/wp-content\/uploads\/2023\/10\/mesh-bags-50x50.jpg 50w\" sizes=\"(max-width: 1000px) 100vw, 1000px\" \/>\t\t\t\t\t\t\t\t\t\t\t\t\t\t\t<\/div>\n\t\t\t\t<\/div>\n\t\t\t\t\t<\/div>\n\t\t<\/div>\n\t\t\t\t<div class=\"elementor-column elementor-col-50 elementor-inner-column elementor-element elementor-element-da980ad\" data-id=\"da980ad\" data-element_type=\"column\" data-settings=\"{&quot;mdp_selection_sticky_column_effect_enable&quot;:false}\">\n\t\t\t<div class=\"elementor-widget-wrap elementor-element-populated\">\n\t\t\t\t\t\t\t\t<div class=\"elementor-element elementor-element-f23e47b elementor-widget elementor-widget-heading\" data-id=\"f23e47b\" data-element_type=\"widget\" data-widget_type=\"heading.default\">\n\t\t\t\t<div class=\"elementor-widget-container\">\n\t\t\t<h3 class=\"elementor-heading-title elementor-size-default\">Sacs en maille<\/h3>\t\t<\/div>\n\t\t\t\t<\/div>\n\t\t\t\t<div class=\"elementor-element elementor-element-49d1f2c elementor-icon-list--layout-traditional elementor-list-item-link-full_width elementor-widget elementor-widget-icon-list\" data-id=\"49d1f2c\" data-element_type=\"widget\" data-widget_type=\"icon-list.default\">\n\t\t\t\t<div class=\"elementor-widget-container\">\n\t\t\t\t\t<ul class=\"elementor-icon-list-items\">\n\t\t\t\t\t\t\t<li class=\"elementor-icon-list-item\">\n\t\t\t\t\t\t\t\t\t\t\t<span class=\"elementor-icon-list-icon\">\n\t\t\t\t\t\t\t<i aria-hidden=\"true\" class=\"fas fa-check\"><\/i>\t\t\t\t\t\t<\/span>\n\t\t\t\t\t\t\t\t\t\t<span class=\"elementor-icon-list-text\">Mati\u00e8re : Coton<\/span>\n\t\t\t\t\t\t\t\t\t<\/li>\n\t\t\t\t\t\t\t\t<li class=\"elementor-icon-list-item\">\n\t\t\t\t\t\t\t\t\t\t\t<span class=\"elementor-icon-list-icon\">\n\t\t\t\t\t\t\t<i aria-hidden=\"true\" class=\"fas fa-check\"><\/i>\t\t\t\t\t\t<\/span>\n\t\t\t\t\t\t\t\t\t\t<span class=\"elementor-icon-list-text\">Taille : 18*27cm ; 27*30cm ; 30*38cm, personnalisation possible.<\/span>\n\t\t\t\t\t\t\t\t\t<\/li>\n\t\t\t\t\t\t\t\t<li class=\"elementor-icon-list-item\">\n\t\t\t\t\t\t\t\t\t\t\t<span class=\"elementor-icon-list-icon\">\n\t\t\t\t\t\t\t<i aria-hidden=\"true\" class=\"fas fa-check\"><\/i>\t\t\t\t\t\t<\/span>\n\t\t\t\t\t\t\t\t\t\t<span class=\"elementor-icon-list-text\">Poids : 20g ; 33g ; 39g<\/span>\n\t\t\t\t\t\t\t\t\t<\/li>\n\t\t\t\t\t\t\t\t<li class=\"elementor-icon-list-item\">\n\t\t\t\t\t\t\t\t\t\t\t<span class=\"elementor-icon-list-icon\">\n\t\t\t\t\t\t\t<i aria-hidden=\"true\" class=\"fas fa-check\"><\/i>\t\t\t\t\t\t<\/span>\n\t\t\t\t\t\t\t\t\t\t<span class=\"elementor-icon-list-text\">Conception de l'\u00e9tiquette : \u00e9tiquette en coton sur le c\u00f4t\u00e9 ; \u00e9tiquette en coton sur le sac ; \u00e9tiquette tiss\u00e9e sur le c\u00f4t\u00e9<\/span>\n\t\t\t\t\t\t\t\t\t<\/li>\n\t\t\t\t\t\t\t\t<li class=\"elementor-icon-list-item\">\n\t\t\t\t\t\t\t\t\t\t\t<span class=\"elementor-icon-list-icon\">\n\t\t\t\t\t\t\t<i aria-hidden=\"true\" class=\"fas fa-check\"><\/i>\t\t\t\t\t\t<\/span>\n\t\t\t\t\t\t\t\t\t\t<span class=\"elementor-icon-list-text\">MOQ : aucune exigence<\/span>\n\t\t\t\t\t\t\t\t\t<\/li>\n\t\t\t\t\t\t\t\t<li class=\"elementor-icon-list-item\">\n\t\t\t\t\t\t\t\t\t\t\t<span class=\"elementor-icon-list-icon\">\n\t\t\t\t\t\t\t<i aria-hidden=\"true\" class=\"fas fa-check\"><\/i>\t\t\t\t\t\t<\/span>\n\t\t\t\t\t\t\t\t\t\t<span class=\"elementor-icon-list-text\">Personnalisation MOQ : 500 pi\u00e8ces<\/span>\n\t\t\t\t\t\t\t\t\t<\/li>\n\t\t\t\t\t\t\t\t<li class=\"elementor-icon-list-item\">\n\t\t\t\t\t\t\t\t\t\t\t<span class=\"elementor-icon-list-icon\">\n\t\t\t\t\t\t\t<i aria-hidden=\"true\" class=\"fas fa-check\"><\/i>\t\t\t\t\t\t<\/span>\n\t\t\t\t\t\t\t\t\t\t<span class=\"elementor-icon-list-text\">OEM\/ODM : accept\u00e9<\/span>\n\t\t\t\t\t\t\t\t\t<\/li>\n\t\t\t\t\t\t\t\t<li class=\"elementor-icon-list-item\">\n\t\t\t\t\t\t\t\t\t\t\t<span class=\"elementor-icon-list-icon\">\n\t\t\t\t\t\t\t<i aria-hidden=\"true\" class=\"fas fa-check\"><\/i>\t\t\t\t\t\t<\/span>\n\t\t\t\t\t\t\t\t\t\t<span class=\"elementor-icon-list-text\">D\u00e9lai de livraison : 7 jours<\/span>\n\t\t\t\t\t\t\t\t\t<\/li>\n\t\t\t\t\t\t<\/ul>\n\t\t\t\t<\/div>\n\t\t\t\t<\/div>\n\t\t\t\t<div class=\"elementor-element elementor-element-6af98fa elementor-widget elementor-widget-text-editor\" data-id=\"6af98fa\" data-element_type=\"widget\" data-widget_type=\"text-editor.default\">\n\t\t\t\t<div class=\"elementor-widget-container\">\n\t\t\t\t\t\t\t<p>Pr\u00e9sentation de notre<em class=\"Highlight\"> Maille <\/em>Sacs : L'ultime<em class=\"Highlight\"> Solution <\/em>pour les d\u00e9taillants et <em class=\"Highlight\">Grossistes<\/em>!<em class=\"Highlight\">\u00a0<\/em><\/p><p>Am\u00e9liorez votre commerce de d\u00e9tail ou<em class=\"Highlight\"> commerce de gros <\/em>avec nos produits haut de gamme<em class=\"Highlight\"> Produits <\/em>Sacs. Con\u00e7us avec un <strong>bouche du faisceau<\/strong> et s\u00e9curis\u00e9 \u00e0 l'aide d'un solide <strong>fermeture par cordon de serrage<\/strong>, ces <strong>sacs en filet<\/strong> sont le choix id\u00e9al pour le stockage et le transport de produits frais. <em class=\"Highlight\">produire<\/em>.<em class=\"Highlight\">\u00a0<\/em><\/p><p>Fabriqu\u00e9 \u00e0 partir de mat\u00e9riaux de haute qualit\u00e9, <strong>Sans BPA<\/strong> mat\u00e9riaux, nos<em class=\"Highlight\"> Produits <\/em>Les sacs sont fabriqu\u00e9s avec <strong>100% coton biologique<\/strong>et de garantir une<strong> r\u00e9utilisable, lavable et \u00e9cologique<\/strong>. Gr\u00e2ce \u00e0 leur caract\u00e8re exceptionnel, les <strong>respirabilit\u00e9<\/strong>Ces sacs prolongent la dur\u00e9e de conservation des fruits et l\u00e9gumes, ce qui les rend id\u00e9aux pour les d\u00e9taillants, <em class=\"Highlight\">grossistes<\/em>les supermarch\u00e9s, les propri\u00e9taires de marques et <em class=\"Highlight\">distributeurs<\/em>.<em class=\"Highlight\">\u00a0<\/em><\/p><p>Notre<em class=\"Highlight\"> Sacs en maille Produits<\/em>\u00a0offrir une qualit\u00e9 sup\u00e9rieure<strong> fonctionnalit\u00e9 et durabilit\u00e9<\/strong>. Avec un <strong>fermeture \u00e0 double cordon<\/strong> et renforc\u00e9 par <strong>surjet<\/strong> de couture \u00e0 l'int\u00e9rieur, ils offrent une protection fiable.<em class=\"Highlight\"> solution <\/em>pour l'emballage et l'organisation d'une grande vari\u00e9t\u00e9 d'articles. Qu'il s'agisse <strong>fruits et l\u00e9gumes, v\u00eatements, jouets ou produits divers<\/strong>Ces sacs r\u00e9pondent aux divers besoins de votre entreprise.<em class=\"Highlight\">\u00a0<\/em><\/p><p>Rejoignez les rangs des entreprises prosp\u00e8res qui ont fait de notre<em class=\"Highlight\"> Produits <\/em>Les sacs sont un \u00e9l\u00e9ment essentiel de leur inventaire. En tant que choix de confiance pour les clients, nos sacs offrent la qualit\u00e9, la polyvalence et l'attrait \u00e9cologique qui s'alignent sur les valeurs de votre entreprise.<\/p><p>D\u00e9couvrez la commodit\u00e9 et la durabilit\u00e9 de notre<em class=\"Highlight\"> Maille <\/em>Des sacs pour vos op\u00e9rations. Personnalisez votre emballage pour renforcer l'identit\u00e9 de votre marque. Am\u00e9liorez votre activit\u00e9 gr\u00e2ce \u00e0 ces sacs fiables et respectueux de l'environnement, con\u00e7us pour r\u00e9pondre aux exigences des d\u00e9taillants, <em class=\"Highlight\">grossistes<\/em>et au-del\u00e0.<\/p>\t\t\t\t\t\t<\/div>\n\t\t\t\t<\/div>\n\t\t\t\t<div class=\"elementor-element elementor-element-1b84aa7 uael-button-halign-center uael-button-stack-none elementor-widget elementor-widget-uael-buttons\" data-id=\"1b84aa7\" data-element_type=\"widget\" data-widget_type=\"uael-buttons.default\">\n\t\t\t\t<div class=\"elementor-widget-container\">\n\t\t\t\t\t<div class=\"uael-dual-button-outer-wrap\">\n\t\t\t<div class=\"uael-dual-button-wrap\">\n\t\t\t\t\t\t\t\t<div class=\"uael-button-wrapper elementor-button-wrapper uael-dual-button elementor-repeater-item-0258dc6 uael-dual-button-0\">\n\t\t\t\t\t<a class=\"elementor-button-link elementor-button elementor-size-sm elementor-button-link\" href=\"#elementor-action:action=popup:open&settings=eyJpZCI6IjY4MjMiLCJ0b2dnbGUiOmZhbHNlfQ==\">\n\t\t\t\t\t\t\t\t<span class=\"elementor-button-content-wrapper uael-buttons-icon-\">\n\t\t\t\t\t\t\t\t\t\t\t\t<span class=\"elementor-align-icon- elementor-button-icon\">\n\t\t\t\t\t\t\t\t\t\t\t<\/span>\n\t\t\t\t\t\t\t\t\t\t<span class=\"elementor-button-text elementor-inline-editing\" data-elementor-setting-key=\"buttons.0.text\" data-elementor-inline-editing-toolbar=\"none\">Obtenir un devis<\/span>\n\t\t<\/span>\n\t\t\t\t\t\t\t<\/a>\n\t\t\t\t<\/div>\n\t\t\t\t\t\t\t<\/div>\n\t\t<\/div>\n\t\t\t\t<\/div>\n\t\t\t\t<\/div>\n\t\t\t\t\t<\/div>\n\t\t<\/div>\n\t\t\t\t\t\t\t<\/div>\n\t\t<\/section>\n\t\t\t\t<section class=\"elementor-section elementor-inner-section elementor-element elementor-element-c0f6693 custom-ele-section-css elementor-section-boxed elementor-section-height-default elementor-section-height-default\" data-id=\"c0f6693\" data-element_type=\"section\" data-settings=\"{&quot;background_background&quot;:&quot;classic&quot;,&quot;mdp_selection_sticky_effect_enable&quot;:false}\">\n\t\t\t\t\t\t<div class=\"elementor-container elementor-column-gap-default\">\n\t\t\t\t\t<div class=\"elementor-column elementor-col-50 elementor-inner-column elementor-element elementor-element-29a2cb8\" data-id=\"29a2cb8\" data-element_type=\"column\" data-settings=\"{&quot;mdp_selection_sticky_column_effect_enable&quot;:false}\">\n\t\t\t<div class=\"elementor-widget-wrap elementor-element-populated\">\n\t\t\t\t\t\t\t\t<div class=\"elementor-element elementor-element-098a37c elementor-widget elementor-widget-image\" data-id=\"098a37c\" data-element_type=\"widget\" data-widget_type=\"image.default\">\n\t\t\t\t<div class=\"elementor-widget-container\">\n\t\t\t\t\t\t\t\t\t\t\t\t\t\t\t<img loading=\"lazy\" decoding=\"async\" width=\"1000\" height=\"1000\" src=\"https:\/\/www.idaseco.com\/wp-content\/uploads\/2023\/10\/cheese-cloth.jpg\" class=\"attachment-full size-full wp-image-4354\" alt=\"Toile \u00e0 fromage, tissu l\u00e9ger et vaporeux, souvent utilis\u00e9 pour la cuisine et le filtrage.\" srcset=\"https:\/\/www.idaseco.com\/wp-content\/uploads\/2023\/10\/cheese-cloth.jpg 1000w, https:\/\/www.idaseco.com\/wp-content\/uploads\/2023\/10\/cheese-cloth-300x300.jpg 300w, https:\/\/www.idaseco.com\/wp-content\/uploads\/2023\/10\/cheese-cloth-150x150.jpg 150w, https:\/\/www.idaseco.com\/wp-content\/uploads\/2023\/10\/cheese-cloth-768x768.jpg 768w, https:\/\/www.idaseco.com\/wp-content\/uploads\/2023\/10\/cheese-cloth-600x600.jpg 600w, https:\/\/www.idaseco.com\/wp-content\/uploads\/2023\/10\/cheese-cloth-100x100.jpg 100w, https:\/\/www.idaseco.com\/wp-content\/uploads\/2023\/10\/cheese-cloth-50x50.jpg 50w\" sizes=\"(max-width: 1000px) 100vw, 1000px\" \/>\t\t\t\t\t\t\t\t\t\t\t\t\t\t\t<\/div>\n\t\t\t\t<\/div>\n\t\t\t\t<div class=\"elementor-element elementor-element-f4bcf9a elementor-widget elementor-widget-image\" data-id=\"f4bcf9a\" data-element_type=\"widget\" data-widget_type=\"image.default\">\n\t\t\t\t<div class=\"elementor-widget-container\">\n\t\t\t\t\t\t\t\t\t\t\t\t\t\t\t<img loading=\"lazy\" decoding=\"async\" width=\"800\" height=\"800\" src=\"https:\/\/www.idaseco.com\/wp-content\/uploads\/2023\/10\/cheesecloth-1024x1024.jpg\" class=\"attachment-large size-large wp-image-4356\" alt=\"La toile \u00e0 fromage est un tissu fin et peu serr\u00e9, couramment utilis\u00e9 dans les applications culinaires et la pr\u00e9paration des aliments.\" srcset=\"https:\/\/www.idaseco.com\/wp-content\/uploads\/2023\/10\/cheesecloth.jpg 1024w, https:\/\/www.idaseco.com\/wp-content\/uploads\/2023\/10\/cheesecloth-300x300.jpg 300w, https:\/\/www.idaseco.com\/wp-content\/uploads\/2023\/10\/cheesecloth-150x150.jpg 150w, https:\/\/www.idaseco.com\/wp-content\/uploads\/2023\/10\/cheesecloth-768x768.jpg 768w, https:\/\/www.idaseco.com\/wp-content\/uploads\/2023\/10\/cheesecloth-600x600.jpg 600w, https:\/\/www.idaseco.com\/wp-content\/uploads\/2023\/10\/cheesecloth-100x100.jpg 100w, https:\/\/www.idaseco.com\/wp-content\/uploads\/2023\/10\/cheesecloth-50x50.jpg 50w\" sizes=\"(max-width: 800px) 100vw, 800px\" \/>\t\t\t\t\t\t\t\t\t\t\t\t\t\t\t<\/div>\n\t\t\t\t<\/div>\n\t\t\t\t\t<\/div>\n\t\t<\/div>\n\t\t\t\t<div class=\"elementor-column elementor-col-50 elementor-inner-column elementor-element elementor-element-b1bbc91\" data-id=\"b1bbc91\" data-element_type=\"column\" data-settings=\"{&quot;mdp_selection_sticky_column_effect_enable&quot;:false}\">\n\t\t\t<div class=\"elementor-widget-wrap elementor-element-populated\">\n\t\t\t\t\t\t\t\t<div class=\"elementor-element elementor-element-b4676f9 elementor-widget elementor-widget-heading\" data-id=\"b4676f9\" data-element_type=\"widget\" data-widget_type=\"heading.default\">\n\t\t\t\t<div class=\"elementor-widget-container\">\n\t\t\t<h3 class=\"elementor-heading-title elementor-size-default\">Chiffon \u00e0 fromage<\/h3>\t\t<\/div>\n\t\t\t\t<\/div>\n\t\t\t\t<div class=\"elementor-element elementor-element-348c2f9 elementor-icon-list--layout-traditional elementor-list-item-link-full_width elementor-widget elementor-widget-icon-list\" data-id=\"348c2f9\" data-element_type=\"widget\" data-widget_type=\"icon-list.default\">\n\t\t\t\t<div class=\"elementor-widget-container\">\n\t\t\t\t\t<ul class=\"elementor-icon-list-items\">\n\t\t\t\t\t\t\t<li class=\"elementor-icon-list-item\">\n\t\t\t\t\t\t\t\t\t\t\t<span class=\"elementor-icon-list-icon\">\n\t\t\t\t\t\t\t<i aria-hidden=\"true\" class=\"fas fa-check\"><\/i>\t\t\t\t\t\t<\/span>\n\t\t\t\t\t\t\t\t\t\t<span class=\"elementor-icon-list-text\">Mati\u00e8re : Coton<\/span>\n\t\t\t\t\t\t\t\t\t<\/li>\n\t\t\t\t\t\t\t\t<li class=\"elementor-icon-list-item\">\n\t\t\t\t\t\t\t\t\t\t\t<span class=\"elementor-icon-list-icon\">\n\t\t\t\t\t\t\t<i aria-hidden=\"true\" class=\"fas fa-check\"><\/i>\t\t\t\t\t\t<\/span>\n\t\t\t\t\t\t\t\t\t\t<span class=\"elementor-icon-list-text\">Taille : 50*50cm (20\"*20\") ; 92*92cm (36\"*36\"), personnalisation possible.<\/span>\n\t\t\t\t\t\t\t\t\t<\/li>\n\t\t\t\t\t\t\t\t<li class=\"elementor-icon-list-item\">\n\t\t\t\t\t\t\t\t\t\t\t<span class=\"elementor-icon-list-icon\">\n\t\t\t\t\t\t\t<i aria-hidden=\"true\" class=\"fas fa-check\"><\/i>\t\t\t\t\t\t<\/span>\n\t\t\t\t\t\t\t\t\t\t<span class=\"elementor-icon-list-text\">Grade: 10\/20\/40\/50\/60\/80\/90\/100<\/span>\n\t\t\t\t\t\t\t\t\t<\/li>\n\t\t\t\t\t\t\t\t<li class=\"elementor-icon-list-item\">\n\t\t\t\t\t\t\t\t\t\t\t<span class=\"elementor-icon-list-icon\">\n\t\t\t\t\t\t\t<i aria-hidden=\"true\" class=\"fas fa-check\"><\/i>\t\t\t\t\t\t<\/span>\n\t\t\t\t\t\t\t\t\t\t<span class=\"elementor-icon-list-text\">Logo, \u00e9tiquette ou autocollants personnalis\u00e9s : accept\u00e9s<\/span>\n\t\t\t\t\t\t\t\t\t<\/li>\n\t\t\t\t\t\t\t\t<li class=\"elementor-icon-list-item\">\n\t\t\t\t\t\t\t\t\t\t\t<span class=\"elementor-icon-list-icon\">\n\t\t\t\t\t\t\t<i aria-hidden=\"true\" class=\"fas fa-check\"><\/i>\t\t\t\t\t\t<\/span>\n\t\t\t\t\t\t\t\t\t\t<span class=\"elementor-icon-list-text\">Emballage : emballage sous vide (\u00e9conomie de frais de transport)<\/span>\n\t\t\t\t\t\t\t\t\t<\/li>\n\t\t\t\t\t\t\t\t<li class=\"elementor-icon-list-item\">\n\t\t\t\t\t\t\t\t\t\t\t<span class=\"elementor-icon-list-icon\">\n\t\t\t\t\t\t\t<i aria-hidden=\"true\" class=\"fas fa-check\"><\/i>\t\t\t\t\t\t<\/span>\n\t\t\t\t\t\t\t\t\t\t<span class=\"elementor-icon-list-text\">MOQ : aucune exigence<\/span>\n\t\t\t\t\t\t\t\t\t<\/li>\n\t\t\t\t\t\t\t\t<li class=\"elementor-icon-list-item\">\n\t\t\t\t\t\t\t\t\t\t\t<span class=\"elementor-icon-list-icon\">\n\t\t\t\t\t\t\t<i aria-hidden=\"true\" class=\"fas fa-check\"><\/i>\t\t\t\t\t\t<\/span>\n\t\t\t\t\t\t\t\t\t\t<span class=\"elementor-icon-list-text\">Personnalisation MOQ : 500 pi\u00e8ces<\/span>\n\t\t\t\t\t\t\t\t\t<\/li>\n\t\t\t\t\t\t\t\t<li class=\"elementor-icon-list-item\">\n\t\t\t\t\t\t\t\t\t\t\t<span class=\"elementor-icon-list-icon\">\n\t\t\t\t\t\t\t<i aria-hidden=\"true\" class=\"fas fa-check\"><\/i>\t\t\t\t\t\t<\/span>\n\t\t\t\t\t\t\t\t\t\t<span class=\"elementor-icon-list-text\">D\u00e9lai de livraison : en fonction de la quantit\u00e9 command\u00e9e<\/span>\n\t\t\t\t\t\t\t\t\t<\/li>\n\t\t\t\t\t\t<\/ul>\n\t\t\t\t<\/div>\n\t\t\t\t<\/div>\n\t\t\t\t<div class=\"elementor-element elementor-element-b9b3dec elementor-widget elementor-widget-text-editor\" data-id=\"b9b3dec\" data-element_type=\"widget\" data-widget_type=\"text-editor.default\">\n\t\t\t\t<div class=\"elementor-widget-container\">\n\t\t\t\t\t\t\t<p>Voici notre toile \u00e0 fromage : Votre filtre polyvalent et durable <em class=\"Highlight\">Solution<\/em>!<\/p><p>Faites l'exp\u00e9rience de la polyvalence et de la durabilit\u00e9 ultimes avec notre toile \u00e0 fromage de qualit\u00e9 sup\u00e9rieure. Fabriqu\u00e9 en <strong>100% coton biologique<\/strong> avec un <strong>bord ourl\u00e9<\/strong>Ce chiffon offre une option saine et \u00e9cologique pour tous vos besoins en mati\u00e8re de filtrage.<\/p><p>Notre toile \u00e0 fromage n'est pas seulement <strong>lavable et r\u00e9utilisable<\/strong> mais aussi d'excellents <strong>respirabilit\u00e9<\/strong>ce qui permet une filtration optimale. Il s'agit d'un filtre polyvalent pour une large gamme d'applications, ce qui en fait un outil indispensable pour les vendeurs en ligne, les grands magasins, les supermarch\u00e9s et les importateurs, <em class=\"Highlight\">grossistes<\/em>, <em class=\"Highlight\">distributeurs<\/em>et les propri\u00e9taires de marques.<\/p><p>Utilisez notre toile \u00e0 fromage comme une passoire fiable pour les t\u00e2ches quotidiennes, telles que <strong>pour filtrer le bouillon de dinde, le yaourt, les cupcakes, le lait de noix, la cr\u00e8me anglaise, les herbes, les \u00e9pices, ou m\u00eame comme pansement ou pour recouvrir le ghee de poussi\u00e8re<\/strong>. Sa composition naturelle et sa bonne respirabilit\u00e9 en font le choix id\u00e9al pour filtrer les fruits et obtenir des jus lisses et savoureux.<\/p><p>Gr\u00e2ce \u00e0 sa fabrication impeccable, notre toile \u00e0 fromage offre plusieurs avantages. La toile est soigneusement cousue avec <strong>un espacement de 2 mm entre les aiguilles<\/strong>, en veillant \u00e0 ce que <strong>pas de chute de fil<\/strong> pendant l'utilisation. L'exceptionnelle <strong>le contr\u00f4le de la qualit\u00e9<\/strong> assure un taux de qualification des produits sup\u00e9rieur \u00e0 99%.<\/p><p>Les applications de notre toile \u00e0 fromage sont infinies. Il s'agit d'un <strong>essentiel pour le m\u00e9nage<\/strong>Il est parfait pour la mise en conserve, l'arrosage, le pressage d'agrumes, la d\u00e9coration et le nettoyage. Il excelle dans les t\u00e2ches de filtrage avanc\u00e9es, telles que la pr\u00e9paration du yaourt grec, du bouillon d'os, du kombucha, de l'infusion \u00e0 froid et du lait de noix. En outre, c'est le meilleur compagnon pour les fromages faits maison, notamment le fromage blanc, le parmesan, la mozzarella, la ricotta et le tofu de soja.<\/p><p>Am\u00e9liorez votre jeu de tamisage avec notre toile \u00e0 fromage de haute qualit\u00e9, qui offre une polyvalence et une durabilit\u00e9 in\u00e9gal\u00e9es. Parfaite pour diverses industries et applications, c'est le choix par excellence pour ceux qui recherchent la fiabilit\u00e9, le respect de l'environnement et des performances exceptionnelles.<\/p>\t\t\t\t\t\t<\/div>\n\t\t\t\t<\/div>\n\t\t\t\t<div class=\"elementor-element elementor-element-defe06a uael-button-halign-center uael-button-stack-none elementor-widget elementor-widget-uael-buttons\" data-id=\"defe06a\" data-element_type=\"widget\" data-widget_type=\"uael-buttons.default\">\n\t\t\t\t<div class=\"elementor-widget-container\">\n\t\t\t\t\t<div class=\"uael-dual-button-outer-wrap\">\n\t\t\t<div class=\"uael-dual-button-wrap\">\n\t\t\t\t\t\t\t\t<div class=\"uael-button-wrapper elementor-button-wrapper uael-dual-button elementor-repeater-item-0258dc6 uael-dual-button-0\">\n\t\t\t\t\t<a class=\"elementor-button-link elementor-button elementor-size-sm elementor-button-link\" href=\"#elementor-action:action=popup:open&settings=eyJpZCI6IjY4MjMiLCJ0b2dnbGUiOmZhbHNlfQ==\">\n\t\t\t\t\t\t\t\t<span class=\"elementor-button-content-wrapper uael-buttons-icon-\">\n\t\t\t\t\t\t\t\t\t\t\t\t<span class=\"elementor-align-icon- elementor-button-icon\">\n\t\t\t\t\t\t\t\t\t\t\t<\/span>\n\t\t\t\t\t\t\t\t\t\t<span class=\"elementor-button-text elementor-inline-editing\" data-elementor-setting-key=\"buttons.0.text\" data-elementor-inline-editing-toolbar=\"none\">Obtenir un devis<\/span>\n\t\t<\/span>\n\t\t\t\t\t\t\t<\/a>\n\t\t\t\t<\/div>\n\t\t\t\t\t\t\t<\/div>\n\t\t<\/div>\n\t\t\t\t<\/div>\n\t\t\t\t<\/div>\n\t\t\t\t\t<\/div>\n\t\t<\/div>\n\t\t\t\t\t\t\t<\/div>\n\t\t<\/section>\n\t\t\t\t<section class=\"elementor-section elementor-inner-section elementor-element elementor-element-3391f08 custom-ele-section-css elementor-section-boxed elementor-section-height-default elementor-section-height-default\" data-id=\"3391f08\" data-element_type=\"section\" data-settings=\"{&quot;background_background&quot;:&quot;classic&quot;,&quot;mdp_selection_sticky_effect_enable&quot;:false}\">\n\t\t\t\t\t\t<div class=\"elementor-container elementor-column-gap-default\">\n\t\t\t\t\t<div class=\"elementor-column elementor-col-50 elementor-inner-column elementor-element elementor-element-9379665\" data-id=\"9379665\" data-element_type=\"column\" data-settings=\"{&quot;mdp_selection_sticky_column_effect_enable&quot;:false}\">\n\t\t\t<div class=\"elementor-widget-wrap elementor-element-populated\">\n\t\t\t\t\t\t\t\t<div class=\"elementor-element elementor-element-e1a0cf8 elementor-widget elementor-widget-image\" data-id=\"e1a0cf8\" data-element_type=\"widget\" data-widget_type=\"image.default\">\n\t\t\t\t<div class=\"elementor-widget-container\">\n\t\t\t\t\t\t\t\t\t\t\t\t\t\t\t<img loading=\"lazy\" decoding=\"async\" width=\"800\" height=\"800\" src=\"https:\/\/www.idaseco.com\/wp-content\/uploads\/2023\/10\/bags-for-garden-waste-1024x1024.jpg\" class=\"attachment-large size-large wp-image-4360\" alt=\"Sacs en papier kraft pour les d\u00e9chets de jardin, \u00e9cologiques, de haute qualit\u00e9.\" srcset=\"https:\/\/www.idaseco.com\/wp-content\/uploads\/2023\/10\/bags-for-garden-waste.jpg 1024w, https:\/\/www.idaseco.com\/wp-content\/uploads\/2023\/10\/bags-for-garden-waste-300x300.jpg 300w, https:\/\/www.idaseco.com\/wp-content\/uploads\/2023\/10\/bags-for-garden-waste-150x150.jpg 150w, https:\/\/www.idaseco.com\/wp-content\/uploads\/2023\/10\/bags-for-garden-waste-768x768.jpg 768w, https:\/\/www.idaseco.com\/wp-content\/uploads\/2023\/10\/bags-for-garden-waste-600x600.jpg 600w, https:\/\/www.idaseco.com\/wp-content\/uploads\/2023\/10\/bags-for-garden-waste-100x100.jpg 100w, https:\/\/www.idaseco.com\/wp-content\/uploads\/2023\/10\/bags-for-garden-waste-50x50.jpg 50w\" sizes=\"(max-width: 800px) 100vw, 800px\" \/>\t\t\t\t\t\t\t\t\t\t\t\t\t\t\t<\/div>\n\t\t\t\t<\/div>\n\t\t\t\t\t<\/div>\n\t\t<\/div>\n\t\t\t\t<div class=\"elementor-column elementor-col-50 elementor-inner-column elementor-element elementor-element-284a20f\" data-id=\"284a20f\" data-element_type=\"column\" data-settings=\"{&quot;mdp_selection_sticky_column_effect_enable&quot;:false}\">\n\t\t\t<div class=\"elementor-widget-wrap elementor-element-populated\">\n\t\t\t\t\t\t\t\t<div class=\"elementor-element elementor-element-9393ae1 elementor-widget elementor-widget-heading\" data-id=\"9393ae1\" data-element_type=\"widget\" data-widget_type=\"heading.default\">\n\t\t\t\t<div class=\"elementor-widget-container\">\n\t\t\t<h3 class=\"elementor-heading-title elementor-size-default\">Sac \u00e0 d\u00e9chets de jardin<\/h3>\t\t<\/div>\n\t\t\t\t<\/div>\n\t\t\t\t<div class=\"elementor-element elementor-element-e4c6a8b elementor-icon-list--layout-traditional elementor-list-item-link-full_width elementor-widget elementor-widget-icon-list\" data-id=\"e4c6a8b\" data-element_type=\"widget\" data-widget_type=\"icon-list.default\">\n\t\t\t\t<div class=\"elementor-widget-container\">\n\t\t\t\t\t<ul class=\"elementor-icon-list-items\">\n\t\t\t\t\t\t\t<li class=\"elementor-icon-list-item\">\n\t\t\t\t\t\t\t\t\t\t\t<span class=\"elementor-icon-list-icon\">\n\t\t\t\t\t\t\t<i aria-hidden=\"true\" class=\"fas fa-check\"><\/i>\t\t\t\t\t\t<\/span>\n\t\t\t\t\t\t\t\t\t\t<span class=\"elementor-icon-list-text\">Mat\u00e9riau : papier kraft<\/span>\n\t\t\t\t\t\t\t\t\t<\/li>\n\t\t\t\t\t\t\t\t<li class=\"elementor-icon-list-item\">\n\t\t\t\t\t\t\t\t\t\t\t<span class=\"elementor-icon-list-icon\">\n\t\t\t\t\t\t\t<i aria-hidden=\"true\" class=\"fas fa-check\"><\/i>\t\t\t\t\t\t<\/span>\n\t\t\t\t\t\t\t\t\t\t<span class=\"elementor-icon-list-text\">Style : sac \u00e0 fond carr\u00e9 et \u00e0 bouche ouverte<\/span>\n\t\t\t\t\t\t\t\t\t<\/li>\n\t\t\t\t\t\t\t\t<li class=\"elementor-icon-list-item\">\n\t\t\t\t\t\t\t\t\t\t\t<span class=\"elementor-icon-list-icon\">\n\t\t\t\t\t\t\t<i aria-hidden=\"true\" class=\"fas fa-check\"><\/i>\t\t\t\t\t\t<\/span>\n\t\t\t\t\t\t\t\t\t\t<span class=\"elementor-icon-list-text\">Options de pliage : Peut \u00eatre pli\u00e9 \u00e0 plat ou en \"M<\/span>\n\t\t\t\t\t\t\t\t\t<\/li>\n\t\t\t\t\t\t\t\t<li class=\"elementor-icon-list-item\">\n\t\t\t\t\t\t\t\t\t\t\t<span class=\"elementor-icon-list-icon\">\n\t\t\t\t\t\t\t<i aria-hidden=\"true\" class=\"fas fa-check\"><\/i>\t\t\t\t\t\t<\/span>\n\t\t\t\t\t\t\t\t\t\t<span class=\"elementor-icon-list-text\">Options de mat\u00e9riaux : papier kraft blanc ou brun, papier couch\u00e9 PLA <\/span>\n\t\t\t\t\t\t\t\t\t<\/li>\n\t\t\t\t\t\t\t\t<li class=\"elementor-icon-list-item\">\n\t\t\t\t\t\t\t\t\t\t\t<span class=\"elementor-icon-list-icon\">\n\t\t\t\t\t\t\t<i aria-hidden=\"true\" class=\"fas fa-check\"><\/i>\t\t\t\t\t\t<\/span>\n\t\t\t\t\t\t\t\t\t\t<span class=\"elementor-icon-list-text\">Poids du papier : 60-100 g\/m2<\/span>\n\t\t\t\t\t\t\t\t\t<\/li>\n\t\t\t\t\t\t\t\t<li class=\"elementor-icon-list-item\">\n\t\t\t\t\t\t\t\t\t\t\t<span class=\"elementor-icon-list-icon\">\n\t\t\t\t\t\t\t<i aria-hidden=\"true\" class=\"fas fa-check\"><\/i>\t\t\t\t\t\t<\/span>\n\t\t\t\t\t\t\t\t\t\t<span class=\"elementor-icon-list-text\">Options de calques : 1-6 couches  <\/span>\n\t\t\t\t\t\t\t\t\t<\/li>\n\t\t\t\t\t\t\t\t<li class=\"elementor-icon-list-item\">\n\t\t\t\t\t\t\t\t\t\t\t<span class=\"elementor-icon-list-icon\">\n\t\t\t\t\t\t\t<i aria-hidden=\"true\" class=\"fas fa-check\"><\/i>\t\t\t\t\t\t<\/span>\n\t\t\t\t\t\t\t\t\t\t<span class=\"elementor-icon-list-text\">Couleur : impression flexographique en 7 couleurs<\/span>\n\t\t\t\t\t\t\t\t\t<\/li>\n\t\t\t\t\t\t\t\t<li class=\"elementor-icon-list-item\">\n\t\t\t\t\t\t\t\t\t\t\t<span class=\"elementor-icon-list-icon\">\n\t\t\t\t\t\t\t<i aria-hidden=\"true\" class=\"fas fa-check\"><\/i>\t\t\t\t\t\t<\/span>\n\t\t\t\t\t\t\t\t\t\t<span class=\"elementor-icon-list-text\">Dimensions : Largeur 11.5-54cm, Longueur 20-136cm, Soufflet lat\u00e9ral : 6.5-31cm<\/span>\n\t\t\t\t\t\t\t\t\t<\/li>\n\t\t\t\t\t\t\t\t<li class=\"elementor-icon-list-item\">\n\t\t\t\t\t\t\t\t\t\t\t<span class=\"elementor-icon-list-icon\">\n\t\t\t\t\t\t\t<i aria-hidden=\"true\" class=\"fas fa-check\"><\/i>\t\t\t\t\t\t<\/span>\n\t\t\t\t\t\t\t\t\t\t<span class=\"elementor-icon-list-text\">Personnalisation de la taille, du mat\u00e9riau, de l'impression, de l'emballage : accept\u00e9e<\/span>\n\t\t\t\t\t\t\t\t\t<\/li>\n\t\t\t\t\t\t\t\t<li class=\"elementor-icon-list-item\">\n\t\t\t\t\t\t\t\t\t\t\t<span class=\"elementor-icon-list-icon\">\n\t\t\t\t\t\t\t<i aria-hidden=\"true\" class=\"fas fa-check\"><\/i>\t\t\t\t\t\t<\/span>\n\t\t\t\t\t\t\t\t\t\t<span class=\"elementor-icon-list-text\">MOQ : 5000 pi\u00e8ces - 50 000 pi\u00e8ces<\/span>\n\t\t\t\t\t\t\t\t\t<\/li>\n\t\t\t\t\t\t\t\t<li class=\"elementor-icon-list-item\">\n\t\t\t\t\t\t\t\t\t\t\t<span class=\"elementor-icon-list-icon\">\n\t\t\t\t\t\t\t<i aria-hidden=\"true\" class=\"fas fa-check\"><\/i>\t\t\t\t\t\t<\/span>\n\t\t\t\t\t\t\t\t\t\t<span class=\"elementor-icon-list-text\">D\u00e9lai de livraison : 20 jours<\/span>\n\t\t\t\t\t\t\t\t\t<\/li>\n\t\t\t\t\t\t<\/ul>\n\t\t\t\t<\/div>\n\t\t\t\t<\/div>\n\t\t\t\t<div class=\"elementor-element elementor-element-6d013e3 elementor-widget elementor-widget-text-editor\" data-id=\"6d013e3\" data-element_type=\"widget\" data-widget_type=\"text-editor.default\">\n\t\t\t\t<div class=\"elementor-widget-container\">\n\t\t\t\t\t\t\t<p><strong>Description du produit :<\/strong>\u00a0 \u00a0 \u00a0 \u00a0 \u00a0 \u00a0 \u00a0 \u00a0 \u00a0 \u00a0 \u00a0 \u00a0 \u00a0 \u00a0 \u00a0 \u00a0 \u00a0 \u00a0 \u00a0 \u00a0 \u00a0 \u00a0 \u00a0 \u00a0 \u00a0 \u00a0 \u00a0 \u00a0 \u00a0 \u00a0 \u00a0 \u00a0 \u00a0 \u00a0 \u00a0 \u00a0 \u00a0 \u00a0 \u00a0 \u00a0 \u00a0 \u00a0 \u00a0 \u00a0 \u00a0 \u00a0 \u00a0 \u00a0 \u00a0 \u00a0 \u00a0 \u00a0 \u00a0 \u00a0 \u00a0 \u00a0 \u00a0 \u00a0 \u00a0 \u00a0 \u00a0 \u00a0 \u00a0 \u00a0 \u00a0 \u00a0 \u00a0 \u00a0 \u00a0 \u00a0 \u00a0 \u00a0 \u00a0 \u00a0 \u00a0 \u00a0 \u00a0 \u00a0 \u00a0 \u00a0 \u00a0 \u00a0 \u00a0 \u00a0 \u00a0 \u00a0 \u00a0 \u00a0 \u00a0 \u00a0 \u00a0 \u00a0 \u00a0 \u00a0 \u00a0 \u00a0 \u00a0 \u00a0 \u00a0 \u00a0 \u00a0 \u00a0 \u00a0 \u00a0 \u00a0 \u00a0 \u00a0 \u00a0 \u00a0 \u00a0 \u00a0 \u00a0 \u00a0 \u00a0 \u00a0 \u00a0 \u00a0 \u00a0 \u00a0 \u00a0 \u00a0 \u00a0 \u00a0 \u00a0 \u00a0 \u00a0 \u00a0 \u00a0 \u00a0 \u00a0 \u00a0 \u00a0 \u00a0 \u00a0 \u00a0 \u00a0 \u00a0 \u00a0 \u00a0 \u00a0 Notre sac \u00e0 d\u00e9chets de jardin est l'exemple m\u00eame de la polyvalence et de la durabilit\u00e9. Nous nous engageons \u00e0 offrir<em class=\"Highlight htedd1e23e-48ea-4ff6-9fde-2842194cc6a5\"> personnalis\u00e9 <\/em><em class=\"Highlight htedd1e23e-48ea-4ff6-9fde-2842194cc6a5\">solutions<\/em> adapt\u00e9s aux diff\u00e9rents march\u00e9s.\u00a0<\/p><p>En mati\u00e8re d'image de marque, nous savons que le moins peut \u00eatre le plus. Notre expertise consiste \u00e0 fournir des conceptions \u00e9tonnantes et rentables, la plupart des clients choisissant une ou deux couleurs pour les logos ou les motifs. Cette approche permet de trouver un \u00e9quilibre entre l'impact visuel et le co\u00fbt, et de faire en sorte que le message de votre marque brille de tous ses feux.<\/p><p>Nos sacs en papier pour d\u00e9chets de jardin sont con\u00e7us pour vous aider \u00e0 conqu\u00e9rir le march\u00e9 des emballages respectueux de l'environnement et \u00e0 accro\u00eetre l'influence de votre marque. Ces sacs pr\u00e9sentent de nombreux avantages, tels que l'impression sur toute la surface du fond et des c\u00f4t\u00e9s, ce qui leur permet d'\u00eatre ind\u00e9pendants. Ils t\u00e9moignent de la durabilit\u00e9 et conviennent donc aux lignes de production de conserves enti\u00e8rement automatiques et semi-automatiques. En outre, leurs dimensions uniformes facilitent l'empilage et le stockage.<\/p><p>Mais notre sac en papier kraft \u00e0 gueule ouverte ne se limite pas aux seuls d\u00e9chets de jardin. C'est un sac polyvalent<strong> l'emballage<em class=\"Highlight htedd1e23e-48ea-4ff6-9fde-2842194cc6a5\"> solution <\/em><\/strong>qui r\u00e9pond \u00e0 diff\u00e9rents besoins. <strong>Du charbon de bois \u00e0 la farine en passant par le sucre, les aliments pour animaux, les additifs alimentaires, les poudres industrielles et m\u00eame les d\u00e9chets de jardin et de cuisine.<\/strong>Ces sacs excellent dans toutes les applications.<\/p><p>Vos sacs \u00e0 d\u00e9chets \u00e9cologiques pour le jardin,<em class=\"Highlight htedd1e23e-48ea-4ff6-9fde-2842194cc6a5\"> Sur mesure <\/em>pour le succ\u00e8s. Des emballages durables qui se distinguent dans le monde entier.<\/p>\t\t\t\t\t\t<\/div>\n\t\t\t\t<\/div>\n\t\t\t\t<div class=\"elementor-element elementor-element-5a5c51a uael-button-halign-center uael-button-stack-none elementor-widget elementor-widget-uael-buttons\" data-id=\"5a5c51a\" data-element_type=\"widget\" data-widget_type=\"uael-buttons.default\">\n\t\t\t\t<div class=\"elementor-widget-container\">\n\t\t\t\t\t<div class=\"uael-dual-button-outer-wrap\">\n\t\t\t<div class=\"uael-dual-button-wrap\">\n\t\t\t\t\t\t\t\t<div class=\"uael-button-wrapper elementor-button-wrapper uael-dual-button elementor-repeater-item-0258dc6 uael-dual-button-0\">\n\t\t\t\t\t<a class=\"elementor-button-link elementor-button elementor-size-sm elementor-button-link\" href=\"#elementor-action:action=popup:open&settings=eyJpZCI6IjY4MjMiLCJ0b2dnbGUiOmZhbHNlfQ==\">\n\t\t\t\t\t\t\t\t<span class=\"elementor-button-content-wrapper uael-buttons-icon-\">\n\t\t\t\t\t\t\t\t\t\t\t\t<span class=\"elementor-align-icon- elementor-button-icon\">\n\t\t\t\t\t\t\t\t\t\t\t<\/span>\n\t\t\t\t\t\t\t\t\t\t<span class=\"elementor-button-text elementor-inline-editing\" data-elementor-setting-key=\"buttons.0.text\" data-elementor-inline-editing-toolbar=\"none\">Obtenir un devis<\/span>\n\t\t<\/span>\n\t\t\t\t\t\t\t<\/a>\n\t\t\t\t<\/div>\n\t\t\t\t\t\t\t<\/div>\n\t\t<\/div>\n\t\t\t\t<\/div>\n\t\t\t\t<\/div>\n\t\t\t\t\t<\/div>\n\t\t<\/div>\n\t\t\t\t\t\t\t<\/div>\n\t\t<\/section>\n\t\t\t\t<section class=\"elementor-section elementor-inner-section elementor-element elementor-element-052fde9 custom-ele-section-css elementor-section-boxed elementor-section-height-default elementor-section-height-default\" data-id=\"052fde9\" data-element_type=\"section\" data-settings=\"{&quot;background_background&quot;:&quot;classic&quot;,&quot;mdp_selection_sticky_effect_enable&quot;:false}\">\n\t\t\t\t\t\t<div class=\"elementor-container elementor-column-gap-default\">\n\t\t\t\t\t<div class=\"elementor-column elementor-col-50 elementor-inner-column elementor-element elementor-element-3b50c06\" data-id=\"3b50c06\" data-element_type=\"column\" data-settings=\"{&quot;mdp_selection_sticky_column_effect_enable&quot;:false}\">\n\t\t\t<div class=\"elementor-widget-wrap elementor-element-populated\">\n\t\t\t\t\t\t\t\t<div class=\"elementor-element elementor-element-5e7a84d elementor-widget elementor-widget-image\" data-id=\"5e7a84d\" data-element_type=\"widget\" data-widget_type=\"image.default\">\n\t\t\t\t<div class=\"elementor-widget-container\">\n\t\t\t\t\t\t\t\t\t\t\t\t\t\t\t<img loading=\"lazy\" decoding=\"async\" width=\"800\" height=\"800\" src=\"https:\/\/www.idaseco.com\/wp-content\/uploads\/2023\/10\/garden-waste-bag-1-1024x1024.jpg\" class=\"attachment-large size-large wp-image-4370\" alt=\"Sac \u00e0 d\u00e9chets de jardin en papier kraft, \u00e9cologique, de haute qualit\u00e9.\" srcset=\"https:\/\/www.idaseco.com\/wp-content\/uploads\/2023\/10\/garden-waste-bag-1-1024x1024.jpg 1024w, https:\/\/www.idaseco.com\/wp-content\/uploads\/2023\/10\/garden-waste-bag-1-300x300.jpg 300w, https:\/\/www.idaseco.com\/wp-content\/uploads\/2023\/10\/garden-waste-bag-1-150x150.jpg 150w, https:\/\/www.idaseco.com\/wp-content\/uploads\/2023\/10\/garden-waste-bag-1-768x768.jpg 768w, https:\/\/www.idaseco.com\/wp-content\/uploads\/2023\/10\/garden-waste-bag-1-600x600.jpg 600w, https:\/\/www.idaseco.com\/wp-content\/uploads\/2023\/10\/garden-waste-bag-1-100x100.jpg 100w, https:\/\/www.idaseco.com\/wp-content\/uploads\/2023\/10\/garden-waste-bag-1-50x50.jpg 50w, https:\/\/www.idaseco.com\/wp-content\/uploads\/2023\/10\/garden-waste-bag-1.jpg 1500w\" sizes=\"(max-width: 800px) 100vw, 800px\" \/>\t\t\t\t\t\t\t\t\t\t\t\t\t\t\t<\/div>\n\t\t\t\t<\/div>\n\t\t\t\t<div class=\"elementor-element elementor-element-05025c0 elementor-widget elementor-widget-image\" data-id=\"05025c0\" data-element_type=\"widget\" data-widget_type=\"image.default\">\n\t\t\t\t<div class=\"elementor-widget-container\">\n\t\t\t\t\t\t\t\t\t\t\t\t\t\t\t<img loading=\"lazy\" decoding=\"async\" width=\"768\" height=\"1024\" src=\"https:\/\/www.idaseco.com\/wp-content\/uploads\/2024\/01\/Paper-Trash-Bag-768x1024.jpg\" class=\"attachment-large size-large wp-image-5684\" alt=\"Sac poubelle en papier con\u00e7u pour les d\u00e9chets organiques de la cuisine, dot\u00e9 d&#039;une couche int\u00e9rieure en PLA biod\u00e9gradable. Respectueux de l&#039;environnement et pratique. Personnalisation possible.\" srcset=\"https:\/\/www.idaseco.com\/wp-content\/uploads\/2024\/01\/Paper-Trash-Bag-768x1024.jpg 768w, https:\/\/www.idaseco.com\/wp-content\/uploads\/2024\/01\/Paper-Trash-Bag-225x300.jpg 225w, https:\/\/www.idaseco.com\/wp-content\/uploads\/2024\/01\/Paper-Trash-Bag-1152x1536.jpg 1152w, https:\/\/www.idaseco.com\/wp-content\/uploads\/2024\/01\/Paper-Trash-Bag-1536x2048.jpg 1536w, https:\/\/www.idaseco.com\/wp-content\/uploads\/2024\/01\/Paper-Trash-Bag-600x800.jpg 600w, https:\/\/www.idaseco.com\/wp-content\/uploads\/2024\/01\/Paper-Trash-Bag-scaled.jpg 1920w\" sizes=\"(max-width: 768px) 100vw, 768px\" \/>\t\t\t\t\t\t\t\t\t\t\t\t\t\t\t<\/div>\n\t\t\t\t<\/div>\n\t\t\t\t\t<\/div>\n\t\t<\/div>\n\t\t\t\t<div class=\"elementor-column elementor-col-50 elementor-inner-column elementor-element elementor-element-5216c40\" data-id=\"5216c40\" data-element_type=\"column\" data-settings=\"{&quot;mdp_selection_sticky_column_effect_enable&quot;:false}\">\n\t\t\t<div class=\"elementor-widget-wrap elementor-element-populated\">\n\t\t\t\t\t\t\t\t<div class=\"elementor-element elementor-element-41fb949 elementor-widget elementor-widget-heading\" data-id=\"41fb949\" data-element_type=\"widget\" data-widget_type=\"heading.default\">\n\t\t\t\t<div class=\"elementor-widget-container\">\n\t\t\t<h3 class=\"elementor-heading-title elementor-size-default\">Sac poubelle en papier<\/h3>\t\t<\/div>\n\t\t\t\t<\/div>\n\t\t\t\t<div class=\"elementor-element elementor-element-bbb7295 elementor-icon-list--layout-traditional elementor-list-item-link-full_width elementor-widget elementor-widget-icon-list\" data-id=\"bbb7295\" data-element_type=\"widget\" data-widget_type=\"icon-list.default\">\n\t\t\t\t<div class=\"elementor-widget-container\">\n\t\t\t\t\t<ul class=\"elementor-icon-list-items\">\n\t\t\t\t\t\t\t<li class=\"elementor-icon-list-item\">\n\t\t\t\t\t\t\t\t\t\t\t<span class=\"elementor-icon-list-icon\">\n\t\t\t\t\t\t\t<i aria-hidden=\"true\" class=\"fas fa-check\"><\/i>\t\t\t\t\t\t<\/span>\n\t\t\t\t\t\t\t\t\t\t<span class=\"elementor-icon-list-text\">Mat\u00e9riau : papier kraft<\/span>\n\t\t\t\t\t\t\t\t\t<\/li>\n\t\t\t\t\t\t\t\t<li class=\"elementor-icon-list-item\">\n\t\t\t\t\t\t\t\t\t\t\t<span class=\"elementor-icon-list-icon\">\n\t\t\t\t\t\t\t<i aria-hidden=\"true\" class=\"fas fa-check\"><\/i>\t\t\t\t\t\t<\/span>\n\t\t\t\t\t\t\t\t\t\t<span class=\"elementor-icon-list-text\">Poids du papier : 80 g\/m<\/span>\n\t\t\t\t\t\t\t\t\t<\/li>\n\t\t\t\t\t\t\t\t<li class=\"elementor-icon-list-item\">\n\t\t\t\t\t\t\t\t\t\t\t<span class=\"elementor-icon-list-icon\">\n\t\t\t\t\t\t\t<i aria-hidden=\"true\" class=\"fas fa-check\"><\/i>\t\t\t\t\t\t<\/span>\n\t\t\t\t\t\t\t\t\t\t<span class=\"elementor-icon-list-text\">Personnalisation de la taille, du logo, de l'impression, de l'emballage : accept\u00e9e<\/span>\n\t\t\t\t\t\t\t\t\t<\/li>\n\t\t\t\t\t\t\t\t<li class=\"elementor-icon-list-item\">\n\t\t\t\t\t\t\t\t\t\t\t<span class=\"elementor-icon-list-icon\">\n\t\t\t\t\t\t\t<i aria-hidden=\"true\" class=\"fas fa-check\"><\/i>\t\t\t\t\t\t<\/span>\n\t\t\t\t\t\t\t\t\t\t<span class=\"elementor-icon-list-text\">MOQ : aucune exigence<\/span>\n\t\t\t\t\t\t\t\t\t<\/li>\n\t\t\t\t\t\t\t\t<li class=\"elementor-icon-list-item\">\n\t\t\t\t\t\t\t\t\t\t\t<span class=\"elementor-icon-list-icon\">\n\t\t\t\t\t\t\t<i aria-hidden=\"true\" class=\"fas fa-check\"><\/i>\t\t\t\t\t\t<\/span>\n\t\t\t\t\t\t\t\t\t\t<span class=\"elementor-icon-list-text\">D\u00e9lai de livraison : 20 jours<\/span>\n\t\t\t\t\t\t\t\t\t<\/li>\n\t\t\t\t\t\t<\/ul>\n\t\t\t\t<\/div>\n\t\t\t\t<\/div>\n\t\t\t\t<div class=\"elementor-element elementor-element-4e6d776 elementor-widget elementor-widget-text-editor\" data-id=\"4e6d776\" data-element_type=\"widget\" data-widget_type=\"text-editor.default\">\n\t\t\t\t<div class=\"elementor-widget-container\">\n\t\t\t\t\t\t\t<p>H\u00e9, guerriers des d\u00e9chets et entreprises soucieuses de l'environnement ! Parlons de nos incroyables sacs poubelle en papier...<em class=\"Highlight htedd1e23e-48ea-4ff6-9fde-2842194cc6a5\"> solution <\/em>qui r\u00e9volutionne la gestion des d\u00e9chets ! Nos sacs en papier biod\u00e9gradables changent la donne pour les importateurs, <em class=\"Highlight htedd1e23e-48ea-4ff6-9fde-2842194cc6a5\">grossistes<\/em>L'objectif est d'aider les vendeurs en ligne, les marques, les d\u00e9taillants, les supermarch\u00e9s et tous les clients soucieux de la qualit\u00e9 de leurs d\u00e9chets.<\/p><p>Imaginez : un sac qui n'est pas seulement en papier, mais une merveille \u00e9cologique ! Il est compostable, imperm\u00e9able et \u00e9tanche gr\u00e2ce \u00e0 sa couche int\u00e9rieure en PLA biod\u00e9gradable. Il est parfait pour trier les d\u00e9chets organiques de la cuisine en toute simplicit\u00e9 et contribuer \u00e0 un environnement plus propre. C'est l'alternative la plus vendue au plastique, offrant \u00e0 la fois commodit\u00e9 et durabilit\u00e9.<\/p><p>Vous voyez l'image ? Il s'agit d'un sac poubelle en papier de petite taille, parfait pour un usage domestique. Mais la personnalisation, c'est notre truc ! Nous pouvons adapter ces sacs \u00e0 votre marque et aux politiques \u00e9cologiques de votre march\u00e9. Notre solide cha\u00eene d'approvisionnement nous permet d'obtenir les meilleurs sacs en papier.<em class=\"Highlight htedd1e23e-48ea-4ff6-9fde-2842194cc6a5\"> solution <\/em>dont vous avez besoin, que vous soyez dans le commerce de d\u00e9tail, le commerce \u00e9lectronique ou d'autres secteurs.<\/p><p>Certifi\u00e9s par BPI et d'autres autorit\u00e9s comp\u00e9tentes, nos sacs sont plus que de simples r\u00e9ceptacles \u00e0 d\u00e9chets - ils sont une d\u00e9claration de votre engagement en faveur d'une plan\u00e8te plus verte. Faisons \u00e9quipe et rendons la gestion des d\u00e9chets plus facile et plus \u00e9cologique, un sac en papier \u00e0 la fois. Prenez contact avec nous d\u00e8s aujourd'hui et discutons de la fa\u00e7on dont nos sacs poubelle en papier biod\u00e9gradable personnalisables peuvent s'int\u00e9grer parfaitement \u00e0 votre strat\u00e9gie d'entreprise !<\/p>\t\t\t\t\t\t<\/div>\n\t\t\t\t<\/div>\n\t\t\t\t<div class=\"elementor-element elementor-element-ede37c3 uael-button-halign-center uael-button-stack-none elementor-widget elementor-widget-uael-buttons\" data-id=\"ede37c3\" data-element_type=\"widget\" data-widget_type=\"uael-buttons.default\">\n\t\t\t\t<div class=\"elementor-widget-container\">\n\t\t\t\t\t<div class=\"uael-dual-button-outer-wrap\">\n\t\t\t<div class=\"uael-dual-button-wrap\">\n\t\t\t\t\t\t\t\t<div class=\"uael-button-wrapper elementor-button-wrapper uael-dual-button elementor-repeater-item-0258dc6 uael-dual-button-0\">\n\t\t\t\t\t<a class=\"elementor-button-link elementor-button elementor-size-sm elementor-button-link\" href=\"#elementor-action:action=popup:open&settings=eyJpZCI6IjY4MjMiLCJ0b2dnbGUiOmZhbHNlfQ==\">\n\t\t\t\t\t\t\t\t<span class=\"elementor-button-content-wrapper uael-buttons-icon-\">\n\t\t\t\t\t\t\t\t\t\t\t\t<span class=\"elementor-align-icon- elementor-button-icon\">\n\t\t\t\t\t\t\t\t\t\t\t<\/span>\n\t\t\t\t\t\t\t\t\t\t<span class=\"elementor-button-text elementor-inline-editing\" data-elementor-setting-key=\"buttons.0.text\" data-elementor-inline-editing-toolbar=\"none\">Obtenir un devis<\/span>\n\t\t<\/span>\n\t\t\t\t\t\t\t<\/a>\n\t\t\t\t<\/div>\n\t\t\t\t\t\t\t<\/div>\n\t\t<\/div>\n\t\t\t\t<\/div>\n\t\t\t\t<\/div>\n\t\t\t\t\t<\/div>\n\t\t<\/div>\n\t\t\t\t\t\t\t<\/div>\n\t\t<\/section>\n\t\t\t\t<section class=\"elementor-section elementor-inner-section elementor-element elementor-element-938d87d custom-ele-section-css elementor-section-boxed elementor-section-height-default elementor-section-height-default\" data-id=\"938d87d\" data-element_type=\"section\" data-settings=\"{&quot;background_background&quot;:&quot;classic&quot;,&quot;mdp_selection_sticky_effect_enable&quot;:false}\">\n\t\t\t\t\t\t<div class=\"elementor-container elementor-column-gap-default\">\n\t\t\t\t\t<div class=\"elementor-column elementor-col-50 elementor-inner-column elementor-element elementor-element-7993f0c\" data-id=\"7993f0c\" data-element_type=\"column\" data-settings=\"{&quot;mdp_selection_sticky_column_effect_enable&quot;:false}\">\n\t\t\t<div class=\"elementor-widget-wrap elementor-element-populated\">\n\t\t\t\t\t\t\t\t<div class=\"elementor-element elementor-element-62c49f1 elementor-widget elementor-widget-image\" data-id=\"62c49f1\" data-element_type=\"widget\" data-widget_type=\"image.default\">\n\t\t\t\t<div class=\"elementor-widget-container\">\n\t\t\t\t\t\t\t\t\t\t\t\t\t\t\t<img loading=\"lazy\" decoding=\"async\" width=\"800\" height=\"800\" src=\"https:\/\/www.idaseco.com\/wp-content\/uploads\/2024\/05\/paper-bags-with-handles-1024x1024.jpg\" class=\"attachment-large size-large wp-image-7435\" alt=\"Sacs en papier avec poign\u00e9es, alternatives \u00e9cologiques aux sacs en plastique. Ces sacs en papier brun sont dot\u00e9s de poign\u00e9es solides pour faciliter le transport.\" srcset=\"https:\/\/www.idaseco.com\/wp-content\/uploads\/2024\/05\/paper-bags-with-handles-1024x1024.jpg 1024w, https:\/\/www.idaseco.com\/wp-content\/uploads\/2024\/05\/paper-bags-with-handles-300x300.jpg 300w, https:\/\/www.idaseco.com\/wp-content\/uploads\/2024\/05\/paper-bags-with-handles-150x150.jpg 150w, https:\/\/www.idaseco.com\/wp-content\/uploads\/2024\/05\/paper-bags-with-handles-768x768.jpg 768w, https:\/\/www.idaseco.com\/wp-content\/uploads\/2024\/05\/paper-bags-with-handles-600x600.jpg 600w, https:\/\/www.idaseco.com\/wp-content\/uploads\/2024\/05\/paper-bags-with-handles-100x100.jpg 100w, https:\/\/www.idaseco.com\/wp-content\/uploads\/2024\/05\/paper-bags-with-handles-50x50.jpg 50w, https:\/\/www.idaseco.com\/wp-content\/uploads\/2024\/05\/paper-bags-with-handles.jpg 1080w\" sizes=\"(max-width: 800px) 100vw, 800px\" \/>\t\t\t\t\t\t\t\t\t\t\t\t\t\t\t<\/div>\n\t\t\t\t<\/div>\n\t\t\t\t\t<\/div>\n\t\t<\/div>\n\t\t\t\t<div class=\"elementor-column elementor-col-50 elementor-inner-column elementor-element elementor-element-004f502\" data-id=\"004f502\" data-element_type=\"column\" data-settings=\"{&quot;mdp_selection_sticky_column_effect_enable&quot;:false}\">\n\t\t\t<div class=\"elementor-widget-wrap elementor-element-populated\">\n\t\t\t\t\t\t\t\t<div class=\"elementor-element elementor-element-217070a elementor-widget elementor-widget-heading\" data-id=\"217070a\" data-element_type=\"widget\" data-widget_type=\"heading.default\">\n\t\t\t\t<div class=\"elementor-widget-container\">\n\t\t\t<h3 class=\"elementor-heading-title elementor-size-default\">Sacs en papier avec poign\u00e9es<\/h3>\t\t<\/div>\n\t\t\t\t<\/div>\n\t\t\t\t<div class=\"elementor-element elementor-element-41f264c elementor-icon-list--layout-traditional elementor-list-item-link-full_width elementor-widget elementor-widget-icon-list\" data-id=\"41f264c\" data-element_type=\"widget\" data-widget_type=\"icon-list.default\">\n\t\t\t\t<div class=\"elementor-widget-container\">\n\t\t\t\t\t<ul class=\"elementor-icon-list-items\">\n\t\t\t\t\t\t\t<li class=\"elementor-icon-list-item\">\n\t\t\t\t\t\t\t\t\t\t\t<span class=\"elementor-icon-list-icon\">\n\t\t\t\t\t\t\t<i aria-hidden=\"true\" class=\"fas fa-check\"><\/i>\t\t\t\t\t\t<\/span>\n\t\t\t\t\t\t\t\t\t\t<span class=\"elementor-icon-list-text\">Mat\u00e9riau : papier kraft<\/span>\n\t\t\t\t\t\t\t\t\t<\/li>\n\t\t\t\t\t\t\t\t<li class=\"elementor-icon-list-item\">\n\t\t\t\t\t\t\t\t\t\t\t<span class=\"elementor-icon-list-icon\">\n\t\t\t\t\t\t\t<i aria-hidden=\"true\" class=\"fas fa-check\"><\/i>\t\t\t\t\t\t<\/span>\n\t\t\t\t\t\t\t\t\t\t<span class=\"elementor-icon-list-text\">Poids du papier : 130 g\/m<\/span>\n\t\t\t\t\t\t\t\t\t<\/li>\n\t\t\t\t\t\t\t\t<li class=\"elementor-icon-list-item\">\n\t\t\t\t\t\t\t\t\t\t\t<span class=\"elementor-icon-list-icon\">\n\t\t\t\t\t\t\t<i aria-hidden=\"true\" class=\"fas fa-check\"><\/i>\t\t\t\t\t\t<\/span>\n\t\t\t\t\t\t\t\t\t\t<span class=\"elementor-icon-list-text\">Personnalisation de la taille, du logo, de l'impression, de l'emballage : accept\u00e9e<\/span>\n\t\t\t\t\t\t\t\t\t<\/li>\n\t\t\t\t\t\t\t\t<li class=\"elementor-icon-list-item\">\n\t\t\t\t\t\t\t\t\t\t\t<span class=\"elementor-icon-list-icon\">\n\t\t\t\t\t\t\t<i aria-hidden=\"true\" class=\"fas fa-check\"><\/i>\t\t\t\t\t\t<\/span>\n\t\t\t\t\t\t\t\t\t\t<span class=\"elementor-icon-list-text\">MOQ : 5000 pi\u00e8ces ; 10 000 pi\u00e8ces<\/span>\n\t\t\t\t\t\t\t\t\t<\/li>\n\t\t\t\t\t\t\t\t<li class=\"elementor-icon-list-item\">\n\t\t\t\t\t\t\t\t\t\t\t<span class=\"elementor-icon-list-icon\">\n\t\t\t\t\t\t\t<i aria-hidden=\"true\" class=\"fas fa-check\"><\/i>\t\t\t\t\t\t<\/span>\n\t\t\t\t\t\t\t\t\t\t<span class=\"elementor-icon-list-text\">D\u00e9lai de livraison : 15 jours<\/span>\n\t\t\t\t\t\t\t\t\t<\/li>\n\t\t\t\t\t\t<\/ul>\n\t\t\t\t<\/div>\n\t\t\t\t<\/div>\n\t\t\t\t<div class=\"elementor-element elementor-element-373608a elementor-widget elementor-widget-text-editor\" data-id=\"373608a\" data-element_type=\"widget\" data-widget_type=\"text-editor.default\">\n\t\t\t\t<div class=\"elementor-widget-container\">\n\t\t\t\t\t\t\t<p>Rehaussez votre marque avec nos sacs en papier \u00e9cologiques avec poign\u00e9es, parfaits pour les boulangeries, les salons de th\u00e9 et de caf\u00e9, et les restaurants du monde entier.<\/p><p>Fabriqu\u00e9s \u00e0 partir de papier kraft durable, nos sacs offrent une r\u00e9sistance exceptionnelle et peuvent \u00eatre personnalis\u00e9s avec votre logo \u00e0 l'aide de techniques d'impression offset ou flexographique. Choisissez parmi diff\u00e9rents formats, profitez de d\u00e9lais d'ex\u00e9cution rapides et soyez assur\u00e9s d'une qualit\u00e9 sup\u00e9rieure.<\/p><p>Principaux arguments de vente :<\/p><ol><li><p>Robustes et polyvalents : id\u00e9aux pour un grand nombre d'industries, nos sacs constituent un emballage fiable pour la vente \u00e0 emporter et la livraison.<\/p><\/li><li><p><em class=\"Highlight htedd1e23e-48ea-4ff6-9fde-2842194cc6a5\">Sur mesure<\/em> Marque : Mettez votre marque en valeur gr\u00e2ce \u00e0 des logos imprim\u00e9s, qui renforcent la visibilit\u00e9 et la reconnaissance de votre marque.<\/p><\/li><li><p>Diverses tailles : Choisissez la taille id\u00e9ale pour vos produits, en fonction de vos besoins.<\/p><\/li><li><p>Livraison rapide : Nous donnons la priorit\u00e9 \u00e0 l'efficacit\u00e9, en veillant \u00e0 ce que vos commandes soient livr\u00e9es rapidement.<\/p><\/li><li><p>Qualit\u00e9 sup\u00e9rieure : Nos sacs renforcent la r\u00e9putation de votre marque en mati\u00e8re de qualit\u00e9 et de durabilit\u00e9.<\/p><\/li><\/ol><p>Rejoignez-nous pour promouvoir votre marque de mani\u00e8re durable gr\u00e2ce \u00e0 nos sacs en papier de qualit\u00e9 sup\u00e9rieure.<\/p>\t\t\t\t\t\t<\/div>\n\t\t\t\t<\/div>\n\t\t\t\t<div class=\"elementor-element elementor-element-7a56ee1 uael-button-halign-center uael-button-stack-none elementor-widget elementor-widget-uael-buttons\" data-id=\"7a56ee1\" data-element_type=\"widget\" data-widget_type=\"uael-buttons.default\">\n\t\t\t\t<div class=\"elementor-widget-container\">\n\t\t\t\t\t<div class=\"uael-dual-button-outer-wrap\">\n\t\t\t<div class=\"uael-dual-button-wrap\">\n\t\t\t\t\t\t\t\t<div class=\"uael-button-wrapper elementor-button-wrapper uael-dual-button elementor-repeater-item-0258dc6 uael-dual-button-0\">\n\t\t\t\t\t<a class=\"elementor-button-link elementor-button elementor-size-sm elementor-button-link\" href=\"#elementor-action:action=popup:open&settings=eyJpZCI6IjY4MjMiLCJ0b2dnbGUiOmZhbHNlfQ==\">\n\t\t\t\t\t\t\t\t<span class=\"elementor-button-content-wrapper uael-buttons-icon-\">\n\t\t\t\t\t\t\t\t\t\t\t\t<span class=\"elementor-align-icon- elementor-button-icon\">\n\t\t\t\t\t\t\t\t\t\t\t<\/span>\n\t\t\t\t\t\t\t\t\t\t<span class=\"elementor-button-text elementor-inline-editing\" data-elementor-setting-key=\"buttons.0.text\" data-elementor-inline-editing-toolbar=\"none\">Obtenir un devis<\/span>\n\t\t<\/span>\n\t\t\t\t\t\t\t<\/a>\n\t\t\t\t<\/div>\n\t\t\t\t\t\t\t<\/div>\n\t\t<\/div>\n\t\t\t\t<\/div>\n\t\t\t\t<\/div>\n\t\t\t\t\t<\/div>\n\t\t<\/div>\n\t\t\t\t\t\t\t<\/div>\n\t\t<\/section>\n\t\t\t\t<section class=\"elementor-section elementor-inner-section elementor-element elementor-element-e0c5c5a custom-ele-section-css elementor-section-boxed elementor-section-height-default elementor-section-height-default\" data-id=\"e0c5c5a\" data-element_type=\"section\" data-settings=\"{&quot;background_background&quot;:&quot;classic&quot;,&quot;mdp_selection_sticky_effect_enable&quot;:false}\">\n\t\t\t\t\t\t<div class=\"elementor-container elementor-column-gap-default\">\n\t\t\t\t\t<div class=\"elementor-column elementor-col-50 elementor-inner-column elementor-element elementor-element-def68c5\" data-id=\"def68c5\" data-element_type=\"column\" data-settings=\"{&quot;mdp_selection_sticky_column_effect_enable&quot;:false}\">\n\t\t\t<div class=\"elementor-widget-wrap elementor-element-populated\">\n\t\t\t\t\t\t\t\t<div class=\"elementor-element elementor-element-747fbe9 elementor-widget elementor-widget-image\" data-id=\"747fbe9\" data-element_type=\"widget\" data-widget_type=\"image.default\">\n\t\t\t\t<div class=\"elementor-widget-container\">\n\t\t\t\t\t\t\t\t\t\t\t\t\t\t\t<img loading=\"lazy\" decoding=\"async\" width=\"1280\" height=\"1706\" src=\"https:\/\/www.idaseco.com\/wp-content\/uploads\/2023\/10\/biodegradable-garbage-bags.jpg\" class=\"attachment-full size-full wp-image-4392\" alt=\"Sacs \u00e0 ordures biod\u00e9gradables en PLA+PBAT, sacs verts dont la couleur, la taille, les motifs et l&#039;emballage peuvent \u00eatre personnalis\u00e9s. Sacs poubelles enti\u00e8rement d\u00e9gradables.\" srcset=\"https:\/\/www.idaseco.com\/wp-content\/uploads\/2023\/10\/biodegradable-garbage-bags.jpg 1280w, https:\/\/www.idaseco.com\/wp-content\/uploads\/2023\/10\/biodegradable-garbage-bags-225x300.jpg 225w, https:\/\/www.idaseco.com\/wp-content\/uploads\/2023\/10\/biodegradable-garbage-bags-768x1024.jpg 768w, https:\/\/www.idaseco.com\/wp-content\/uploads\/2023\/10\/biodegradable-garbage-bags-1152x1536.jpg 1152w, https:\/\/www.idaseco.com\/wp-content\/uploads\/2023\/10\/biodegradable-garbage-bags-600x800.jpg 600w\" sizes=\"(max-width: 1280px) 100vw, 1280px\" \/>\t\t\t\t\t\t\t\t\t\t\t\t\t\t\t<\/div>\n\t\t\t\t<\/div>\n\t\t\t\t\t<\/div>\n\t\t<\/div>\n\t\t\t\t<div class=\"elementor-column elementor-col-50 elementor-inner-column elementor-element elementor-element-fdd1764\" data-id=\"fdd1764\" data-element_type=\"column\" data-settings=\"{&quot;mdp_selection_sticky_column_effect_enable&quot;:false}\">\n\t\t\t<div class=\"elementor-widget-wrap elementor-element-populated\">\n\t\t\t\t\t\t\t\t<div class=\"elementor-element elementor-element-dbfe9a9 elementor-widget elementor-widget-heading\" data-id=\"dbfe9a9\" data-element_type=\"widget\" data-widget_type=\"heading.default\">\n\t\t\t\t<div class=\"elementor-widget-container\">\n\t\t\t<h3 class=\"elementor-heading-title elementor-size-default\">Sacs \u00e0 ordures biod\u00e9gradables<\/h3>\t\t<\/div>\n\t\t\t\t<\/div>\n\t\t\t\t<div class=\"elementor-element elementor-element-1276626 elementor-icon-list--layout-traditional elementor-list-item-link-full_width elementor-widget elementor-widget-icon-list\" data-id=\"1276626\" data-element_type=\"widget\" data-widget_type=\"icon-list.default\">\n\t\t\t\t<div class=\"elementor-widget-container\">\n\t\t\t\t\t<ul class=\"elementor-icon-list-items\">\n\t\t\t\t\t\t\t<li class=\"elementor-icon-list-item\">\n\t\t\t\t\t\t\t\t\t\t\t<span class=\"elementor-icon-list-icon\">\n\t\t\t\t\t\t\t<i aria-hidden=\"true\" class=\"fas fa-check\"><\/i>\t\t\t\t\t\t<\/span>\n\t\t\t\t\t\t\t\t\t\t<span class=\"elementor-icon-list-text\">Mat\u00e9riau : amidon de ma\u00efs<\/span>\n\t\t\t\t\t\t\t\t\t<\/li>\n\t\t\t\t\t\t\t\t<li class=\"elementor-icon-list-item\">\n\t\t\t\t\t\t\t\t\t\t\t<span class=\"elementor-icon-list-icon\">\n\t\t\t\t\t\t\t<i aria-hidden=\"true\" class=\"fas fa-check\"><\/i>\t\t\t\t\t\t<\/span>\n\t\t\t\t\t\t\t\t\t\t<span class=\"elementor-icon-list-text\">MOQ ordinaire : pas d'exigences<\/span>\n\t\t\t\t\t\t\t\t\t<\/li>\n\t\t\t\t\t\t\t\t<li class=\"elementor-icon-list-item\">\n\t\t\t\t\t\t\t\t\t\t\t<span class=\"elementor-icon-list-icon\">\n\t\t\t\t\t\t\t<i aria-hidden=\"true\" class=\"fas fa-check\"><\/i>\t\t\t\t\t\t<\/span>\n\t\t\t\t\t\t\t\t\t\t<span class=\"elementor-icon-list-text\">Personnalisation de la taille, de la conception, de l'impression, de l'emballage, de la couleur : accept\u00e9e<\/span>\n\t\t\t\t\t\t\t\t\t<\/li>\n\t\t\t\t\t\t\t\t<li class=\"elementor-icon-list-item\">\n\t\t\t\t\t\t\t\t\t\t\t<span class=\"elementor-icon-list-icon\">\n\t\t\t\t\t\t\t<i aria-hidden=\"true\" class=\"fas fa-check\"><\/i>\t\t\t\t\t\t<\/span>\n\t\t\t\t\t\t\t\t\t\t<span class=\"elementor-icon-list-text\">Personnalisation MOQ : 20k rouleaux<\/span>\n\t\t\t\t\t\t\t\t\t<\/li>\n\t\t\t\t\t\t\t\t<li class=\"elementor-icon-list-item\">\n\t\t\t\t\t\t\t\t\t\t\t<span class=\"elementor-icon-list-icon\">\n\t\t\t\t\t\t\t<i aria-hidden=\"true\" class=\"fas fa-check\"><\/i>\t\t\t\t\t\t<\/span>\n\t\t\t\t\t\t\t\t\t\t<span class=\"elementor-icon-list-text\">D\u00e9lai de livraison : 15 jours<\/span>\n\t\t\t\t\t\t\t\t\t<\/li>\n\t\t\t\t\t\t<\/ul>\n\t\t\t\t<\/div>\n\t\t\t\t<\/div>\n\t\t\t\t<div class=\"elementor-element elementor-element-73fb777 elementor-widget elementor-widget-text-editor\" data-id=\"73fb777\" data-element_type=\"widget\" data-widget_type=\"text-editor.default\">\n\t\t\t\t<div class=\"elementor-widget-container\">\n\t\t\t\t\t\t\t<p>Adoptez un avenir durable gr\u00e2ce \u00e0 nos sacs poubelles compostables<\/p><p>Dans un monde o\u00f9 la conscience environnementale est une force motrice, de nombreux pays et r\u00e9gions adoptent rapidement des politiques respectueuses de l'environnement, conduisant \u00e0 une interdiction g\u00e9n\u00e9ralis\u00e9e des sacs en plastique \u00e0 usage unique. Importateurs, <em class=\"Highlight htedd1e23e-48ea-4ff6-9fde-2842194cc6a5\">grossistes<\/em>Les marques, les cha\u00eenes de supermarch\u00e9s, les h\u00f4tels et le secteur de l'alimentation sont \u00e9galement concern\u00e9s.<em class=\"Highlight htedd1e23e-48ea-4ff6-9fde-2842194cc6a5\"> service <\/em>sont tous parfaitement conscients de l'\u00e9volution du paysage.<\/p><p>Nos sacs poubelles compostables ne sont pas seulement une r\u00e9ponse \u00e0 ce changement global - ils sont votre avantage strat\u00e9gique. Con\u00e7us pour r\u00e9pondre aux exigences des importateurs, <em class=\"Highlight htedd1e23e-48ea-4ff6-9fde-2842194cc6a5\">grossistes<\/em>Nos sacs t\u00e9moignent de votre engagement en faveur de la responsabilit\u00e9 environnementale et de la durabilit\u00e9.<\/p><p>Fabriqu\u00e9s \u00e0 partir de mat\u00e9riaux compostables et biod\u00e9gradables 100%, ces sacs respectent les normes environnementales les plus strictes, ce qui les rend conformes aux r\u00e9glementations en vigueur. Ils offrent une<em class=\"Highlight htedd1e23e-48ea-4ff6-9fde-2842194cc6a5\"> solution <\/em>pour la gestion des d\u00e9chets, qui prend en charge un large \u00e9ventail de cat\u00e9gories de d\u00e9chets, des d\u00e9chets de cuisine aux produits transform\u00e9s et plus encore.<\/p><p>Rejoignez les rangs des importateurs, <em class=\"Highlight htedd1e23e-48ea-4ff6-9fde-2842194cc6a5\">grossistes<\/em>Les marques, les cha\u00eenes de supermarch\u00e9s, les h\u00f4tels et le secteur de l'alimentation sont \u00e9galement concern\u00e9s.<em class=\"Highlight htedd1e23e-48ea-4ff6-9fde-2842194cc6a5\"> service <\/em>Les sacs \u00e0 ordures compostables s'inscrivent non seulement dans vos valeurs, mais ils r\u00e9pondent \u00e9galement \u00e0 vos besoins sp\u00e9cifiques. Nos sacs \u00e0 ordures compostables ne s'alignent pas seulement sur vos valeurs, mais r\u00e9pondent \u00e9galement \u00e0 vos besoins sp\u00e9cifiques, vous permettant de saisir les opportunit\u00e9s offertes par le monde en constante \u00e9volution de la responsabilit\u00e9 environnementale.<\/p><p>Faites la transition d\u00e8s aujourd'hui et faites un pas de plus vers un avenir durable gr\u00e2ce \u00e0 nos produits \u00e9cologiques. <em class=\"Highlight htedd1e23e-48ea-4ff6-9fde-2842194cc6a5\">solutions<\/em>. Passez \u00e0 une voie plus verte et plus responsable qui fait la diff\u00e9rence dans le monde et dans votre secteur d'activit\u00e9.<\/p>\t\t\t\t\t\t<\/div>\n\t\t\t\t<\/div>\n\t\t\t\t<div class=\"elementor-element elementor-element-5b9d8c7 uael-button-halign-center uael-button-stack-none elementor-widget elementor-widget-uael-buttons\" data-id=\"5b9d8c7\" data-element_type=\"widget\" data-widget_type=\"uael-buttons.default\">\n\t\t\t\t<div class=\"elementor-widget-container\">\n\t\t\t\t\t<div class=\"uael-dual-button-outer-wrap\">\n\t\t\t<div class=\"uael-dual-button-wrap\">\n\t\t\t\t\t\t\t\t<div class=\"uael-button-wrapper elementor-button-wrapper uael-dual-button elementor-repeater-item-0258dc6 uael-dual-button-0\">\n\t\t\t\t\t<a class=\"elementor-button-link elementor-button elementor-size-sm elementor-button-link\" href=\"#elementor-action:action=popup:open&settings=eyJpZCI6IjY4MjMiLCJ0b2dnbGUiOmZhbHNlfQ==\">\n\t\t\t\t\t\t\t\t<span class=\"elementor-button-content-wrapper uael-buttons-icon-\">\n\t\t\t\t\t\t\t\t\t\t\t\t<span class=\"elementor-align-icon- elementor-button-icon\">\n\t\t\t\t\t\t\t\t\t\t\t<\/span>\n\t\t\t\t\t\t\t\t\t\t<span class=\"elementor-button-text elementor-inline-editing\" data-elementor-setting-key=\"buttons.0.text\" data-elementor-inline-editing-toolbar=\"none\">Obtenir un devis<\/span>\n\t\t<\/span>\n\t\t\t\t\t\t\t<\/a>\n\t\t\t\t<\/div>\n\t\t\t\t\t\t\t<\/div>\n\t\t<\/div>\n\t\t\t\t<\/div>\n\t\t\t\t<\/div>\n\t\t\t\t\t<\/div>\n\t\t<\/div>\n\t\t\t\t\t\t\t<\/div>\n\t\t<\/section>\n\t\t\t\t<section class=\"elementor-section elementor-inner-section elementor-element elementor-element-d9550eb custom-ele-section-css elementor-section-boxed elementor-section-height-default elementor-section-height-default\" data-id=\"d9550eb\" data-element_type=\"section\" data-settings=\"{&quot;background_background&quot;:&quot;classic&quot;,&quot;mdp_selection_sticky_effect_enable&quot;:false}\">\n\t\t\t\t\t\t<div class=\"elementor-container elementor-column-gap-default\">\n\t\t\t\t\t<div class=\"elementor-column elementor-col-50 elementor-inner-column elementor-element elementor-element-26d9049\" data-id=\"26d9049\" data-element_type=\"column\" data-settings=\"{&quot;mdp_selection_sticky_column_effect_enable&quot;:false}\">\n\t\t\t<div class=\"elementor-widget-wrap elementor-element-populated\">\n\t\t\t\t\t\t\t\t<div class=\"elementor-element elementor-element-832aacf elementor-widget elementor-widget-image\" data-id=\"832aacf\" data-element_type=\"widget\" data-widget_type=\"image.default\">\n\t\t\t\t<div class=\"elementor-widget-container\">\n\t\t\t\t\t\t\t\t\t\t\t\t\t\t\t<img loading=\"lazy\" decoding=\"async\" width=\"720\" height=\"494\" src=\"https:\/\/www.idaseco.com\/wp-content\/uploads\/2023\/10\/T-Shirt-Bags.jpg\" class=\"attachment-full size-full wp-image-4420\" alt=\"Image des sacs \u00e0 t-shirt : Fabriqu\u00e9s en PLA de qualit\u00e9 alimentaire, enti\u00e8rement biod\u00e9gradables et \u00e9paissis. Couleurs, tailles, impression et emballage personnalisables.\" srcset=\"https:\/\/www.idaseco.com\/wp-content\/uploads\/2023\/10\/T-Shirt-Bags.jpg 720w, https:\/\/www.idaseco.com\/wp-content\/uploads\/2023\/10\/T-Shirt-Bags-300x206.jpg 300w, https:\/\/www.idaseco.com\/wp-content\/uploads\/2023\/10\/T-Shirt-Bags-600x412.jpg 600w\" sizes=\"(max-width: 720px) 100vw, 720px\" \/>\t\t\t\t\t\t\t\t\t\t\t\t\t\t\t<\/div>\n\t\t\t\t<\/div>\n\t\t\t\t<div class=\"elementor-element elementor-element-f550d44 elementor-widget elementor-widget-image\" data-id=\"f550d44\" data-element_type=\"widget\" data-widget_type=\"image.default\">\n\t\t\t\t<div class=\"elementor-widget-container\">\n\t\t\t\t\t\t\t\t\t\t\t\t\t\t\t<img loading=\"lazy\" decoding=\"async\" width=\"800\" height=\"600\" src=\"https:\/\/www.idaseco.com\/wp-content\/uploads\/2024\/01\/custom-t-shirt-bags-1024x768.jpg\" class=\"attachment-large size-large wp-image-5690\" alt=\"Sacs \u00e0 provisions biod\u00e9gradables personnalisables en termes de taille, de couleur, de logo, d&#039;impression et d&#039;emballage.\" srcset=\"https:\/\/www.idaseco.com\/wp-content\/uploads\/2024\/01\/custom-t-shirt-bags-1024x768.jpg 1024w, https:\/\/www.idaseco.com\/wp-content\/uploads\/2024\/01\/custom-t-shirt-bags-300x225.jpg 300w, https:\/\/www.idaseco.com\/wp-content\/uploads\/2024\/01\/custom-t-shirt-bags-768x576.jpg 768w, https:\/\/www.idaseco.com\/wp-content\/uploads\/2024\/01\/custom-t-shirt-bags-1536x1152.jpg 1536w, https:\/\/www.idaseco.com\/wp-content\/uploads\/2024\/01\/custom-t-shirt-bags-2048x1536.jpg 2048w, https:\/\/www.idaseco.com\/wp-content\/uploads\/2024\/01\/custom-t-shirt-bags-600x450.jpg 600w\" sizes=\"(max-width: 800px) 100vw, 800px\" \/>\t\t\t\t\t\t\t\t\t\t\t\t\t\t\t<\/div>\n\t\t\t\t<\/div>\n\t\t\t\t\t<\/div>\n\t\t<\/div>\n\t\t\t\t<div class=\"elementor-column elementor-col-50 elementor-inner-column elementor-element elementor-element-7bcb76e\" data-id=\"7bcb76e\" data-element_type=\"column\" data-settings=\"{&quot;mdp_selection_sticky_column_effect_enable&quot;:false}\">\n\t\t\t<div class=\"elementor-widget-wrap elementor-element-populated\">\n\t\t\t\t\t\t\t\t<div class=\"elementor-element elementor-element-a2dbcc9 elementor-widget elementor-widget-heading\" data-id=\"a2dbcc9\" data-element_type=\"widget\" data-widget_type=\"heading.default\">\n\t\t\t\t<div class=\"elementor-widget-container\">\n\t\t\t<h3 class=\"elementor-heading-title elementor-size-default\">Sacs pour T-shirts<\/h3>\t\t<\/div>\n\t\t\t\t<\/div>\n\t\t\t\t<div class=\"elementor-element elementor-element-486b272 elementor-icon-list--layout-traditional elementor-list-item-link-full_width elementor-widget elementor-widget-icon-list\" data-id=\"486b272\" data-element_type=\"widget\" data-widget_type=\"icon-list.default\">\n\t\t\t\t<div class=\"elementor-widget-container\">\n\t\t\t\t\t<ul class=\"elementor-icon-list-items\">\n\t\t\t\t\t\t\t<li class=\"elementor-icon-list-item\">\n\t\t\t\t\t\t\t\t\t\t\t<span class=\"elementor-icon-list-icon\">\n\t\t\t\t\t\t\t<i aria-hidden=\"true\" class=\"fas fa-check\"><\/i>\t\t\t\t\t\t<\/span>\n\t\t\t\t\t\t\t\t\t\t<span class=\"elementor-icon-list-text\">Mat\u00e9riau : PLA+PBAT+amidon de ma\u00efs<\/span>\n\t\t\t\t\t\t\t\t\t<\/li>\n\t\t\t\t\t\t\t\t<li class=\"elementor-icon-list-item\">\n\t\t\t\t\t\t\t\t\t\t\t<span class=\"elementor-icon-list-icon\">\n\t\t\t\t\t\t\t<i aria-hidden=\"true\" class=\"fas fa-check\"><\/i>\t\t\t\t\t\t<\/span>\n\t\t\t\t\t\t\t\t\t\t<span class=\"elementor-icon-list-text\">Largeur : 120-450mm, \u00e9paisseur : 0.025-0.08mm<\/span>\n\t\t\t\t\t\t\t\t\t<\/li>\n\t\t\t\t\t\t\t\t<li class=\"elementor-icon-list-item\">\n\t\t\t\t\t\t\t\t\t\t\t<span class=\"elementor-icon-list-icon\">\n\t\t\t\t\t\t\t<i aria-hidden=\"true\" class=\"fas fa-check\"><\/i>\t\t\t\t\t\t<\/span>\n\t\t\t\t\t\t\t\t\t\t<span class=\"elementor-icon-list-text\">Personnalisation des couleurs, de la taille, de la conception, de l'emballage et de l'impression : accept\u00e9e<\/span>\n\t\t\t\t\t\t\t\t\t<\/li>\n\t\t\t\t\t\t\t\t<li class=\"elementor-icon-list-item\">\n\t\t\t\t\t\t\t\t\t\t\t<span class=\"elementor-icon-list-icon\">\n\t\t\t\t\t\t\t<i aria-hidden=\"true\" class=\"fas fa-check\"><\/i>\t\t\t\t\t\t<\/span>\n\t\t\t\t\t\t\t\t\t\t<span class=\"elementor-icon-list-text\">MOQ : aucune exigence<\/span>\n\t\t\t\t\t\t\t\t\t<\/li>\n\t\t\t\t\t\t\t\t<li class=\"elementor-icon-list-item\">\n\t\t\t\t\t\t\t\t\t\t\t<span class=\"elementor-icon-list-icon\">\n\t\t\t\t\t\t\t<i aria-hidden=\"true\" class=\"fas fa-check\"><\/i>\t\t\t\t\t\t<\/span>\n\t\t\t\t\t\t\t\t\t\t<span class=\"elementor-icon-list-text\">D\u00e9lai de livraison : 15 jours<\/span>\n\t\t\t\t\t\t\t\t\t<\/li>\n\t\t\t\t\t\t<\/ul>\n\t\t\t\t<\/div>\n\t\t\t\t<\/div>\n\t\t\t\t<div class=\"elementor-element elementor-element-003c97d elementor-widget elementor-widget-text-editor\" data-id=\"003c97d\" data-element_type=\"widget\" data-widget_type=\"text-editor.default\">\n\t\t\t\t<div class=\"elementor-widget-container\">\n\t\t\t\t\t\t\t<p>D\u00e9couvrez nos sacs \u00e0 t-shirt \u00e9cologiques - Votre<em class=\"Highlight htedd1e23e-48ea-4ff6-9fde-2842194cc6a5\"> Solution <\/em>pour un emballage durable<\/p><p>Dans un monde o\u00f9 la responsabilit\u00e9 environnementale est primordiale, de nombreux pays et r\u00e9gions imposent des r\u00e9glementations strictes en mati\u00e8re d'environnement. <strong>plastiques \u00e0 usage unique<\/strong>. Si vous \u00eates acheteur dans une r\u00e9gion soumise \u00e0 de telles exigences, nos sacs \u00e0 t-shirt \u00e9cologiques sont la r\u00e9ponse que vous attendiez.<\/p><p>Nos sacs sont fabriqu\u00e9s \u00e0 partir d'un m\u00e9lange de PLA (acide polylactique), de PBAT (polybutyl\u00e8ne adipate-co-ter\u00e9phtalate) et d'amidon de ma\u00efs, tous d\u00e9riv\u00e9s de l'acide polylactique. <strong>ressources renouvelables<\/strong>. Cette composition garantit que nos sacs sont non seulement \u00e9cologiques, mais aussi robustes, fiables et d\u00e9pourvus d'odeurs d\u00e9sagr\u00e9ables.<\/p><p>Ce qui d\u00e9termine notre <strong>Sacs \u00e0 t-shirt<\/strong> est leur biod\u00e9gradabilit\u00e9 totale. Ils ne laissent aucune empreinte \u00e9cologique, ce qui en fait le choix id\u00e9al pour ceux qui privil\u00e9gient un environnement plus propre. Le mat\u00e9riau \u00e9paissi garantit <strong>la durabilit\u00e9<\/strong>L'absence d'odeurs ind\u00e9sirables les rend aptes \u00e0 entrer en contact avec les denr\u00e9es alimentaires.<\/p><p>Ces sacs sont polyvalents et peuvent \u00eatre utilis\u00e9s \u00e0 plusieurs reprises gr\u00e2ce \u00e0 leur excellente extensibilit\u00e9 et \u00e0 leur conception robuste. Ils sont \u00e9galement parfaits pour les <strong>des compagnons d'achats pour les courses<\/strong>qui offre \u00e0 la fois commodit\u00e9 et durabilit\u00e9.<\/p><p>En outre, nous proposons une gamme de produits compostables et biod\u00e9gradables 100%, y compris des sacs d'\u00e9picerie, offrant ainsi une gamme compl\u00e8te de produits et de services.<em class=\"Highlight htedd1e23e-48ea-4ff6-9fde-2842194cc6a5\"> solutions <\/em>pour r\u00e9pondre \u00e0 vos besoins en mati\u00e8re d'emballage \u00e9cologique. En choisissant nos sacs de t-shirts \u00e9cologiques, vous ne vous contentez pas d'acqu\u00e9rir un produit, vous vous engagez sur la voie du succ\u00e8s dans un march\u00e9 en pleine \u00e9volution.<\/p><p>Participez \u00e0 la r\u00e9volution durable, saisissez les opportunit\u00e9s commerciales, gagnez des parts de march\u00e9 et r\u00e9ussissez gr\u00e2ce \u00e0 nos produits biod\u00e9gradables. <em class=\"Highlight htedd1e23e-48ea-4ff6-9fde-2842194cc6a5\">solutions<\/em>.<\/p>\t\t\t\t\t\t<\/div>\n\t\t\t\t<\/div>\n\t\t\t\t<div class=\"elementor-element elementor-element-b4b149f uael-button-halign-center uael-button-stack-none elementor-widget elementor-widget-uael-buttons\" data-id=\"b4b149f\" data-element_type=\"widget\" data-widget_type=\"uael-buttons.default\">\n\t\t\t\t<div class=\"elementor-widget-container\">\n\t\t\t\t\t<div class=\"uael-dual-button-outer-wrap\">\n\t\t\t<div class=\"uael-dual-button-wrap\">\n\t\t\t\t\t\t\t\t<div class=\"uael-button-wrapper elementor-button-wrapper uael-dual-button elementor-repeater-item-0258dc6 uael-dual-button-0\">\n\t\t\t\t\t<a class=\"elementor-button-link elementor-button elementor-size-sm elementor-button-link\" href=\"#elementor-action:action=popup:open&settings=eyJpZCI6IjY4MjMiLCJ0b2dnbGUiOmZhbHNlfQ==\">\n\t\t\t\t\t\t\t\t<span class=\"elementor-button-content-wrapper uael-buttons-icon-\">\n\t\t\t\t\t\t\t\t\t\t\t\t<span class=\"elementor-align-icon- elementor-button-icon\">\n\t\t\t\t\t\t\t\t\t\t\t<\/span>\n\t\t\t\t\t\t\t\t\t\t<span class=\"elementor-button-text elementor-inline-editing\" data-elementor-setting-key=\"buttons.0.text\" data-elementor-inline-editing-toolbar=\"none\">Obtenir un devis<\/span>\n\t\t<\/span>\n\t\t\t\t\t\t\t<\/a>\n\t\t\t\t<\/div>\n\t\t\t\t\t\t\t<\/div>\n\t\t<\/div>\n\t\t\t\t<\/div>\n\t\t\t\t<\/div>\n\t\t\t\t\t<\/div>\n\t\t<\/div>\n\t\t\t\t\t\t\t<\/div>\n\t\t<\/section>\n\t\t\t\t<section class=\"elementor-section elementor-inner-section elementor-element elementor-element-5177dbf custom-ele-section-css elementor-section-boxed elementor-section-height-default elementor-section-height-default\" data-id=\"5177dbf\" data-element_type=\"section\" data-settings=\"{&quot;background_background&quot;:&quot;classic&quot;,&quot;mdp_selection_sticky_effect_enable&quot;:false}\">\n\t\t\t\t\t\t<div class=\"elementor-container elementor-column-gap-default\">\n\t\t\t\t\t<div class=\"elementor-column elementor-col-50 elementor-inner-column elementor-element elementor-element-65960c8\" data-id=\"65960c8\" data-element_type=\"column\" data-settings=\"{&quot;mdp_selection_sticky_column_effect_enable&quot;:false}\">\n\t\t\t<div class=\"elementor-widget-wrap elementor-element-populated\">\n\t\t\t\t\t\t\t\t<div class=\"elementor-element elementor-element-731b608 elementor-widget elementor-widget-image\" data-id=\"731b608\" data-element_type=\"widget\" data-widget_type=\"image.default\">\n\t\t\t\t<div class=\"elementor-widget-container\">\n\t\t\t\t\t\t\t\t\t\t\t\t\t\t\t<img loading=\"lazy\" decoding=\"async\" width=\"800\" height=\"800\" src=\"https:\/\/www.idaseco.com\/wp-content\/uploads\/2025\/07\/mailers-bag.jpg\" class=\"attachment-full size-full wp-image-7887\" alt=\"Our eco-friendly mailers bag is a sustainable packaging solution crafted from premium biodegradable materials, PLA, PBAT, and corn starch.\" srcset=\"https:\/\/www.idaseco.com\/wp-content\/uploads\/2025\/07\/mailers-bag.jpg 800w, https:\/\/www.idaseco.com\/wp-content\/uploads\/2025\/07\/mailers-bag-300x300.jpg 300w, https:\/\/www.idaseco.com\/wp-content\/uploads\/2025\/07\/mailers-bag-150x150.jpg 150w, https:\/\/www.idaseco.com\/wp-content\/uploads\/2025\/07\/mailers-bag-768x768.jpg 768w, https:\/\/www.idaseco.com\/wp-content\/uploads\/2025\/07\/mailers-bag-12x12.jpg 12w, https:\/\/www.idaseco.com\/wp-content\/uploads\/2025\/07\/mailers-bag-600x600.jpg 600w, https:\/\/www.idaseco.com\/wp-content\/uploads\/2025\/07\/mailers-bag-100x100.jpg 100w, https:\/\/www.idaseco.com\/wp-content\/uploads\/2025\/07\/mailers-bag-50x50.jpg 50w\" sizes=\"(max-width: 800px) 100vw, 800px\" \/>\t\t\t\t\t\t\t\t\t\t\t\t\t\t\t<\/div>\n\t\t\t\t<\/div>\n\t\t\t\t\t<\/div>\n\t\t<\/div>\n\t\t\t\t<div class=\"elementor-column elementor-col-50 elementor-inner-column elementor-element elementor-element-7bfec6d\" data-id=\"7bfec6d\" data-element_type=\"column\" data-settings=\"{&quot;mdp_selection_sticky_column_effect_enable&quot;:false}\">\n\t\t\t<div class=\"elementor-widget-wrap elementor-element-populated\">\n\t\t\t\t\t\t\t\t<div class=\"elementor-element elementor-element-577478b elementor-widget elementor-widget-heading\" data-id=\"577478b\" data-element_type=\"widget\" data-widget_type=\"heading.default\">\n\t\t\t\t<div class=\"elementor-widget-container\">\n\t\t\t<h3 class=\"elementor-heading-title elementor-size-default\">Sac \u00e0 courrier <\/h3>\t\t<\/div>\n\t\t\t\t<\/div>\n\t\t\t\t<div class=\"elementor-element elementor-element-97e4117 elementor-icon-list--layout-traditional elementor-list-item-link-full_width elementor-widget elementor-widget-icon-list\" data-id=\"97e4117\" data-element_type=\"widget\" data-widget_type=\"icon-list.default\">\n\t\t\t\t<div class=\"elementor-widget-container\">\n\t\t\t\t\t<ul class=\"elementor-icon-list-items\">\n\t\t\t\t\t\t\t<li class=\"elementor-icon-list-item\">\n\t\t\t\t\t\t\t\t\t\t\t<span class=\"elementor-icon-list-icon\">\n\t\t\t\t\t\t\t<i aria-hidden=\"true\" class=\"fas fa-check\"><\/i>\t\t\t\t\t\t<\/span>\n\t\t\t\t\t\t\t\t\t\t<span class=\"elementor-icon-list-text\">Mat\u00e9riau : PLA+PBAT+amidon de ma\u00efs<\/span>\n\t\t\t\t\t\t\t\t\t<\/li>\n\t\t\t\t\t\t\t\t<li class=\"elementor-icon-list-item\">\n\t\t\t\t\t\t\t\t\t\t\t<span class=\"elementor-icon-list-icon\">\n\t\t\t\t\t\t\t<i aria-hidden=\"true\" class=\"fas fa-check\"><\/i>\t\t\t\t\t\t<\/span>\n\t\t\t\t\t\t\t\t\t\t<span class=\"elementor-icon-list-text\">Personnalisation des couleurs, de la taille, de la conception, de l'emballage et de l'impression : accept\u00e9e<\/span>\n\t\t\t\t\t\t\t\t\t<\/li>\n\t\t\t\t\t\t\t\t<li class=\"elementor-icon-list-item\">\n\t\t\t\t\t\t\t\t\t\t\t<span class=\"elementor-icon-list-icon\">\n\t\t\t\t\t\t\t<i aria-hidden=\"true\" class=\"fas fa-check\"><\/i>\t\t\t\t\t\t<\/span>\n\t\t\t\t\t\t\t\t\t\t<span class=\"elementor-icon-list-text\">MOQ : aucune exigence<\/span>\n\t\t\t\t\t\t\t\t\t<\/li>\n\t\t\t\t\t\t\t\t<li class=\"elementor-icon-list-item\">\n\t\t\t\t\t\t\t\t\t\t\t<span class=\"elementor-icon-list-icon\">\n\t\t\t\t\t\t\t<i aria-hidden=\"true\" class=\"fas fa-check\"><\/i>\t\t\t\t\t\t<\/span>\n\t\t\t\t\t\t\t\t\t\t<span class=\"elementor-icon-list-text\">D\u00e9lai de livraison : 15 jours<\/span>\n\t\t\t\t\t\t\t\t\t<\/li>\n\t\t\t\t\t\t<\/ul>\n\t\t\t\t<\/div>\n\t\t\t\t<\/div>\n\t\t\t\t<div class=\"elementor-element elementor-element-6759814 elementor-widget elementor-widget-text-editor\" data-id=\"6759814\" data-element_type=\"widget\" data-widget_type=\"text-editor.default\">\n\t\t\t\t<div class=\"elementor-widget-container\">\n\t\t\t\t\t\t\t<p>Notre sac postal \u00e9cologique est un emballage durable.<em class=\"Highlight htedd1e23e-48ea-4ff6-9fde-2842194cc6a5\"> solution <\/em>fabriqu\u00e9 \u00e0 partir de mat\u00e9riaux biod\u00e9gradables de premi\u00e8re qualit\u00e9. Fabriqu\u00e9 uniquement \u00e0 partir de <strong>de nouveaux mat\u00e9riaux purs, dont le PLA, le PBAT et l'amidon de ma\u00efs<\/strong>Ces sacs sont respectueux de l'environnement et refusent les mat\u00e9riaux recycl\u00e9s. Ils ont re\u00e7u <strong>certifications internationales<\/strong> tels que BPI ASTM D6400 et\/ou D6868, TUV OK Compost, compostable 7P0810, compostable AS4736, DIN CERTCO, et Australasian Bioplastics, garantissant la conformit\u00e9 aux normes mondiales. Nos sacs soutiennent les politiques de r\u00e9duction du plastique de votre r\u00e9gion tout en garantissant des produits de qualit\u00e9 sup\u00e9rieure. Polyvalents, ils constituent l'emballage id\u00e9al pour divers articles et excellent en tant que sacs de messagerie. Les options de personnalisation sont nombreuses, y compris les couleurs, les tailles, les logos, l'emballage et l'impression, afin de r\u00e9pondre \u00e0 vos besoins sp\u00e9cifiques.<\/p><p>Passez au vert avec nos sacs biod\u00e9gradables personnalisables - durables, polyvalents et adapt\u00e9s \u00e0 vos besoins !<\/p>\t\t\t\t\t\t<\/div>\n\t\t\t\t<\/div>\n\t\t\t\t<div class=\"elementor-element elementor-element-c2f5366 uael-button-halign-center uael-button-stack-none elementor-widget elementor-widget-uael-buttons\" data-id=\"c2f5366\" data-element_type=\"widget\" data-widget_type=\"uael-buttons.default\">\n\t\t\t\t<div class=\"elementor-widget-container\">\n\t\t\t\t\t<div class=\"uael-dual-button-outer-wrap\">\n\t\t\t<div class=\"uael-dual-button-wrap\">\n\t\t\t\t\t\t\t\t<div class=\"uael-button-wrapper elementor-button-wrapper uael-dual-button elementor-repeater-item-0258dc6 uael-dual-button-0\">\n\t\t\t\t\t<a class=\"elementor-button-link elementor-button elementor-size-sm elementor-button-link\" href=\"#elementor-action:action=popup:open&settings=eyJpZCI6IjY4MjMiLCJ0b2dnbGUiOmZhbHNlfQ==\">\n\t\t\t\t\t\t\t\t<span class=\"elementor-button-content-wrapper uael-buttons-icon-\">\n\t\t\t\t\t\t\t\t\t\t\t\t<span class=\"elementor-align-icon- elementor-button-icon\">\n\t\t\t\t\t\t\t\t\t\t\t<\/span>\n\t\t\t\t\t\t\t\t\t\t<span class=\"elementor-button-text elementor-inline-editing\" data-elementor-setting-key=\"buttons.0.text\" data-elementor-inline-editing-toolbar=\"none\">Obtenir un devis<\/span>\n\t\t<\/span>\n\t\t\t\t\t\t\t<\/a>\n\t\t\t\t<\/div>\n\t\t\t\t\t\t\t<\/div>\n\t\t<\/div>\n\t\t\t\t<\/div>\n\t\t\t\t<\/div>\n\t\t\t\t\t<\/div>\n\t\t<\/div>\n\t\t\t\t\t\t\t<\/div>\n\t\t<\/section>\n\t\t\t\t<section class=\"elementor-section elementor-inner-section elementor-element elementor-element-dabc5a2 custom-ele-section-css elementor-section-boxed elementor-section-height-default elementor-section-height-default\" data-id=\"dabc5a2\" data-element_type=\"section\" data-settings=\"{&quot;background_background&quot;:&quot;classic&quot;,&quot;mdp_selection_sticky_effect_enable&quot;:false}\">\n\t\t\t\t\t\t<div class=\"elementor-container elementor-column-gap-default\">\n\t\t\t\t\t<div class=\"elementor-column elementor-col-50 elementor-inner-column elementor-element elementor-element-1d91bb5\" data-id=\"1d91bb5\" data-element_type=\"column\" data-settings=\"{&quot;mdp_selection_sticky_column_effect_enable&quot;:false}\">\n\t\t\t<div class=\"elementor-widget-wrap elementor-element-populated\">\n\t\t\t\t\t\t\t\t<div class=\"elementor-element elementor-element-10f65fa elementor-widget elementor-widget-image\" data-id=\"10f65fa\" data-element_type=\"widget\" data-widget_type=\"image.default\">\n\t\t\t\t<div class=\"elementor-widget-container\">\n\t\t\t\t\t\t\t\t\t\t\t\t\t\t\t<img loading=\"lazy\" decoding=\"async\" width=\"800\" height=\"800\" src=\"https:\/\/www.idaseco.com\/wp-content\/uploads\/2025\/07\/13-gallon-trash-bags.jpg\" class=\"attachment-full size-full wp-image-7888\" alt=\"Our 13 gallon trash bags are a revolutionary solution in waste management, offering a biodegradable drawstring bag option that&#039;s environmentally friendly.\" srcset=\"https:\/\/www.idaseco.com\/wp-content\/uploads\/2025\/07\/13-gallon-trash-bags.jpg 800w, https:\/\/www.idaseco.com\/wp-content\/uploads\/2025\/07\/13-gallon-trash-bags-300x300.jpg 300w, https:\/\/www.idaseco.com\/wp-content\/uploads\/2025\/07\/13-gallon-trash-bags-150x150.jpg 150w, https:\/\/www.idaseco.com\/wp-content\/uploads\/2025\/07\/13-gallon-trash-bags-768x768.jpg 768w, https:\/\/www.idaseco.com\/wp-content\/uploads\/2025\/07\/13-gallon-trash-bags-12x12.jpg 12w, https:\/\/www.idaseco.com\/wp-content\/uploads\/2025\/07\/13-gallon-trash-bags-600x600.jpg 600w, https:\/\/www.idaseco.com\/wp-content\/uploads\/2025\/07\/13-gallon-trash-bags-100x100.jpg 100w, https:\/\/www.idaseco.com\/wp-content\/uploads\/2025\/07\/13-gallon-trash-bags-50x50.jpg 50w\" sizes=\"(max-width: 800px) 100vw, 800px\" \/>\t\t\t\t\t\t\t\t\t\t\t\t\t\t\t<\/div>\n\t\t\t\t<\/div>\n\t\t\t\t\t<\/div>\n\t\t<\/div>\n\t\t\t\t<div class=\"elementor-column elementor-col-50 elementor-inner-column elementor-element elementor-element-b44d7f7\" data-id=\"b44d7f7\" data-element_type=\"column\" data-settings=\"{&quot;mdp_selection_sticky_column_effect_enable&quot;:false}\">\n\t\t\t<div class=\"elementor-widget-wrap elementor-element-populated\">\n\t\t\t\t\t\t\t\t<div class=\"elementor-element elementor-element-9209f66 elementor-widget elementor-widget-heading\" data-id=\"9209f66\" data-element_type=\"widget\" data-widget_type=\"heading.default\">\n\t\t\t\t<div class=\"elementor-widget-container\">\n\t\t\t<h3 class=\"elementor-heading-title elementor-size-default\">Sacs \u00e0 ordures de 13 gallons<\/h3>\t\t<\/div>\n\t\t\t\t<\/div>\n\t\t\t\t<div class=\"elementor-element elementor-element-8efebb5 elementor-icon-list--layout-traditional elementor-list-item-link-full_width elementor-widget elementor-widget-icon-list\" data-id=\"8efebb5\" data-element_type=\"widget\" data-widget_type=\"icon-list.default\">\n\t\t\t\t<div class=\"elementor-widget-container\">\n\t\t\t\t\t<ul class=\"elementor-icon-list-items\">\n\t\t\t\t\t\t\t<li class=\"elementor-icon-list-item\">\n\t\t\t\t\t\t\t\t\t\t\t<span class=\"elementor-icon-list-icon\">\n\t\t\t\t\t\t\t<i aria-hidden=\"true\" class=\"fas fa-check\"><\/i>\t\t\t\t\t\t<\/span>\n\t\t\t\t\t\t\t\t\t\t<span class=\"elementor-icon-list-text\">Mat\u00e9riau : PLA+PBAT+amidon de ma\u00efs<\/span>\n\t\t\t\t\t\t\t\t\t<\/li>\n\t\t\t\t\t\t\t\t<li class=\"elementor-icon-list-item\">\n\t\t\t\t\t\t\t\t\t\t\t<span class=\"elementor-icon-list-icon\">\n\t\t\t\t\t\t\t<i aria-hidden=\"true\" class=\"fas fa-check\"><\/i>\t\t\t\t\t\t<\/span>\n\t\t\t\t\t\t\t\t\t\t<span class=\"elementor-icon-list-text\">Personnalisation des couleurs, de la taille, de la conception, de l'emballage et de l'impression : accept\u00e9e<\/span>\n\t\t\t\t\t\t\t\t\t<\/li>\n\t\t\t\t\t\t\t\t<li class=\"elementor-icon-list-item\">\n\t\t\t\t\t\t\t\t\t\t\t<span class=\"elementor-icon-list-icon\">\n\t\t\t\t\t\t\t<i aria-hidden=\"true\" class=\"fas fa-check\"><\/i>\t\t\t\t\t\t<\/span>\n\t\t\t\t\t\t\t\t\t\t<span class=\"elementor-icon-list-text\">MOQ : aucune exigence<\/span>\n\t\t\t\t\t\t\t\t\t<\/li>\n\t\t\t\t\t\t\t\t<li class=\"elementor-icon-list-item\">\n\t\t\t\t\t\t\t\t\t\t\t<span class=\"elementor-icon-list-icon\">\n\t\t\t\t\t\t\t<i aria-hidden=\"true\" class=\"fas fa-check\"><\/i>\t\t\t\t\t\t<\/span>\n\t\t\t\t\t\t\t\t\t\t<span class=\"elementor-icon-list-text\">D\u00e9lai de livraison : 15 jours<\/span>\n\t\t\t\t\t\t\t\t\t<\/li>\n\t\t\t\t\t\t<\/ul>\n\t\t\t\t<\/div>\n\t\t\t\t<\/div>\n\t\t\t\t<div class=\"elementor-element elementor-element-5e5e288 elementor-widget elementor-widget-text-editor\" data-id=\"5e5e288\" data-element_type=\"widget\" data-widget_type=\"text-editor.default\">\n\t\t\t\t<div class=\"elementor-widget-container\">\n\t\t\t\t\t\t\t<p>Nos sacs poubelles de 13 gallons sont r\u00e9volutionnaires.<em class=\"Highlight htedd1e23e-48ea-4ff6-9fde-2842194cc6a5\"> solution <\/em>dans le domaine de la gestion des d\u00e9chets, offrant un <strong>sac \u00e0 cordon biod\u00e9gradable<\/strong> qui respecte l'environnement. Fabriqu\u00e9 \u00e0 partir de mat\u00e9riaux innovants tels que <strong>PLA, PBAT et amidon de ma\u00efs<\/strong>Ces sacs repr\u00e9sentent un engagement en faveur de la durabilit\u00e9 et de la responsabilit\u00e9 \u00e9cologique. Notre gamme comprend diff\u00e9rentes tailles, telles que des sacs poubelles \u00e0 cordon de 13 gallons, 8 gallons et 4 gallons... offrant ainsi des options polyvalentes pour r\u00e9pondre \u00e0 vos besoins.<\/p><p>Nos sacs sont personnalisables en termes de couleur, de taille, d'impression et d'affichage de la marque, ce qui vous permet de les adapter \u00e0 vos pr\u00e9f\u00e9rences et \u00e0 vos exigences en mati\u00e8re de marque. Ils ont obtenu plusieurs <strong>certifications internationales<\/strong>Les normes de biod\u00e9gradabilit\u00e9 de l'Union europ\u00e9enne, notamment BPI ASTM D6400 et\/ou D6868, TUV OK Compost, compostable 7P0810, compostable AS4736, DIN CERTCO et Australasian Bioplastics, garantissent le respect des normes mondiales en mati\u00e8re de biod\u00e9gradabilit\u00e9.<\/p><p>Con\u00e7us pour soutenir les politiques de r\u00e9duction du plastique dans le monde entier, nos sacs biod\u00e9gradables r\u00e9pondent non seulement aux normes de qualit\u00e9, mais aussi aux r\u00e9glementations locales en mati\u00e8re d'interdiction du plastique. Nous proposons des sacs biod\u00e9gradables<em class=\"Highlight htedd1e23e-48ea-4ff6-9fde-2842194cc6a5\"> solutions <\/em>en fonction des demandes de votre march\u00e9 et des politiques r\u00e9gionales de r\u00e9duction du plastique, garantissant une approche durable et responsable de la gestion des d\u00e9chets.<\/p>\t\t\t\t\t\t<\/div>\n\t\t\t\t<\/div>\n\t\t\t\t<div class=\"elementor-element elementor-element-bc6210d uael-button-halign-center uael-button-stack-none elementor-widget elementor-widget-uael-buttons\" data-id=\"bc6210d\" data-element_type=\"widget\" data-widget_type=\"uael-buttons.default\">\n\t\t\t\t<div class=\"elementor-widget-container\">\n\t\t\t\t\t<div class=\"uael-dual-button-outer-wrap\">\n\t\t\t<div class=\"uael-dual-button-wrap\">\n\t\t\t\t\t\t\t\t<div class=\"uael-button-wrapper elementor-button-wrapper uael-dual-button elementor-repeater-item-0258dc6 uael-dual-button-0\">\n\t\t\t\t\t<a class=\"elementor-button-link elementor-button elementor-size-sm elementor-button-link\" href=\"#elementor-action:action=popup:open&settings=eyJpZCI6IjY4MjMiLCJ0b2dnbGUiOmZhbHNlfQ==\">\n\t\t\t\t\t\t\t\t<span class=\"elementor-button-content-wrapper uael-buttons-icon-\">\n\t\t\t\t\t\t\t\t\t\t\t\t<span class=\"elementor-align-icon- elementor-button-icon\">\n\t\t\t\t\t\t\t\t\t\t\t<\/span>\n\t\t\t\t\t\t\t\t\t\t<span class=\"elementor-button-text elementor-inline-editing\" data-elementor-setting-key=\"buttons.0.text\" data-elementor-inline-editing-toolbar=\"none\">Obtenir un devis<\/span>\n\t\t<\/span>\n\t\t\t\t\t\t\t<\/a>\n\t\t\t\t<\/div>\n\t\t\t\t\t\t\t<\/div>\n\t\t<\/div>\n\t\t\t\t<\/div>\n\t\t\t\t<\/div>\n\t\t\t\t\t<\/div>\n\t\t<\/div>\n\t\t\t\t\t\t\t<\/div>\n\t\t<\/section>\n\t\t\t\t<section class=\"elementor-section elementor-inner-section elementor-element elementor-element-26fcf67 custom-ele-section-css elementor-section-boxed elementor-section-height-default elementor-section-height-default\" data-id=\"26fcf67\" data-element_type=\"section\" data-settings=\"{&quot;background_background&quot;:&quot;classic&quot;,&quot;mdp_selection_sticky_effect_enable&quot;:false}\">\n\t\t\t\t\t\t<div class=\"elementor-container elementor-column-gap-default\">\n\t\t\t\t\t<div class=\"elementor-column elementor-col-50 elementor-inner-column elementor-element elementor-element-e6e089b\" data-id=\"e6e089b\" data-element_type=\"column\" data-settings=\"{&quot;mdp_selection_sticky_column_effect_enable&quot;:false}\">\n\t\t\t<div class=\"elementor-widget-wrap elementor-element-populated\">\n\t\t\t\t\t\t\t\t<div class=\"elementor-element elementor-element-1cab2bb elementor-widget elementor-widget-image\" data-id=\"1cab2bb\" data-element_type=\"widget\" data-widget_type=\"image.default\">\n\t\t\t\t<div class=\"elementor-widget-container\">\n\t\t\t\t\t\t\t\t\t\t\t\t\t\t\t<img loading=\"lazy\" decoding=\"async\" width=\"219\" height=\"338\" src=\"https:\/\/www.idaseco.com\/wp-content\/uploads\/2025\/07\/D-cut-bags.jpg\" class=\"attachment-full size-full wp-image-7889\" alt=\"\" srcset=\"https:\/\/www.idaseco.com\/wp-content\/uploads\/2025\/07\/D-cut-bags.jpg 219w, https:\/\/www.idaseco.com\/wp-content\/uploads\/2025\/07\/D-cut-bags-194x300.jpg 194w, https:\/\/www.idaseco.com\/wp-content\/uploads\/2025\/07\/D-cut-bags-8x12.jpg 8w\" sizes=\"(max-width: 219px) 100vw, 219px\" \/>\t\t\t\t\t\t\t\t\t\t\t\t\t\t\t<\/div>\n\t\t\t\t<\/div>\n\t\t\t\t\t<\/div>\n\t\t<\/div>\n\t\t\t\t<div class=\"elementor-column elementor-col-50 elementor-inner-column elementor-element elementor-element-7b93184\" data-id=\"7b93184\" data-element_type=\"column\" data-settings=\"{&quot;mdp_selection_sticky_column_effect_enable&quot;:false}\">\n\t\t\t<div class=\"elementor-widget-wrap elementor-element-populated\">\n\t\t\t\t\t\t\t\t<div class=\"elementor-element elementor-element-ecf634e elementor-widget elementor-widget-heading\" data-id=\"ecf634e\" data-element_type=\"widget\" data-widget_type=\"heading.default\">\n\t\t\t\t<div class=\"elementor-widget-container\">\n\t\t\t<h3 class=\"elementor-heading-title elementor-size-default\">Sac D-Cut<\/h3>\t\t<\/div>\n\t\t\t\t<\/div>\n\t\t\t\t<div class=\"elementor-element elementor-element-86648a2 elementor-icon-list--layout-traditional elementor-list-item-link-full_width elementor-widget elementor-widget-icon-list\" data-id=\"86648a2\" data-element_type=\"widget\" data-widget_type=\"icon-list.default\">\n\t\t\t\t<div class=\"elementor-widget-container\">\n\t\t\t\t\t<ul class=\"elementor-icon-list-items\">\n\t\t\t\t\t\t\t<li class=\"elementor-icon-list-item\">\n\t\t\t\t\t\t\t\t\t\t\t<span class=\"elementor-icon-list-icon\">\n\t\t\t\t\t\t\t<i aria-hidden=\"true\" class=\"fas fa-check\"><\/i>\t\t\t\t\t\t<\/span>\n\t\t\t\t\t\t\t\t\t\t<span class=\"elementor-icon-list-text\">Mat\u00e9riau : PLA+PBAT+amidon de ma\u00efs<\/span>\n\t\t\t\t\t\t\t\t\t<\/li>\n\t\t\t\t\t\t\t\t<li class=\"elementor-icon-list-item\">\n\t\t\t\t\t\t\t\t\t\t\t<span class=\"elementor-icon-list-icon\">\n\t\t\t\t\t\t\t<i aria-hidden=\"true\" class=\"fas fa-check\"><\/i>\t\t\t\t\t\t<\/span>\n\t\t\t\t\t\t\t\t\t\t<span class=\"elementor-icon-list-text\">Personnalisation des couleurs, de la taille, de la conception, de l'emballage et de l'impression : accept\u00e9e<\/span>\n\t\t\t\t\t\t\t\t\t<\/li>\n\t\t\t\t\t\t\t\t<li class=\"elementor-icon-list-item\">\n\t\t\t\t\t\t\t\t\t\t\t<span class=\"elementor-icon-list-icon\">\n\t\t\t\t\t\t\t<i aria-hidden=\"true\" class=\"fas fa-check\"><\/i>\t\t\t\t\t\t<\/span>\n\t\t\t\t\t\t\t\t\t\t<span class=\"elementor-icon-list-text\">MOQ : aucune exigence<\/span>\n\t\t\t\t\t\t\t\t\t<\/li>\n\t\t\t\t\t\t\t\t<li class=\"elementor-icon-list-item\">\n\t\t\t\t\t\t\t\t\t\t\t<span class=\"elementor-icon-list-icon\">\n\t\t\t\t\t\t\t<i aria-hidden=\"true\" class=\"fas fa-check\"><\/i>\t\t\t\t\t\t<\/span>\n\t\t\t\t\t\t\t\t\t\t<span class=\"elementor-icon-list-text\">D\u00e9lai de livraison : 15 jours<\/span>\n\t\t\t\t\t\t\t\t\t<\/li>\n\t\t\t\t\t\t<\/ul>\n\t\t\t\t<\/div>\n\t\t\t\t<\/div>\n\t\t\t\t<div class=\"elementor-element elementor-element-e2e4971 elementor-widget elementor-widget-text-editor\" data-id=\"e2e4971\" data-element_type=\"widget\" data-widget_type=\"text-editor.default\">\n\t\t\t\t<div class=\"elementor-widget-container\">\n\t\t\t\t\t\t\t<p>Vous cherchez une alternative plus intelligente aux sacs en plastique traditionnels ? Nos sacs D-cut ne sont pas des sacs comme les autres ; ils changent la donne ! Fabriqu\u00e9s \u00e0 partir de mat\u00e9riaux biod\u00e9gradables, ces sacs vous permettent de passer au vert sans faire de compromis sur la qualit\u00e9 ou la commodit\u00e9.<\/p><p>Parfait pour les importateurs, <em class=\"Highlight htedd1e23e-48ea-4ff6-9fde-2842194cc6a5\">grossistes<\/em>Qu'il s'agisse de vendeurs en ligne, de marques, de d\u00e9taillants, de supermarch\u00e9s ou autres, ces sacs sont con\u00e7us pour r\u00e9pondre \u00e0 vos besoins. Vous souhaitez une personnalisation ? Pas de probl\u00e8me ! Nous vous proposons diff\u00e9rentes tailles, couleurs et options de marquage pour r\u00e9pondre \u00e0 votre style.<\/p><p>Imaginez : des sacs solides et \u00e9cologiques que vos clients vont adorer. Que vous fassiez des stocks pour votre magasin de d\u00e9tail, votre plateforme en ligne ou que vous les distribuiez \u00e0 d'autres entreprises, nos sacs D-cut sont le choix \u00e9cologique par excellence.<\/p><p>Il ne s'agit pas seulement de sacs, mais d'une d\u00e9claration - une d\u00e9claration de votre engagement en faveur de l'environnement et de la qualit\u00e9. Alors, faisons la diff\u00e9rence ensemble, un sac \u00e0 la fois. Prenez contact avec nous et discutons de la mani\u00e8re dont nous pouvons adapter ces fantastiques sacs D-cut \u00e0 votre entreprise !<\/p>\t\t\t\t\t\t<\/div>\n\t\t\t\t<\/div>\n\t\t\t\t<div class=\"elementor-element elementor-element-22ed5e8 uael-button-halign-center uael-button-stack-none elementor-widget elementor-widget-uael-buttons\" data-id=\"22ed5e8\" data-element_type=\"widget\" data-widget_type=\"uael-buttons.default\">\n\t\t\t\t<div class=\"elementor-widget-container\">\n\t\t\t\t\t<div class=\"uael-dual-button-outer-wrap\">\n\t\t\t<div class=\"uael-dual-button-wrap\">\n\t\t\t\t\t\t\t\t<div class=\"uael-button-wrapper elementor-button-wrapper uael-dual-button elementor-repeater-item-0258dc6 uael-dual-button-0\">\n\t\t\t\t\t<a class=\"elementor-button-link elementor-button elementor-size-sm elementor-button-link\" href=\"#elementor-action:action=popup:open&settings=eyJpZCI6IjY4MjMiLCJ0b2dnbGUiOmZhbHNlfQ==\">\n\t\t\t\t\t\t\t\t<span class=\"elementor-button-content-wrapper uael-buttons-icon-\">\n\t\t\t\t\t\t\t\t\t\t\t\t<span class=\"elementor-align-icon- elementor-button-icon\">\n\t\t\t\t\t\t\t\t\t\t\t<\/span>\n\t\t\t\t\t\t\t\t\t\t<span class=\"elementor-button-text elementor-inline-editing\" data-elementor-setting-key=\"buttons.0.text\" data-elementor-inline-editing-toolbar=\"none\">Obtenir un devis<\/span>\n\t\t<\/span>\n\t\t\t\t\t\t\t<\/a>\n\t\t\t\t<\/div>\n\t\t\t\t\t\t\t<\/div>\n\t\t<\/div>\n\t\t\t\t<\/div>\n\t\t\t\t<\/div>\n\t\t\t\t\t<\/div>\n\t\t<\/div>\n\t\t\t\t\t\t\t<\/div>\n\t\t<\/section>\n\t\t\t\t<section class=\"elementor-section elementor-inner-section elementor-element elementor-element-93569de custom-ele-section-css elementor-section-boxed elementor-section-height-default elementor-section-height-default\" data-id=\"93569de\" data-element_type=\"section\" data-settings=\"{&quot;background_background&quot;:&quot;classic&quot;,&quot;mdp_selection_sticky_effect_enable&quot;:false}\">\n\t\t\t\t\t\t<div class=\"elementor-container elementor-column-gap-default\">\n\t\t\t\t\t<div class=\"elementor-column elementor-col-50 elementor-inner-column elementor-element elementor-element-d494240\" data-id=\"d494240\" data-element_type=\"column\" data-settings=\"{&quot;mdp_selection_sticky_column_effect_enable&quot;:false}\">\n\t\t\t<div class=\"elementor-widget-wrap elementor-element-populated\">\n\t\t\t\t\t\t\t\t<div class=\"elementor-element elementor-element-2464a0c elementor-widget elementor-widget-image\" data-id=\"2464a0c\" data-element_type=\"widget\" data-widget_type=\"image.default\">\n\t\t\t\t<div class=\"elementor-widget-container\">\n\t\t\t\t\t\t\t\t\t\t\t\t\t\t\t<img loading=\"lazy\" decoding=\"async\" width=\"1920\" height=\"2560\" src=\"https:\/\/www.idaseco.com\/wp-content\/uploads\/2024\/01\/biodegradable-poop-bags-for-dogs-scaled.jpg\" class=\"attachment-full size-full wp-image-5671\" alt=\"\" srcset=\"https:\/\/www.idaseco.com\/wp-content\/uploads\/2024\/01\/biodegradable-poop-bags-for-dogs-scaled.jpg 1920w, https:\/\/www.idaseco.com\/wp-content\/uploads\/2024\/01\/biodegradable-poop-bags-for-dogs-225x300.jpg 225w, https:\/\/www.idaseco.com\/wp-content\/uploads\/2024\/01\/biodegradable-poop-bags-for-dogs-768x1024.jpg 768w, https:\/\/www.idaseco.com\/wp-content\/uploads\/2024\/01\/biodegradable-poop-bags-for-dogs-1152x1536.jpg 1152w, https:\/\/www.idaseco.com\/wp-content\/uploads\/2024\/01\/biodegradable-poop-bags-for-dogs-1536x2048.jpg 1536w, https:\/\/www.idaseco.com\/wp-content\/uploads\/2024\/01\/biodegradable-poop-bags-for-dogs-600x800.jpg 600w\" sizes=\"(max-width: 1920px) 100vw, 1920px\" \/>\t\t\t\t\t\t\t\t\t\t\t\t\t\t\t<\/div>\n\t\t\t\t<\/div>\n\t\t\t\t\t<\/div>\n\t\t<\/div>\n\t\t\t\t<div class=\"elementor-column elementor-col-50 elementor-inner-column elementor-element elementor-element-2f8b2bb\" data-id=\"2f8b2bb\" data-element_type=\"column\" data-settings=\"{&quot;mdp_selection_sticky_column_effect_enable&quot;:false}\">\n\t\t\t<div class=\"elementor-widget-wrap elementor-element-populated\">\n\t\t\t\t\t\t\t\t<div class=\"elementor-element elementor-element-baa8a76 elementor-widget elementor-widget-heading\" data-id=\"baa8a76\" data-element_type=\"widget\" data-widget_type=\"heading.default\">\n\t\t\t\t<div class=\"elementor-widget-container\">\n\t\t\t<h3 class=\"elementor-heading-title elementor-size-default\">Sacs \u00e0 crottes biod\u00e9gradables pour chiens<\/h3>\t\t<\/div>\n\t\t\t\t<\/div>\n\t\t\t\t<div class=\"elementor-element elementor-element-c1a8b4a elementor-icon-list--layout-traditional elementor-list-item-link-full_width elementor-widget elementor-widget-icon-list\" data-id=\"c1a8b4a\" data-element_type=\"widget\" data-widget_type=\"icon-list.default\">\n\t\t\t\t<div class=\"elementor-widget-container\">\n\t\t\t\t\t<ul class=\"elementor-icon-list-items\">\n\t\t\t\t\t\t\t<li class=\"elementor-icon-list-item\">\n\t\t\t\t\t\t\t\t\t\t\t<span class=\"elementor-icon-list-icon\">\n\t\t\t\t\t\t\t<i aria-hidden=\"true\" class=\"fas fa-check\"><\/i>\t\t\t\t\t\t<\/span>\n\t\t\t\t\t\t\t\t\t\t<span class=\"elementor-icon-list-text\">Mat\u00e9riau : PLA+PBAT+amidon de ma\u00efs<\/span>\n\t\t\t\t\t\t\t\t\t<\/li>\n\t\t\t\t\t\t\t\t<li class=\"elementor-icon-list-item\">\n\t\t\t\t\t\t\t\t\t\t\t<span class=\"elementor-icon-list-icon\">\n\t\t\t\t\t\t\t<i aria-hidden=\"true\" class=\"fas fa-check\"><\/i>\t\t\t\t\t\t<\/span>\n\t\t\t\t\t\t\t\t\t\t<span class=\"elementor-icon-list-text\">Personnalisation des couleurs, de la taille, de la conception, de l'emballage et de l'impression : accept\u00e9e<\/span>\n\t\t\t\t\t\t\t\t\t<\/li>\n\t\t\t\t\t\t\t\t<li class=\"elementor-icon-list-item\">\n\t\t\t\t\t\t\t\t\t\t\t<span class=\"elementor-icon-list-icon\">\n\t\t\t\t\t\t\t<i aria-hidden=\"true\" class=\"fas fa-check\"><\/i>\t\t\t\t\t\t<\/span>\n\t\t\t\t\t\t\t\t\t\t<span class=\"elementor-icon-list-text\">MOQ : aucune exigence<\/span>\n\t\t\t\t\t\t\t\t\t<\/li>\n\t\t\t\t\t\t\t\t<li class=\"elementor-icon-list-item\">\n\t\t\t\t\t\t\t\t\t\t\t<span class=\"elementor-icon-list-icon\">\n\t\t\t\t\t\t\t<i aria-hidden=\"true\" class=\"fas fa-check\"><\/i>\t\t\t\t\t\t<\/span>\n\t\t\t\t\t\t\t\t\t\t<span class=\"elementor-icon-list-text\">D\u00e9lai de livraison : 15 jours<\/span>\n\t\t\t\t\t\t\t\t\t<\/li>\n\t\t\t\t\t\t<\/ul>\n\t\t\t\t<\/div>\n\t\t\t\t<\/div>\n\t\t\t\t<div class=\"elementor-element elementor-element-e64c7d3 elementor-widget elementor-widget-text-editor\" data-id=\"e64c7d3\" data-element_type=\"widget\" data-widget_type=\"text-editor.default\">\n\t\t\t\t<div class=\"elementor-widget-container\">\n\t\t\t\t\t\t\t<p>Bonjour \u00e0 tous les amoureux des animaux de compagnie et aux entreprises avis\u00e9es ! Parlons de nos sacs \u00e0 crottes biod\u00e9gradables pour chiens qui changent la donne. Vous avez bien entendu : ces sacs ne servent pas seulement \u00e0 ramasser les excr\u00e9ments de vos amis \u00e0 fourrure ; ils constituent une r\u00e9volution \u00e9cologique !<\/p><p>Pour les importateurs, <em class=\"Highlight htedd1e23e-48ea-4ff6-9fde-2842194cc6a5\">grossistes<\/em>Pour les vendeurs en ligne, les marques, les d\u00e9taillants, les supermarch\u00e9s et tous les clients qui aiment les animaux, ces sacs sont indispensables. Fabriqu\u00e9s \u00e0 partir de mat\u00e9riaux biod\u00e9gradables, ce sont des sacs sans culpabilit\u00e9.<em class=\"Highlight htedd1e23e-48ea-4ff6-9fde-2842194cc6a5\"> solution <\/em>pour pr\u00e9server la propret\u00e9 de l'environnement tout en gardant l'espace de vos amis \u00e0 fourrure bien rang\u00e9.<\/p><p>Qu'est-ce qui nous distingue ? La personnalisation \u00e0 profusion ! Adaptez ces sacs \u00e0 crottes \u00e0 l'image de votre marque ou de votre magasin en choisissant parmi diff\u00e9rentes tailles, impressions et couleurs. Imaginez : des sacs \u00e0 crottes de qualit\u00e9 sup\u00e9rieure et respectueux de l'environnement qui s'envolent de vos rayons ou qui sont cliqu\u00e9s dans les paniers de votre boutique en ligne.<\/p><p>Il ne s'agit pas de n'importe quel sac \u00e0 crottes ; c'est l'occasion de faire la diff\u00e9rence. En choisissant nos sacs biod\u00e9gradables, vous ne vous contentez pas de pr\u00e9server la propret\u00e9 des rues et des parcs, vous affirmez votre engagement en faveur du d\u00e9veloppement durable.<\/p><p>Alors, faisons \u00e9quipe et rendons le monde plus propre, un sac \u00e0 crottes \u00e0 la fois. Contactez-nous d\u00e8s aujourd'hui et discutons de la mani\u00e8re dont nous pouvons personnaliser ces sacs \u00e0 crottes \u00e9cologiques pour qu'ils s'adaptent parfaitement \u00e0 votre entreprise !<\/p>\t\t\t\t\t\t<\/div>\n\t\t\t\t<\/div>\n\t\t\t\t<div class=\"elementor-element elementor-element-13d6e26 uael-button-halign-center uael-button-stack-none elementor-widget elementor-widget-uael-buttons\" data-id=\"13d6e26\" data-element_type=\"widget\" data-widget_type=\"uael-buttons.default\">\n\t\t\t\t<div class=\"elementor-widget-container\">\n\t\t\t\t\t<div class=\"uael-dual-button-outer-wrap\">\n\t\t\t<div class=\"uael-dual-button-wrap\">\n\t\t\t\t\t\t\t\t<div class=\"uael-button-wrapper elementor-button-wrapper uael-dual-button elementor-repeater-item-0258dc6 uael-dual-button-0\">\n\t\t\t\t\t<a class=\"elementor-button-link elementor-button elementor-size-sm elementor-button-link\" href=\"#elementor-action:action=popup:open&settings=eyJpZCI6IjY4MjMiLCJ0b2dnbGUiOmZhbHNlfQ==\">\n\t\t\t\t\t\t\t\t<span class=\"elementor-button-content-wrapper uael-buttons-icon-\">\n\t\t\t\t\t\t\t\t\t\t\t\t<span class=\"elementor-align-icon- elementor-button-icon\">\n\t\t\t\t\t\t\t\t\t\t\t<\/span>\n\t\t\t\t\t\t\t\t\t\t<span class=\"elementor-button-text elementor-inline-editing\" data-elementor-setting-key=\"buttons.0.text\" data-elementor-inline-editing-toolbar=\"none\">Obtenir un devis<\/span>\n\t\t<\/span>\n\t\t\t\t\t\t\t<\/a>\n\t\t\t\t<\/div>\n\t\t\t\t\t\t\t<\/div>\n\t\t<\/div>\n\t\t\t\t<\/div>\n\t\t\t\t<\/div>\n\t\t\t\t\t<\/div>\n\t\t<\/div>\n\t\t\t\t\t\t\t<\/div>\n\t\t<\/section>\n\t\t\t\t<section class=\"elementor-section elementor-inner-section elementor-element elementor-element-9db4fca custom-ele-section-css elementor-section-boxed elementor-section-height-default elementor-section-height-default\" data-id=\"9db4fca\" data-element_type=\"section\" data-settings=\"{&quot;background_background&quot;:&quot;classic&quot;,&quot;mdp_selection_sticky_effect_enable&quot;:false}\">\n\t\t\t\t\t\t<div class=\"elementor-container elementor-column-gap-default\">\n\t\t\t\t\t<div class=\"elementor-column elementor-col-50 elementor-inner-column elementor-element elementor-element-a2122db\" data-id=\"a2122db\" data-element_type=\"column\" data-settings=\"{&quot;mdp_selection_sticky_column_effect_enable&quot;:false}\">\n\t\t\t<div class=\"elementor-widget-wrap elementor-element-populated\">\n\t\t\t\t\t\t\t\t<div class=\"elementor-element elementor-element-0dbe0e6 elementor-widget elementor-widget-image\" data-id=\"0dbe0e6\" data-element_type=\"widget\" data-widget_type=\"image.default\">\n\t\t\t\t<div class=\"elementor-widget-container\">\n\t\t\t\t\t\t\t\t\t\t\t\t\t\t\t<img loading=\"lazy\" decoding=\"async\" width=\"972\" height=\"895\" src=\"https:\/\/www.idaseco.com\/wp-content\/uploads\/2024\/09\/non-woven-eco-bag.png\" class=\"attachment-full size-full wp-image-7839\" alt=\"Sac \u00e9cologique en non-tiss\u00e9 noir fabriqu\u00e9 \u00e0 partir de fibres v\u00e9g\u00e9tales biod\u00e9gradables, con\u00e7u pour prot\u00e9ger un t\u00e9l\u00e9phone de la poussi\u00e8re et offrir une solution d&#039;emballage respectueuse de l&#039;environnement.\" srcset=\"https:\/\/www.idaseco.com\/wp-content\/uploads\/2024\/09\/non-woven-eco-bag.png 972w, https:\/\/www.idaseco.com\/wp-content\/uploads\/2024\/09\/non-woven-eco-bag-300x276.png 300w, https:\/\/www.idaseco.com\/wp-content\/uploads\/2024\/09\/non-woven-eco-bag-768x707.png 768w, https:\/\/www.idaseco.com\/wp-content\/uploads\/2024\/09\/non-woven-eco-bag-13x12.png 13w, https:\/\/www.idaseco.com\/wp-content\/uploads\/2024\/09\/non-woven-eco-bag-600x552.png 600w\" sizes=\"(max-width: 972px) 100vw, 972px\" \/>\t\t\t\t\t\t\t\t\t\t\t\t\t\t\t<\/div>\n\t\t\t\t<\/div>\n\t\t\t\t<div class=\"elementor-element elementor-element-846f744 elementor-widget elementor-widget-image\" data-id=\"846f744\" data-element_type=\"widget\" data-widget_type=\"image.default\">\n\t\t\t\t<div class=\"elementor-widget-container\">\n\t\t\t\t\t\t\t\t\t\t\t\t\t\t\t<img loading=\"lazy\" decoding=\"async\" width=\"768\" height=\"596\" src=\"https:\/\/www.idaseco.com\/wp-content\/uploads\/2024\/09\/non-woven-fabrics-768x596.png\" class=\"attachment-medium_large size-medium_large wp-image-7840\" alt=\"Tissu non-tiss\u00e9 blanc fabriqu\u00e9 \u00e0 partir de fibres v\u00e9g\u00e9tales biod\u00e9gradables, utilis\u00e9 pour prot\u00e9ger les lentilles et les rendre \u00e9tanches \u00e0 la poussi\u00e8re, offrant ainsi une solution d&#039;emballage \u00e9cologique et verte.\" srcset=\"https:\/\/www.idaseco.com\/wp-content\/uploads\/2024\/09\/non-woven-fabrics-768x596.png 768w, https:\/\/www.idaseco.com\/wp-content\/uploads\/2024\/09\/non-woven-fabrics-300x233.png 300w, https:\/\/www.idaseco.com\/wp-content\/uploads\/2024\/09\/non-woven-fabrics-1024x794.png 1024w, https:\/\/www.idaseco.com\/wp-content\/uploads\/2024\/09\/non-woven-fabrics-15x12.png 15w, https:\/\/www.idaseco.com\/wp-content\/uploads\/2024\/09\/non-woven-fabrics-600x466.png 600w, https:\/\/www.idaseco.com\/wp-content\/uploads\/2024\/09\/non-woven-fabrics.png 1102w\" sizes=\"(max-width: 768px) 100vw, 768px\" \/>\t\t\t\t\t\t\t\t\t\t\t\t\t\t\t<\/div>\n\t\t\t\t<\/div>\n\t\t\t\t<div class=\"elementor-element elementor-element-437a519 elementor-widget elementor-widget-image\" data-id=\"437a519\" data-element_type=\"widget\" data-widget_type=\"image.default\">\n\t\t\t\t<div class=\"elementor-widget-container\">\n\t\t\t\t\t\t\t\t\t\t\t\t\t\t\t<img loading=\"lazy\" decoding=\"async\" width=\"690\" height=\"684\" src=\"https:\/\/www.idaseco.com\/wp-content\/uploads\/2024\/09\/non-woven-fabric-manufacturer-.png\" class=\"attachment-large size-large wp-image-7842\" alt=\"Tissu non-tiss\u00e9 blanc fabriqu\u00e9 \u00e0 partir de fibres v\u00e9g\u00e9tales biod\u00e9gradables, utilis\u00e9 comme housse de protection et anti-poussi\u00e8re pour les volants de voiture. Emballage \u00e9cologique, personnalisable pour diverses applications.\" srcset=\"https:\/\/www.idaseco.com\/wp-content\/uploads\/2024\/09\/non-woven-fabric-manufacturer-.png 690w, https:\/\/www.idaseco.com\/wp-content\/uploads\/2024\/09\/non-woven-fabric-manufacturer--300x297.png 300w, https:\/\/www.idaseco.com\/wp-content\/uploads\/2024\/09\/non-woven-fabric-manufacturer--150x150.png 150w, https:\/\/www.idaseco.com\/wp-content\/uploads\/2024\/09\/non-woven-fabric-manufacturer--12x12.png 12w, https:\/\/www.idaseco.com\/wp-content\/uploads\/2024\/09\/non-woven-fabric-manufacturer--600x595.png 600w, https:\/\/www.idaseco.com\/wp-content\/uploads\/2024\/09\/non-woven-fabric-manufacturer--100x100.png 100w, https:\/\/www.idaseco.com\/wp-content\/uploads\/2024\/09\/non-woven-fabric-manufacturer--50x50.png 50w\" sizes=\"(max-width: 690px) 100vw, 690px\" \/>\t\t\t\t\t\t\t\t\t\t\t\t\t\t\t<\/div>\n\t\t\t\t<\/div>\n\t\t\t\t<div class=\"elementor-element elementor-element-93aec2b elementor-widget elementor-widget-image\" data-id=\"93aec2b\" data-element_type=\"widget\" data-widget_type=\"image.default\">\n\t\t\t\t<div class=\"elementor-widget-container\">\n\t\t\t\t\t\t\t\t\t\t\t\t\t\t\t<img loading=\"lazy\" decoding=\"async\" width=\"800\" height=\"744\" src=\"https:\/\/www.idaseco.com\/wp-content\/uploads\/2024\/09\/non-woven-fabric-bags-1024x952.png\" class=\"attachment-large size-large wp-image-7843\" alt=\"\" srcset=\"https:\/\/www.idaseco.com\/wp-content\/uploads\/2024\/09\/non-woven-fabric-bags-1024x952.png 1024w, https:\/\/www.idaseco.com\/wp-content\/uploads\/2024\/09\/non-woven-fabric-bags-300x279.png 300w, https:\/\/www.idaseco.com\/wp-content\/uploads\/2024\/09\/non-woven-fabric-bags-768x714.png 768w, https:\/\/www.idaseco.com\/wp-content\/uploads\/2024\/09\/non-woven-fabric-bags-13x12.png 13w, https:\/\/www.idaseco.com\/wp-content\/uploads\/2024\/09\/non-woven-fabric-bags-600x558.png 600w, https:\/\/www.idaseco.com\/wp-content\/uploads\/2024\/09\/non-woven-fabric-bags.png 1113w\" sizes=\"(max-width: 800px) 100vw, 800px\" \/>\t\t\t\t\t\t\t\t\t\t\t\t\t\t\t<\/div>\n\t\t\t\t<\/div>\n\t\t\t\t<div class=\"elementor-element elementor-element-ea205b0 elementor-widget elementor-widget-image\" data-id=\"ea205b0\" data-element_type=\"widget\" data-widget_type=\"image.default\">\n\t\t\t\t<div class=\"elementor-widget-container\">\n\t\t\t\t\t\t\t\t\t\t\t\t\t\t\t<img loading=\"lazy\" decoding=\"async\" width=\"800\" height=\"789\" src=\"https:\/\/www.idaseco.com\/wp-content\/uploads\/2024\/09\/non-woven-fabric-bags-wholesale-1024x1010.png\" class=\"attachment-large size-large wp-image-7844\" alt=\"Les sacs en papier glassine respectueux de l&#039;environnement et biod\u00e9gradables sont des emballages sans plastique et durables. Ils conviennent parfaitement aux v\u00eatements. Ils sont principalement utilis\u00e9s dans les usines de v\u00eatements, les magasins de v\u00eatements, etc.\" srcset=\"https:\/\/www.idaseco.com\/wp-content\/uploads\/2024\/09\/non-woven-fabric-bags-wholesale-1024x1010.png 1024w, https:\/\/www.idaseco.com\/wp-content\/uploads\/2024\/09\/non-woven-fabric-bags-wholesale-300x296.png 300w, https:\/\/www.idaseco.com\/wp-content\/uploads\/2024\/09\/non-woven-fabric-bags-wholesale-768x758.png 768w, https:\/\/www.idaseco.com\/wp-content\/uploads\/2024\/09\/non-woven-fabric-bags-wholesale-12x12.png 12w, https:\/\/www.idaseco.com\/wp-content\/uploads\/2024\/09\/non-woven-fabric-bags-wholesale-600x592.png 600w, https:\/\/www.idaseco.com\/wp-content\/uploads\/2024\/09\/non-woven-fabric-bags-wholesale-100x100.png 100w, https:\/\/www.idaseco.com\/wp-content\/uploads\/2024\/09\/non-woven-fabric-bags-wholesale-50x50.png 50w, https:\/\/www.idaseco.com\/wp-content\/uploads\/2024\/09\/non-woven-fabric-bags-wholesale.png 1123w\" sizes=\"(max-width: 800px) 100vw, 800px\" \/>\t\t\t\t\t\t\t\t\t\t\t\t\t\t\t<\/div>\n\t\t\t\t<\/div>\n\t\t\t\t\t<\/div>\n\t\t<\/div>\n\t\t\t\t<div class=\"elementor-column elementor-col-50 elementor-inner-column elementor-element elementor-element-b368223\" data-id=\"b368223\" data-element_type=\"column\" data-settings=\"{&quot;mdp_selection_sticky_column_effect_enable&quot;:false}\">\n\t\t\t<div class=\"elementor-widget-wrap elementor-element-populated\">\n\t\t\t\t\t\t\t\t<div class=\"elementor-element elementor-element-0724e77 elementor-widget elementor-widget-heading\" data-id=\"0724e77\" data-element_type=\"widget\" data-widget_type=\"heading.default\">\n\t\t\t\t<div class=\"elementor-widget-container\">\n\t\t\t<h3 class=\"elementor-heading-title elementor-size-default\">Fabricant de sacs non tiss\u00e9s<\/h3>\t\t<\/div>\n\t\t\t\t<\/div>\n\t\t\t\t<div class=\"elementor-element elementor-element-e5c39aa elementor-icon-list--layout-traditional elementor-list-item-link-full_width elementor-widget elementor-widget-icon-list\" data-id=\"e5c39aa\" data-element_type=\"widget\" data-widget_type=\"icon-list.default\">\n\t\t\t\t<div class=\"elementor-widget-container\">\n\t\t\t\t\t<ul class=\"elementor-icon-list-items\">\n\t\t\t\t\t\t\t<li class=\"elementor-icon-list-item\">\n\t\t\t\t\t\t\t\t\t\t\t<span class=\"elementor-icon-list-icon\">\n\t\t\t\t\t\t\t<i aria-hidden=\"true\" class=\"fas fa-check\"><\/i>\t\t\t\t\t\t<\/span>\n\t\t\t\t\t\t\t\t\t\t<span class=\"elementor-icon-list-text\">Mat\u00e9riau : fibre v\u00e9g\u00e9tale<\/span>\n\t\t\t\t\t\t\t\t\t<\/li>\n\t\t\t\t\t\t\t\t<li class=\"elementor-icon-list-item\">\n\t\t\t\t\t\t\t\t\t\t\t<span class=\"elementor-icon-list-icon\">\n\t\t\t\t\t\t\t<i aria-hidden=\"true\" class=\"fas fa-check\"><\/i>\t\t\t\t\t\t<\/span>\n\t\t\t\t\t\t\t\t\t\t<span class=\"elementor-icon-list-text\">Personnalisation des couleurs, de la taille, de la conception, de l'emballage, de l'impression, de l'application : accept\u00e9e<\/span>\n\t\t\t\t\t\t\t\t\t<\/li>\n\t\t\t\t\t\t\t\t<li class=\"elementor-icon-list-item\">\n\t\t\t\t\t\t\t\t\t\t\t<span class=\"elementor-icon-list-icon\">\n\t\t\t\t\t\t\t<i aria-hidden=\"true\" class=\"fas fa-check\"><\/i>\t\t\t\t\t\t<\/span>\n\t\t\t\t\t\t\t\t\t\t<span class=\"elementor-icon-list-text\">MOQ : aucune exigence<\/span>\n\t\t\t\t\t\t\t\t\t<\/li>\n\t\t\t\t\t\t\t\t<li class=\"elementor-icon-list-item\">\n\t\t\t\t\t\t\t\t\t\t\t<span class=\"elementor-icon-list-icon\">\n\t\t\t\t\t\t\t<i aria-hidden=\"true\" class=\"fas fa-check\"><\/i>\t\t\t\t\t\t<\/span>\n\t\t\t\t\t\t\t\t\t\t<span class=\"elementor-icon-list-text\">D\u00e9lai de livraison : 3-5 jours pour les petites quantit\u00e9s<\/span>\n\t\t\t\t\t\t\t\t\t<\/li>\n\t\t\t\t\t\t<\/ul>\n\t\t\t\t<\/div>\n\t\t\t\t<\/div>\n\t\t\t\t<div class=\"elementor-element elementor-element-97c448e elementor-widget__width-initial elementor-widget elementor-widget-text-editor\" data-id=\"97c448e\" data-element_type=\"widget\" data-widget_type=\"text-editor.default\">\n\t\t\t\t<div class=\"elementor-widget-container\">\n\t\t\t\t\t\t\t<p><strong>Sac non tiss\u00e9 \u00e9cologique <em class=\"Highlight htedd1e23e-48ea-4ff6-9fde-2842194cc6a5\">Fabricant<\/em>: Votre emballage durable <em class=\"Highlight htedd1e23e-48ea-4ff6-9fde-2842194cc6a5\">Solution<\/em><\/strong><\/p><p>Chez IDA'S ECO, nous nous consacrons \u00e0 la production de produits de haute performance. <strong>sacs en fibres v\u00e9g\u00e9tales non tiss\u00e9es<\/strong> qui sont respectueux de l'environnement, biod\u00e9gradables et con\u00e7us pour r\u00e9pondre aux divers besoins des industries du monde entier. Notre gamme de produits comprend<\/p><ul><li><strong>Emballage pour l'\u00e9lectronique num\u00e9rique<\/strong>: Parfait pour les t\u00e9l\u00e9phones, souris, claviers et autres appareils num\u00e9riques, les prot\u00e9geant de la poussi\u00e8re et des rayures.<\/li><li><strong>Emballage des composants optiques<\/strong>: Con\u00e7u pour les \u00e9quipements optiques, les lentilles et les lunettes, il offre une protection sup\u00e9rieure contre la poussi\u00e8re et les rayures.<\/li><li><strong>Emballage pour les produits sanitaires et de quincaillerie<\/strong>: Id\u00e9al pour les produits sanitaires et de quincaillerie, assurant une protection contre les dommages pendant le transport et le stockage.<\/li><li><strong>Emballage des pi\u00e8ces automobiles<\/strong>: Convient aux composants automobiles tels que les moyeux de roue, offrant une protection s\u00fbre contre l'usure.<\/li><li><strong>Sacs en papier d\u00e9gradables sans plastique et respectueux de l'environnement<\/strong>: Polyvalent, durable et biod\u00e9gradable, il offre une protection contre la poussi\u00e8re tout en respectant l'environnement.<\/li><\/ul><p>\u00a0<\/p><p><strong>Pourquoi choisir nos produits ?<\/strong><br \/>Notre<strong> fibre v\u00e9g\u00e9tale<\/strong> les mat\u00e9riaux d'emballage sont <strong>vert, sans plastique et enti\u00e8rement biod\u00e9gradable<\/strong>Les emballages sont fabriqu\u00e9s \u00e0 partir de mati\u00e8res premi\u00e8res renouvelables, ce qui garantit qu'ils sont \u00e0 la fois protecteurs et respectueux de l'environnement. Chaque emballage <em class=\"Highlight htedd1e23e-48ea-4ff6-9fde-2842194cc6a5\">solution<\/em> est soigneusement con\u00e7u avec les caract\u00e9ristiques suivantes :<\/p><ul><li><strong>Structure scientifique, technique et de protection<\/strong>: Nos emballages sont con\u00e7us dans un souci de fonctionnalit\u00e9, de facilit\u00e9 d'utilisation et de responsabilit\u00e9 environnementale.<\/li><li><strong>Mod\u00e8les personnalisables<\/strong>: Nous proposons une conception et un prototypage flexibles <em class=\"Highlight htedd1e23e-48ea-4ff6-9fde-2842194cc6a5\">services<\/em>Vous pouvez ainsi adapter l'emballage \u00e0 vos besoins sp\u00e9cifiques.<\/li><li><strong>Protection sup\u00e9rieure contre les rayures et l'usure<\/strong>: Fabriqu\u00e9 \u00e0 partir d'un tissu non tiss\u00e9 haute performance, lisse, doux et respectueux des produits, il \u00e9vite les rayures et les peluches, tout en offrant une excellente respirabilit\u00e9.<\/li><li><strong>Une production efficace<\/strong>: Gr\u00e2ce \u00e0 des lignes de production enti\u00e8rement automatis\u00e9es, nous garantissons des cycles de d\u00e9veloppement et de production rapides, r\u00e9duisant ainsi le d\u00e9lai de mise sur le march\u00e9.<\/li><li><strong>Valeur \u00e9cologique<\/strong>: Nos sacs en fibres v\u00e9g\u00e9tales non tiss\u00e9es sont conformes aux normes environnementales de l'UE et constituent une solution d'emballage durable.<\/li><li><strong>Publicit\u00e9 et strat\u00e9gie de marque<\/strong>: <em class=\"Highlight htedd1e23e-48ea-4ff6-9fde-2842194cc6a5\">Sur mesure<\/em> vous permettent de faire figurer votre marque et les informations relatives \u00e0 votre produit sur l'emballage, ce qui renforce la visibilit\u00e9 de votre marque \u00e0 moindre co\u00fbt.<\/li><\/ul><p>\u00a0<\/p><p>Associez-vous \u00e0 nous pour am\u00e9liorer la protection de vos produits tout en ayant un impact positif sur l'environnement. Travaillons ensemble pour cr\u00e9er <em class=\"Highlight htedd1e23e-48ea-4ff6-9fde-2842194cc6a5\">sur mesure<\/em> l'emballage <em class=\"Highlight htedd1e23e-48ea-4ff6-9fde-2842194cc6a5\">solutions<\/em> qui profitent \u00e0 la fois \u00e0 votre entreprise et \u00e0 la plan\u00e8te !<\/p>\t\t\t\t\t\t<\/div>\n\t\t\t\t<\/div>\n\t\t\t\t<div class=\"elementor-element elementor-element-7fd6781 uael-button-halign-center uael-button-stack-none elementor-widget elementor-widget-uael-buttons\" data-id=\"7fd6781\" data-element_type=\"widget\" data-widget_type=\"uael-buttons.default\">\n\t\t\t\t<div class=\"elementor-widget-container\">\n\t\t\t\t\t<div class=\"uael-dual-button-outer-wrap\">\n\t\t\t<div class=\"uael-dual-button-wrap\">\n\t\t\t\t\t\t\t\t<div class=\"uael-button-wrapper elementor-button-wrapper uael-dual-button elementor-repeater-item-0258dc6 uael-dual-button-0\">\n\t\t\t\t\t<a class=\"elementor-button-link elementor-button elementor-size-sm elementor-button-link\" href=\"#elementor-action:action=popup:open&settings=eyJpZCI6IjY4MjMiLCJ0b2dnbGUiOmZhbHNlfQ==\">\n\t\t\t\t\t\t\t\t<span class=\"elementor-button-content-wrapper uael-buttons-icon-\">\n\t\t\t\t\t\t\t\t\t\t\t\t<span class=\"elementor-align-icon- elementor-button-icon\">\n\t\t\t\t\t\t\t\t\t\t\t<\/span>\n\t\t\t\t\t\t\t\t\t\t<span class=\"elementor-button-text elementor-inline-editing\" data-elementor-setting-key=\"buttons.0.text\" data-elementor-inline-editing-toolbar=\"none\">Obtenir un devis<\/span>\n\t\t<\/span>\n\t\t\t\t\t\t\t<\/a>\n\t\t\t\t<\/div>\n\t\t\t\t\t\t\t<\/div>\n\t\t<\/div>\n\t\t\t\t<\/div>\n\t\t\t\t<\/div>\n\t\t\t\t\t<\/div>\n\t\t<\/div>\n\t\t\t\t\t\t\t<\/div>\n\t\t<\/section>\n\t\t\t\t\t<\/div>\n\t\t<\/div>\n\t\t\t\t\t\t\t<\/div>\n\t\t<\/section>\n\t\t\t\t<section class=\"elementor-section elementor-top-section elementor-element elementor-element-1fa5dcfb elementor-section-boxed elementor-section-height-default elementor-section-height-default\" data-id=\"1fa5dcfb\" data-element_type=\"section\" id=\"cost\" data-settings=\"{&quot;background_background&quot;:&quot;classic&quot;,&quot;mdp_selection_sticky_effect_enable&quot;:false}\">\n\t\t\t\t\t\t<div class=\"elementor-container elementor-column-gap-default\">\n\t\t\t\t\t<div class=\"elementor-column elementor-col-100 elementor-top-column elementor-element elementor-element-48104a9c\" data-id=\"48104a9c\" data-element_type=\"column\" data-settings=\"{&quot;mdp_selection_sticky_column_effect_enable&quot;:false}\">\n\t\t\t<div class=\"elementor-widget-wrap elementor-element-populated\">\n\t\t\t\t\t\t\t\t<div class=\"elementor-element elementor-element-e14c402 elementor-widget elementor-widget-menu-anchor\" data-id=\"e14c402\" data-element_type=\"widget\" data-widget_type=\"menu-anchor.default\">\n\t\t\t\t<div class=\"elementor-widget-container\">\n\t\t\t\t\t<div id=\"Certificates\" class=\"elementor-menu-anchor\"><\/div>\n\t\t\t\t<\/div>\n\t\t\t\t<\/div>\n\t\t\t\t<div class=\"elementor-element elementor-element-6ac4a28c uael-dual-heading-align-center elementor-widget elementor-widget-uael-dual-color-heading\" data-id=\"6ac4a28c\" data-element_type=\"widget\" data-widget_type=\"uael-dual-color-heading.default\">\n\t\t\t\t<div class=\"elementor-widget-container\">\n\t\t\t\t\t\t\t<div class=\"uael-module-content uael-dual-color-heading uael-heading-stack-none\">\n\t\t\t<h2>\n\t\t\t\t\t\t\t\t\t\t\t\t\t\t\t\t<span class=\"uael-before-heading\"><span class=\"elementor-inline-editing uael-dual-heading-text uael-first-text\" data-elementor-setting-key=\"before_heading_text\" data-elementor-inline-editing-toolbar=\"basic\">Sacs \u00e9cologiques <\/span><\/span><span class=\"uael-adv-heading-stack\"><span class=\"elementor-inline-editing uael-dual-heading-text uael-highlight-text\" data-elementor-setting-key=\"second_heading_text\" data-elementor-inline-editing-toolbar=\"basic\">Certifications<\/span><\/span><span class=\"uael-after-heading\"><span class=\"elementor-inline-editing uael-dual-heading-text uael-third-text\" data-elementor-setting-key=\"after_heading_text\" data-elementor-inline-editing-toolbar=\"basic\"> et normes<\/span><\/span>\t\t\t\t\t\t\t\t\t\t\t\t\t<\/h2>\n\t\t<\/div>\n\t\t\t\t<\/div>\n\t\t\t\t<\/div>\n\t\t\t\t<div class=\"elementor-element elementor-element-7f2061be elementor-widget elementor-widget-text-editor\" data-id=\"7f2061be\" data-element_type=\"widget\" data-widget_type=\"text-editor.default\">\n\t\t\t\t<div class=\"elementor-widget-container\">\n\t\t\t\t\t\t\t<p>Dans le module Certificats, nous pr\u00e9sentons notre engagement en mati\u00e8re de qualit\u00e9, de s\u00e9curit\u00e9 et de conformit\u00e9. Vous y trouverez les certifications et les accr\u00e9ditations qui valident nos produits. Ces certifications t\u00e9moignent de notre respect des normes et r\u00e9glementations internationales.<\/p>\t\t\t\t\t\t<\/div>\n\t\t\t\t<\/div>\n\t\t\t\t<div class=\"elementor-element elementor-element-0f25586 elementor-widget elementor-widget-image-gallery\" data-id=\"0f25586\" data-element_type=\"widget\" data-widget_type=\"image-gallery.default\">\n\t\t\t\t<div class=\"elementor-widget-container\">\n\t\t\t<style>\/*! elementor - v3.18.0 - 08-12-2023 *\/\n.elementor-image-gallery .gallery-item{display:inline-block;text-align:center;vertical-align:top;width:100%;max-width:100%;margin:0 auto}.elementor-image-gallery .gallery-item img{margin:0 auto}.elementor-image-gallery .gallery-item .gallery-caption{margin:0}.elementor-image-gallery figure img{display:block}.elementor-image-gallery figure figcaption{width:100%}.gallery-spacing-custom .elementor-image-gallery .gallery-icon{padding:0}@media (min-width:768px){.elementor-image-gallery .gallery-columns-2 .gallery-item{max-width:50%}.elementor-image-gallery .gallery-columns-3 .gallery-item{max-width:33.33%}.elementor-image-gallery .gallery-columns-4 .gallery-item{max-width:25%}.elementor-image-gallery .gallery-columns-5 .gallery-item{max-width:20%}.elementor-image-gallery .gallery-columns-6 .gallery-item{max-width:16.666%}.elementor-image-gallery .gallery-columns-7 .gallery-item{max-width:14.28%}.elementor-image-gallery .gallery-columns-8 .gallery-item{max-width:12.5%}.elementor-image-gallery .gallery-columns-9 .gallery-item{max-width:11.11%}.elementor-image-gallery .gallery-columns-10 .gallery-item{max-width:10%}}@media (min-width:480px) and (max-width:767px){.elementor-image-gallery .gallery.gallery-columns-2 .gallery-item,.elementor-image-gallery .gallery.gallery-columns-3 .gallery-item,.elementor-image-gallery .gallery.gallery-columns-4 .gallery-item,.elementor-image-gallery .gallery.gallery-columns-5 .gallery-item,.elementor-image-gallery .gallery.gallery-columns-6 .gallery-item,.elementor-image-gallery .gallery.gallery-columns-7 .gallery-item,.elementor-image-gallery .gallery.gallery-columns-8 .gallery-item,.elementor-image-gallery .gallery.gallery-columns-9 .gallery-item,.elementor-image-gallery .gallery.gallery-columns-10 .gallery-item{max-width:50%}}@media (max-width:479px){.elementor-image-gallery .gallery.gallery-columns-2 .gallery-item,.elementor-image-gallery .gallery.gallery-columns-3 .gallery-item,.elementor-image-gallery .gallery.gallery-columns-4 .gallery-item,.elementor-image-gallery .gallery.gallery-columns-5 .gallery-item,.elementor-image-gallery .gallery.gallery-columns-6 .gallery-item,.elementor-image-gallery .gallery.gallery-columns-7 .gallery-item,.elementor-image-gallery .gallery.gallery-columns-8 .gallery-item,.elementor-image-gallery .gallery.gallery-columns-9 .gallery-item,.elementor-image-gallery .gallery.gallery-columns-10 .gallery-item{max-width:100%}}<\/style>\t\t<div class=\"elementor-image-gallery\">\n\t\t\t<div id='gallery-1' class='gallery galleryid-2424 gallery-columns-2 gallery-size-medium'><figure class='gallery-item'>\n\t\t\t<div class='gallery-icon landscape'>\n\t\t\t\t<a data-elementor-open-lightbox=\"yes\" data-elementor-lightbox-slideshow=\"0f25586\" data-elementor-lightbox-title=\"polyester brewing bag test report\" data-e-action-hash=\"#elementor-action%3Aaction%3Dlightbox%26settings%3DeyJpZCI6NDQzNiwidXJsIjoiaHR0cHM6XC9cL3d3dy5pZGFzZWNvLmNvbVwvd3AtY29udGVudFwvdXBsb2Fkc1wvMjAyM1wvMTBcL3BvbHllc3Rlci1icmV3aW5nLWJhZy10ZXN0LXJlcG9ydC5wbmciLCJzbGlkZXNob3ciOiIwZjI1NTg2In0%3D\" href='https:\/\/www.idaseco.com\/wp-content\/uploads\/2023\/10\/polyester-brewing-bag-test-report.png'><img fetchpriority=\"high\" decoding=\"async\" width=\"300\" height=\"296\" src=\"https:\/\/www.idaseco.com\/wp-content\/uploads\/2023\/10\/polyester-brewing-bag-test-report-300x296.png\" class=\"attachment-medium size-medium\" alt=\"Les sacs de brassage de nos produits ont pass\u00e9 le rapport de test TUV.\" aria-describedby=\"gallery-1-4436\" srcset=\"https:\/\/www.idaseco.com\/wp-content\/uploads\/2023\/10\/polyester-brewing-bag-test-report-300x296.png 300w, https:\/\/www.idaseco.com\/wp-content\/uploads\/2023\/10\/polyester-brewing-bag-test-report-1024x1009.png 1024w, https:\/\/www.idaseco.com\/wp-content\/uploads\/2023\/10\/polyester-brewing-bag-test-report-768x756.png 768w, https:\/\/www.idaseco.com\/wp-content\/uploads\/2023\/10\/polyester-brewing-bag-test-report-600x591.png 600w, https:\/\/www.idaseco.com\/wp-content\/uploads\/2023\/10\/polyester-brewing-bag-test-report-100x100.png 100w, https:\/\/www.idaseco.com\/wp-content\/uploads\/2023\/10\/polyester-brewing-bag-test-report-50x50.png 50w, https:\/\/www.idaseco.com\/wp-content\/uploads\/2023\/10\/polyester-brewing-bag-test-report.png 1201w\" sizes=\"(max-width: 300px) 100vw, 300px\" \/><\/a>\n\t\t\t<\/div>\n\t\t\t\t<figcaption class='wp-caption-text gallery-caption' id='gallery-1-4436'>\n\t\t\t\tSacs de brassage test repot\n\t\t\t\t<\/figcaption><\/figure><figure class='gallery-item'>\n\t\t\t<div class='gallery-icon landscape'>\n\t\t\t\t<a data-elementor-open-lightbox=\"yes\" data-elementor-lightbox-slideshow=\"0f25586\" data-elementor-lightbox-title=\"nylon nut milk filter bag test report\" data-e-action-hash=\"#elementor-action%3Aaction%3Dlightbox%26settings%3DeyJpZCI6NDQzNSwidXJsIjoiaHR0cHM6XC9cL3d3dy5pZGFzZWNvLmNvbVwvd3AtY29udGVudFwvdXBsb2Fkc1wvMjAyM1wvMTBcL255bG9uLW51dC1taWxrLWZpbHRlci1iYWctdGVzdC1yZXBvcnQucG5nIiwic2xpZGVzaG93IjoiMGYyNTU4NiJ9\" href='https:\/\/www.idaseco.com\/wp-content\/uploads\/2023\/10\/nylon-nut-milk-filter-bag-test-report.png'><img decoding=\"async\" width=\"300\" height=\"278\" src=\"https:\/\/www.idaseco.com\/wp-content\/uploads\/2023\/10\/nylon-nut-milk-filter-bag-test-report-300x278.png\" class=\"attachment-medium size-medium\" alt=\"Nos sacs de lait de noix ont pass\u00e9 le rapport de test TUV.\" aria-describedby=\"gallery-1-4435\" srcset=\"https:\/\/www.idaseco.com\/wp-content\/uploads\/2023\/10\/nylon-nut-milk-filter-bag-test-report-300x278.png 300w, https:\/\/www.idaseco.com\/wp-content\/uploads\/2023\/10\/nylon-nut-milk-filter-bag-test-report-1024x948.png 1024w, https:\/\/www.idaseco.com\/wp-content\/uploads\/2023\/10\/nylon-nut-milk-filter-bag-test-report-768x711.png 768w, https:\/\/www.idaseco.com\/wp-content\/uploads\/2023\/10\/nylon-nut-milk-filter-bag-test-report-600x555.png 600w, https:\/\/www.idaseco.com\/wp-content\/uploads\/2023\/10\/nylon-nut-milk-filter-bag-test-report.png 1249w\" sizes=\"(max-width: 300px) 100vw, 300px\" \/><\/a>\n\t\t\t<\/div>\n\t\t\t\t<figcaption class='wp-caption-text gallery-caption' id='gallery-1-4435'>\n\t\t\t\trapport d'essai des sacs d'\u00e9crous\n\t\t\t\t<\/figcaption><\/figure>\n\t\t<\/div>\n\t\t<\/div>\n\t\t\t\t<\/div>\n\t\t\t\t<\/div>\n\t\t\t\t<div class=\"elementor-element elementor-element-21c72674 uael-button-halign-center uael-button-stack-none elementor-widget elementor-widget-uael-buttons\" data-id=\"21c72674\" data-element_type=\"widget\" data-widget_type=\"uael-buttons.default\">\n\t\t\t\t<div class=\"elementor-widget-container\">\n\t\t\t\t\t<div class=\"uael-dual-button-outer-wrap\">\n\t\t\t<div class=\"uael-dual-button-wrap\">\n\t\t\t\t\t\t\t\t<div class=\"uael-button-wrapper elementor-button-wrapper uael-dual-button elementor-repeater-item-0258dc6 uael-dual-button-0\">\n\t\t\t\t\t<a class=\"elementor-button-link elementor-button elementor-size-sm elementor-button-link\" href=\"#elementor-action:action=popup:open&settings=eyJpZCI6IjY4MjMiLCJ0b2dnbGUiOmZhbHNlfQ==\">\n\t\t\t\t\t\t\t\t<span class=\"elementor-button-content-wrapper uael-buttons-icon-\">\n\t\t\t\t\t\t\t\t\t\t\t\t<span class=\"elementor-align-icon- elementor-button-icon\">\n\t\t\t\t\t\t\t\t\t\t\t<\/span>\n\t\t\t\t\t\t\t\t\t\t<span class=\"elementor-button-text elementor-inline-editing\" data-elementor-setting-key=\"buttons.0.text\" data-elementor-inline-editing-toolbar=\"none\">D\u00e9couvrez nos certifications<\/span>\n\t\t<\/span>\n\t\t\t\t\t\t\t<\/a>\n\t\t\t\t<\/div>\n\t\t\t\t\t\t\t<\/div>\n\t\t<\/div>\n\t\t\t\t<\/div>\n\t\t\t\t<\/div>\n\t\t\t\t\t<\/div>\n\t\t<\/div>\n\t\t\t\t\t\t\t<\/div>\n\t\t<\/section>\n\t\t\t\t<section class=\"elementor-section elementor-top-section elementor-element elementor-element-5f0c0569 elementor-section-boxed elementor-section-height-default elementor-section-height-default\" data-id=\"5f0c0569\" data-element_type=\"section\" id=\"duration\" data-settings=\"{&quot;mdp_selection_sticky_effect_enable&quot;:false}\">\n\t\t\t\t\t\t<div class=\"elementor-container elementor-column-gap-default\">\n\t\t\t\t\t<div class=\"elementor-column elementor-col-100 elementor-top-column elementor-element elementor-element-1d7b7a9d\" data-id=\"1d7b7a9d\" data-element_type=\"column\" data-settings=\"{&quot;mdp_selection_sticky_column_effect_enable&quot;:false}\">\n\t\t\t<div class=\"elementor-widget-wrap elementor-element-populated\">\n\t\t\t\t\t\t\t\t<div class=\"elementor-element elementor-element-7223c97 elementor-widget elementor-widget-menu-anchor\" data-id=\"7223c97\" data-element_type=\"widget\" data-widget_type=\"menu-anchor.default\">\n\t\t\t\t<div class=\"elementor-widget-container\">\n\t\t\t\t\t<div id=\"Customization_Options\" class=\"elementor-menu-anchor\"><\/div>\n\t\t\t\t<\/div>\n\t\t\t\t<\/div>\n\t\t\t\t<div class=\"elementor-element elementor-element-1cb3b50 uael-dual-heading-align-center elementor-widget elementor-widget-uael-dual-color-heading\" data-id=\"1cb3b50\" data-element_type=\"widget\" data-widget_type=\"uael-dual-color-heading.default\">\n\t\t\t\t<div class=\"elementor-widget-container\">\n\t\t\t\t\t\t\t<div class=\"uael-module-content uael-dual-color-heading uael-heading-stack-none\">\n\t\t\t<h2>\n\t\t\t\t\t\t\t\t\t\t\t\t\t\t\t\t<span class=\"uael-before-heading\"><span class=\"elementor-inline-editing uael-dual-heading-text uael-first-text\" data-elementor-setting-key=\"before_heading_text\" data-elementor-inline-editing-toolbar=\"basic\">Des solutions sur mesure : <\/span><\/span><span class=\"uael-adv-heading-stack\"><span class=\"elementor-inline-editing uael-dual-heading-text uael-highlight-text\" data-elementor-setting-key=\"second_heading_text\" data-elementor-inline-editing-toolbar=\"basic\">Options de personnalisation <\/span><\/span><span class=\"uael-after-heading\"><span class=\"elementor-inline-editing uael-dual-heading-text uael-third-text\" data-elementor-setting-key=\"after_heading_text\" data-elementor-inline-editing-toolbar=\"basic\">pour vos besoins uniques<\/span><\/span>\t\t\t\t\t\t\t\t\t\t\t\t\t<\/h2>\n\t\t<\/div>\n\t\t\t\t<\/div>\n\t\t\t\t<\/div>\n\t\t\t\t<div class=\"elementor-element elementor-element-23063faa elementor-widget elementor-widget-text-editor\" data-id=\"23063faa\" data-element_type=\"widget\" data-widget_type=\"text-editor.default\">\n\t\t\t\t<div class=\"elementor-widget-container\">\n\t\t\t\t\t\t\t<p>D\u00e9couvrez les possibilit\u00e9s infinies offertes par nos options de personnalisation. Nous comprenons que chaque entreprise est unique, c'est pourquoi nous offrons une gamme de choix de personnalisation pour r\u00e9pondre \u00e0 vos besoins sp\u00e9cifiques. Gr\u00e2ce \u00e0 nos options de personnalisation flexibles, vous pouvez cr\u00e9er des produits qui correspondent parfaitement \u00e0 votre marque, \u00e0 votre style et \u00e0 vos fonctionnalit\u00e9s.<\/p><p>Voici quelques-unes de nos options de personnalisation :<\/p>\t\t\t\t\t\t<\/div>\n\t\t\t\t<\/div>\n\t\t\t\t<section class=\"elementor-section elementor-inner-section elementor-element elementor-element-523c10d3 elementor-section-content-middle elementor-section-boxed elementor-section-height-default elementor-section-height-default\" data-id=\"523c10d3\" data-element_type=\"section\" data-settings=\"{&quot;background_background&quot;:&quot;classic&quot;,&quot;mdp_selection_sticky_effect_enable&quot;:false}\">\n\t\t\t\t\t\t<div class=\"elementor-container elementor-column-gap-default\">\n\t\t\t\t\t<div class=\"elementor-column elementor-col-50 elementor-inner-column elementor-element elementor-element-3a6efab6\" data-id=\"3a6efab6\" data-element_type=\"column\" data-settings=\"{&quot;mdp_selection_sticky_column_effect_enable&quot;:false}\">\n\t\t\t<div class=\"elementor-widget-wrap elementor-element-populated\">\n\t\t\t\t\t\t\t\t<div class=\"elementor-element elementor-element-940808c elementor-widget elementor-widget-heading\" data-id=\"940808c\" data-element_type=\"widget\" data-widget_type=\"heading.default\">\n\t\t\t\t<div class=\"elementor-widget-container\">\n\t\t\t<h5 class=\"elementor-heading-title elementor-size-default\">Option 1 : Taille et forme<\/h5>\t\t<\/div>\n\t\t\t\t<\/div>\n\t\t\t\t<div class=\"elementor-element elementor-element-1a1a22b elementor-widget elementor-widget-text-editor\" data-id=\"1a1a22b\" data-element_type=\"widget\" data-widget_type=\"text-editor.default\">\n\t\t\t\t<div class=\"elementor-widget-container\">\n\t\t\t\t\t\t\t<p>Personnalisez les dimensions et la forme de vos produits pour qu'ils correspondent parfaitement \u00e0 l'usage auquel ils sont destin\u00e9s. Que vous ayez besoin de tailles plus petites ou plus grandes, ou de formes uniques pour accueillir des contenus sp\u00e9cifiques, nous pouvons donner vie \u00e0 votre vision.<\/p>\t\t\t\t\t\t<\/div>\n\t\t\t\t<\/div>\n\t\t\t\t\t<\/div>\n\t\t<\/div>\n\t\t\t\t<div class=\"elementor-column elementor-col-50 elementor-inner-column elementor-element elementor-element-4c426c47\" data-id=\"4c426c47\" data-element_type=\"column\" data-settings=\"{&quot;mdp_selection_sticky_column_effect_enable&quot;:false}\">\n\t\t\t<div class=\"elementor-widget-wrap elementor-element-populated\">\n\t\t\t\t\t\t\t\t<div class=\"elementor-element elementor-element-58641b2f elementor-widget elementor-widget-image\" data-id=\"58641b2f\" data-element_type=\"widget\" data-widget_type=\"image.default\">\n\t\t\t\t<div class=\"elementor-widget-container\">\n\t\t\t\t\t\t\t\t\t\t\t\t\t\t\t<img loading=\"lazy\" decoding=\"async\" width=\"800\" height=\"800\" src=\"https:\/\/www.idaseco.com\/wp-content\/uploads\/2023\/10\/rosin-bags.jpg\" class=\"attachment-large size-large wp-image-4343\" alt=\"Sacs de colophane pour l&#039;extraction, con\u00e7us pour presser la colophane \u00e0 partir de divers mat\u00e9riaux.\" srcset=\"https:\/\/www.idaseco.com\/wp-content\/uploads\/2023\/10\/rosin-bags.jpg 1000w, https:\/\/www.idaseco.com\/wp-content\/uploads\/2023\/10\/rosin-bags-300x300.jpg 300w, https:\/\/www.idaseco.com\/wp-content\/uploads\/2023\/10\/rosin-bags-150x150.jpg 150w, https:\/\/www.idaseco.com\/wp-content\/uploads\/2023\/10\/rosin-bags-768x768.jpg 768w, https:\/\/www.idaseco.com\/wp-content\/uploads\/2023\/10\/rosin-bags-600x600.jpg 600w, https:\/\/www.idaseco.com\/wp-content\/uploads\/2023\/10\/rosin-bags-100x100.jpg 100w, https:\/\/www.idaseco.com\/wp-content\/uploads\/2023\/10\/rosin-bags-50x50.jpg 50w\" sizes=\"(max-width: 800px) 100vw, 800px\" \/>\t\t\t\t\t\t\t\t\t\t\t\t\t\t\t<\/div>\n\t\t\t\t<\/div>\n\t\t\t\t\t<\/div>\n\t\t<\/div>\n\t\t\t\t\t\t\t<\/div>\n\t\t<\/section>\n\t\t\t\t<section class=\"elementor-section elementor-inner-section elementor-element elementor-element-817f46 elementor-section-content-middle elementor-section-boxed elementor-section-height-default elementor-section-height-default\" data-id=\"817f46\" data-element_type=\"section\" data-settings=\"{&quot;background_background&quot;:&quot;classic&quot;,&quot;mdp_selection_sticky_effect_enable&quot;:false}\">\n\t\t\t\t\t\t<div class=\"elementor-container elementor-column-gap-default\">\n\t\t\t\t\t<div class=\"elementor-column elementor-col-50 elementor-inner-column elementor-element elementor-element-5bdce5fb\" data-id=\"5bdce5fb\" data-element_type=\"column\" data-settings=\"{&quot;mdp_selection_sticky_column_effect_enable&quot;:false}\">\n\t\t\t<div class=\"elementor-widget-wrap elementor-element-populated\">\n\t\t\t\t\t\t\t\t<div class=\"elementor-element elementor-element-78274da2 elementor-widget elementor-widget-heading\" data-id=\"78274da2\" data-element_type=\"widget\" data-widget_type=\"heading.default\">\n\t\t\t\t<div class=\"elementor-widget-container\">\n\t\t\t<h5 class=\"elementor-heading-title elementor-size-default\">Option 2 : Impression et marquage<\/h5>\t\t<\/div>\n\t\t\t\t<\/div>\n\t\t\t\t<div class=\"elementor-element elementor-element-15971d05 elementor-widget elementor-widget-text-editor\" data-id=\"15971d05\" data-element_type=\"widget\" data-widget_type=\"text-editor.default\">\n\t\t\t\t<div class=\"elementor-widget-container\">\n\t\t\t\t\t\t\t<p>Renforcez l'identit\u00e9 de votre marque en ajoutant votre logo, votre illustration ou votre logo.<em class=\"Highlight\"> personnalis\u00e9 <\/em>aux produits. Nos options d'impression permettent \u00e0 votre marque de se d\u00e9marquer et de laisser une impression durable.<\/p>\t\t\t\t\t\t<\/div>\n\t\t\t\t<\/div>\n\t\t\t\t\t<\/div>\n\t\t<\/div>\n\t\t\t\t<div class=\"elementor-column elementor-col-50 elementor-inner-column elementor-element elementor-element-26cfc4d9\" data-id=\"26cfc4d9\" data-element_type=\"column\" data-settings=\"{&quot;mdp_selection_sticky_column_effect_enable&quot;:false}\">\n\t\t\t<div class=\"elementor-widget-wrap elementor-element-populated\">\n\t\t\t\t\t\t\t\t<div class=\"elementor-element elementor-element-396ac730 elementor-widget elementor-widget-image\" data-id=\"396ac730\" data-element_type=\"widget\" data-widget_type=\"image.default\">\n\t\t\t\t<div class=\"elementor-widget-container\">\n\t\t\t\t\t\t\t\t\t\t\t\t\t\t\t<img loading=\"lazy\" decoding=\"async\" width=\"720\" height=\"494\" src=\"https:\/\/www.idaseco.com\/wp-content\/uploads\/2023\/10\/T-Shirt-Bags.jpg\" class=\"attachment-large size-large wp-image-4420\" alt=\"Image des sacs \u00e0 t-shirt : Fabriqu\u00e9s en PLA de qualit\u00e9 alimentaire, enti\u00e8rement biod\u00e9gradables et \u00e9paissis. Couleurs, tailles, impression et emballage personnalisables.\" srcset=\"https:\/\/www.idaseco.com\/wp-content\/uploads\/2023\/10\/T-Shirt-Bags.jpg 720w, https:\/\/www.idaseco.com\/wp-content\/uploads\/2023\/10\/T-Shirt-Bags-300x206.jpg 300w, https:\/\/www.idaseco.com\/wp-content\/uploads\/2023\/10\/T-Shirt-Bags-600x412.jpg 600w\" sizes=\"(max-width: 720px) 100vw, 720px\" \/>\t\t\t\t\t\t\t\t\t\t\t\t\t\t\t<\/div>\n\t\t\t\t<\/div>\n\t\t\t\t\t<\/div>\n\t\t<\/div>\n\t\t\t\t\t\t\t<\/div>\n\t\t<\/section>\n\t\t\t\t<section class=\"elementor-section elementor-inner-section elementor-element elementor-element-13553e9f elementor-section-content-middle elementor-section-boxed elementor-section-height-default elementor-section-height-default\" data-id=\"13553e9f\" data-element_type=\"section\" data-settings=\"{&quot;background_background&quot;:&quot;classic&quot;,&quot;mdp_selection_sticky_effect_enable&quot;:false}\">\n\t\t\t\t\t\t<div class=\"elementor-container elementor-column-gap-default\">\n\t\t\t\t\t<div class=\"elementor-column elementor-col-50 elementor-inner-column elementor-element elementor-element-1404f495\" data-id=\"1404f495\" data-element_type=\"column\" data-settings=\"{&quot;mdp_selection_sticky_column_effect_enable&quot;:false}\">\n\t\t\t<div class=\"elementor-widget-wrap elementor-element-populated\">\n\t\t\t\t\t\t\t\t<div class=\"elementor-element elementor-element-1f12c2a2 elementor-widget elementor-widget-heading\" data-id=\"1f12c2a2\" data-element_type=\"widget\" data-widget_type=\"heading.default\">\n\t\t\t\t<div class=\"elementor-widget-container\">\n\t\t\t<h5 class=\"elementor-heading-title elementor-size-default\">Option 3 : M\u00e9canismes de cl\u00f4ture<\/h5>\t\t<\/div>\n\t\t\t\t<\/div>\n\t\t\t\t<div class=\"elementor-element elementor-element-197bf2c5 elementor-widget elementor-widget-text-editor\" data-id=\"197bf2c5\" data-element_type=\"widget\" data-widget_type=\"text-editor.default\">\n\t\t\t\t<div class=\"elementor-widget-container\">\n\t\t\t\t\t\t\t<p>S\u00e9lectionnez le m\u00e9canisme de fermeture de votre choix (cordons, boutons-pression ou boucles) pour faciliter l'utilisation de vos produits et les contenir en toute s\u00e9curit\u00e9.<\/p>\t\t\t\t\t\t<\/div>\n\t\t\t\t<\/div>\n\t\t\t\t\t<\/div>\n\t\t<\/div>\n\t\t\t\t<div class=\"elementor-column elementor-col-50 elementor-inner-column elementor-element elementor-element-c725836\" data-id=\"c725836\" data-element_type=\"column\" data-settings=\"{&quot;mdp_selection_sticky_column_effect_enable&quot;:false}\">\n\t\t\t<div class=\"elementor-widget-wrap elementor-element-populated\">\n\t\t\t\t\t\t\t\t<div class=\"elementor-element elementor-element-3c21bad5 elementor-widget elementor-widget-image\" data-id=\"3c21bad5\" data-element_type=\"widget\" data-widget_type=\"image.default\">\n\t\t\t\t<div class=\"elementor-widget-container\">\n\t\t\t\t\t\t\t\t\t\t\t\t\t\t\t<img loading=\"lazy\" decoding=\"async\" width=\"800\" height=\"800\" src=\"https:\/\/www.idaseco.com\/wp-content\/uploads\/2023\/10\/brewing-bags.jpg\" class=\"attachment-large size-large wp-image-4338\" alt=\"Sacs de brassage en polyester, respectueux de l&#039;environnement, r\u00e9utilisables et sains.\" srcset=\"https:\/\/www.idaseco.com\/wp-content\/uploads\/2023\/10\/brewing-bags.jpg 1000w, https:\/\/www.idaseco.com\/wp-content\/uploads\/2023\/10\/brewing-bags-300x300.jpg 300w, https:\/\/www.idaseco.com\/wp-content\/uploads\/2023\/10\/brewing-bags-150x150.jpg 150w, https:\/\/www.idaseco.com\/wp-content\/uploads\/2023\/10\/brewing-bags-768x768.jpg 768w, https:\/\/www.idaseco.com\/wp-content\/uploads\/2023\/10\/brewing-bags-600x600.jpg 600w, https:\/\/www.idaseco.com\/wp-content\/uploads\/2023\/10\/brewing-bags-100x100.jpg 100w, https:\/\/www.idaseco.com\/wp-content\/uploads\/2023\/10\/brewing-bags-50x50.jpg 50w\" sizes=\"(max-width: 800px) 100vw, 800px\" \/>\t\t\t\t\t\t\t\t\t\t\t\t\t\t\t<\/div>\n\t\t\t\t<\/div>\n\t\t\t\t\t<\/div>\n\t\t<\/div>\n\t\t\t\t\t\t\t<\/div>\n\t\t<\/section>\n\t\t\t\t<section class=\"elementor-section elementor-inner-section elementor-element elementor-element-1a6496d0 elementor-section-content-middle elementor-section-boxed elementor-section-height-default elementor-section-height-default\" data-id=\"1a6496d0\" data-element_type=\"section\" data-settings=\"{&quot;background_background&quot;:&quot;classic&quot;,&quot;mdp_selection_sticky_effect_enable&quot;:false}\">\n\t\t\t\t\t\t<div class=\"elementor-container elementor-column-gap-default\">\n\t\t\t\t\t<div class=\"elementor-column elementor-col-50 elementor-inner-column elementor-element elementor-element-71ee1aab\" data-id=\"71ee1aab\" data-element_type=\"column\" data-settings=\"{&quot;mdp_selection_sticky_column_effect_enable&quot;:false}\">\n\t\t\t<div class=\"elementor-widget-wrap elementor-element-populated\">\n\t\t\t\t\t\t\t\t<div class=\"elementor-element elementor-element-2dec4eb elementor-widget elementor-widget-heading\" data-id=\"2dec4eb\" data-element_type=\"widget\" data-widget_type=\"heading.default\">\n\t\t\t\t<div class=\"elementor-widget-container\">\n\t\t\t<h5 class=\"elementor-heading-title elementor-size-default\">Option 4 : Solutions d'emballage<\/h5>\t\t<\/div>\n\t\t\t\t<\/div>\n\t\t\t\t<div class=\"elementor-element elementor-element-7ca0c48 elementor-widget elementor-widget-text-editor\" data-id=\"7ca0c48\" data-element_type=\"widget\" data-widget_type=\"text-editor.default\">\n\t\t\t\t<div class=\"elementor-widget-container\">\n\t\t\t\t\t\t\t<p>Personnalisez votre emballage pour refl\u00e9ter votre image de marque et am\u00e9liorer la pr\u00e9sentation de vos produits. Nous proposons des options pour<em class=\"Highlight\"> sur mesure <\/em>des \u00e9tiquettes et des emballages afin de cr\u00e9er une exp\u00e9rience de marque coh\u00e9rente et percutante.<\/p>\t\t\t\t\t\t<\/div>\n\t\t\t\t<\/div>\n\t\t\t\t\t<\/div>\n\t\t<\/div>\n\t\t\t\t<div class=\"elementor-column elementor-col-50 elementor-inner-column elementor-element elementor-element-55cc5043\" data-id=\"55cc5043\" data-element_type=\"column\" data-settings=\"{&quot;mdp_selection_sticky_column_effect_enable&quot;:false}\">\n\t\t\t<div class=\"elementor-widget-wrap elementor-element-populated\">\n\t\t\t\t\t\t\t\t<div class=\"elementor-element elementor-element-205a78e7 elementor-widget elementor-widget-image\" data-id=\"205a78e7\" data-element_type=\"widget\" data-widget_type=\"image.default\">\n\t\t\t\t<div class=\"elementor-widget-container\">\n\t\t\t\t\t\t\t\t\t\t\t\t\t\t\t<img loading=\"lazy\" decoding=\"async\" width=\"800\" height=\"800\" src=\"https:\/\/www.idaseco.com\/wp-content\/uploads\/2023\/10\/customization-box-1024x1024.png\" class=\"attachment-large size-large wp-image-4456\" alt=\"\" srcset=\"https:\/\/www.idaseco.com\/wp-content\/uploads\/2023\/10\/customization-box.png 1024w, https:\/\/www.idaseco.com\/wp-content\/uploads\/2023\/10\/customization-box-300x300.png 300w, https:\/\/www.idaseco.com\/wp-content\/uploads\/2023\/10\/customization-box-150x150.png 150w, https:\/\/www.idaseco.com\/wp-content\/uploads\/2023\/10\/customization-box-768x768.png 768w, https:\/\/www.idaseco.com\/wp-content\/uploads\/2023\/10\/customization-box-600x600.png 600w, https:\/\/www.idaseco.com\/wp-content\/uploads\/2023\/10\/customization-box-100x100.png 100w, https:\/\/www.idaseco.com\/wp-content\/uploads\/2023\/10\/customization-box-50x50.png 50w\" sizes=\"(max-width: 800px) 100vw, 800px\" \/>\t\t\t\t\t\t\t\t\t\t\t\t\t\t\t<\/div>\n\t\t\t\t<\/div>\n\t\t\t\t\t<\/div>\n\t\t<\/div>\n\t\t\t\t\t\t\t<\/div>\n\t\t<\/section>\n\t\t\t\t<section class=\"elementor-section elementor-inner-section elementor-element elementor-element-0d76a90 elementor-section-content-middle custom-ele-section-css elementor-section-boxed elementor-section-height-default elementor-section-height-default\" data-id=\"0d76a90\" data-element_type=\"section\" data-settings=\"{&quot;background_background&quot;:&quot;classic&quot;,&quot;mdp_selection_sticky_effect_enable&quot;:false}\">\n\t\t\t\t\t\t<div class=\"elementor-container elementor-column-gap-default\">\n\t\t\t\t\t<div class=\"elementor-column elementor-col-50 elementor-inner-column elementor-element elementor-element-6cf5bf9\" data-id=\"6cf5bf9\" data-element_type=\"column\" data-settings=\"{&quot;mdp_selection_sticky_column_effect_enable&quot;:false}\">\n\t\t\t<div class=\"elementor-widget-wrap elementor-element-populated\">\n\t\t\t\t\t\t\t\t<div class=\"elementor-element elementor-element-de446b7 elementor-widget elementor-widget-heading\" data-id=\"de446b7\" data-element_type=\"widget\" data-widget_type=\"heading.default\">\n\t\t\t\t<div class=\"elementor-widget-container\">\n\t\t\t<h5 class=\"elementor-heading-title elementor-size-default\">Option 5 : Couleurs<\/h5>\t\t<\/div>\n\t\t\t\t<\/div>\n\t\t\t\t<div class=\"elementor-element elementor-element-8d0fc07 elementor-widget elementor-widget-text-editor\" data-id=\"8d0fc07\" data-element_type=\"widget\" data-widget_type=\"text-editor.default\">\n\t\t\t\t<div class=\"elementor-widget-container\">\n\t\t\t\t\t\t\t<p>Lib\u00e9rez votre cr\u00e9ativit\u00e9 et l'unicit\u00e9 de votre marque avec nos sacs \u00e9cologiques. Explorez une gamme vari\u00e9e d'options de couleurs pour trouver la nuance parfaite qui correspond \u00e0 l'identit\u00e9 de votre marque. Faites une d\u00e9claration, laissez un impact et d\u00e9marquez-vous de la foule gr\u00e2ce \u00e0 nos choix de couleurs personnalisables. Vos sacs \u00e9cologiques, votre histoire de couleurs.<\/p>\t\t\t\t\t\t<\/div>\n\t\t\t\t<\/div>\n\t\t\t\t\t<\/div>\n\t\t<\/div>\n\t\t\t\t<div class=\"elementor-column elementor-col-50 elementor-inner-column elementor-element elementor-element-be9c9bd\" data-id=\"be9c9bd\" data-element_type=\"column\" data-settings=\"{&quot;mdp_selection_sticky_column_effect_enable&quot;:false}\">\n\t\t\t<div class=\"elementor-widget-wrap elementor-element-populated\">\n\t\t\t\t\t\t\t\t<div class=\"elementor-element elementor-element-a001952 elementor-widget elementor-widget-image\" data-id=\"a001952\" data-element_type=\"widget\" data-widget_type=\"image.default\">\n\t\t\t\t<div class=\"elementor-widget-container\">\n\t\t\t\t\t\t\t\t\t\t\t\t\t\t\t<img loading=\"lazy\" decoding=\"async\" width=\"768\" height=\"1024\" src=\"https:\/\/www.idaseco.com\/wp-content\/uploads\/2024\/01\/tall-kitchen-trash-bags-768x1024.jpg\" class=\"attachment-large size-large wp-image-5650\" alt=\"Sacs poubelle biod\u00e9gradables \u00e0 cordon bleu - grande capacit\u00e9, personnalisables en termes de taille, d&#039;impression, de marquage et de couleur.\" srcset=\"https:\/\/www.idaseco.com\/wp-content\/uploads\/2024\/01\/tall-kitchen-trash-bags-768x1024.jpg 768w, https:\/\/www.idaseco.com\/wp-content\/uploads\/2024\/01\/tall-kitchen-trash-bags-225x300.jpg 225w, https:\/\/www.idaseco.com\/wp-content\/uploads\/2024\/01\/tall-kitchen-trash-bags-1152x1536.jpg 1152w, https:\/\/www.idaseco.com\/wp-content\/uploads\/2024\/01\/tall-kitchen-trash-bags-1536x2048.jpg 1536w, https:\/\/www.idaseco.com\/wp-content\/uploads\/2024\/01\/tall-kitchen-trash-bags-600x800.jpg 600w, https:\/\/www.idaseco.com\/wp-content\/uploads\/2024\/01\/tall-kitchen-trash-bags-scaled.jpg 1920w\" sizes=\"(max-width: 768px) 100vw, 768px\" \/>\t\t\t\t\t\t\t\t\t\t\t\t\t\t\t<\/div>\n\t\t\t\t<\/div>\n\t\t\t\t\t<\/div>\n\t\t<\/div>\n\t\t\t\t\t\t\t<\/div>\n\t\t<\/section>\n\t\t\t\t<section class=\"elementor-section elementor-inner-section elementor-element elementor-element-11339d2b elementor-section-content-middle elementor-section-boxed elementor-section-height-default elementor-section-height-default\" data-id=\"11339d2b\" data-element_type=\"section\" data-settings=\"{&quot;background_background&quot;:&quot;classic&quot;,&quot;mdp_selection_sticky_effect_enable&quot;:false}\">\n\t\t\t\t\t\t<div class=\"elementor-container elementor-column-gap-default\">\n\t\t\t\t\t<div class=\"elementor-column elementor-col-50 elementor-inner-column elementor-element elementor-element-61262196\" data-id=\"61262196\" data-element_type=\"column\" data-settings=\"{&quot;mdp_selection_sticky_column_effect_enable&quot;:false}\">\n\t\t\t<div class=\"elementor-widget-wrap elementor-element-populated\">\n\t\t\t\t\t\t\t\t<div class=\"elementor-element elementor-element-5b66f793 elementor-widget elementor-widget-text-editor\" data-id=\"5b66f793\" data-element_type=\"widget\" data-widget_type=\"text-editor.default\">\n\t\t\t\t<div class=\"elementor-widget-container\">\n\t\t\t\t\t\t\t<p>Gr\u00e2ce \u00e0 nos options de personnalisation, vous pouvez cr\u00e9er des produits qui r\u00e9pondent non seulement \u00e0 vos exigences fonctionnelles, mais qui s'alignent \u00e9galement sur les valeurs et l'esth\u00e9tique de votre marque. Laissez-nous vous aider \u00e0 donner vie \u00e0 vos id\u00e9es uniques et \u00e0 vous fournir des produits sur mesure.<em class=\"Highlight\"> solutions <\/em>qui vous distinguent de la concurrence.<\/p>\t\t\t\t\t\t<\/div>\n\t\t\t\t<\/div>\n\t\t\t\t\t<\/div>\n\t\t<\/div>\n\t\t\t\t<div class=\"elementor-column elementor-col-50 elementor-inner-column elementor-element elementor-element-1d7e496d\" data-id=\"1d7e496d\" data-element_type=\"column\" data-settings=\"{&quot;mdp_selection_sticky_column_effect_enable&quot;:false}\">\n\t\t\t<div class=\"elementor-widget-wrap elementor-element-populated\">\n\t\t\t\t\t\t\t\t<div class=\"elementor-element elementor-element-1841aeba uael-button-halign-center uael-button-stack-none elementor-widget elementor-widget-uael-buttons\" data-id=\"1841aeba\" data-element_type=\"widget\" data-widget_type=\"uael-buttons.default\">\n\t\t\t\t<div class=\"elementor-widget-container\">\n\t\t\t\t\t<div class=\"uael-dual-button-outer-wrap\">\n\t\t\t<div class=\"uael-dual-button-wrap\">\n\t\t\t\t\t\t\t\t<div class=\"uael-button-wrapper elementor-button-wrapper uael-dual-button elementor-repeater-item-0258dc6 uael-dual-button-0\">\n\t\t\t\t\t<a class=\"elementor-button-link elementor-button elementor-size-sm elementor-button-link\" href=\"#elementor-action:action=popup:open&settings=eyJpZCI6IjY4MjMiLCJ0b2dnbGUiOmZhbHNlfQ==\">\n\t\t\t\t\t\t\t\t<span class=\"elementor-button-content-wrapper uael-buttons-icon-\">\n\t\t\t\t\t\t\t\t\t\t\t\t<span class=\"elementor-align-icon- elementor-button-icon\">\n\t\t\t\t\t\t\t\t\t\t\t<\/span>\n\t\t\t\t\t\t\t\t\t\t<span class=\"elementor-button-text elementor-inline-editing\" data-elementor-setting-key=\"buttons.0.text\" data-elementor-inline-editing-toolbar=\"none\">Explorer les possibilit\u00e9s de personnalisation<\/span>\n\t\t<\/span>\n\t\t\t\t\t\t\t<\/a>\n\t\t\t\t<\/div>\n\t\t\t\t\t\t\t<\/div>\n\t\t<\/div>\n\t\t\t\t<\/div>\n\t\t\t\t<\/div>\n\t\t\t\t\t<\/div>\n\t\t<\/div>\n\t\t\t\t\t\t\t<\/div>\n\t\t<\/section>\n\t\t\t\t<section class=\"elementor-section elementor-inner-section elementor-element elementor-element-91fa875 elementor-section-content-middle custom-ele-section-css elementor-section-boxed elementor-section-height-default elementor-section-height-default\" data-id=\"91fa875\" data-element_type=\"section\" data-settings=\"{&quot;background_background&quot;:&quot;classic&quot;,&quot;mdp_selection_sticky_effect_enable&quot;:false}\">\n\t\t\t\t\t\t<div class=\"elementor-container elementor-column-gap-default\">\n\t\t\t\t\t<div class=\"elementor-column elementor-col-100 elementor-inner-column elementor-element elementor-element-7b663e9\" data-id=\"7b663e9\" data-element_type=\"column\" data-settings=\"{&quot;mdp_selection_sticky_column_effect_enable&quot;:false}\">\n\t\t\t<div class=\"elementor-widget-wrap elementor-element-populated\">\n\t\t\t\t\t\t\t\t<div class=\"elementor-element elementor-element-5a1a517 elementor-widget elementor-widget-menu-anchor\" data-id=\"5a1a517\" data-element_type=\"widget\" data-widget_type=\"menu-anchor.default\">\n\t\t\t\t<div class=\"elementor-widget-container\">\n\t\t\t\t\t<div id=\"Sustainability\" class=\"elementor-menu-anchor\"><\/div>\n\t\t\t\t<\/div>\n\t\t\t\t<\/div>\n\t\t\t\t<div class=\"elementor-element elementor-element-d0d6caa elementor-widget elementor-widget-heading\" data-id=\"d0d6caa\" data-element_type=\"widget\" data-widget_type=\"heading.default\">\n\t\t\t\t<div class=\"elementor-widget-container\">\n\t\t\t<h2 class=\"elementor-heading-title elementor-size-default\">Partenariat pour un avenir plus vert<\/h2>\t\t<\/div>\n\t\t\t\t<\/div>\n\t\t\t\t<div class=\"elementor-element elementor-element-0c424fc elementor-widget elementor-widget-text-editor\" data-id=\"0c424fc\" data-element_type=\"widget\" data-widget_type=\"text-editor.default\">\n\t\t\t\t<div class=\"elementor-widget-container\">\n\t\t\t\t\t\t\t<p>Bienvenue dans notre module sur le d\u00e9veloppement durable, o\u00f9 nous unissons nos forces aux v\u00f4tres pour cr\u00e9er un avenir plus vert. En tant que vendeur en ligne, supermarch\u00e9, propri\u00e9taire de marque, importateur, <em class=\"Highlight\">grossiste<\/em>Nous comprenons votre engagement en faveur du d\u00e9veloppement durable et de la gestion de l'environnement. Ensemble, nous pouvons avoir un impact positif sur la plan\u00e8te.<\/p>\t\t\t\t\t\t<\/div>\n\t\t\t\t<\/div>\n\t\t\t\t<div class=\"elementor-element elementor-element-e0dad7e elementor-widget elementor-widget-image-gallery\" data-id=\"e0dad7e\" data-element_type=\"widget\" data-widget_type=\"image-gallery.default\">\n\t\t\t\t<div class=\"elementor-widget-container\">\n\t\t\t\t\t<div class=\"elementor-image-gallery\">\n\t\t\t<div id='gallery-2' class='gallery galleryid-2424 gallery-columns-4 gallery-size-medium'><figure class='gallery-item'>\n\t\t\t<div class='gallery-icon landscape'>\n\t\t\t\t<a data-elementor-open-lightbox=\"yes\" data-elementor-lightbox-slideshow=\"e0dad7e\" data-elementor-lightbox-title=\"paper bags without plastics\" data-e-action-hash=\"#elementor-action%3Aaction%3Dlightbox%26settings%3DeyJpZCI6NDQ2MSwidXJsIjoiaHR0cHM6XC9cL3d3dy5pZGFzZWNvLmNvbVwvd3AtY29udGVudFwvdXBsb2Fkc1wvMjAyM1wvMTBcL2EtY2xlYW4tYmVhY2gtb3ItYS1sdXNoLWZvcmVzdC10by1lbXBoYXNpemUtdGhlLWNvbm5lY3Rpb24tdG8tZW52aXJvbm1lbnRhbC1jb25zZXJ2YXRpb24uanBnIiwic2xpZGVzaG93IjoiZTBkYWQ3ZSJ9\" href='https:\/\/www.idaseco.com\/wp-content\/uploads\/2023\/10\/a-clean-beach-or-a-lush-forest-to-emphasize-the-connection-to-environmental-conservation.jpg'><img decoding=\"async\" width=\"300\" height=\"300\" src=\"https:\/\/www.idaseco.com\/wp-content\/uploads\/2023\/10\/a-clean-beach-or-a-lush-forest-to-emphasize-the-connection-to-environmental-conservation-300x300.jpg\" class=\"attachment-medium size-medium\" alt=\"une plage propre ou une for\u00eat luxuriante, pour souligner le lien avec la pr\u00e9servation de l&#039;environnement\" aria-describedby=\"gallery-2-4461\" srcset=\"https:\/\/www.idaseco.com\/wp-content\/uploads\/2023\/10\/a-clean-beach-or-a-lush-forest-to-emphasize-the-connection-to-environmental-conservation-300x300.jpg 300w, https:\/\/www.idaseco.com\/wp-content\/uploads\/2023\/10\/a-clean-beach-or-a-lush-forest-to-emphasize-the-connection-to-environmental-conservation.jpg 1024w, https:\/\/www.idaseco.com\/wp-content\/uploads\/2023\/10\/a-clean-beach-or-a-lush-forest-to-emphasize-the-connection-to-environmental-conservation-150x150.jpg 150w, https:\/\/www.idaseco.com\/wp-content\/uploads\/2023\/10\/a-clean-beach-or-a-lush-forest-to-emphasize-the-connection-to-environmental-conservation-768x768.jpg 768w, https:\/\/www.idaseco.com\/wp-content\/uploads\/2023\/10\/a-clean-beach-or-a-lush-forest-to-emphasize-the-connection-to-environmental-conservation-600x600.jpg 600w, https:\/\/www.idaseco.com\/wp-content\/uploads\/2023\/10\/a-clean-beach-or-a-lush-forest-to-emphasize-the-connection-to-environmental-conservation-100x100.jpg 100w, https:\/\/www.idaseco.com\/wp-content\/uploads\/2023\/10\/a-clean-beach-or-a-lush-forest-to-emphasize-the-connection-to-environmental-conservation-50x50.jpg 50w\" sizes=\"(max-width: 300px) 100vw, 300px\" \/><\/a>\n\t\t\t<\/div>\n\t\t\t\t<figcaption class='wp-caption-text gallery-caption' id='gallery-2-4461'>\n\t\t\t\tSacs en papier sans plastique\n\t\t\t\t<\/figcaption><\/figure><figure class='gallery-item'>\n\t\t\t<div class='gallery-icon landscape'>\n\t\t\t\t<a data-elementor-open-lightbox=\"yes\" data-elementor-lightbox-slideshow=\"e0dad7e\" data-elementor-lightbox-title=\"eco bag\" data-e-action-hash=\"#elementor-action%3Aaction%3Dlightbox%26settings%3DeyJpZCI6NDQ2MiwidXJsIjoiaHR0cHM6XC9cL3d3dy5pZGFzZWNvLmNvbVwvd3AtY29udGVudFwvdXBsb2Fkc1wvMjAyM1wvMTBcL2EtcGVyc29uLXVzaW5nLXRoZS1iYWctZm9yLWdyb2Nlcnktc2hvcHBpbmctb3ItcGlja2luZy11cC1saXR0ZXItaW4tYS1wYXJrLmpwZyIsInNsaWRlc2hvdyI6ImUwZGFkN2UifQ%3D%3D\" href='https:\/\/www.idaseco.com\/wp-content\/uploads\/2023\/10\/a-person-using-the-bag-for-grocery-shopping-or-picking-up-litter-in-a-park.jpg'><img loading=\"lazy\" decoding=\"async\" width=\"300\" height=\"300\" src=\"https:\/\/www.idaseco.com\/wp-content\/uploads\/2023\/10\/a-person-using-the-bag-for-grocery-shopping-or-picking-up-litter-in-a-park-300x300.jpg\" class=\"attachment-medium size-medium\" alt=\"une personne qui utilise le sac pour faire ses courses ou ramasser des d\u00e9chets dans un parc\" aria-describedby=\"gallery-2-4462\" srcset=\"https:\/\/www.idaseco.com\/wp-content\/uploads\/2023\/10\/a-person-using-the-bag-for-grocery-shopping-or-picking-up-litter-in-a-park-300x300.jpg 300w, https:\/\/www.idaseco.com\/wp-content\/uploads\/2023\/10\/a-person-using-the-bag-for-grocery-shopping-or-picking-up-litter-in-a-park.jpg 1024w, https:\/\/www.idaseco.com\/wp-content\/uploads\/2023\/10\/a-person-using-the-bag-for-grocery-shopping-or-picking-up-litter-in-a-park-150x150.jpg 150w, https:\/\/www.idaseco.com\/wp-content\/uploads\/2023\/10\/a-person-using-the-bag-for-grocery-shopping-or-picking-up-litter-in-a-park-768x768.jpg 768w, https:\/\/www.idaseco.com\/wp-content\/uploads\/2023\/10\/a-person-using-the-bag-for-grocery-shopping-or-picking-up-litter-in-a-park-600x600.jpg 600w, https:\/\/www.idaseco.com\/wp-content\/uploads\/2023\/10\/a-person-using-the-bag-for-grocery-shopping-or-picking-up-litter-in-a-park-100x100.jpg 100w, https:\/\/www.idaseco.com\/wp-content\/uploads\/2023\/10\/a-person-using-the-bag-for-grocery-shopping-or-picking-up-litter-in-a-park-50x50.jpg 50w\" sizes=\"(max-width: 300px) 100vw, 300px\" \/><\/a>\n\t\t\t<\/div>\n\t\t\t\t<figcaption class='wp-caption-text gallery-caption' id='gallery-2-4462'>\n\t\t\t\tSacs \u00e0 compost\n\t\t\t\t<\/figcaption><\/figure><figure class='gallery-item'>\n\t\t\t<div class='gallery-icon landscape'>\n\t\t\t\t<a data-elementor-open-lightbox=\"yes\" data-elementor-lightbox-slideshow=\"e0dad7e\" data-elementor-lightbox-title=\"poop bags\" data-e-action-hash=\"#elementor-action%3Aaction%3Dlightbox%26settings%3DeyJpZCI6NDQ2NCwidXJsIjoiaHR0cHM6XC9cL3d3dy5pZGFzZWNvLmNvbVwvd3AtY29udGVudFwvdXBsb2Fkc1wvMjAyM1wvMTBcL3Bvb3AtYmFncy5wbmciLCJzbGlkZXNob3ciOiJlMGRhZDdlIn0%3D\" href='https:\/\/www.idaseco.com\/wp-content\/uploads\/2023\/10\/poop-bags.png'><img loading=\"lazy\" decoding=\"async\" width=\"300\" height=\"300\" src=\"https:\/\/www.idaseco.com\/wp-content\/uploads\/2023\/10\/poop-bags-300x300.png\" class=\"attachment-medium size-medium\" alt=\"\" aria-describedby=\"gallery-2-4464\" srcset=\"https:\/\/www.idaseco.com\/wp-content\/uploads\/2023\/10\/poop-bags-300x300.png 300w, https:\/\/www.idaseco.com\/wp-content\/uploads\/2023\/10\/poop-bags.png 1024w, https:\/\/www.idaseco.com\/wp-content\/uploads\/2023\/10\/poop-bags-150x150.png 150w, https:\/\/www.idaseco.com\/wp-content\/uploads\/2023\/10\/poop-bags-768x768.png 768w, https:\/\/www.idaseco.com\/wp-content\/uploads\/2023\/10\/poop-bags-600x600.png 600w, https:\/\/www.idaseco.com\/wp-content\/uploads\/2023\/10\/poop-bags-100x100.png 100w, https:\/\/www.idaseco.com\/wp-content\/uploads\/2023\/10\/poop-bags-50x50.png 50w\" sizes=\"(max-width: 300px) 100vw, 300px\" \/><\/a>\n\t\t\t<\/div>\n\t\t\t\t<figcaption class='wp-caption-text gallery-caption' id='gallery-2-4464'>\n\t\t\t\tSacs \u00e0 crottes pour chiens\n\t\t\t\t<\/figcaption><\/figure><figure class='gallery-item'>\n\t\t\t<div class='gallery-icon landscape'>\n\t\t\t\t<a data-elementor-open-lightbox=\"yes\" data-elementor-lightbox-slideshow=\"e0dad7e\" data-elementor-lightbox-title=\"reusable produce bags\" data-e-action-hash=\"#elementor-action%3Aaction%3Dlightbox%26settings%3DeyJpZCI6NDQ2OCwidXJsIjoiaHR0cHM6XC9cL3d3dy5pZGFzZWNvLmNvbVwvd3AtY29udGVudFwvdXBsb2Fkc1wvMjAyM1wvMTBcL3JldXNhYmxlLXByb2R1Y2UtYmFncy5qcGciLCJzbGlkZXNob3ciOiJlMGRhZDdlIn0%3D\" href='https:\/\/www.idaseco.com\/wp-content\/uploads\/2023\/10\/reusable-produce-bags.jpg'><img loading=\"lazy\" decoding=\"async\" width=\"300\" height=\"300\" src=\"https:\/\/www.idaseco.com\/wp-content\/uploads\/2023\/10\/reusable-produce-bags-300x300.jpg\" class=\"attachment-medium size-medium\" alt=\"\" aria-describedby=\"gallery-2-4468\" srcset=\"https:\/\/www.idaseco.com\/wp-content\/uploads\/2023\/10\/reusable-produce-bags-300x300.jpg 300w, https:\/\/www.idaseco.com\/wp-content\/uploads\/2023\/10\/reusable-produce-bags.jpg 1024w, https:\/\/www.idaseco.com\/wp-content\/uploads\/2023\/10\/reusable-produce-bags-150x150.jpg 150w, https:\/\/www.idaseco.com\/wp-content\/uploads\/2023\/10\/reusable-produce-bags-768x768.jpg 768w, https:\/\/www.idaseco.com\/wp-content\/uploads\/2023\/10\/reusable-produce-bags-600x600.jpg 600w, https:\/\/www.idaseco.com\/wp-content\/uploads\/2023\/10\/reusable-produce-bags-100x100.jpg 100w, https:\/\/www.idaseco.com\/wp-content\/uploads\/2023\/10\/reusable-produce-bags-50x50.jpg 50w\" sizes=\"(max-width: 300px) 100vw, 300px\" \/><\/a>\n\t\t\t<\/div>\n\t\t\t\t<figcaption class='wp-caption-text gallery-caption' id='gallery-2-4468'>\n\t\t\t\tSac r\u00e9utilisable pour fruits et l\u00e9gumes\n\t\t\t\t<\/figcaption><\/figure>\n\t\t<\/div>\n\t\t<\/div>\n\t\t\t\t<\/div>\n\t\t\t\t<\/div>\n\t\t\t\t<div class=\"elementor-element elementor-element-3e52500 elementor-align-center elementor-widget elementor-widget-button\" data-id=\"3e52500\" data-element_type=\"widget\" data-widget_type=\"button.default\">\n\t\t\t\t<div class=\"elementor-widget-container\">\n\t\t\t\t\t<div class=\"elementor-button-wrapper\">\n\t\t\t<a class=\"elementor-button elementor-button-link elementor-size-sm\" href=\"#elementor-action:action=popup:open&settings=eyJpZCI6IjY4MjMiLCJ0b2dnbGUiOmZhbHNlfQ==\">\n\t\t\t\t\t\t<span class=\"elementor-button-content-wrapper\">\n\t\t\t\t\t\t<span class=\"elementor-button-text\">D\u00e9couvrez les solutions en mati\u00e8re de d\u00e9veloppement durable<\/span>\n\t\t<\/span>\n\t\t\t\t\t<\/a>\n\t\t<\/div>\n\t\t\t\t<\/div>\n\t\t\t\t<\/div>\n\t\t\t\t\t<\/div>\n\t\t<\/div>\n\t\t\t\t\t\t\t<\/div>\n\t\t<\/section>\n\t\t\t\t\t<\/div>\n\t\t<\/div>\n\t\t\t\t\t\t\t<\/div>\n\t\t<\/section>\n\t\t\t\t<section class=\"elementor-section elementor-top-section elementor-element elementor-element-2a892cd2 elementor-section-boxed elementor-section-height-default elementor-section-height-default\" data-id=\"2a892cd2\" data-element_type=\"section\" id=\"knowledge\" data-settings=\"{&quot;background_background&quot;:&quot;classic&quot;,&quot;mdp_selection_sticky_effect_enable&quot;:false}\">\n\t\t\t\t\t\t<div class=\"elementor-container elementor-column-gap-default\">\n\t\t\t\t\t<div class=\"elementor-column elementor-col-100 elementor-top-column elementor-element elementor-element-64e4aa08\" data-id=\"64e4aa08\" data-element_type=\"column\" data-settings=\"{&quot;mdp_selection_sticky_column_effect_enable&quot;:false}\">\n\t\t\t<div class=\"elementor-widget-wrap elementor-element-populated\">\n\t\t\t\t\t\t\t\t<div class=\"elementor-element elementor-element-5ad71f48 uael-dual-heading-align-center elementor-widget elementor-widget-uael-dual-color-heading\" data-id=\"5ad71f48\" data-element_type=\"widget\" data-widget_type=\"uael-dual-color-heading.default\">\n\t\t\t\t<div class=\"elementor-widget-container\">\n\t\t\t\t\t\t\t<div class=\"uael-module-content uael-dual-color-heading uael-heading-stack-none\">\n\t\t\t<h2>\n\t\t\t\t\t\t\t\t\t\t\t\t\t\t\t\t<span class=\"uael-before-heading\"><span class=\"elementor-inline-editing uael-dual-heading-text uael-first-text\" data-elementor-setting-key=\"before_heading_text\" data-elementor-inline-editing-toolbar=\"basic\">L'excellence en mati\u00e8re de d\u00e9veloppement durable : <\/span><\/span><span class=\"uael-adv-heading-stack\"><span class=\"elementor-inline-editing uael-dual-heading-text uael-highlight-text\" data-elementor-setting-key=\"second_heading_text\" data-elementor-inline-editing-toolbar=\"basic\">Perspectives d'experts et inspiration <\/span><\/span><span class=\"uael-after-heading\"><span class=\"elementor-inline-editing uael-dual-heading-text uael-third-text\" data-elementor-setting-key=\"after_heading_text\" data-elementor-inline-editing-toolbar=\"basic\">pour les entreprises<\/span><\/span>\t\t\t\t\t\t\t\t\t\t\t\t\t<\/h2>\n\t\t<\/div>\n\t\t\t\t<\/div>\n\t\t\t\t<\/div>\n\t\t\t\t<div class=\"elementor-element elementor-element-295f3fa8 elementor-widget elementor-widget-text-editor\" data-id=\"295f3fa8\" data-element_type=\"widget\" data-widget_type=\"text-editor.default\">\n\t\t\t\t<div class=\"elementor-widget-container\">\n\t\t\t\t\t\t\t<p>Favoriser la croissance des entreprises : Obtenez des informations pr\u00e9cieuses, des conseils d'experts et des id\u00e9es inspirantes pour favoriser le d\u00e9veloppement durable dans votre secteur d'activit\u00e9. Explorez notre gamme vari\u00e9e d'articles de blog portant sur les modes de vie \u00e9cologiques, les pratiques durables et les derni\u00e8res tendances du secteur. Plongez-y et d\u00e9couvrez les strat\u00e9gies qui vous permettront d'avoir un impact positif sur la plan\u00e8te tout en \u00e9largissant vos horizons commerciaux.<\/p>\t\t\t\t\t\t<\/div>\n\t\t\t\t<\/div>\n\t\t\t\t<div class=\"elementor-element elementor-element-277f6fb0 elementor-grid-2 elementor-grid-tablet-2 elementor-grid-mobile-1 elementor-posts--thumbnail-top elementor-card-shadow-yes elementor-posts__hover-gradient elementor-widget elementor-widget-posts\" data-id=\"277f6fb0\" data-element_type=\"widget\" data-settings=\"{&quot;cards_columns&quot;:&quot;2&quot;,&quot;cards_columns_tablet&quot;:&quot;2&quot;,&quot;cards_columns_mobile&quot;:&quot;1&quot;,&quot;cards_row_gap&quot;:{&quot;unit&quot;:&quot;px&quot;,&quot;size&quot;:35,&quot;sizes&quot;:[]},&quot;cards_row_gap_tablet&quot;:{&quot;unit&quot;:&quot;px&quot;,&quot;size&quot;:&quot;&quot;,&quot;sizes&quot;:[]},&quot;cards_row_gap_mobile&quot;:{&quot;unit&quot;:&quot;px&quot;,&quot;size&quot;:&quot;&quot;,&quot;sizes&quot;:[]}}\" data-widget_type=\"posts.cards\">\n\t\t\t\t<div class=\"elementor-widget-container\">\n\t\t\t<link rel=\"stylesheet\" href=\"https:\/\/www.idaseco.com\/wp-content\/plugins\/elementor-pro\/assets\/css\/widget-posts.min.css\">\t\t<div class=\"elementor-posts-container elementor-posts elementor-posts--skin-cards elementor-grid\">\n\t\t\t\t<article class=\"elementor-post elementor-grid-item post-1380 post type-post status-publish format-standard has-post-thumbnail hentry category-reusable-drinking-straws tag-business-sustainability tag-eco-friendly-products tag-environmental-impact tag-green-business tag-plastic-alternatives tag-reusable-tableware tag-silicone-straws tag-sustainable-business-practices tag-sustainable-dining\">\n\t\t\t<div class=\"elementor-post__card\">\n\t\t\t\t<a class=\"elementor-post__thumbnail__link\" href=\"https:\/\/www.idaseco.com\/fr\/transformez-votre-entreprise-avec-des-pailles-en-silicone-respectueuses-de-lenvironnement-en-provenance-de-chine\/\" tabindex=\"-1\" target=\"_blank\"><div class=\"elementor-post__thumbnail\"><img loading=\"lazy\" decoding=\"async\" width=\"300\" height=\"200\" src=\"https:\/\/www.idaseco.com\/wp-content\/uploads\/2023\/05\/silicone-reusable-straws-300x200.jpg\" class=\"attachment-medium size-medium wp-image-1389\" alt=\"Pailles r\u00e9utilisables en silicone color\u00e9es et durables, une alternative \u00e9cologique aux pailles en plastique \u00e0 usage unique\" srcset=\"https:\/\/www.idaseco.com\/wp-content\/uploads\/2023\/05\/silicone-reusable-straws-300x200.jpg 300w, https:\/\/www.idaseco.com\/wp-content\/uploads\/2023\/05\/silicone-reusable-straws-1024x684.jpg 1024w, https:\/\/www.idaseco.com\/wp-content\/uploads\/2023\/05\/silicone-reusable-straws-768x513.jpg 768w, https:\/\/www.idaseco.com\/wp-content\/uploads\/2023\/05\/silicone-reusable-straws-1536x1025.jpg 1536w, https:\/\/www.idaseco.com\/wp-content\/uploads\/2023\/05\/silicone-reusable-straws-2048x1367.jpg 2048w, https:\/\/www.idaseco.com\/wp-content\/uploads\/2023\/05\/silicone-reusable-straws-600x401.jpg 600w\" sizes=\"(max-width: 300px) 100vw, 300px\" \/><\/div><\/a>\n\t\t\t\t<div class=\"elementor-post__text\">\n\t\t\t\t<h3 class=\"elementor-post__title\">\n\t\t\t<a href=\"https:\/\/www.idaseco.com\/fr\/transformez-votre-entreprise-avec-des-pailles-en-silicone-respectueuses-de-lenvironnement-en-provenance-de-chine\/\" target=\"&quot;_blank&quot;\">\n\t\t\t\tTransformez votre entreprise gr\u00e2ce aux pailles en silicone \u00e9cologiques de Chine\t\t\t<\/a>\n\t\t<\/h3>\n\t\t\t\t<div class=\"elementor-post__excerpt\">\n\t\t\t<p>Introduction : Dans un monde de plus en plus conscient de la durabilit\u00e9 environnementale, les entreprises de diff\u00e9rents secteurs - supermarch\u00e9s, d\u00e9taillants en ligne, marques, grossistes, importateurs, distributeurs, h\u00f4tels, industrie alimentaire et m\u00eame organisations environnementales - cherchent toutes des moyens novateurs de r\u00e9duire les \u00e9missions de gaz \u00e0 effet de serre et d'am\u00e9liorer la qualit\u00e9 de l'air.<\/p>\n\t\t<\/div>\n\t\t\t\t<\/div>\n\t\t\t\t<div class=\"elementor-post__meta-data\">\n\t\t\t\t\t<span class=\"elementor-post-date\">\n\t\t\t26 mai 2023\t\t<\/span>\n\t\t\t\t<\/div>\n\t\t\t\t\t<\/div>\n\t\t<\/article>\n\t\t\t\t<article class=\"elementor-post elementor-grid-item post-873 post type-post status-publish format-standard has-post-thumbnail hentry category-cutlery-set tag-bamboo-cutlery-disposable tag-bamboo-cutlery-set tag-cutlery-set tag-disposable-utensil\">\n\t\t\t<div class=\"elementor-post__card\">\n\t\t\t\t<a class=\"elementor-post__thumbnail__link\" href=\"https:\/\/www.idaseco.com\/fr\/pourquoi-les-couverts-en-bambou-sont-ils-indispensables-aux-consommateurs-soucieux-de-lenvironnement\/\" tabindex=\"-1\" target=\"_blank\"><div class=\"elementor-post__thumbnail\"><img loading=\"lazy\" decoding=\"async\" width=\"300\" height=\"200\" src=\"https:\/\/www.idaseco.com\/wp-content\/uploads\/2023\/05\/bamboo-cutlery-set-300x200.jpg\" class=\"attachment-medium size-medium wp-image-877\" alt=\"Les couverts en bambou sont des ustensiles fabriqu\u00e9s en bambou, un mat\u00e9riau durable et respectueux de l&#039;environnement. L&#039;ensemble comprend g\u00e9n\u00e9ralement une fourchette, un couteau et une cuill\u00e8re, qui peuvent \u00eatre jetables ou r\u00e9utilisables. Les couverts en bambou constituent une alternative parfaite aux couverts en plastique traditionnels, qui sont nocifs pour l&#039;environnement en raison de leur nature non biod\u00e9gradable. Les couverts en bambou sont l\u00e9gers, durables et faciles \u00e0 nettoyer. C&#039;est un choix id\u00e9al pour les consommateurs soucieux de l&#039;environnement qui souhaitent r\u00e9duire leur empreinte \u00e9cologique tout en savourant leurs repas.\" srcset=\"https:\/\/www.idaseco.com\/wp-content\/uploads\/2023\/05\/bamboo-cutlery-set-300x200.jpg 300w, https:\/\/www.idaseco.com\/wp-content\/uploads\/2023\/05\/bamboo-cutlery-set-1024x684.jpg 1024w, https:\/\/www.idaseco.com\/wp-content\/uploads\/2023\/05\/bamboo-cutlery-set-768x513.jpg 768w, https:\/\/www.idaseco.com\/wp-content\/uploads\/2023\/05\/bamboo-cutlery-set-1536x1025.jpg 1536w, https:\/\/www.idaseco.com\/wp-content\/uploads\/2023\/05\/bamboo-cutlery-set-2048x1367.jpg 2048w, https:\/\/www.idaseco.com\/wp-content\/uploads\/2023\/05\/bamboo-cutlery-set-600x401.jpg 600w\" sizes=\"(max-width: 300px) 100vw, 300px\" \/><\/div><\/a>\n\t\t\t\t<div class=\"elementor-post__text\">\n\t\t\t\t<h3 class=\"elementor-post__title\">\n\t\t\t<a href=\"https:\/\/www.idaseco.com\/fr\/pourquoi-les-couverts-en-bambou-sont-ils-indispensables-aux-consommateurs-soucieux-de-lenvironnement\/\" target=\"&quot;_blank&quot;\">\n\t\t\t\tPourquoi les couverts en bambou sont-ils indispensables aux consommateurs soucieux de l'environnement ?\t\t\t<\/a>\n\t\t<\/h3>\n\t\t\t\t<div class=\"elementor-post__excerpt\">\n\t\t\t<p>Introduction aux couverts en bambou Comprendre l'impact environnemental des couverts traditionnels en plastique Avantages des couverts en bambou Types de couverts en bambou Couverts en bambou jetables Couverts en bambou r\u00e9utilisables Comment utiliser les couverts en bambou ?<\/p>\n\t\t<\/div>\n\t\t\t\t<\/div>\n\t\t\t\t<div class=\"elementor-post__meta-data\">\n\t\t\t\t\t<span class=\"elementor-post-date\">\n\t\t\t3 mai 2023\t\t<\/span>\n\t\t\t\t<\/div>\n\t\t\t\t\t<\/div>\n\t\t<\/article>\n\t\t\t\t<article class=\"elementor-post elementor-grid-item post-863 post type-post status-publish format-standard has-post-thumbnail hentry category-disposable-drinking-straw tag-biodegradable-products tag-eco-friendly tag-environmental-consciousness tag-food-based-solutionssolutions tag-renewable-resources tag-single-use-plastic-alternatives tag-sustainable-alternatives tag-zero-waste-options\">\n\t\t\t<div class=\"elementor-post__card\">\n\t\t\t\t<a class=\"elementor-post__thumbnail__link\" href=\"https:\/\/www.idaseco.com\/fr\/lessor-des-alternatives-ecologiques-explorer-les-avantages-des-pailles-en-pates\/\" tabindex=\"-1\" target=\"_blank\"><div class=\"elementor-post__thumbnail\"><img loading=\"lazy\" decoding=\"async\" width=\"300\" height=\"300\" src=\"https:\/\/www.idaseco.com\/wp-content\/uploads\/2023\/05\/colored-pasta-straws-300x300.jpg\" class=\"attachment-medium size-medium wp-image-869\" alt=\"Ces pailles sont compos\u00e9es de p\u00e2tes color\u00e9es, notamment vertes, jaunes, roses, violettes, bleues et orange. Les pailles sont plac\u00e9es les unes \u00e0 c\u00f4t\u00e9 des autres sur un fond blanc et semblent avoir des longueurs variables. Elles sont de forme cylindrique, avec un centre creux, et leurs extr\u00e9mit\u00e9s sont l\u00e9g\u00e8rement inclin\u00e9es pour faciliter la consommation.\" srcset=\"https:\/\/www.idaseco.com\/wp-content\/uploads\/2023\/05\/colored-pasta-straws-300x300.jpg 300w, https:\/\/www.idaseco.com\/wp-content\/uploads\/2023\/05\/colored-pasta-straws-1024x1024.jpg 1024w, https:\/\/www.idaseco.com\/wp-content\/uploads\/2023\/05\/colored-pasta-straws-150x150.jpg 150w, https:\/\/www.idaseco.com\/wp-content\/uploads\/2023\/05\/colored-pasta-straws-768x768.jpg 768w, https:\/\/www.idaseco.com\/wp-content\/uploads\/2023\/05\/colored-pasta-straws-600x600.jpg 600w, https:\/\/www.idaseco.com\/wp-content\/uploads\/2023\/05\/colored-pasta-straws-100x100.jpg 100w, https:\/\/www.idaseco.com\/wp-content\/uploads\/2023\/05\/colored-pasta-straws-50x50.jpg 50w, https:\/\/www.idaseco.com\/wp-content\/uploads\/2023\/05\/colored-pasta-straws.jpg 1080w\" sizes=\"(max-width: 300px) 100vw, 300px\" \/><\/div><\/a>\n\t\t\t\t<div class=\"elementor-post__text\">\n\t\t\t\t<h3 class=\"elementor-post__title\">\n\t\t\t<a href=\"https:\/\/www.idaseco.com\/fr\/lessor-des-alternatives-ecologiques-explorer-les-avantages-des-pailles-en-pates\/\" target=\"&quot;_blank&quot;\">\n\t\t\t\tL'essor des alternatives \u00e9cologiques : Les avantages des pailles pour p\u00e2tes\t\t\t<\/a>\n\t\t<\/h3>\n\t\t\t\t<div class=\"elementor-post__excerpt\">\n\t\t\t<p>Introduction : R\u00e9cemment, la demande d'alternatives \u00e9cologiques aux plastiques \u00e0 usage unique s'est accrue. Les gouvernements et les organisations du monde entier ont r\u00e9agi en adoptant des politiques et des initiatives visant \u00e0 r\u00e9duire les d\u00e9chets plastiques. Cela a conduit \u00e0 l'\u00e9mergence<\/p>\n\t\t<\/div>\n\t\t\t\t<\/div>\n\t\t\t\t<div class=\"elementor-post__meta-data\">\n\t\t\t\t\t<span class=\"elementor-post-date\">\n\t\t\t2 mai 2023\t\t<\/span>\n\t\t\t\t<\/div>\n\t\t\t\t\t<\/div>\n\t\t<\/article>\n\t\t\t\t<article class=\"elementor-post elementor-grid-item post-820 post type-post status-publish format-standard has-post-thumbnail hentry category-food-packaging tag-bagasse-box tag-bagasse-burger-box tag-bagasse-lunch-box tag-bagasse-packaging tag-sugarcane-pulp-plates\">\n\t\t\t<div class=\"elementor-post__card\">\n\t\t\t\t<a class=\"elementor-post__thumbnail__link\" href=\"https:\/\/www.idaseco.com\/fr\/can-you-microwave-bagasse-container\/\" tabindex=\"-1\" target=\"_blank\"><div class=\"elementor-post__thumbnail\"><img loading=\"lazy\" decoding=\"async\" width=\"300\" height=\"225\" src=\"https:\/\/www.idaseco.com\/wp-content\/uploads\/2023\/04\/microwave-ok-300x225.jpg\" class=\"attachment-medium size-medium wp-image-825\" alt=\"Un r\u00e9cipient en bagasse rempli d&#039;aliments est pass\u00e9 au micro-ondes, d\u00e9montrant ainsi sa capacit\u00e9 \u00e0 r\u00e9sister \u00e0 la chaleur et \u00e0 fonctionner comme un r\u00e9cipient alimentaire adapt\u00e9 aux micro-ondes. Ce r\u00e9cipient \u00e9cologique et durable, fabriqu\u00e9 \u00e0 partir de fibres de canne \u00e0 sucre, est une option s\u00fbre et pratique pour r\u00e9chauffer les restes ou cuire les aliments au micro-ondes.\" srcset=\"https:\/\/www.idaseco.com\/wp-content\/uploads\/2023\/04\/microwave-ok-300x225.jpg 300w, https:\/\/www.idaseco.com\/wp-content\/uploads\/2023\/04\/microwave-ok-1024x768.jpg 1024w, https:\/\/www.idaseco.com\/wp-content\/uploads\/2023\/04\/microwave-ok-768x576.jpg 768w, https:\/\/www.idaseco.com\/wp-content\/uploads\/2023\/04\/microwave-ok-1536x1152.jpg 1536w, https:\/\/www.idaseco.com\/wp-content\/uploads\/2023\/04\/microwave-ok-600x450.jpg 600w, https:\/\/www.idaseco.com\/wp-content\/uploads\/2023\/04\/microwave-ok.jpg 1706w\" sizes=\"(max-width: 300px) 100vw, 300px\" \/><\/div><\/a>\n\t\t\t\t<div class=\"elementor-post__text\">\n\t\t\t\t<h3 class=\"elementor-post__title\">\n\t\t\t<a href=\"https:\/\/www.idaseco.com\/fr\/can-you-microwave-bagasse-container\/\" target=\"&quot;_blank&quot;\">\n\t\t\t\tPeut-on passer un conteneur de bagasse au micro-ondes ?\u00a0\t\t\t<\/a>\n\t\t<\/h3>\n\t\t\t\t<div class=\"elementor-post__excerpt\">\n\t\t\t<p>Voici ce qu'il faut savoir L'attention port\u00e9e au respect de l'environnement va de pair avec l'utilisation de conteneurs en bagasse. La bagasse est un sous-produit de la transformation de la canne \u00e0 sucre et constitue une alternative \u00e9cologique aux conteneurs en plastique traditionnels. Ces conteneurs<\/p>\n\t\t<\/div>\n\t\t\t\t<\/div>\n\t\t\t\t<div class=\"elementor-post__meta-data\">\n\t\t\t\t\t<span class=\"elementor-post-date\">\n\t\t\t27 avril 2023\t\t<\/span>\n\t\t\t\t<\/div>\n\t\t\t\t\t<\/div>\n\t\t<\/article>\n\t\t\t\t<\/div>\n\t\t\n\t\t\t\t<\/div>\n\t\t\t\t<\/div>\n\t\t\t\t<div class=\"elementor-element elementor-element-685a92da elementor-widget elementor-widget-spacer\" data-id=\"685a92da\" data-element_type=\"widget\" data-widget_type=\"spacer.default\">\n\t\t\t\t<div class=\"elementor-widget-container\">\n\t\t\t<style>\/*! elementor - v3.18.0 - 08-12-2023 *\/\n.elementor-column .elementor-spacer-inner{height:var(--spacer-size)}.e-con{--container-widget-width:100%}.e-con-inner>.elementor-widget-spacer,.e-con>.elementor-widget-spacer{width:var(--container-widget-width,var(--spacer-size));--align-self:var(--container-widget-align-self,initial);--flex-shrink:0}.e-con-inner>.elementor-widget-spacer>.elementor-widget-container,.e-con>.elementor-widget-spacer>.elementor-widget-container{height:100%;width:100%}.e-con-inner>.elementor-widget-spacer>.elementor-widget-container>.elementor-spacer,.e-con>.elementor-widget-spacer>.elementor-widget-container>.elementor-spacer{height:100%}.e-con-inner>.elementor-widget-spacer>.elementor-widget-container>.elementor-spacer>.elementor-spacer-inner,.e-con>.elementor-widget-spacer>.elementor-widget-container>.elementor-spacer>.elementor-spacer-inner{height:var(--container-widget-height,var(--spacer-size))}.e-con-inner>.elementor-widget-spacer.elementor-widget-empty,.e-con>.elementor-widget-spacer.elementor-widget-empty{position:relative;min-height:22px;min-width:22px}.e-con-inner>.elementor-widget-spacer.elementor-widget-empty .elementor-widget-empty-icon,.e-con>.elementor-widget-spacer.elementor-widget-empty .elementor-widget-empty-icon{position:absolute;top:0;bottom:0;left:0;right:0;margin:auto;padding:0;width:22px;height:22px}<\/style>\t\t<div class=\"elementor-spacer\">\n\t\t\t<div class=\"elementor-spacer-inner\"><\/div>\n\t\t<\/div>\n\t\t\t\t<\/div>\n\t\t\t\t<\/div>\n\t\t\t\t<div class=\"elementor-element elementor-element-36ae0372 uael-button-halign-center uael-button-stack-none elementor-widget elementor-widget-uael-buttons\" data-id=\"36ae0372\" data-element_type=\"widget\" data-widget_type=\"uael-buttons.default\">\n\t\t\t\t<div class=\"elementor-widget-container\">\n\t\t\t\t\t<div class=\"uael-dual-button-outer-wrap\">\n\t\t\t<div class=\"uael-dual-button-wrap\">\n\t\t\t\t\t\t\t\t<div class=\"uael-button-wrapper elementor-button-wrapper uael-dual-button elementor-repeater-item-0258dc6 uael-dual-button-0\">\n\t\t\t\t\t<a class=\"elementor-button-link elementor-button elementor-size-sm elementor-button-link\" href=\"#elementor-action:action=popup:open&settings=eyJpZCI6IjY4MjMiLCJ0b2dnbGUiOmZhbHNlfQ==\">\n\t\t\t\t\t\t\t\t<span class=\"elementor-button-content-wrapper uael-buttons-icon-\">\n\t\t\t\t\t\t\t\t\t\t\t\t<span class=\"elementor-align-icon- elementor-button-icon\">\n\t\t\t\t\t\t\t\t\t\t\t<\/span>\n\t\t\t\t\t\t\t\t\t\t<span class=\"elementor-button-text elementor-inline-editing\" data-elementor-setting-key=\"buttons.0.text\" data-elementor-inline-editing-toolbar=\"none\">D\u00e9couvrez des id\u00e9es durables : Explorez notre blog d\u00e8s maintenant !<\/span>\n\t\t<\/span>\n\t\t\t\t\t\t\t<\/a>\n\t\t\t\t<\/div>\n\t\t\t\t\t\t\t<\/div>\n\t\t<\/div>\n\t\t\t\t<\/div>\n\t\t\t\t<\/div>\n\t\t\t\t\t<\/div>\n\t\t<\/div>\n\t\t\t\t\t\t\t<\/div>\n\t\t<\/section>\n\t\t\t\t<section class=\"elementor-section elementor-top-section elementor-element elementor-element-2c68ff7f elementor-section-boxed elementor-section-height-default elementor-section-height-default\" data-id=\"2c68ff7f\" data-element_type=\"section\" id=\"pitfalls\" data-settings=\"{&quot;mdp_selection_sticky_effect_enable&quot;:false}\">\n\t\t\t\t\t\t<div class=\"elementor-container elementor-column-gap-default\">\n\t\t\t\t\t<div class=\"elementor-column elementor-col-100 elementor-top-column elementor-element elementor-element-3b6ef4e9\" data-id=\"3b6ef4e9\" data-element_type=\"column\" data-settings=\"{&quot;mdp_selection_sticky_column_effect_enable&quot;:false}\">\n\t\t\t<div class=\"elementor-widget-wrap elementor-element-populated\">\n\t\t\t\t\t\t\t\t<div class=\"elementor-element elementor-element-60640956 uael-dual-heading-align-center elementor-widget elementor-widget-uael-dual-color-heading\" data-id=\"60640956\" data-element_type=\"widget\" data-widget_type=\"uael-dual-color-heading.default\">\n\t\t\t\t<div class=\"elementor-widget-container\">\n\t\t\t\t\t\t\t<div class=\"uael-module-content uael-dual-color-heading uael-heading-stack-none\">\n\t\t\t<h2>\n\t\t\t\t\t\t\t\t\t\t\t\t\t\t\t\t<span class=\"uael-before-heading\"><span class=\"elementor-inline-editing uael-dual-heading-text uael-first-text\" data-elementor-setting-key=\"before_heading_text\" data-elementor-inline-editing-toolbar=\"basic\">Optimiser la valeur : <\/span><\/span><span class=\"uael-adv-heading-stack\"><span class=\"elementor-inline-editing uael-dual-heading-text uael-highlight-text\" data-elementor-setting-key=\"second_heading_text\" data-elementor-inline-editing-toolbar=\"basic\">Rapport co\u00fbt-efficacit\u00e9 <\/span><\/span><span class=\"uael-after-heading\"><span class=\"elementor-inline-editing uael-dual-heading-text uael-third-text\" data-elementor-setting-key=\"after_heading_text\" data-elementor-inline-editing-toolbar=\"basic\">Module pour votre entreprise<\/span><\/span>\t\t\t\t\t\t\t\t\t\t\t\t\t<\/h2>\n\t\t<\/div>\n\t\t\t\t<\/div>\n\t\t\t\t<\/div>\n\t\t\t\t<div class=\"elementor-element elementor-element-66611c19 elementor-widget elementor-widget-text-editor\" data-id=\"66611c19\" data-element_type=\"widget\" data-widget_type=\"text-editor.default\">\n\t\t\t\t<div class=\"elementor-widget-container\">\n\t\t\t\t\t\t\t<p>Bienvenue dans notre module sur le rapport co\u00fbt-efficacit\u00e9, o\u00f9 nous examinons les strat\u00e9gies visant \u00e0 maximiser la valeur et l'efficacit\u00e9 de votre entreprise. Dans ce module, nous examinons comment nos produits peuvent contribuer \u00e0 votre rentabilit\u00e9 en offrant des solutions rentables.<em class=\"Highlight\"> solutions <\/em>sans faire de compromis sur la qualit\u00e9 ou la durabilit\u00e9. D\u00e9couvrez les avantages d'un partenariat avec nous pour atteindre une rentabilit\u00e9 optimale.<\/p>\t\t\t\t\t\t<\/div>\n\t\t\t\t<\/div>\n\t\t\t\t<section class=\"elementor-section elementor-inner-section elementor-element elementor-element-76c249ea elementor-section-boxed elementor-section-height-default elementor-section-height-default\" data-id=\"76c249ea\" data-element_type=\"section\" data-settings=\"{&quot;mdp_selection_sticky_effect_enable&quot;:false}\">\n\t\t\t\t\t\t<div class=\"elementor-container elementor-column-gap-default\">\n\t\t\t\t\t<div class=\"elementor-column elementor-col-100 elementor-inner-column elementor-element elementor-element-63430e1\" data-id=\"63430e1\" data-element_type=\"column\" data-settings=\"{&quot;mdp_selection_sticky_column_effect_enable&quot;:false}\">\n\t\t\t<div class=\"elementor-widget-wrap elementor-element-populated\">\n\t\t\t\t\t\t\t\t<div class=\"elementor-element elementor-element-4b5bda82 elementor-icon-list--layout-traditional elementor-list-item-link-full_width elementor-widget elementor-widget-icon-list\" data-id=\"4b5bda82\" data-element_type=\"widget\" data-widget_type=\"icon-list.default\">\n\t\t\t\t<div class=\"elementor-widget-container\">\n\t\t\t\t\t<ul class=\"elementor-icon-list-items\">\n\t\t\t\t\t\t\t<li class=\"elementor-icon-list-item\">\n\t\t\t\t\t\t\t\t\t\t\t<span class=\"elementor-icon-list-icon\">\n\t\t\t\t\t\t\t<i aria-hidden=\"true\" class=\"icon icon-save-money\"><\/i>\t\t\t\t\t\t<\/span>\n\t\t\t\t\t\t\t\t\t\t<span class=\"elementor-icon-list-text\">Analyse du co\u00fbt des produits<\/span>\n\t\t\t\t\t\t\t\t\t<\/li>\n\t\t\t\t\t\t\t\t<li class=\"elementor-icon-list-item\">\n\t\t\t\t\t\t\t\t\t\t\t<span class=\"elementor-icon-list-icon\">\n\t\t\t\t\t\t\t<i aria-hidden=\"true\" class=\"icon icon-save-money\"><\/i>\t\t\t\t\t\t<\/span>\n\t\t\t\t\t\t\t\t\t\t<span class=\"elementor-icon-list-text\">Qualit\u00e9 et durabilit\u00e9<\/span>\n\t\t\t\t\t\t\t\t\t<\/li>\n\t\t\t\t\t\t\t\t<li class=\"elementor-icon-list-item\">\n\t\t\t\t\t\t\t\t\t\t\t<span class=\"elementor-icon-list-icon\">\n\t\t\t\t\t\t\t<i aria-hidden=\"true\" class=\"icon icon-save-money\"><\/i>\t\t\t\t\t\t<\/span>\n\t\t\t\t\t\t\t\t\t\t<span class=\"elementor-icon-list-text\">Utilisation efficace des ressources<\/span>\n\t\t\t\t\t\t\t\t\t<\/li>\n\t\t\t\t\t\t\t\t<li class=\"elementor-icon-list-item\">\n\t\t\t\t\t\t\t\t\t\t\t<span class=\"elementor-icon-list-icon\">\n\t\t\t\t\t\t\t<i aria-hidden=\"true\" class=\"icon icon-save-money\"><\/i>\t\t\t\t\t\t<\/span>\n\t\t\t\t\t\t\t\t\t\t<span class=\"elementor-icon-list-text\">Solutions personnalis\u00e9es<\/span>\n\t\t\t\t\t\t\t\t\t<\/li>\n\t\t\t\t\t\t\t\t<li class=\"elementor-icon-list-item\">\n\t\t\t\t\t\t\t\t\t\t\t<span class=\"elementor-icon-list-icon\">\n\t\t\t\t\t\t\t<i aria-hidden=\"true\" class=\"icon icon-save-money\"><\/i>\t\t\t\t\t\t<\/span>\n\t\t\t\t\t\t\t\t\t\t<span class=\"elementor-icon-list-text\">Solutions \u00e9volutives<\/span>\n\t\t\t\t\t\t\t\t\t<\/li>\n\t\t\t\t\t\t<\/ul>\n\t\t\t\t<\/div>\n\t\t\t\t<\/div>\n\t\t\t\t\t<\/div>\n\t\t<\/div>\n\t\t\t\t\t\t\t<\/div>\n\t\t<\/section>\n\t\t\t\t<div class=\"elementor-element elementor-element-68cfe0c3 elementor-widget elementor-widget-text-editor\" data-id=\"68cfe0c3\" data-element_type=\"widget\" data-widget_type=\"text-editor.default\">\n\t\t\t\t<div class=\"elementor-widget-container\">\n\t\t\t\t\t\t\t<ol><li><p>Analyse des co\u00fbts des produits : Obtenez une compr\u00e9hension compl\u00e8te du potentiel de r\u00e9duction des co\u00fbts de nos produits gr\u00e2ce \u00e0 une analyse d\u00e9taill\u00e9e des co\u00fbts. Nous fournissons des informations transparentes sur la fa\u00e7on dont nos<em class=\"Highlight\"> solutions <\/em>peut vous aider \u00e0 optimiser votre budget et \u00e0 maximiser votre rentabilit\u00e9.<\/p><\/li><li><p>Qualit\u00e9 et durabilit\u00e9 : D\u00e9couvrez la puissance de nos produits durables et de haute qualit\u00e9 qui vous permettent non seulement de r\u00e9aliser des \u00e9conomies, mais aussi de renforcer l'influence de votre marque et d'obtenir une valeur sup\u00e9rieure. Avec nos <em class=\"Highlight\">solutions<\/em>vous pouvez attirer davantage de clients, r\u00e9aliser des b\u00e9n\u00e9fices plus importants et renforcer votre position sur le march\u00e9. D\u00e9couvrez comment notre engagement in\u00e9branlable en faveur de la qualit\u00e9 et de la durabilit\u00e9 peut propulser votre entreprise vers de nouveaux sommets.<\/p><\/li><li><p>Utilisation efficace des ressources : D\u00e9couvrez comment notre<em class=\"Highlight\"> solutions <\/em>optimiser l'utilisation des ressources, en vous aidant \u00e0 minimiser les d\u00e9chets et \u00e0 r\u00e9duire les frais g\u00e9n\u00e9raux. Nous donnons la priorit\u00e9 \u00e0 l'efficacit\u00e9 et \u00e0 la durabilit\u00e9, ce qui vous permet de fonctionner de mani\u00e8re optimale tout en r\u00e9duisant les d\u00e9penses inutiles.<\/p><\/li><li><p><em class=\"Highlight\">Sur mesure<\/em> <em class=\"Highlight\">Solutions<\/em>: B\u00e9n\u00e9ficiez de nos services sur mesure<em class=\"Highlight\"> solutions <\/em>qui r\u00e9pondent \u00e0 vos besoins et processus sp\u00e9cifiques. Gr\u00e2ce \u00e0 la personnalisation, nous optimisons les performances des produits pour qu'ils s'int\u00e8grent parfaitement \u00e0 vos op\u00e9rations, ce qui permet d'accro\u00eetre l'efficacit\u00e9 et d'\u00e9conomiser du temps et des ressources.<\/p><\/li><li><p>\u00c9volutif <em class=\"Highlight\">Solutions<\/em>: Notre syst\u00e8me \u00e9volutif de<em class=\"Highlight\"> solutions <\/em>sont con\u00e7ues pour soutenir la croissance de votre entreprise. Que vous soyez une petite ou une grande entreprise, nos options flexibles s'adaptent \u00e0 l'\u00e9volution de vos besoins et vous permettent de faire \u00e9voluer vos op\u00e9rations sans compromettre la rentabilit\u00e9.<\/p><\/li><\/ol>\t\t\t\t\t\t<\/div>\n\t\t\t\t<\/div>\n\t\t\t\t<div class=\"elementor-element elementor-element-4d06651c gallery-spacing-custom elementor-widget elementor-widget-image-gallery\" data-id=\"4d06651c\" data-element_type=\"widget\" data-widget_type=\"image-gallery.default\">\n\t\t\t\t<div class=\"elementor-widget-container\">\n\t\t\t\t\t<div class=\"elementor-image-gallery\">\n\t\t\t<div id='gallery-3' class='gallery galleryid-820 gallery-columns-3 gallery-size-full'><figure class='gallery-item'>\n\t\t\t<div class='gallery-icon landscape'>\n\t\t\t\t<a data-elementor-open-lightbox=\"no\" href='https:\/\/www.idaseco.com\/wp-content\/uploads\/2023\/10\/plastic-bags.jpg'><img loading=\"lazy\" decoding=\"async\" width=\"1024\" height=\"1024\" src=\"https:\/\/www.idaseco.com\/wp-content\/uploads\/2023\/10\/plastic-bags.jpg\" class=\"attachment-full size-full\" alt=\"Sacs en plastique \u00e0 usage unique, nuisibles \u00e0 l&#039;environnement et contribuant \u00e0 la pollution et aux d\u00e9chets\" aria-describedby=\"gallery-3-4473\" srcset=\"https:\/\/www.idaseco.com\/wp-content\/uploads\/2023\/10\/plastic-bags.jpg 1024w, https:\/\/www.idaseco.com\/wp-content\/uploads\/2023\/10\/plastic-bags-300x300.jpg 300w, https:\/\/www.idaseco.com\/wp-content\/uploads\/2023\/10\/plastic-bags-150x150.jpg 150w, https:\/\/www.idaseco.com\/wp-content\/uploads\/2023\/10\/plastic-bags-768x768.jpg 768w, https:\/\/www.idaseco.com\/wp-content\/uploads\/2023\/10\/plastic-bags-600x600.jpg 600w, https:\/\/www.idaseco.com\/wp-content\/uploads\/2023\/10\/plastic-bags-100x100.jpg 100w, https:\/\/www.idaseco.com\/wp-content\/uploads\/2023\/10\/plastic-bags-50x50.jpg 50w\" sizes=\"(max-width: 1024px) 100vw, 1024px\" \/><\/a>\n\t\t\t<\/div>\n\t\t\t\t<figcaption class='wp-caption-text gallery-caption' id='gallery-3-4473'>\n\t\t\t\tSacs en plastique\n\t\t\t\t<\/figcaption><\/figure><figure class='gallery-item'>\n\t\t\t<div class='gallery-icon landscape'>\n\t\t\t\t<a data-elementor-open-lightbox=\"no\" href='https:\/\/www.idaseco.com\/wp-content\/uploads\/2023\/10\/paper-for-paper-bags.jpg'><img loading=\"lazy\" decoding=\"async\" width=\"1024\" height=\"1024\" src=\"https:\/\/www.idaseco.com\/wp-content\/uploads\/2023\/10\/paper-for-paper-bags.jpg\" class=\"attachment-full size-full\" alt=\"Le papier est un mat\u00e9riau polyvalent utilis\u00e9 pour fabriquer des sacs respectueux de l&#039;environnement, qui conviennent \u00e0 divers usages, notamment comme sacs poubelles, sacs \u00e0 provisions et conteneurs \u00e0 plantes dans de nombreux pays.\" aria-describedby=\"gallery-3-4474\" srcset=\"https:\/\/www.idaseco.com\/wp-content\/uploads\/2023\/10\/paper-for-paper-bags.jpg 1024w, https:\/\/www.idaseco.com\/wp-content\/uploads\/2023\/10\/paper-for-paper-bags-300x300.jpg 300w, https:\/\/www.idaseco.com\/wp-content\/uploads\/2023\/10\/paper-for-paper-bags-150x150.jpg 150w, https:\/\/www.idaseco.com\/wp-content\/uploads\/2023\/10\/paper-for-paper-bags-768x768.jpg 768w, https:\/\/www.idaseco.com\/wp-content\/uploads\/2023\/10\/paper-for-paper-bags-600x600.jpg 600w, https:\/\/www.idaseco.com\/wp-content\/uploads\/2023\/10\/paper-for-paper-bags-100x100.jpg 100w, https:\/\/www.idaseco.com\/wp-content\/uploads\/2023\/10\/paper-for-paper-bags-50x50.jpg 50w\" sizes=\"(max-width: 1024px) 100vw, 1024px\" \/><\/a>\n\t\t\t<\/div>\n\t\t\t\t<figcaption class='wp-caption-text gallery-caption' id='gallery-3-4474'>\n\t\t\t\tPapier pour sacs en papier\n\t\t\t\t<\/figcaption><\/figure><figure class='gallery-item'>\n\t\t\t<div class='gallery-icon landscape'>\n\t\t\t\t<a data-elementor-open-lightbox=\"no\" href='https:\/\/www.idaseco.com\/wp-content\/uploads\/2023\/10\/manufacture-paper-bags.jpg'><img loading=\"lazy\" decoding=\"async\" width=\"1024\" height=\"1024\" src=\"https:\/\/www.idaseco.com\/wp-content\/uploads\/2023\/10\/manufacture-paper-bags.jpg\" class=\"attachment-full size-full\" alt=\"\" aria-describedby=\"gallery-3-4475\" srcset=\"https:\/\/www.idaseco.com\/wp-content\/uploads\/2023\/10\/manufacture-paper-bags.jpg 1024w, https:\/\/www.idaseco.com\/wp-content\/uploads\/2023\/10\/manufacture-paper-bags-300x300.jpg 300w, https:\/\/www.idaseco.com\/wp-content\/uploads\/2023\/10\/manufacture-paper-bags-150x150.jpg 150w, https:\/\/www.idaseco.com\/wp-content\/uploads\/2023\/10\/manufacture-paper-bags-768x768.jpg 768w, https:\/\/www.idaseco.com\/wp-content\/uploads\/2023\/10\/manufacture-paper-bags-600x600.jpg 600w, https:\/\/www.idaseco.com\/wp-content\/uploads\/2023\/10\/manufacture-paper-bags-100x100.jpg 100w, https:\/\/www.idaseco.com\/wp-content\/uploads\/2023\/10\/manufacture-paper-bags-50x50.jpg 50w\" sizes=\"(max-width: 1024px) 100vw, 1024px\" \/><\/a>\n\t\t\t<\/div>\n\t\t\t\t<figcaption class='wp-caption-text gallery-caption' id='gallery-3-4475'>\n\t\t\t\tFabrication de sacs en papier\n\t\t\t\t<\/figcaption><\/figure>\n\t\t<\/div>\n\t\t<\/div>\n\t\t\t\t<\/div>\n\t\t\t\t<\/div>\n\t\t\t\t<div class=\"elementor-element elementor-element-3ff6fbcb elementor-widget elementor-widget-text-editor\" data-id=\"3ff6fbcb\" data-element_type=\"widget\" data-widget_type=\"text-editor.default\">\n\t\t\t\t<div class=\"elementor-widget-container\">\n\t\t\t\t\t\t\t<p>Maximisez la valeur et la rentabilit\u00e9 de votre entreprise gr\u00e2ce \u00e0 notre <em class=\"Highlight\">solutions<\/em>. Plongez dans notre module sur la rentabilit\u00e9 pour d\u00e9couvrir des strat\u00e9gies et des id\u00e9es pratiques qui contribueront \u00e0 la r\u00e9ussite financi\u00e8re de votre entreprise.<\/p>\t\t\t\t\t\t<\/div>\n\t\t\t\t<\/div>\n\t\t\t\t<div class=\"elementor-element elementor-element-15f34e41 uael-button-halign-center uael-button-stack-none elementor-widget elementor-widget-uael-buttons\" data-id=\"15f34e41\" data-element_type=\"widget\" data-widget_type=\"uael-buttons.default\">\n\t\t\t\t<div class=\"elementor-widget-container\">\n\t\t\t\t\t<div class=\"uael-dual-button-outer-wrap\">\n\t\t\t<div class=\"uael-dual-button-wrap\">\n\t\t\t\t\t\t\t\t<div class=\"uael-button-wrapper elementor-button-wrapper uael-dual-button elementor-repeater-item-0258dc6 uael-dual-button-0\">\n\t\t\t\t\t<a class=\"elementor-button-link elementor-button elementor-size-sm elementor-button-link\" href=\"#elementor-action:action=popup:open&settings=eyJpZCI6IjY4MjMiLCJ0b2dnbGUiOmZhbHNlfQ==\">\n\t\t\t\t\t\t\t\t<span class=\"elementor-button-content-wrapper uael-buttons-icon-\">\n\t\t\t\t\t\t\t\t\t\t\t\t<span class=\"elementor-align-icon- elementor-button-icon\">\n\t\t\t\t\t\t\t\t\t\t\t<\/span>\n\t\t\t\t\t\t\t\t\t\t<span class=\"elementor-button-text elementor-inline-editing\" data-elementor-setting-key=\"buttons.0.text\" data-elementor-inline-editing-toolbar=\"none\">Optimisez votre rentabilit\u00e9 d\u00e8s aujourd'hui<\/span>\n\t\t<\/span>\n\t\t\t\t\t\t\t<\/a>\n\t\t\t\t<\/div>\n\t\t\t\t\t\t\t<\/div>\n\t\t<\/div>\n\t\t\t\t<\/div>\n\t\t\t\t<\/div>\n\t\t\t\t\t<\/div>\n\t\t<\/div>\n\t\t\t\t\t\t\t<\/div>\n\t\t<\/section>\n\t\t\t\t<section class=\"elementor-section elementor-top-section elementor-element elementor-element-718bc206 elementor-section-boxed elementor-section-height-default elementor-section-height-default\" data-id=\"718bc206\" data-element_type=\"section\" id=\"self-nomination\" data-settings=\"{&quot;background_background&quot;:&quot;classic&quot;,&quot;mdp_selection_sticky_effect_enable&quot;:false}\">\n\t\t\t\t\t\t<div class=\"elementor-container elementor-column-gap-default\">\n\t\t\t\t\t<div class=\"elementor-column elementor-col-100 elementor-top-column elementor-element elementor-element-30c70adc\" data-id=\"30c70adc\" data-element_type=\"column\" data-settings=\"{&quot;mdp_selection_sticky_column_effect_enable&quot;:false}\">\n\t\t\t<div class=\"elementor-widget-wrap elementor-element-populated\">\n\t\t\t\t\t\t\t\t<div class=\"elementor-element elementor-element-d153cf1 uael-dual-heading-align-center elementor-widget elementor-widget-uael-dual-color-heading\" data-id=\"d153cf1\" data-element_type=\"widget\" data-widget_type=\"uael-dual-color-heading.default\">\n\t\t\t\t<div class=\"elementor-widget-container\">\n\t\t\t\t\t\t\t<div class=\"uael-module-content uael-dual-color-heading uael-heading-stack-none\">\n\t\t\t<h2>\n\t\t\t\t\t\t\t\t\t\t\t\t\t\t\t\t<span class=\"uael-before-heading\"><span class=\"elementor-inline-editing uael-dual-heading-text uael-first-text\" data-elementor-setting-key=\"before_heading_text\" data-elementor-inline-editing-toolbar=\"basic\">Pourquoi <\/span><\/span><span class=\"uael-adv-heading-stack\"><span class=\"elementor-inline-editing uael-dual-heading-text uael-highlight-text\" data-elementor-setting-key=\"second_heading_text\" data-elementor-inline-editing-toolbar=\"basic\">Choisir IDA'S ECO<\/span><\/span><span class=\"uael-after-heading\"><span class=\"elementor-inline-editing uael-dual-heading-text uael-third-text\" data-elementor-setting-key=\"after_heading_text\" data-elementor-inline-editing-toolbar=\"basic\">: Votre partenaire durable pour la r\u00e9ussite de votre entreprise<\/span><\/span>\t\t\t\t\t\t\t\t\t\t\t\t\t<\/h2>\n\t\t<\/div>\n\t\t\t\t<\/div>\n\t\t\t\t<\/div>\n\t\t\t\t<div class=\"elementor-element elementor-element-726cdb15 elementor-widget elementor-widget-text-editor\" data-id=\"726cdb15\" data-element_type=\"widget\" data-widget_type=\"text-editor.default\">\n\t\t\t\t<div class=\"elementor-widget-container\">\n\t\t\t\t\t\t\t<p>Chez IDA'S ECO, nous comprenons les divers besoins de nos clients estim\u00e9s, y compris les vendeurs en ligne, les importateurs, <em class=\"Highlight\">grossistes<\/em>, <em class=\"Highlight\">distributeurs<\/em>Nous sommes \u00e9galement pr\u00e9sents dans les magasins de d\u00e9tail, les grandes marques, les supermarch\u00e9s et les grands magasins. Voici pourquoi les leaders de divers secteurs nous choisissent comme partenaire privil\u00e9gi\u00e9 en mati\u00e8re de d\u00e9veloppement durable.<\/p>\t\t\t\t\t\t<\/div>\n\t\t\t\t<\/div>\n\t\t\t\t<section class=\"elementor-section elementor-inner-section elementor-element elementor-element-32ca6810 elementor-section-content-middle elementor-section-boxed elementor-section-height-default elementor-section-height-default\" data-id=\"32ca6810\" data-element_type=\"section\" data-settings=\"{&quot;mdp_selection_sticky_effect_enable&quot;:false}\">\n\t\t\t\t\t\t<div class=\"elementor-container elementor-column-gap-default\">\n\t\t\t\t\t<div class=\"elementor-column elementor-col-50 elementor-inner-column elementor-element elementor-element-7d84c57f\" data-id=\"7d84c57f\" data-element_type=\"column\" data-settings=\"{&quot;mdp_selection_sticky_column_effect_enable&quot;:false}\">\n\t\t\t<div class=\"elementor-widget-wrap elementor-element-populated\">\n\t\t\t\t\t\t\t\t<div class=\"elementor-element elementor-element-3afe1398 elementor-widget elementor-widget-video\" data-id=\"3afe1398\" data-element_type=\"widget\" data-settings=\"{&quot;youtube_url&quot;:&quot;https:\\\/\\\/youtu.be\\\/YbtFqHEpja4&quot;,&quot;show_image_overlay&quot;:&quot;yes&quot;,&quot;video_type&quot;:&quot;youtube&quot;,&quot;controls&quot;:&quot;yes&quot;,&quot;image_overlay&quot;:{&quot;url&quot;:&quot;https:\\\/\\\/www.idaseco.com\\\/wp-content\\\/plugins\\\/elementor\\\/assets\\\/images\\\/placeholder.png&quot;,&quot;id&quot;:&quot;&quot;,&quot;size&quot;:&quot;&quot;}}\" data-widget_type=\"video.default\">\n\t\t\t\t<div class=\"elementor-widget-container\">\n\t\t\t<style>\/*! elementor - v3.18.0 - 08-12-2023 *\/\n.elementor-widget-video .elementor-widget-container{overflow:hidden;transform:translateZ(0)}.elementor-widget-video .elementor-wrapper{aspect-ratio:var(--video-aspect-ratio)}.elementor-widget-video .elementor-wrapper iframe,.elementor-widget-video .elementor-wrapper video{height:100%;width:100%;display:flex;border:none;background-color:#000}@supports not (aspect-ratio:1\/1){.elementor-widget-video .elementor-wrapper{position:relative;overflow:hidden;height:0;padding-bottom:calc(100% \/ var(--video-aspect-ratio))}.elementor-widget-video .elementor-wrapper iframe,.elementor-widget-video .elementor-wrapper video{position:absolute;top:0;right:0;bottom:0;left:0}}.elementor-widget-video .elementor-open-inline .elementor-custom-embed-image-overlay{position:absolute;top:0;right:0;bottom:0;left:0;background-size:cover;background-position:50%}.elementor-widget-video .elementor-custom-embed-image-overlay{cursor:pointer;text-align:center}.elementor-widget-video .elementor-custom-embed-image-overlay:hover .elementor-custom-embed-play i{opacity:1}.elementor-widget-video .elementor-custom-embed-image-overlay img{display:block;width:100%;aspect-ratio:var(--video-aspect-ratio);-o-object-fit:cover;object-fit:cover;-o-object-position:center center;object-position:center center}@supports not (aspect-ratio:1\/1){.elementor-widget-video .elementor-custom-embed-image-overlay{position:relative;overflow:hidden;height:0;padding-bottom:calc(100% \/ var(--video-aspect-ratio))}.elementor-widget-video .elementor-custom-embed-image-overlay img{position:absolute;top:0;right:0;bottom:0;left:0}}.elementor-widget-video .e-hosted-video .elementor-video{-o-object-fit:cover;object-fit:cover}.e-con-inner>.elementor-widget-video,.e-con>.elementor-widget-video{width:var(--container-widget-width);--flex-grow:var(--container-widget-flex-grow)}<\/style>\t\t<div class=\"elementor-wrapper elementor-open-inline\">\n\t\t\t<div class=\"elementor-video\"><\/div>\t\t\t\t<div class=\"elementor-custom-embed-image-overlay\" style=\"background-image: url(https:\/\/www.idaseco.com\/wp-content\/plugins\/elementor\/assets\/images\/placeholder.png);\">\n\t\t\t\t\t\t\t\t\t\t\t\t\t\t\t\t<div class=\"elementor-custom-embed-play\" role=\"button\" aria-label=\"Play Video\" tabindex=\"0\">\n\t\t\t\t\t\t\t<i aria-hidden=\"true\" class=\"eicon-play\"><\/i>\t\t\t\t\t\t\t<span class=\"elementor-screen-only\">Play Video<\/span>\n\t\t\t\t\t\t<\/div>\n\t\t\t\t\t\t\t\t\t<\/div>\n\t\t\t\t\t<\/div>\n\t\t\t\t<\/div>\n\t\t\t\t<\/div>\n\t\t\t\t\t<\/div>\n\t\t<\/div>\n\t\t\t\t<div class=\"elementor-column elementor-col-50 elementor-inner-column elementor-element elementor-element-712961f2\" data-id=\"712961f2\" data-element_type=\"column\" data-settings=\"{&quot;mdp_selection_sticky_column_effect_enable&quot;:false}\">\n\t\t\t<div class=\"elementor-widget-wrap elementor-element-populated\">\n\t\t\t\t\t\t\t\t<div class=\"elementor-element elementor-element-77d6b0f elementor-widget elementor-widget-text-editor\" data-id=\"77d6b0f\" data-element_type=\"widget\" data-widget_type=\"text-editor.default\">\n\t\t\t\t<div class=\"elementor-widget-container\">\n\t\t\t\t\t\t\t<ol><li><p>Gamme compl\u00e8te de produits : D\u00e9couvrez notre vaste gamme de produits respectueux de l'environnement qui r\u00e9pondent aux pr\u00e9f\u00e9rences et aux demandes de clients exigeants. Des mat\u00e9riaux organiques aux emballages durables, nous proposons une s\u00e9lection vari\u00e9e pour r\u00e9pondre aux besoins de votre march\u00e9 cible.<\/p><\/li><li><p>Qualit\u00e9 et fiabilit\u00e9 : Nous nous distinguons par notre engagement \u00e0 fournir des produits d'une qualit\u00e9 et d'une fiabilit\u00e9 exceptionnelles. Nous nous approvisionnons m\u00e9ticuleusement et<em class=\"Highlight\"> fabrication <\/em>qui respectent des normes strictes en mati\u00e8re de d\u00e9veloppement durable, afin de r\u00e9pondre aux attentes de vos clients et d'am\u00e9liorer la r\u00e9putation de votre marque.<\/p><\/li><li><p>Expertise en mati\u00e8re de personnalisation : Nous comprenons l'importance d'une<em class=\"Highlight\"> solutions <\/em>pour r\u00e9pondre aux exigences uniques de votre entreprise. Notre expertise en mati\u00e8re de personnalisation vous permet de cr\u00e9er des produits exclusifs et de marque qui trouvent un \u00e9cho aupr\u00e8s de vos clients et renforcent votre pr\u00e9sence sur le march\u00e9.<em class=\"Highlight\">\u00a0<\/em><\/p><\/li><li><p>Une cha\u00eene d'approvisionnement rationalis\u00e9e : B\u00e9n\u00e9ficiez de notre gestion efficace et fiable de la cha\u00eene d'approvisionnement, qui garantit la livraison des produits dans les d\u00e9lais et la continuit\u00e9 des op\u00e9rations. Nous comprenons l'importance d'avoir des stocks bien garnis et pr\u00eats \u00e0 r\u00e9pondre aux demandes de vos clients.<\/p><\/li><li><p>Des prix comp\u00e9titifs : Nous proposons des prix comp\u00e9titifs sans compromettre la qualit\u00e9 des produits, ce qui vous permet d'atteindre une rentabilit\u00e9 durable tout en offrant \u00e0 vos clients des options abordables et respectueuses de l'environnement. Maximisez vos marges et attirez des acheteurs attentifs aux prix.<\/p><\/li><\/ol><p>Choisissez IDA'S ECO comme votre partenaire de confiance pour un d\u00e9veloppement durable.<em class=\"Highlight\"> solutions <\/em>et de d\u00e9gager de nouvelles opportunit\u00e9s de croissance et de rentabilit\u00e9 pour les entreprises.<\/p>\t\t\t\t\t\t<\/div>\n\t\t\t\t<\/div>\n\t\t\t\t\t<\/div>\n\t\t<\/div>\n\t\t\t\t\t\t\t<\/div>\n\t\t<\/section>\n\t\t\t\t<div class=\"elementor-element elementor-element-79b9e342 uael-button-halign-center uael-button-stack-none elementor-widget elementor-widget-uael-buttons\" data-id=\"79b9e342\" data-element_type=\"widget\" data-widget_type=\"uael-buttons.default\">\n\t\t\t\t<div class=\"elementor-widget-container\">\n\t\t\t\t\t<div class=\"uael-dual-button-outer-wrap\">\n\t\t\t<div class=\"uael-dual-button-wrap\">\n\t\t\t\t\t\t\t\t<div class=\"uael-button-wrapper elementor-button-wrapper uael-dual-button elementor-repeater-item-0258dc6 uael-dual-button-0\">\n\t\t\t\t\t<a class=\"elementor-button-link elementor-button elementor-size-sm elementor-button-link\" href=\"#elementor-action:action=popup:open&settings=eyJpZCI6IjY4MjMiLCJ0b2dnbGUiOmZhbHNlfQ==\">\n\t\t\t\t\t\t\t\t<span class=\"elementor-button-content-wrapper uael-buttons-icon-\">\n\t\t\t\t\t\t\t\t\t\t\t\t<span class=\"elementor-align-icon- elementor-button-icon\">\n\t\t\t\t\t\t\t\t\t\t\t<\/span>\n\t\t\t\t\t\t\t\t\t\t<span class=\"elementor-button-text elementor-inline-editing\" data-elementor-setting-key=\"buttons.0.text\" data-elementor-inline-editing-toolbar=\"none\">Partenariat avec nous pour un succ\u00e8s commercial durable<\/span>\n\t\t<\/span>\n\t\t\t\t\t\t\t<\/a>\n\t\t\t\t<\/div>\n\t\t\t\t\t\t\t<\/div>\n\t\t<\/div>\n\t\t\t\t<\/div>\n\t\t\t\t<\/div>\n\t\t\t\t\t<\/div>\n\t\t<\/div>\n\t\t\t\t\t\t\t<\/div>\n\t\t<\/section>\n\t\t\t\t<section class=\"elementor-section elementor-top-section elementor-element elementor-element-74c7202f elementor-section-boxed elementor-section-height-default elementor-section-height-default\" data-id=\"74c7202f\" data-element_type=\"section\" id=\"faq\" data-settings=\"{&quot;background_background&quot;:&quot;classic&quot;,&quot;mdp_selection_sticky_effect_enable&quot;:false}\">\n\t\t\t\t\t\t<div class=\"elementor-container elementor-column-gap-default\">\n\t\t\t\t\t<div class=\"elementor-column elementor-col-100 elementor-top-column elementor-element elementor-element-2e615d7f\" data-id=\"2e615d7f\" data-element_type=\"column\" data-settings=\"{&quot;mdp_selection_sticky_column_effect_enable&quot;:false}\">\n\t\t\t<div class=\"elementor-widget-wrap elementor-element-populated\">\n\t\t\t\t\t\t\t\t<div class=\"elementor-element elementor-element-664c2e06 uael-dual-heading-align-center elementor-widget elementor-widget-uael-dual-color-heading\" data-id=\"664c2e06\" data-element_type=\"widget\" data-widget_type=\"uael-dual-color-heading.default\">\n\t\t\t\t<div class=\"elementor-widget-container\">\n\t\t\t\t\t\t\t<div class=\"uael-module-content uael-dual-color-heading uael-heading-stack-none\">\n\t\t\t<h2>\n\t\t\t\t\t\t\t\t\t\t\t\t\t\t\t\t<span class=\"uael-before-heading\"><span class=\"elementor-inline-editing uael-dual-heading-text uael-first-text\" data-elementor-setting-key=\"before_heading_text\" data-elementor-inline-editing-toolbar=\"basic\">Des questions br\u00fblantes ? Trouvez les r\u00e9ponses dans notre <\/span><\/span><span class=\"uael-adv-heading-stack\"><span class=\"elementor-inline-editing uael-dual-heading-text uael-highlight-text\" data-elementor-setting-key=\"second_heading_text\" data-elementor-inline-editing-toolbar=\"basic\">FAQ <\/span><\/span><span class=\"uael-after-heading\"><span class=\"elementor-inline-editing uael-dual-heading-text uael-third-text\" data-elementor-setting-key=\"after_heading_text\" data-elementor-inline-editing-toolbar=\"basic\">Section<\/span><\/span>\t\t\t\t\t\t\t\t\t\t\t\t\t<\/h2>\n\t\t<\/div>\n\t\t\t\t<\/div>\n\t\t\t\t<\/div>\n\t\t\t\t<div class=\"elementor-element elementor-element-7d7d476a elementor-widget elementor-widget-text-editor\" data-id=\"7d7d476a\" data-element_type=\"widget\" data-widget_type=\"text-editor.default\">\n\t\t\t\t<div class=\"elementor-widget-container\">\n\t\t\t\t\t\t\t<p>Vous avez des questions ? Nous avons les r\u00e9ponses ! Notre section FAQ est l\u00e0 pour vous fournir les informations dont vous avez besoin. D\u00e9couvrez IDA'S ECO, nos produits durables, les options de personnalisation, le processus de commande, et plus encore. Nous nous engageons \u00e0 r\u00e9pondre \u00e0 vos pr\u00e9occupations et \u00e0 vous aider \u00e0 prendre des d\u00e9cisions \u00e9clair\u00e9es. Parcourez notre foire aux questions et trouvez les r\u00e9ponses que vous cherchez. Si vous ne trouvez pas ce que vous cherchez, notre \u00e9quipe de vente est \u00e0 votre disposition. N'h\u00e9sitez pas \u00e0 nous contacter pour obtenir de l'aide et laissez-nous vous accompagner dans votre d\u00e9marche de d\u00e9veloppement durable.<\/p>\t\t\t\t\t\t<\/div>\n\t\t\t\t<\/div>\n\t\t\t\t<section class=\"elementor-section elementor-inner-section elementor-element elementor-element-474a22e4 elementor-section-boxed elementor-section-height-default elementor-section-height-default\" data-id=\"474a22e4\" data-element_type=\"section\" data-settings=\"{&quot;mdp_selection_sticky_effect_enable&quot;:false}\">\n\t\t\t\t\t\t<div class=\"elementor-container elementor-column-gap-default\">\n\t\t\t\t\t<div class=\"elementor-column elementor-col-100 elementor-inner-column elementor-element elementor-element-6d337fa6\" data-id=\"6d337fa6\" data-element_type=\"column\" data-settings=\"{&quot;mdp_selection_sticky_column_effect_enable&quot;:false}\">\n\t\t\t<div class=\"elementor-widget-wrap elementor-element-populated\">\n\t\t\t\t\t\t\t\t<div class=\"elementor-element elementor-element-1d3920d7 align-at-left elementor-widget elementor-widget-uael-faq\" data-id=\"1d3920d7\" data-element_type=\"widget\" data-widget_type=\"uael-faq.default\">\n\t\t\t\t<div class=\"elementor-widget-container\">\n\t\t\t\n\t\t\t<div id='uael-faq-wrapper-490' class=\"uael-faq-wrapper\">\n\t\t\t\t<div class=\"uael-faq-container uael-faq-layout-accordion\" data-layout=\"accordion\" >\n\t\t\t\t\t\t\t\t\t\t\t\t<div id=\"uael-accordion-493db6f\" class=\"uael-faq-accordion\" role=\"tablist\">\n\t\t\t\t\t\t\t\t<div class= \"uael-accordion-title\" aria-expanded=\"false\" role=\"tab\">\n\t\t\t\t\t\t\t\t\t<span class=\"uael-accordion-icon uael-accordion-icon-left\">\n\t\t\t\t\t\t\t\t\t\t<span class=\"uael-accordion-icon-closed\"><i class=\"fas fa-angle-right\"><\/i><\/span>\n\t\t\t\t\t\t\t\t\t\t<span class=\"uael-accordion-icon-opened\"><i class=\"fas fa-angle-up\"><\/i><\/span>\n\t\t\t\t\t\t\t\t\t<\/span>\n\t\t\t\t\t\t\t\t\t<h5 class=\"uael-question-493db6f uael-question-span\" tabindex=\"0\" id=\"uael-faq-1\">Comment choisir la taille de micron appropri\u00e9e pour les sacs filtrants ?<\/h5>\n\t\t\t\t\t\t\t\t<\/div>\n\t\t\t\t\t\t\t\t<div class=\"uael-accordion-content\" role=\"tabpanel\">\n\t\t\t\t\t\t\t\t\t<span>\n\t\t\t\t\t\t\t\t\t<span><p>La s\u00e9lection de la taille de micron appropri\u00e9e d\u00e9pend du mat\u00e9riau sp\u00e9cifique et du r\u00e9sultat souhait\u00e9. Voici quelques lignes directrices g\u00e9n\u00e9rales pour vous aider \u00e0 choisir :<\/p><ul><li><p>Pour \u00e9craser du tamis sec, des bulles, de la glace s\u00e8che ou des mat\u00e9riaux tr\u00e8s fins, optez pour des sacs \u00e0 mailles plus petites, comme les sacs de 25 et 45 microns. Ces sacs conviennent parfaitement pour capturer efficacement les particules fines.<\/p><\/li><li><p>Pour \u00e9viter les \u00e9ruptions et garantir une extraction propre de l'huile, envisagez d'utiliser des sacs dot\u00e9s de coutures sp\u00e9cialement con\u00e7ues. Les sacs de 73, 90 et 120 microns sont recommand\u00e9s pour les fleurs et les types de haschisch de qualit\u00e9 inf\u00e9rieure.<\/p><\/li><li><p>Pour le traitement des fleurs et des restes de coupe, les tamis de 160 et 190 microns sont d'excellents choix pour maximiser le rendement.<\/p><\/li><li><p>Si vous avez l'intention d'extraire des huiles pour des produits comestibles, topiques ou m\u00e9dicinaux, les sacs de 190, 220 et 240 microns sont parfaits pour extraire des huiles de haute qualit\u00e9.<\/p><\/li><\/ul><p>Ces recommandations servent de point de d\u00e9part, et la taille id\u00e9ale des microns peut varier en fonction de vos mat\u00e9riaux sp\u00e9cifiques et de vos objectifs d'extraction. L'exp\u00e9rimentation et l'exp\u00e9rience vous aideront \u00e0 d\u00e9terminer la taille de micron la plus adapt\u00e9e au r\u00e9sultat souhait\u00e9.<\/p><\/span>\t\t\t\t\t\t\t\t\t<\/span>\n\t\t\t\t\t\t\t\t<\/div>\n\t\t\t\t\t\t\t<\/div>\n\t\t\t\t\t\t\t\t\t\t\t\t\t\t<div id=\"uael-accordion-6016452\" class=\"uael-faq-accordion\" role=\"tablist\">\n\t\t\t\t\t\t\t\t<div class= \"uael-accordion-title\" aria-expanded=\"false\" role=\"tab\">\n\t\t\t\t\t\t\t\t\t<span class=\"uael-accordion-icon uael-accordion-icon-left\">\n\t\t\t\t\t\t\t\t\t\t<span class=\"uael-accordion-icon-closed\"><i class=\"fas fa-angle-right\"><\/i><\/span>\n\t\t\t\t\t\t\t\t\t\t<span class=\"uael-accordion-icon-opened\"><i class=\"fas fa-angle-up\"><\/i><\/span>\n\t\t\t\t\t\t\t\t\t<\/span>\n\t\t\t\t\t\t\t\t\t<h5 class=\"uael-question-6016452 uael-question-span\" tabindex=\"0\" id=\"uael-faq-2\">Quelle taille de micron dois-je s\u00e9lectionner lorsque j'utilise des sacs de colophane pour des applications sp\u00e9cifiques ?<\/h5>\n\t\t\t\t\t\t\t\t<\/div>\n\t\t\t\t\t\t\t\t<div class=\"uael-accordion-content\" role=\"tabpanel\">\n\t\t\t\t\t\t\t\t\t<span>\n\t\t\t\t\t\t\t\t\t<span><p>La taille de micron appropri\u00e9e pour les sacs de colophane d\u00e9pend de l'application sp\u00e9cifique et du r\u00e9sultat de filtration souhait\u00e9. Voici quelques recommandations :<\/p><ul><li><p>Filtration des r\u00e9sidus de lait de soja : Il est recommand\u00e9 de choisir une taille de micron comprise entre 100 et 150 pour une filtration efficace des r\u00e9sidus de lait de soja.<\/p><\/li><li><p>Filtration des appr\u00eats pour peinture : Pour filtrer les appr\u00eats pour peinture, il est conseill\u00e9 de choisir une taille de micron entre 80 et 100 pour obtenir les r\u00e9sultats de filtration souhait\u00e9s.<\/p><\/li><li><p>Filtration du vin : Pour filtrer efficacement le vin, il est recommand\u00e9 d'utiliser une taille de micron comprise entre 100 et 200 afin de capturer les s\u00e9diments et les impuret\u00e9s.<\/p><\/li><li><p>Filtration des peintures de finition : Pour filtrer les peintures de finition, il est conseill\u00e9 de choisir une taille de micron comprise entre 150 et 200 pour une filtration optimale des particules.<\/p><\/li><li><p>Filtration du lait et des jus de fruits : Pour filtrer le lait et les jus de fruits, il est conseill\u00e9 d'utiliser une taille de micron inf\u00e9rieure \u00e0 250 pour \u00e9liminer efficacement les solides ou les impuret\u00e9s.<\/p><\/li><li><p>Filtration de l'eau potable : Pour filtrer l'eau potable, il est recommand\u00e9 de choisir une taille de micron comprise entre 300 et 400 pour obtenir une filtration de haute qualit\u00e9.<\/p><\/li><\/ul><p>Ces suggestions constituent un point de d\u00e9part g\u00e9n\u00e9ral pour la s\u00e9lection de la taille de micron appropri\u00e9e pour des applications sp\u00e9cifiques avec les sacs de colophane. Cependant, il est important de noter que la taille de micron id\u00e9ale peut varier en fonction des mat\u00e9riaux sp\u00e9cifiques, des r\u00e9sultats de filtration souhait\u00e9s et des pr\u00e9f\u00e9rences personnelles. L'exp\u00e9rimentation et l'exp\u00e9rience permettront de d\u00e9terminer la taille de micron la plus appropri\u00e9e pour votre application sp\u00e9cifique.<\/p><\/span>\t\t\t\t\t\t\t\t\t<\/span>\n\t\t\t\t\t\t\t\t<\/div>\n\t\t\t\t\t\t\t<\/div>\n\t\t\t\t\t\t\t\t\t\t\t\t\t\t<div id=\"uael-accordion-e5aacc9\" class=\"uael-faq-accordion\" role=\"tablist\">\n\t\t\t\t\t\t\t\t<div class= \"uael-accordion-title\" aria-expanded=\"false\" role=\"tab\">\n\t\t\t\t\t\t\t\t\t<span class=\"uael-accordion-icon uael-accordion-icon-left\">\n\t\t\t\t\t\t\t\t\t\t<span class=\"uael-accordion-icon-closed\"><i class=\"fas fa-angle-right\"><\/i><\/span>\n\t\t\t\t\t\t\t\t\t\t<span class=\"uael-accordion-icon-opened\"><i class=\"fas fa-angle-up\"><\/i><\/span>\n\t\t\t\t\t\t\t\t\t<\/span>\n\t\t\t\t\t\t\t\t\t<h5 class=\"uael-question-e5aacc9 uael-question-span\" tabindex=\"0\" id=\"uael-faq-3\"> Les sachets-filtres pour liquides sont polyvalents et se d\u00e9clinent en diff\u00e9rents styles. Si je souhaite passer une commande personnalis\u00e9e, quelles informations dois-je fournir ?<\/h5>\n\t\t\t\t\t\t\t\t<\/div>\n\t\t\t\t\t\t\t\t<div class=\"uael-accordion-content\" role=\"tabpanel\">\n\t\t\t\t\t\t\t\t\t<span>\n\t\t\t\t\t\t\t\t\t<span><p>Pour assurer la production de<em class=\"Highlight\"> sur mesure <\/em>Pour obtenir des sacs filtrants liquides qui r\u00e9pondent \u00e0 vos exigences et nous permettent de vous fournir des prix pr\u00e9cis, veuillez fournir les d\u00e9tails suivants :<\/p><ol><li><p>Mod\u00e8le de conception : Veuillez fournir un exemple de conception ou une image de r\u00e9f\u00e9rence, en pr\u00e9cisant les caract\u00e9ristiques sp\u00e9cifiques ou les exigences de personnalisation.<\/p><\/li><li><p>Mat\u00e9riau : Indiquez le mat\u00e9riau souhait\u00e9 pour le sac filtrant, tel que le nylon, le polyester ou d'autres mat\u00e9riaux adapt\u00e9s \u00e0 votre application.<\/p><\/li><li><p>Dimensions : Fournir les dimensions ou les mesures requises pour le sac filtrant, y compris la longueur, la largeur et toute forme sp\u00e9cifique ou consid\u00e9ration de conception.<\/p><\/li><li><p>Taille du micron : Indiquez la plage de taille de micron souhait\u00e9e ou le taux de micron sp\u00e9cifique requis pour vos besoins de filtration.<\/p><\/li><li><p>Style de bord : Indiquez le type de bord pr\u00e9f\u00e9r\u00e9, tel que le bord cousu standard, le bord soud\u00e9 par ultrasons ou d'autres options de finition des bords.<\/p><\/li><li><p>Style d'ouverture : Pr\u00e9cisez le type d'ouverture pr\u00e9f\u00e9r\u00e9, y compris la fermeture par cordon de serrage, la fermeture par bouton-pression ou d'autres m\u00e9canismes de fermeture correspondant aux exigences de votre application.<\/p><\/li><li><p>Exigences en mati\u00e8re d'emballage : Communiquer tout besoin d'emballage sp\u00e9cifique, tel qu'un emballage individuel,<em class=\"Highlight\"> en vrac <\/em>l'emballage, ou<em class=\"Highlight\"> sur mesure <\/em>les exigences en mati\u00e8re d'\u00e9tiquetage.<\/p><\/li><\/ol><p>En fournissant ces sp\u00e9cifications et pr\u00e9f\u00e9rences d\u00e9taill\u00e9es, vous pouvez garantir la production de<em class=\"Highlight\"> sur mesure <\/em>des sacs filtrants pour liquides qui r\u00e9pondent pr\u00e9cis\u00e9ment \u00e0 vos besoins. En outre, ces informations permettront \u00e0 notre \u00e9quipe de vente de vous fournir un devis pr\u00e9cis et adapt\u00e9 \u00e0 vos besoins sp\u00e9cifiques.<\/p><\/span>\t\t\t\t\t\t\t\t\t<\/span>\n\t\t\t\t\t\t\t\t<\/div>\n\t\t\t\t\t\t\t<\/div>\n\t\t\t\t\t\t\t\t\t\t\t\t\t\t<div id=\"uael-accordion-f60b756\" class=\"uael-faq-accordion\" role=\"tablist\">\n\t\t\t\t\t\t\t\t<div class= \"uael-accordion-title\" aria-expanded=\"false\" role=\"tab\">\n\t\t\t\t\t\t\t\t\t<span class=\"uael-accordion-icon uael-accordion-icon-left\">\n\t\t\t\t\t\t\t\t\t\t<span class=\"uael-accordion-icon-closed\"><i class=\"fas fa-angle-right\"><\/i><\/span>\n\t\t\t\t\t\t\t\t\t\t<span class=\"uael-accordion-icon-opened\"><i class=\"fas fa-angle-up\"><\/i><\/span>\n\t\t\t\t\t\t\t\t\t<\/span>\n\t\t\t\t\t\t\t\t\t<h5 class=\"uael-question-f60b756 uael-question-span\" tabindex=\"0\" id=\"uael-faq-4\">Les \u00e9chantillons sont-ils payants ?<\/h5>\n\t\t\t\t\t\t\t\t<\/div>\n\t\t\t\t\t\t\t\t<div class=\"uael-accordion-content\" role=\"tabpanel\">\n\t\t\t\t\t\t\t\t\t<span>\n\t\t\t\t\t\t\t\t\t<span><p>Pour les \u00e9chantillons r\u00e9guliers, nous les fournissons gratuitement. Toutefois, pour les<em class=\"Highlight\"> sur mesure <\/em>Si le client souhaite recevoir des \u00e9chantillons, il devra s'acquitter des frais correspondants. Veuillez noter que les frais d'exp\u00e9dition des \u00e9chantillons sont \u00e0 la charge du client.<\/p><\/span>\t\t\t\t\t\t\t\t\t<\/span>\n\t\t\t\t\t\t\t\t<\/div>\n\t\t\t\t\t\t\t<\/div>\n\t\t\t\t\t\t\t\t\t\t\t\t\t\t<div id=\"uael-accordion-95c3c95\" class=\"uael-faq-accordion\" role=\"tablist\">\n\t\t\t\t\t\t\t\t<div class= \"uael-accordion-title\" aria-expanded=\"false\" role=\"tab\">\n\t\t\t\t\t\t\t\t\t<span class=\"uael-accordion-icon uael-accordion-icon-left\">\n\t\t\t\t\t\t\t\t\t\t<span class=\"uael-accordion-icon-closed\"><i class=\"fas fa-angle-right\"><\/i><\/span>\n\t\t\t\t\t\t\t\t\t\t<span class=\"uael-accordion-icon-opened\"><i class=\"fas fa-angle-up\"><\/i><\/span>\n\t\t\t\t\t\t\t\t\t<\/span>\n\t\t\t\t\t\t\t\t\t<h5 class=\"uael-question-95c3c95 uael-question-span\" tabindex=\"0\" id=\"uael-faq-5\">Comment puis-je passer une commande aupr\u00e8s d'IDA'S ECO ?<\/h5>\n\t\t\t\t\t\t\t\t<\/div>\n\t\t\t\t\t\t\t\t<div class=\"uael-accordion-content\" role=\"tabpanel\">\n\t\t\t\t\t\t\t\t\t<span>\n\t\t\t\t\t\t\t\t\t<span><p>Il est facile de passer une commande aupr\u00e8s d'IDA'S ECO. Il vous suffit de contacter notre \u00e9quipe de vente par le biais de notre site web ou des informations de contact fournies. Notre \u00e9quipe d\u00e9vou\u00e9e vous assistera tout au long du processus de commande et vous assurera une exp\u00e9rience sans faille.<\/p><\/span>\t\t\t\t\t\t\t\t\t<\/span>\n\t\t\t\t\t\t\t\t<\/div>\n\t\t\t\t\t\t\t<\/div>\n\t\t\t\t\t\t\t\t\t\t\t\t\t\t<div id=\"uael-accordion-748aebe\" class=\"uael-faq-accordion\" role=\"tablist\">\n\t\t\t\t\t\t\t\t<div class= \"uael-accordion-title\" aria-expanded=\"false\" role=\"tab\">\n\t\t\t\t\t\t\t\t\t<span class=\"uael-accordion-icon uael-accordion-icon-left\">\n\t\t\t\t\t\t\t\t\t\t<span class=\"uael-accordion-icon-closed\"><i class=\"fas fa-angle-right\"><\/i><\/span>\n\t\t\t\t\t\t\t\t\t\t<span class=\"uael-accordion-icon-opened\"><i class=\"fas fa-angle-up\"><\/i><\/span>\n\t\t\t\t\t\t\t\t\t<\/span>\n\t\t\t\t\t\t\t\t\t<h5 class=\"uael-question-748aebe uael-question-span\" tabindex=\"0\" id=\"uael-faq-6\">Quelles sont les options d'exp\u00e9dition propos\u00e9es ?<\/h5>\n\t\t\t\t\t\t\t\t<\/div>\n\t\t\t\t\t\t\t\t<div class=\"uael-accordion-content\" role=\"tabpanel\">\n\t\t\t\t\t\t\t\t\t<span>\n\t\t\t\t\t\t\t\t\t<span><p>Chez IDA'S ECO, nous proposons une large gamme d'options d'exp\u00e9dition pour r\u00e9pondre \u00e0 diff\u00e9rents besoins. Nous proposons des services de fret maritime, de fret a\u00e9rien, de transport ferroviaire et de transport terrestre. En fonction du pays de destination, de la r\u00e9gion et de la quantit\u00e9 de votre commande, notre \u00e9quipe de vente vous recommandera la solution d'exp\u00e9dition la plus appropri\u00e9e et la plus rentable.<\/p><\/span>\t\t\t\t\t\t\t\t\t<\/span>\n\t\t\t\t\t\t\t\t<\/div>\n\t\t\t\t\t\t\t<\/div>\n\t\t\t\t\t\t\t\t\t\t\t\t\t\t<div id=\"uael-accordion-cf38b02\" class=\"uael-faq-accordion\" role=\"tablist\">\n\t\t\t\t\t\t\t\t<div class= \"uael-accordion-title\" aria-expanded=\"false\" role=\"tab\">\n\t\t\t\t\t\t\t\t\t<span class=\"uael-accordion-icon uael-accordion-icon-left\">\n\t\t\t\t\t\t\t\t\t\t<span class=\"uael-accordion-icon-closed\"><i class=\"fas fa-angle-right\"><\/i><\/span>\n\t\t\t\t\t\t\t\t\t\t<span class=\"uael-accordion-icon-opened\"><i class=\"fas fa-angle-up\"><\/i><\/span>\n\t\t\t\t\t\t\t\t\t<\/span>\n\t\t\t\t\t\t\t\t\t<h5 class=\"uael-question-cf38b02 uael-question-span\" tabindex=\"0\" id=\"uael-faq-7\">Je suis une grande cha\u00eene de supermarch\u00e9s qui cherche \u00e0 acheter des sacs poubelles en papier \u00e9cologiques et biod\u00e9gradables. Pouvez-vous me proposer une solution ?<\/h5>\n\t\t\t\t\t\t\t\t<\/div>\n\t\t\t\t\t\t\t\t<div class=\"uael-accordion-content\" role=\"tabpanel\">\n\t\t\t\t\t\t\t\t\t<span>\n\t\t\t\t\t\t\t\t\t<span><p>Certainement ! Nous proposons une gamme de sacs poubelle en papier \u00e9cologiques et biod\u00e9gradables, parfaits pour les grandes cha\u00eenes de supermarch\u00e9s. Nos sacs sont fabriqu\u00e9s \u00e0 partir de mat\u00e9riaux durables et sont enti\u00e8rement biod\u00e9gradables, ce qui vous aide \u00e0 r\u00e9duire votre empreinte \u00e9cologique. Nous pouvons personnaliser les sacs pour r\u00e9pondre \u00e0 vos besoins sp\u00e9cifiques, qu'il s'agisse de la taille, du design ou de la marque. En choisissant nos sacs poubelle en papier, vous contribuez non seulement \u00e0 rendre la plan\u00e8te plus verte, mais vous faites \u00e9galement la promotion de votre engagement en faveur du d\u00e9veloppement durable aupr\u00e8s de vos clients.<\/p><\/span>\t\t\t\t\t\t\t\t\t<\/span>\n\t\t\t\t\t\t\t\t<\/div>\n\t\t\t\t\t\t\t<\/div>\n\t\t\t\t\t\t\t\t\t\t\t\t\t\t<div id=\"uael-accordion-e34dc06\" class=\"uael-faq-accordion\" role=\"tablist\">\n\t\t\t\t\t\t\t\t<div class= \"uael-accordion-title\" aria-expanded=\"false\" role=\"tab\">\n\t\t\t\t\t\t\t\t\t<span class=\"uael-accordion-icon uael-accordion-icon-left\">\n\t\t\t\t\t\t\t\t\t\t<span class=\"uael-accordion-icon-closed\"><i class=\"fas fa-angle-right\"><\/i><\/span>\n\t\t\t\t\t\t\t\t\t\t<span class=\"uael-accordion-icon-opened\"><i class=\"fas fa-angle-up\"><\/i><\/span>\n\t\t\t\t\t\t\t\t\t<\/span>\n\t\t\t\t\t\t\t\t\t<h5 class=\"uael-question-e34dc06 uael-question-span\" tabindex=\"0\" id=\"uael-faq-8\">Pouvez-vous accepter des commandes en gros pour r\u00e9pondre \u00e0 notre demande ?<\/h5>\n\t\t\t\t\t\t\t\t<\/div>\n\t\t\t\t\t\t\t\t<div class=\"uael-accordion-content\" role=\"tabpanel\">\n\t\t\t\t\t\t\t\t\t<span>\n\t\t\t\t\t\t\t\t\t<span><p>Oui, nous sommes bien \u00e9quip\u00e9s pour prendre en charge<em class=\"Highlight htedd1e23e-48ea-4ff6-9fde-2842194cc6a5\"> en vrac <\/em>Les sacs \u00e9cologiques peuvent \u00eatre command\u00e9s en plusieurs fois, ce qui garantit un approvisionnement constant et fiable pour r\u00e9pondre \u00e0 vos besoins.<\/p><\/span>\t\t\t\t\t\t\t\t\t<\/span>\n\t\t\t\t\t\t\t\t<\/div>\n\t\t\t\t\t\t\t<\/div>\n\t\t\t\t\t\t\t\t\t\t\t\t\t\t<div id=\"uael-accordion-4e4648c\" class=\"uael-faq-accordion\" role=\"tablist\">\n\t\t\t\t\t\t\t\t<div class= \"uael-accordion-title\" aria-expanded=\"false\" role=\"tab\">\n\t\t\t\t\t\t\t\t\t<span class=\"uael-accordion-icon uael-accordion-icon-left\">\n\t\t\t\t\t\t\t\t\t\t<span class=\"uael-accordion-icon-closed\"><i class=\"fas fa-angle-right\"><\/i><\/span>\n\t\t\t\t\t\t\t\t\t\t<span class=\"uael-accordion-icon-opened\"><i class=\"fas fa-angle-up\"><\/i><\/span>\n\t\t\t\t\t\t\t\t\t<\/span>\n\t\t\t\t\t\t\t\t\t<h5 class=\"uael-question-4e4648c uael-question-span\" tabindex=\"0\" id=\"uael-faq-9\">Vos sacs sont-ils conformes aux normes et r\u00e9glementations industrielles en mati\u00e8re d'emballage \u00e9cologique ?<\/h5>\n\t\t\t\t\t\t\t\t<\/div>\n\t\t\t\t\t\t\t\t<div class=\"uael-accordion-content\" role=\"tabpanel\">\n\t\t\t\t\t\t\t\t\t<span>\n\t\t\t\t\t\t\t\t\t<span><p>Oui, nos sacs respectent les normes industrielles et sont conformes aux r\u00e9glementations environnementales, ce qui vous garantit qu'ils sont respectueux de l'environnement.<\/p><\/span>\t\t\t\t\t\t\t\t\t<\/span>\n\t\t\t\t\t\t\t\t<\/div>\n\t\t\t\t\t\t\t<\/div>\n\t\t\t\t\t\t\t\t\t\t\t\t\t\t<div id=\"uael-accordion-8735e85\" class=\"uael-faq-accordion\" role=\"tablist\">\n\t\t\t\t\t\t\t\t<div class= \"uael-accordion-title\" aria-expanded=\"false\" role=\"tab\">\n\t\t\t\t\t\t\t\t\t<span class=\"uael-accordion-icon uael-accordion-icon-left\">\n\t\t\t\t\t\t\t\t\t\t<span class=\"uael-accordion-icon-closed\"><i class=\"fas fa-angle-right\"><\/i><\/span>\n\t\t\t\t\t\t\t\t\t\t<span class=\"uael-accordion-icon-opened\"><i class=\"fas fa-angle-up\"><\/i><\/span>\n\t\t\t\t\t\t\t\t\t<\/span>\n\t\t\t\t\t\t\t\t\t<h5 class=\"uael-question-8735e85 uael-question-span\" tabindex=\"0\" id=\"uael-faq-10\">Comment vos sacs peuvent-ils nous aider \u00e0 r\u00e9duire notre empreinte carbone et notre impact sur l'environnement ?<\/h5>\n\t\t\t\t\t\t\t\t<\/div>\n\t\t\t\t\t\t\t\t<div class=\"uael-accordion-content\" role=\"tabpanel\">\n\t\t\t\t\t\t\t\t\t<span>\n\t\t\t\t\t\t\t\t\t<span><p>Nos sacs sont enti\u00e8rement biod\u00e9gradables et fabriqu\u00e9s \u00e0 partir de mat\u00e9riaux durables. En les utilisant, votre entreprise peut contribuer \u00e0 la r\u00e9duction des d\u00e9chets plastiques et \u00e0 la diminution de son empreinte carbone, ce qui a un impact positif sur l'environnement.<\/p><\/span>\t\t\t\t\t\t\t\t\t<\/span>\n\t\t\t\t\t\t\t\t<\/div>\n\t\t\t\t\t\t\t<\/div>\n\t\t\t\t\t\t\t\t\t\t\t<\/div>\n\t\t\t<\/div>\n\t\t\t\t\t<\/div>\n\t\t\t\t<\/div>\n\t\t\t\t\t<\/div>\n\t\t<\/div>\n\t\t\t\t\t\t\t<\/div>\n\t\t<\/section>\n\t\t\t\t<div class=\"elementor-element elementor-element-351acdd elementor-align-center elementor-widget elementor-widget-button\" data-id=\"351acdd\" data-element_type=\"widget\" data-widget_type=\"button.default\">\n\t\t\t\t<div class=\"elementor-widget-container\">\n\t\t\t\t\t<div class=\"elementor-button-wrapper\">\n\t\t\t<a class=\"elementor-button elementor-button-link elementor-size-sm\" href=\"#elementor-action:action=popup:open&settings=eyJpZCI6IjY4MjMiLCJ0b2dnbGUiOmZhbHNlfQ==\">\n\t\t\t\t\t\t<span class=\"elementor-button-content-wrapper\">\n\t\t\t\t\t\t<span class=\"elementor-button-text\">Contactez-nous pour plus d'informations<\/span>\n\t\t<\/span>\n\t\t\t\t\t<\/a>\n\t\t<\/div>\n\t\t\t\t<\/div>\n\t\t\t\t<\/div>\n\t\t\t\t\t<\/div>\n\t\t<\/div>\n\t\t\t\t\t\t\t<\/div>\n\t\t<\/section>\n\t\t\t\t\t\t\t<\/div>","protected":false},"excerpt":{"rendered":"<p>Get Eco-Friendly Bags Wholesale Options Wholesale Inquiries Discover Our Eco-friendly Bags \u2013 Table of Contents Cruise through our eco-friendly bag collection and uncover a world of sustainable solutions. From hot products to customization options, we&#8217;ve got it all. Explore what sets us apart! Hot Products Certificates Customization Options Sustainability Blogs Cost-Effectiveness Why Choose IDA&#8217;S ECO? [&hellip;]<\/p>","protected":false},"author":1,"featured_media":0,"parent":0,"menu_order":0,"comment_status":"closed","ping_status":"closed","template":"","meta":{"footnotes":""},"aioseo_notices":[],"_links":{"self":[{"href":"https:\/\/www.idaseco.com\/fr\/wp-json\/wp\/v2\/pages\/2424"}],"collection":[{"href":"https:\/\/www.idaseco.com\/fr\/wp-json\/wp\/v2\/pages"}],"about":[{"href":"https:\/\/www.idaseco.com\/fr\/wp-json\/wp\/v2\/types\/page"}],"author":[{"embeddable":true,"href":"https:\/\/www.idaseco.com\/fr\/wp-json\/wp\/v2\/users\/1"}],"replies":[{"embeddable":true,"href":"https:\/\/www.idaseco.com\/fr\/wp-json\/wp\/v2\/comments?post=2424"}],"version-history":[{"count":630,"href":"https:\/\/www.idaseco.com\/fr\/wp-json\/wp\/v2\/pages\/2424\/revisions"}],"predecessor-version":[{"id":7906,"href":"https:\/\/www.idaseco.com\/fr\/wp-json\/wp\/v2\/pages\/2424\/revisions\/7906"}],"wp:attachment":[{"href":"https:\/\/www.idaseco.com\/fr\/wp-json\/wp\/v2\/media?parent=2424"}],"curies":[{"name":"wp","href":"https:\/\/api.w.org\/{rel}","templated":true}]}}